{"id":74,"date":"2017-07-12T05:54:02","date_gmt":"2017-07-12T05:54:02","guid":{"rendered":"https:\/\/websitedemos.net\/astra-lite-demo-5\/?page_id=74"},"modified":"2020-06-12T15:40:57","modified_gmt":"2020-06-12T15:40:57","slug":"proyectos","status":"publish","type":"page","link":"http:\/\/www.citmapri.gob.cu\/?page_id=74","title":{"rendered":"Proyectos"},"content":{"rendered":"\t\t<div data-elementor-type=\"wp-post\" data-elementor-id=\"74\" class=\"elementor elementor-74\" data-elementor-post-type=\"page\">\n\t\t\t\t\t\t<section class=\"elementor-section elementor-top-section elementor-element elementor-element-dkofhxx elementor-section-boxed elementor-section-height-default elementor-section-height-default\" data-id=\"dkofhxx\" data-element_type=\"section\" data-settings=\"{&quot;background_background&quot;:&quot;classic&quot;}\">\n\t\t\t\t\t\t\t<div class=\"elementor-background-overlay\"><\/div>\n\t\t\t\t\t\t\t<div class=\"elementor-container elementor-column-gap-default\">\n\t\t\t\t\t<div class=\"elementor-column elementor-col-100 elementor-top-column elementor-element elementor-element-dxjsjrg\" data-id=\"dxjsjrg\" data-element_type=\"column\" data-settings=\"{&quot;background_background&quot;:&quot;classic&quot;}\">\n\t\t\t<div class=\"elementor-widget-wrap elementor-element-populated\">\n\t\t\t\t\t\t<div class=\"elementor-element elementor-element-hzraypy elementor-widget elementor-widget-spacer\" data-id=\"hzraypy\" data-element_type=\"widget\" data-widget_type=\"spacer.default\">\n\t\t\t\t<div class=\"elementor-widget-container\">\n\t\t\t\t\t\t\t<div class=\"elementor-spacer\">\n\t\t\t<div class=\"elementor-spacer-inner\"><\/div>\n\t\t<\/div>\n\t\t\t\t\t\t<\/div>\n\t\t\t\t<\/div>\n\t\t\t\t<div class=\"elementor-element elementor-element-a2hfyh9 elementor-widget elementor-widget-heading\" data-id=\"a2hfyh9\" data-element_type=\"widget\" data-widget_type=\"heading.default\">\n\t\t\t\t<div class=\"elementor-widget-container\">\n\t\t\t\t\t<h1 class=\"elementor-heading-title elementor-size-default\">Nuestros Proyectos<\/h1>\t\t\t\t<\/div>\n\t\t\t\t<\/div>\n\t\t\t\t<div class=\"elementor-element elementor-element-qqkbhtw elementor-widget elementor-widget-spacer\" data-id=\"qqkbhtw\" data-element_type=\"widget\" data-widget_type=\"spacer.default\">\n\t\t\t\t<div class=\"elementor-widget-container\">\n\t\t\t\t\t\t\t<div class=\"elementor-spacer\">\n\t\t\t<div class=\"elementor-spacer-inner\"><\/div>\n\t\t<\/div>\n\t\t\t\t\t\t<\/div>\n\t\t\t\t<\/div>\n\t\t\t\t\t<\/div>\n\t\t<\/div>\n\t\t\t\t\t<\/div>\n\t\t<\/section>\n\t\t\t\t<section class=\"elementor-section elementor-top-section elementor-element elementor-element-dw1vki0 elementor-section-content-middle elementor-section-boxed elementor-section-height-default elementor-section-height-default\" data-id=\"dw1vki0\" data-element_type=\"section\">\n\t\t\t\t\t\t<div class=\"elementor-container elementor-column-gap-default\">\n\t\t\t\t\t<div class=\"elementor-column elementor-col-50 elementor-top-column elementor-element elementor-element-0zq9oln\" data-id=\"0zq9oln\" data-element_type=\"column\">\n\t\t\t<div class=\"elementor-widget-wrap elementor-element-populated\">\n\t\t\t\t\t\t<div class=\"elementor-element elementor-element-vie664m elementor-widget elementor-widget-image\" data-id=\"vie664m\" data-element_type=\"widget\" data-widget_type=\"image.default\">\n\t\t\t\t<div class=\"elementor-widget-container\">\n\t\t\t\t\t\t\t\t\t\t\t\t\t\t\t<img fetchpriority=\"high\" decoding=\"async\" width=\"960\" height=\"515\" src=\"http:\/\/www.citmapri.gob.cu\/wp-content\/uploads\/2018\/12\/Reconversion-de-camaras-frias.jpg\" class=\"attachment-large size-large wp-image-1177\" alt=\"\" srcset=\"http:\/\/www.citmapri.gob.cu\/wp-content\/uploads\/2018\/12\/Reconversion-de-camaras-frias.jpg 960w, http:\/\/www.citmapri.gob.cu\/wp-content\/uploads\/2018\/12\/Reconversion-de-camaras-frias-300x161.jpg 300w, http:\/\/www.citmapri.gob.cu\/wp-content\/uploads\/2018\/12\/Reconversion-de-camaras-frias-768x412.jpg 768w\" sizes=\"(max-width: 960px) 100vw, 960px\" \/>\t\t\t\t\t\t\t\t\t\t\t\t\t\t\t<\/div>\n\t\t\t\t<\/div>\n\t\t\t\t<section class=\"elementor-section elementor-inner-section elementor-element elementor-element-b3e2lgo elementor-section-boxed elementor-section-height-default elementor-section-height-default\" data-id=\"b3e2lgo\" data-element_type=\"section\">\n\t\t\t\t\t\t<div class=\"elementor-container elementor-column-gap-default\">\n\t\t\t\t\t<div class=\"elementor-column elementor-col-100 elementor-inner-column elementor-element elementor-element-x3xunmx\" data-id=\"x3xunmx\" data-element_type=\"column\" data-settings=\"{&quot;background_background&quot;:&quot;classic&quot;}\">\n\t\t\t<div class=\"elementor-widget-wrap elementor-element-populated\">\n\t\t\t\t\t\t<div class=\"elementor-element elementor-element-m1czj5w elementor-widget elementor-widget-heading\" data-id=\"m1czj5w\" data-element_type=\"widget\" data-widget_type=\"heading.default\">\n\t\t\t\t<div class=\"elementor-widget-container\">\n\t\t\t\t\t<h2 class=\"elementor-heading-title elementor-size-default\">Proyecto con enfoque nacional e internacional<\/h2>\t\t\t\t<\/div>\n\t\t\t\t<\/div>\n\t\t\t\t\t<\/div>\n\t\t<\/div>\n\t\t\t\t\t<\/div>\n\t\t<\/section>\n\t\t\t\t\t<\/div>\n\t\t<\/div>\n\t\t\t\t<div class=\"elementor-column elementor-col-50 elementor-top-column elementor-element elementor-element-j3k4auh\" data-id=\"j3k4auh\" data-element_type=\"column\">\n\t\t\t<div class=\"elementor-widget-wrap elementor-element-populated\">\n\t\t\t\t\t\t<div class=\"elementor-element elementor-element-sr2xtdl elementor-widget elementor-widget-heading\" data-id=\"sr2xtdl\" data-element_type=\"widget\" data-widget_type=\"heading.default\">\n\t\t\t\t<div class=\"elementor-widget-container\">\n\t\t\t\t\t<h2 class=\"elementor-heading-title elementor-size-default\">Reconversi\u00f3n de C\u00e1maras Fr\u00edas<\/h2>\t\t\t\t<\/div>\n\t\t\t\t<\/div>\n\t\t\t\t<div class=\"elementor-element elementor-element-0k6n1rl elementor-widget elementor-widget-heading\" data-id=\"0k6n1rl\" data-element_type=\"widget\" data-widget_type=\"heading.default\">\n\t\t\t\t<div class=\"elementor-widget-container\">\n\t\t\t\t\t<h3 class=\"elementor-heading-title elementor-size-default\">Resultados del Proyecto:<\/h3>\t\t\t\t<\/div>\n\t\t\t\t<\/div>\n\t\t\t\t<div class=\"elementor-element elementor-element-j09gzci elementor-widget elementor-widget-text-editor\" data-id=\"j09gzci\" data-element_type=\"widget\" data-widget_type=\"text-editor.default\">\n\t\t\t\t<div class=\"elementor-widget-container\">\n\t\t\t\t\t\t\t\t\t<ul><li>Instaladas en la provincia 27 Unidades Condensadoras<\/li><li>Mejoras en la calidad de los servicios que se brinda a la poblaci\u00f3n<\/li><li>Eliminaci\u00f3n del fre\u00f3n 22 y sustituci\u00f3n por el gas ecol\u00f3gico 404<\/li><\/ul>\t\t\t\t\t\t\t\t<\/div>\n\t\t\t\t<\/div>\n\t\t\t\t<div class=\"elementor-element elementor-element-m64m898 elementor-widget-divider--view-line elementor-widget elementor-widget-divider\" data-id=\"m64m898\" data-element_type=\"widget\" data-widget_type=\"divider.default\">\n\t\t\t\t<div class=\"elementor-widget-container\">\n\t\t\t\t\t\t\t<div class=\"elementor-divider\">\n\t\t\t<span class=\"elementor-divider-separator\">\n\t\t\t\t\t\t<\/span>\n\t\t<\/div>\n\t\t\t\t\t\t<\/div>\n\t\t\t\t<\/div>\n\t\t\t\t<div class=\"elementor-element elementor-element-29hkpch elementor-widget elementor-widget-text-editor\" data-id=\"29hkpch\" data-element_type=\"widget\" data-widget_type=\"text-editor.default\">\n\t\t\t\t<div class=\"elementor-widget-container\">\n\t\t\t\t\t\t\t\t\t<p>El Proyecto de Diagn\u00f3stico y Reconversi\u00f3n de C\u00e1maras Fr\u00edas, es coordinado por la Oficina T\u00e9cnica de Ozono de Cuba y financiado por el Fondo Multilateral del Protocolo de Montreal y el proyecto de Naciones Unidas para el Desarrollo (PNUD).<\/p>\t\t\t\t\t\t\t\t<\/div>\n\t\t\t\t<\/div>\n\t\t\t\t<div class=\"elementor-element elementor-element-xo3szk5 elementor-widget elementor-widget-button\" data-id=\"xo3szk5\" data-element_type=\"widget\" data-widget_type=\"button.default\">\n\t\t\t\t<div class=\"elementor-widget-container\">\n\t\t\t\t\t\t\t\t\t<div class=\"elementor-button-wrapper\">\n\t\t\t\t\t<a class=\"elementor-button elementor-button-link elementor-size-sm\" href=\"http:\/\/www.citmapri.gob.cu\/?p=234\">\n\t\t\t\t\t\t<span class=\"elementor-button-content-wrapper\">\n\t\t\t\t\t\t<span class=\"elementor-button-icon\">\n\t\t\t\t<i aria-hidden=\"true\" class=\"fas fa-long-arrow-alt-right\"><\/i>\t\t\t<\/span>\n\t\t\t\t\t\t\t\t\t<span class=\"elementor-button-text\">Visitar Proyecto<\/span>\n\t\t\t\t\t<\/span>\n\t\t\t\t\t<\/a>\n\t\t\t\t<\/div>\n\t\t\t\t\t\t\t\t<\/div>\n\t\t\t\t<\/div>\n\t\t\t\t\t<\/div>\n\t\t<\/div>\n\t\t\t\t\t<\/div>\n\t\t<\/section>\n\t\t\t\t<section class=\"elementor-section elementor-top-section elementor-element elementor-element-83ac339 elementor-section-content-middle elementor-reverse-mobile elementor-section-boxed elementor-section-height-default elementor-section-height-default\" data-id=\"83ac339\" data-element_type=\"section\" data-settings=\"{&quot;background_background&quot;:&quot;classic&quot;}\">\n\t\t\t\t\t\t<div class=\"elementor-container elementor-column-gap-default\">\n\t\t\t\t\t<div class=\"elementor-column elementor-col-50 elementor-top-column elementor-element elementor-element-ccbed7f\" data-id=\"ccbed7f\" data-element_type=\"column\">\n\t\t\t<div class=\"elementor-widget-wrap elementor-element-populated\">\n\t\t\t\t\t\t<div class=\"elementor-element elementor-element-2e39d1e elementor-widget elementor-widget-heading\" data-id=\"2e39d1e\" data-element_type=\"widget\" data-widget_type=\"heading.default\">\n\t\t\t\t<div class=\"elementor-widget-container\">\n\t\t\t\t\t<h2 class=\"elementor-heading-title elementor-size-default\">Conectando Paisajes<\/h2>\t\t\t\t<\/div>\n\t\t\t\t<\/div>\n\t\t\t\t<div class=\"elementor-element elementor-element-74219d2 elementor-widget elementor-widget-heading\" data-id=\"74219d2\" data-element_type=\"widget\" data-widget_type=\"heading.default\">\n\t\t\t\t<div class=\"elementor-widget-container\">\n\t\t\t\t\t<h3 class=\"elementor-heading-title elementor-size-default\">Resumen del Proyecto:<\/h3>\t\t\t\t<\/div>\n\t\t\t\t<\/div>\n\t\t\t\t<div class=\"elementor-element elementor-element-9720ad1 elementor-widget-divider--view-line elementor-widget elementor-widget-divider\" data-id=\"9720ad1\" data-element_type=\"widget\" data-widget_type=\"divider.default\">\n\t\t\t\t<div class=\"elementor-widget-container\">\n\t\t\t\t\t\t\t<div class=\"elementor-divider\">\n\t\t\t<span class=\"elementor-divider-separator\">\n\t\t\t\t\t\t<\/span>\n\t\t<\/div>\n\t\t\t\t\t\t<\/div>\n\t\t\t\t<\/div>\n\t\t\t\t<div class=\"elementor-element elementor-element-2a5dc9a elementor-widget elementor-widget-text-editor\" data-id=\"2a5dc9a\" data-element_type=\"widget\" data-widget_type=\"text-editor.default\">\n\t\t\t\t<div class=\"elementor-widget-container\">\n\t\t\t\t\t\t\t\t\t<p>Un enfoque paisaj\u00edstico para conservar ecosistemas monta\u00f1osos amenazados\u201d, es la propuesta para un proyecto tutorado por el Instituto de Ecolog\u00eda Sistem\u00e1tica, con el fin de favorecer la conectividad biol\u00f3gica a trav\u00e9s del manejo del paisaje natural y paisaje agrario, que repercute en mejorar la viabilidad de la biodiversidad y capacidades de nuestra flora y fauna.<\/p>\t\t\t\t\t\t\t\t<\/div>\n\t\t\t\t<\/div>\n\t\t\t\t<div class=\"elementor-element elementor-element-a2e5e43 elementor-widget elementor-widget-button\" data-id=\"a2e5e43\" data-element_type=\"widget\" data-widget_type=\"button.default\">\n\t\t\t\t<div class=\"elementor-widget-container\">\n\t\t\t\t\t\t\t\t\t<div class=\"elementor-button-wrapper\">\n\t\t\t\t\t<a class=\"elementor-button elementor-button-link elementor-size-sm\" href=\"http:\/\/www.citmapri.gob.cu\/?p=223\">\n\t\t\t\t\t\t<span class=\"elementor-button-content-wrapper\">\n\t\t\t\t\t\t<span class=\"elementor-button-icon\">\n\t\t\t\t<i aria-hidden=\"true\" class=\"fas fa-long-arrow-alt-right\"><\/i>\t\t\t<\/span>\n\t\t\t\t\t\t\t\t\t<span class=\"elementor-button-text\">Visitar Proyecto<\/span>\n\t\t\t\t\t<\/span>\n\t\t\t\t\t<\/a>\n\t\t\t\t<\/div>\n\t\t\t\t\t\t\t\t<\/div>\n\t\t\t\t<\/div>\n\t\t\t\t\t<\/div>\n\t\t<\/div>\n\t\t\t\t<div class=\"elementor-column elementor-col-50 elementor-top-column elementor-element elementor-element-d03ac1a\" data-id=\"d03ac1a\" data-element_type=\"column\">\n\t\t\t<div class=\"elementor-widget-wrap elementor-element-populated\">\n\t\t\t\t\t\t<div class=\"elementor-element elementor-element-f1142f4 elementor-widget elementor-widget-image\" data-id=\"f1142f4\" data-element_type=\"widget\" data-widget_type=\"image.default\">\n\t\t\t\t<div class=\"elementor-widget-container\">\n\t\t\t\t\t\t\t\t\t\t\t\t\t\t\t<img decoding=\"async\" width=\"760\" height=\"425\" src=\"http:\/\/www.citmapri.gob.cu\/wp-content\/uploads\/2018\/12\/conectando.jpg\" class=\"attachment-large size-large wp-image-1679\" alt=\"\" srcset=\"http:\/\/www.citmapri.gob.cu\/wp-content\/uploads\/2018\/12\/conectando.jpg 760w, http:\/\/www.citmapri.gob.cu\/wp-content\/uploads\/2018\/12\/conectando-300x168.jpg 300w\" sizes=\"(max-width: 760px) 100vw, 760px\" \/>\t\t\t\t\t\t\t\t\t\t\t\t\t\t\t<\/div>\n\t\t\t\t<\/div>\n\t\t\t\t<section class=\"elementor-section elementor-inner-section elementor-element elementor-element-43e070c elementor-section-boxed elementor-section-height-default elementor-section-height-default\" data-id=\"43e070c\" data-element_type=\"section\">\n\t\t\t\t\t\t<div class=\"elementor-container elementor-column-gap-default\">\n\t\t\t\t\t<div class=\"elementor-column elementor-col-100 elementor-inner-column elementor-element elementor-element-87df886\" data-id=\"87df886\" data-element_type=\"column\" data-settings=\"{&quot;background_background&quot;:&quot;classic&quot;}\">\n\t\t\t<div class=\"elementor-widget-wrap elementor-element-populated\">\n\t\t\t\t\t\t<div class=\"elementor-element elementor-element-37018fe elementor-widget elementor-widget-heading\" data-id=\"37018fe\" data-element_type=\"widget\" data-widget_type=\"heading.default\">\n\t\t\t\t<div class=\"elementor-widget-container\">\n\t\t\t\t\t<h2 class=\"elementor-heading-title elementor-size-default\">Proyecto con enfoque nacional<\/h2>\t\t\t\t<\/div>\n\t\t\t\t<\/div>\n\t\t\t\t\t<\/div>\n\t\t<\/div>\n\t\t\t\t\t<\/div>\n\t\t<\/section>\n\t\t\t\t\t<\/div>\n\t\t<\/div>\n\t\t\t\t\t<\/div>\n\t\t<\/section>\n\t\t\t\t<section class=\"elementor-section elementor-top-section elementor-element elementor-element-741868d elementor-section-content-middle elementor-section-boxed elementor-section-height-default elementor-section-height-default\" data-id=\"741868d\" data-element_type=\"section\">\n\t\t\t\t\t\t<div class=\"elementor-container elementor-column-gap-default\">\n\t\t\t\t\t<div class=\"elementor-column elementor-col-50 elementor-top-column elementor-element elementor-element-abe7e08\" data-id=\"abe7e08\" data-element_type=\"column\">\n\t\t\t<div class=\"elementor-widget-wrap elementor-element-populated\">\n\t\t\t\t\t\t<div class=\"elementor-element elementor-element-537ca26 elementor-widget elementor-widget-image\" data-id=\"537ca26\" data-element_type=\"widget\" data-widget_type=\"image.default\">\n\t\t\t\t<div class=\"elementor-widget-container\">\n\t\t\t\t\t\t\t\t\t\t\t\t\t\t\t<img decoding=\"async\" width=\"960\" height=\"515\" src=\"http:\/\/www.citmapri.gob.cu\/wp-content\/uploads\/2018\/12\/manejo-sostenible-de-tierra.jpg\" class=\"attachment-large size-large wp-image-1172\" alt=\"\" srcset=\"http:\/\/www.citmapri.gob.cu\/wp-content\/uploads\/2018\/12\/manejo-sostenible-de-tierra.jpg 960w, http:\/\/www.citmapri.gob.cu\/wp-content\/uploads\/2018\/12\/manejo-sostenible-de-tierra-300x161.jpg 300w, http:\/\/www.citmapri.gob.cu\/wp-content\/uploads\/2018\/12\/manejo-sostenible-de-tierra-768x412.jpg 768w\" sizes=\"(max-width: 960px) 100vw, 960px\" \/>\t\t\t\t\t\t\t\t\t\t\t\t\t\t\t<\/div>\n\t\t\t\t<\/div>\n\t\t\t\t<section class=\"elementor-section elementor-inner-section elementor-element elementor-element-62ec3e2 elementor-section-boxed elementor-section-height-default elementor-section-height-default\" data-id=\"62ec3e2\" data-element_type=\"section\">\n\t\t\t\t\t\t<div class=\"elementor-container elementor-column-gap-default\">\n\t\t\t\t\t<div class=\"elementor-column elementor-col-100 elementor-inner-column elementor-element elementor-element-3d49461\" data-id=\"3d49461\" data-element_type=\"column\" data-settings=\"{&quot;background_background&quot;:&quot;classic&quot;}\">\n\t\t\t<div class=\"elementor-widget-wrap elementor-element-populated\">\n\t\t\t\t\t\t<div class=\"elementor-element elementor-element-9e52c18 elementor-widget elementor-widget-heading\" data-id=\"9e52c18\" data-element_type=\"widget\" data-widget_type=\"heading.default\">\n\t\t\t\t<div class=\"elementor-widget-container\">\n\t\t\t\t\t<h2 class=\"elementor-heading-title elementor-size-default\">Proyecto con enfoque nacional e internacional<\/h2>\t\t\t\t<\/div>\n\t\t\t\t<\/div>\n\t\t\t\t\t<\/div>\n\t\t<\/div>\n\t\t\t\t\t<\/div>\n\t\t<\/section>\n\t\t\t\t\t<\/div>\n\t\t<\/div>\n\t\t\t\t<div class=\"elementor-column elementor-col-50 elementor-top-column elementor-element elementor-element-d2c616e\" data-id=\"d2c616e\" data-element_type=\"column\">\n\t\t\t<div class=\"elementor-widget-wrap elementor-element-populated\">\n\t\t\t\t\t\t<div class=\"elementor-element elementor-element-241762d elementor-widget elementor-widget-heading\" data-id=\"241762d\" data-element_type=\"widget\" data-widget_type=\"heading.default\">\n\t\t\t\t<div class=\"elementor-widget-container\">\n\t\t\t\t\t<h2 class=\"elementor-heading-title elementor-size-default\">OP-15<\/h2>\t\t\t\t<\/div>\n\t\t\t\t<\/div>\n\t\t\t\t<div class=\"elementor-element elementor-element-9b85e4d elementor-widget elementor-widget-heading\" data-id=\"9b85e4d\" data-element_type=\"widget\" data-widget_type=\"heading.default\">\n\t\t\t\t<div class=\"elementor-widget-container\">\n\t\t\t\t\t<h3 class=\"elementor-heading-title elementor-size-default\">Fortalecimiento de las capacidades para el planeamiento, toma de decisiones y sistemas regulatorios, sensibilizaci\u00f3n y manejo sostenible de tierras en ecosistemas severamente degradados (OP- 15)<\/h3>\t\t\t\t<\/div>\n\t\t\t\t<\/div>\n\t\t\t\t<div class=\"elementor-element elementor-element-03a22c7 elementor-widget-divider--view-line elementor-widget elementor-widget-divider\" data-id=\"03a22c7\" data-element_type=\"widget\" data-widget_type=\"divider.default\">\n\t\t\t\t<div class=\"elementor-widget-container\">\n\t\t\t\t\t\t\t<div class=\"elementor-divider\">\n\t\t\t<span class=\"elementor-divider-separator\">\n\t\t\t\t\t\t<\/span>\n\t\t<\/div>\n\t\t\t\t\t\t<\/div>\n\t\t\t\t<\/div>\n\t\t\t\t<div class=\"elementor-element elementor-element-28151f1 elementor-widget elementor-widget-text-editor\" data-id=\"28151f1\" data-element_type=\"widget\" data-widget_type=\"text-editor.default\">\n\t\t\t\t<div class=\"elementor-widget-container\">\n\t\t\t\t\t\t\t\t\t<p>El Programa de Asociaci\u00f3n de Pa\u00eds en Apoyo a la Implementaci\u00f3n del Programa de Acci\u00f3n Nacional de Lucha contra la Desertificaci\u00f3n y la Sequ\u00eda (CPP-OP15), surge en el 2008 para introducir los conceptos de Manejo Sostenible de Tierra en las acciones de prevenci\u00f3n de la degradaci\u00f3n, recuperaci\u00f3n y rehabilitaci\u00f3n de tierras degradadas, as\u00ed como en la adaptaci\u00f3n a las condiciones extremas en los ecosistemas severamente degradados y adem\u00e1s en la mitigaci\u00f3n de los efectos de la sequ\u00eda.<\/p>\t\t\t\t\t\t\t\t<\/div>\n\t\t\t\t<\/div>\n\t\t\t\t<div class=\"elementor-element elementor-element-ab429f0 elementor-widget elementor-widget-button\" data-id=\"ab429f0\" data-element_type=\"widget\" data-widget_type=\"button.default\">\n\t\t\t\t<div class=\"elementor-widget-container\">\n\t\t\t\t\t\t\t\t\t<div class=\"elementor-button-wrapper\">\n\t\t\t\t\t<a class=\"elementor-button elementor-button-link elementor-size-sm\" href=\"http:\/\/www.citmapri.gob.cu\/?p=215\">\n\t\t\t\t\t\t<span class=\"elementor-button-content-wrapper\">\n\t\t\t\t\t\t<span class=\"elementor-button-icon\">\n\t\t\t\t<i aria-hidden=\"true\" class=\"fas fa-long-arrow-alt-right\"><\/i>\t\t\t<\/span>\n\t\t\t\t\t\t\t\t\t<span class=\"elementor-button-text\">Visitar Proyecto<\/span>\n\t\t\t\t\t<\/span>\n\t\t\t\t\t<\/a>\n\t\t\t\t<\/div>\n\t\t\t\t\t\t\t\t<\/div>\n\t\t\t\t<\/div>\n\t\t\t\t\t<\/div>\n\t\t<\/div>\n\t\t\t\t\t<\/div>\n\t\t<\/section>\n\t\t\t\t<section class=\"elementor-section elementor-top-section elementor-element elementor-element-98823f8 elementor-section-content-middle elementor-reverse-mobile elementor-section-boxed elementor-section-height-default elementor-section-height-default\" data-id=\"98823f8\" data-element_type=\"section\" data-settings=\"{&quot;background_background&quot;:&quot;classic&quot;}\">\n\t\t\t\t\t\t<div class=\"elementor-container elementor-column-gap-default\">\n\t\t\t\t\t<div class=\"elementor-column elementor-col-50 elementor-top-column elementor-element elementor-element-00e4536\" data-id=\"00e4536\" data-element_type=\"column\">\n\t\t\t<div class=\"elementor-widget-wrap elementor-element-populated\">\n\t\t\t\t\t\t<div class=\"elementor-element elementor-element-1c25670 elementor-widget elementor-widget-heading\" data-id=\"1c25670\" data-element_type=\"widget\" data-widget_type=\"heading.default\">\n\t\t\t\t<div class=\"elementor-widget-container\">\n\t\t\t\t\t<h2 class=\"elementor-heading-title elementor-size-default\">Bases Ambientales para la Sostenibilidad Alimentaria Local (BASAL)<\/h2>\t\t\t\t<\/div>\n\t\t\t\t<\/div>\n\t\t\t\t<div class=\"elementor-element elementor-element-9c33ef6 elementor-widget-divider--view-line elementor-widget elementor-widget-divider\" data-id=\"9c33ef6\" data-element_type=\"widget\" data-widget_type=\"divider.default\">\n\t\t\t\t<div class=\"elementor-widget-container\">\n\t\t\t\t\t\t\t<div class=\"elementor-divider\">\n\t\t\t<span class=\"elementor-divider-separator\">\n\t\t\t\t\t\t<\/span>\n\t\t<\/div>\n\t\t\t\t\t\t<\/div>\n\t\t\t\t<\/div>\n\t\t\t\t<div class=\"elementor-element elementor-element-a6cfe59 elementor-widget elementor-widget-text-editor\" data-id=\"a6cfe59\" data-element_type=\"widget\" data-widget_type=\"text-editor.default\">\n\t\t\t\t<div class=\"elementor-widget-container\">\n\t\t\t\t\t\t\t\t\t<p>El proyecto \u201cBases Ambientales para la sostenibilidad alimentaria local\u201d ( BASAL) tiene como objetivo identificar y reducir las vulnerabilidades relacionadas con el cambio clim\u00e1tico en el sector agr\u00edcola a nivel local.<\/p><p>En Cuba las principales afectaciones en la actividad agropecuaria responden a la incidencia de sequ\u00edas- cada vez m\u00e1s frecuentes e intensas- y la ocurrencia de fuertes lluvias, el aumento de la temperatura m\u00ednima del aire, que incrementa la incidencia de plagas y enfermedades, as\u00ed como el aumento del nivel del mar, responsable de la salinizaci\u00f3n de las aguas subterr\u00e1neas y el suelo agr\u00edcola, tanto como de inundaciones en algunas zonas costeras.<\/p>\t\t\t\t\t\t\t\t<\/div>\n\t\t\t\t<\/div>\n\t\t\t\t<div class=\"elementor-element elementor-element-fa082b8 elementor-widget elementor-widget-button\" data-id=\"fa082b8\" data-element_type=\"widget\" data-widget_type=\"button.default\">\n\t\t\t\t<div class=\"elementor-widget-container\">\n\t\t\t\t\t\t\t\t\t<div class=\"elementor-button-wrapper\">\n\t\t\t\t\t<a class=\"elementor-button elementor-button-link elementor-size-sm\" href=\"http:\/\/www.citmapri.gob.cu\/?p=102\">\n\t\t\t\t\t\t<span class=\"elementor-button-content-wrapper\">\n\t\t\t\t\t\t<span class=\"elementor-button-icon\">\n\t\t\t\t<i aria-hidden=\"true\" class=\"fas fa-long-arrow-alt-right\"><\/i>\t\t\t<\/span>\n\t\t\t\t\t\t\t\t\t<span class=\"elementor-button-text\">Visitar Proyecto<\/span>\n\t\t\t\t\t<\/span>\n\t\t\t\t\t<\/a>\n\t\t\t\t<\/div>\n\t\t\t\t\t\t\t\t<\/div>\n\t\t\t\t<\/div>\n\t\t\t\t\t<\/div>\n\t\t<\/div>\n\t\t\t\t<div class=\"elementor-column elementor-col-50 elementor-top-column elementor-element elementor-element-aff3e7e\" data-id=\"aff3e7e\" data-element_type=\"column\">\n\t\t\t<div class=\"elementor-widget-wrap elementor-element-populated\">\n\t\t\t\t\t\t<div class=\"elementor-element elementor-element-84654da elementor-widget elementor-widget-image\" data-id=\"84654da\" data-element_type=\"widget\" data-widget_type=\"image.default\">\n\t\t\t\t<div class=\"elementor-widget-container\">\n\t\t\t\t\t\t\t\t\t\t\t\t\t\t\t<img loading=\"lazy\" decoding=\"async\" width=\"960\" height=\"515\" src=\"http:\/\/www.citmapri.gob.cu\/wp-content\/uploads\/2018\/02\/basal-pinar-del-rio-citma.jpg\" class=\"attachment-large size-large wp-image-1169\" alt=\"\" srcset=\"http:\/\/www.citmapri.gob.cu\/wp-content\/uploads\/2018\/02\/basal-pinar-del-rio-citma.jpg 960w, http:\/\/www.citmapri.gob.cu\/wp-content\/uploads\/2018\/02\/basal-pinar-del-rio-citma-300x161.jpg 300w, http:\/\/www.citmapri.gob.cu\/wp-content\/uploads\/2018\/02\/basal-pinar-del-rio-citma-768x412.jpg 768w\" sizes=\"(max-width: 960px) 100vw, 960px\" \/>\t\t\t\t\t\t\t\t\t\t\t\t\t\t\t<\/div>\n\t\t\t\t<\/div>\n\t\t\t\t<section class=\"elementor-section elementor-inner-section elementor-element elementor-element-9d8f116 elementor-section-boxed elementor-section-height-default elementor-section-height-default\" data-id=\"9d8f116\" data-element_type=\"section\">\n\t\t\t\t\t\t<div class=\"elementor-container elementor-column-gap-default\">\n\t\t\t\t\t<div class=\"elementor-column elementor-col-100 elementor-inner-column elementor-element elementor-element-41fab0b\" data-id=\"41fab0b\" data-element_type=\"column\" data-settings=\"{&quot;background_background&quot;:&quot;classic&quot;}\">\n\t\t\t<div class=\"elementor-widget-wrap elementor-element-populated\">\n\t\t\t\t\t\t<div class=\"elementor-element elementor-element-ca692a2 elementor-widget elementor-widget-heading\" data-id=\"ca692a2\" data-element_type=\"widget\" data-widget_type=\"heading.default\">\n\t\t\t\t<div class=\"elementor-widget-container\">\n\t\t\t\t\t<h2 class=\"elementor-heading-title elementor-size-default\">Proyecto con enfoque nacional<\/h2>\t\t\t\t<\/div>\n\t\t\t\t<\/div>\n\t\t\t\t\t<\/div>\n\t\t<\/div>\n\t\t\t\t\t<\/div>\n\t\t<\/section>\n\t\t\t\t\t<\/div>\n\t\t<\/div>\n\t\t\t\t\t<\/div>\n\t\t<\/section>\n\t\t\t\t<section class=\"elementor-section elementor-top-section elementor-element elementor-element-bbaea52 elementor-section-content-middle elementor-section-boxed elementor-section-height-default elementor-section-height-default\" data-id=\"bbaea52\" data-element_type=\"section\">\n\t\t\t\t\t\t<div class=\"elementor-container elementor-column-gap-default\">\n\t\t\t\t\t<div class=\"elementor-column elementor-col-50 elementor-top-column elementor-element elementor-element-01c43e2\" data-id=\"01c43e2\" data-element_type=\"column\">\n\t\t\t<div class=\"elementor-widget-wrap elementor-element-populated\">\n\t\t\t\t\t\t<div class=\"elementor-element elementor-element-480699e elementor-widget elementor-widget-image\" data-id=\"480699e\" data-element_type=\"widget\" data-widget_type=\"image.default\">\n\t\t\t\t<div class=\"elementor-widget-container\">\n\t\t\t\t\t\t\t\t\t\t\t\t\t\t\t<img loading=\"lazy\" decoding=\"async\" width=\"760\" height=\"384\" src=\"http:\/\/www.citmapri.gob.cu\/wp-content\/uploads\/2020\/06\/Logo-Ecovalor.jpg\" class=\"attachment-large size-large wp-image-1767\" alt=\"\" srcset=\"http:\/\/www.citmapri.gob.cu\/wp-content\/uploads\/2020\/06\/Logo-Ecovalor.jpg 760w, http:\/\/www.citmapri.gob.cu\/wp-content\/uploads\/2020\/06\/Logo-Ecovalor-300x152.jpg 300w\" sizes=\"(max-width: 760px) 100vw, 760px\" \/>\t\t\t\t\t\t\t\t\t\t\t\t\t\t\t<\/div>\n\t\t\t\t<\/div>\n\t\t\t\t<section class=\"elementor-section elementor-inner-section elementor-element elementor-element-a81293c elementor-section-boxed elementor-section-height-default elementor-section-height-default\" data-id=\"a81293c\" data-element_type=\"section\">\n\t\t\t\t\t\t<div class=\"elementor-container elementor-column-gap-default\">\n\t\t\t\t\t<div class=\"elementor-column elementor-col-100 elementor-inner-column elementor-element elementor-element-a72ea68\" data-id=\"a72ea68\" data-element_type=\"column\" data-settings=\"{&quot;background_background&quot;:&quot;classic&quot;}\">\n\t\t\t<div class=\"elementor-widget-wrap elementor-element-populated\">\n\t\t\t\t\t\t<div class=\"elementor-element elementor-element-65a1d4d elementor-widget elementor-widget-heading\" data-id=\"65a1d4d\" data-element_type=\"widget\" data-widget_type=\"heading.default\">\n\t\t\t\t<div class=\"elementor-widget-container\">\n\t\t\t\t\t<h2 class=\"elementor-heading-title elementor-size-default\">Proyecto con enfoque nacional e internacional<\/h2>\t\t\t\t<\/div>\n\t\t\t\t<\/div>\n\t\t\t\t\t<\/div>\n\t\t<\/div>\n\t\t\t\t\t<\/div>\n\t\t<\/section>\n\t\t\t\t\t<\/div>\n\t\t<\/div>\n\t\t\t\t<div class=\"elementor-column elementor-col-50 elementor-top-column elementor-element elementor-element-ebff125\" data-id=\"ebff125\" data-element_type=\"column\">\n\t\t\t<div class=\"elementor-widget-wrap elementor-element-populated\">\n\t\t\t\t\t\t<div class=\"elementor-element elementor-element-92e3203 elementor-widget elementor-widget-heading\" data-id=\"92e3203\" data-element_type=\"widget\" data-widget_type=\"heading.default\">\n\t\t\t\t<div class=\"elementor-widget-container\">\n\t\t\t\t\t<h2 class=\"elementor-heading-title elementor-size-default\">ECOVALOR<\/h2>\t\t\t\t<\/div>\n\t\t\t\t<\/div>\n\t\t\t\t<div class=\"elementor-element elementor-element-40acfa7 elementor-widget elementor-widget-heading\" data-id=\"40acfa7\" data-element_type=\"widget\" data-widget_type=\"heading.default\">\n\t\t\t\t<div class=\"elementor-widget-container\">\n\t\t\t\t\t<h3 class=\"elementor-heading-title elementor-size-default\">Objetivos: MANEJO SOSTENIBLE DE BOSQUES, DIVERSIDAD BIOL\u00d3GICA, DEGRADACI\u00d3N DE TIERRAS.<\/h3>\t\t\t\t<\/div>\n\t\t\t\t<\/div>\n\t\t\t\t<div class=\"elementor-element elementor-element-fa25a65 elementor-widget elementor-widget-text-editor\" data-id=\"fa25a65\" data-element_type=\"widget\" data-widget_type=\"text-editor.default\">\n\t\t\t\t<div class=\"elementor-widget-container\">\n\t\t\t\t\t\t\t\t\t<ul><li><p>Ecosistemas priorizados: Arrecifes de coral, pastos marinos, manglares y agroecosistemas (agropecuario y forestal)<\/p><\/li><li><p>Sectores: Forestal, agropecuario, turismo y conservaci\u00f3n<\/p><\/li><\/ul>\t\t\t\t\t\t\t\t<\/div>\n\t\t\t\t<\/div>\n\t\t\t\t<div class=\"elementor-element elementor-element-8b66026 elementor-widget-divider--view-line elementor-widget elementor-widget-divider\" data-id=\"8b66026\" data-element_type=\"widget\" data-widget_type=\"divider.default\">\n\t\t\t\t<div class=\"elementor-widget-container\">\n\t\t\t\t\t\t\t<div class=\"elementor-divider\">\n\t\t\t<span class=\"elementor-divider-separator\">\n\t\t\t\t\t\t<\/span>\n\t\t<\/div>\n\t\t\t\t\t\t<\/div>\n\t\t\t\t<\/div>\n\t\t\t\t<div class=\"elementor-element elementor-element-c93c08f elementor-widget elementor-widget-text-editor\" data-id=\"c93c08f\" data-element_type=\"widget\" data-widget_type=\"text-editor.default\">\n\t\t\t\t<div class=\"elementor-widget-container\">\n\t\t\t\t\t\t\t\t\t<p><strong>Sitios de implementaci\u00f3n de ECOVALOR en Pinar del R\u00edo<\/strong>: \u00c1rea de implementaci\u00f3n abarca la zona Norte de la provincia (cinco municipios): La Palma, Vi\u00f1ales, Minas de Matahambres, Mantua y Sandino<\/p>\t\t\t\t\t\t\t\t<\/div>\n\t\t\t\t<\/div>\n\t\t\t\t<div class=\"elementor-element elementor-element-d4c6ab1 elementor-widget elementor-widget-button\" data-id=\"d4c6ab1\" data-element_type=\"widget\" data-widget_type=\"button.default\">\n\t\t\t\t<div class=\"elementor-widget-container\">\n\t\t\t\t\t\t\t\t\t<div class=\"elementor-button-wrapper\">\n\t\t\t\t\t<a class=\"elementor-button elementor-button-link elementor-size-sm\" href=\"http:\/\/www.citmapri.gob.cu\/?p=1687\" ecovalor=\"\" id=\"ECOVALOR\">\n\t\t\t\t\t\t<span class=\"elementor-button-content-wrapper\">\n\t\t\t\t\t\t<span class=\"elementor-button-icon\">\n\t\t\t\t<i aria-hidden=\"true\" class=\"fas fa-long-arrow-alt-right\"><\/i>\t\t\t<\/span>\n\t\t\t\t\t\t\t\t\t<span class=\"elementor-button-text\">Visitar Proyecto<\/span>\n\t\t\t\t\t<\/span>\n\t\t\t\t\t<\/a>\n\t\t\t\t<\/div>\n\t\t\t\t\t\t\t\t<\/div>\n\t\t\t\t<\/div>\n\t\t\t\t\t<\/div>\n\t\t<\/div>\n\t\t\t\t\t<\/div>\n\t\t<\/section>\n\t\t\t\t<section class=\"elementor-section elementor-inner-section elementor-element elementor-element-qtshvog elementor-section-boxed elementor-section-height-default elementor-section-height-default\" data-id=\"qtshvog\" data-element_type=\"section\" data-settings=\"{&quot;background_background&quot;:&quot;classic&quot;}\">\n\t\t\t\t\t\t\t<div class=\"elementor-background-overlay\"><\/div>\n\t\t\t\t\t\t\t<div class=\"elementor-container elementor-column-gap-default\">\n\t\t\t\t\t<div class=\"elementor-column elementor-col-100 elementor-inner-column elementor-element elementor-element-veqzext\" data-id=\"veqzext\" data-element_type=\"column\" data-settings=\"{&quot;background_background&quot;:&quot;classic&quot;}\">\n\t\t\t<div class=\"elementor-widget-wrap elementor-element-populated\">\n\t\t\t\t\t\t<div class=\"elementor-element elementor-element-niggwam elementor-widget elementor-widget-spacer\" data-id=\"niggwam\" data-element_type=\"widget\" data-widget_type=\"spacer.default\">\n\t\t\t\t<div class=\"elementor-widget-container\">\n\t\t\t\t\t\t\t<div class=\"elementor-spacer\">\n\t\t\t<div class=\"elementor-spacer-inner\"><\/div>\n\t\t<\/div>\n\t\t\t\t\t\t<\/div>\n\t\t\t\t<\/div>\n\t\t\t\t<div class=\"elementor-element elementor-element-ezdaspk elementor-widget elementor-widget-heading\" data-id=\"ezdaspk\" data-element_type=\"widget\" data-widget_type=\"heading.default\">\n\t\t\t\t<div class=\"elementor-widget-container\">\n\t\t\t\t\t<h3 class=\"elementor-heading-title elementor-size-default\">\u00bfDeseas colaborar con nuestros proyectos?<\/h3>\t\t\t\t<\/div>\n\t\t\t\t<\/div>\n\t\t\t\t<div class=\"elementor-element elementor-element-ushwpeh elementor-widget elementor-widget-heading\" data-id=\"ushwpeh\" data-element_type=\"widget\" data-widget_type=\"heading.default\">\n\t\t\t\t<div class=\"elementor-widget-container\">\n\t\t\t\t\t<h4 class=\"elementor-heading-title elementor-size-default\">Puedes utilizar cualquiera de las v\u00edas disponibles que tenemos de contacto<\/h4>\t\t\t\t<\/div>\n\t\t\t\t<\/div>\n\t\t\t\t<div class=\"elementor-element elementor-element-puqyaiv elementor-widget elementor-widget-spacer\" data-id=\"puqyaiv\" data-element_type=\"widget\" data-widget_type=\"spacer.default\">\n\t\t\t\t<div class=\"elementor-widget-container\">\n\t\t\t\t\t\t\t<div class=\"elementor-spacer\">\n\t\t\t<div class=\"elementor-spacer-inner\"><\/div>\n\t\t<\/div>\n\t\t\t\t\t\t<\/div>\n\t\t\t\t<\/div>\n\t\t\t\t<div class=\"elementor-element elementor-element-tmlkaze elementor-align-center elementor-widget elementor-widget-button\" data-id=\"tmlkaze\" data-element_type=\"widget\" data-widget_type=\"button.default\">\n\t\t\t\t<div class=\"elementor-widget-container\">\n\t\t\t\t\t\t\t\t\t<div class=\"elementor-button-wrapper\">\n\t\t\t\t\t<a class=\"elementor-button elementor-button-link elementor-size-sm\" href=\"http:\/\/www.citmapri.gob.cu\/?page_id=73\">\n\t\t\t\t\t\t<span class=\"elementor-button-content-wrapper\">\n\t\t\t\t\t\t\t\t\t<span class=\"elementor-button-text\">Cont\u00e1ctanos<\/span>\n\t\t\t\t\t<\/span>\n\t\t\t\t\t<\/a>\n\t\t\t\t<\/div>\n\t\t\t\t\t\t\t\t<\/div>\n\t\t\t\t<\/div>\n\t\t\t\t<div class=\"elementor-element elementor-element-ayfphqw elementor-widget elementor-widget-spacer\" data-id=\"ayfphqw\" data-element_type=\"widget\" data-widget_type=\"spacer.default\">\n\t\t\t\t<div class=\"elementor-widget-container\">\n\t\t\t\t\t\t\t<div class=\"elementor-spacer\">\n\t\t\t<div class=\"elementor-spacer-inner\"><\/div>\n\t\t<\/div>\n\t\t\t\t\t\t<\/div>\n\t\t\t\t<\/div>\n\t\t\t\t\t<\/div>\n\t\t<\/div>\n\t\t\t\t\t<\/div>\n\t\t<\/section>\n\t\t\t\t<section class=\"elementor-section elementor-top-section elementor-element elementor-element-4497056 elementor-section-boxed elementor-section-height-default elementor-section-height-default\" data-id=\"4497056\" data-element_type=\"section\">\n\t\t\t\t\t\t<div class=\"elementor-container elementor-column-gap-default\">\n\t\t\t\t\t<div class=\"elementor-column elementor-col-100 elementor-top-column elementor-element elementor-element-394c760\" data-id=\"394c760\" data-element_type=\"column\">\n\t\t\t<div class=\"elementor-widget-wrap elementor-element-populated\">\n\t\t\t\t\t\t<div class=\"elementor-element elementor-element-ae029ef elementor-widget elementor-widget-heading\" data-id=\"ae029ef\" data-element_type=\"widget\" data-widget_type=\"heading.default\">\n\t\t\t\t<div class=\"elementor-widget-container\">\n\t\t\t\t\t<h2 class=\"elementor-heading-title elementor-size-default\">Proyecto GEF\/PNUD\n\u201cIncorporando consideraciones ambientales m\u00faltiples y sus implicaciones econ\u00f3micas, en el manejo de los paisajes, bosques y sectores productivos en Cuba\u201d<\/h2>\t\t\t\t<\/div>\n\t\t\t\t<\/div>\n\t\t\t\t\t<\/div>\n\t\t<\/div>\n\t\t\t\t\t<\/div>\n\t\t<\/section>\n\t\t\t\t<\/div>\n\t\t","protected":false},"excerpt":{"rendered":"<p>Nuestros Proyectos Proyecto con enfoque nacional e internacional Reconversi\u00f3n de C\u00e1maras Fr\u00edas Resultados del Proyecto: Instaladas en la provincia 27 Unidades Condensadoras Mejoras en la calidad de los servicios que se brinda a la poblaci\u00f3n Eliminaci\u00f3n del fre\u00f3n 22 y sustituci\u00f3n por el gas ecol\u00f3gico 404 El Proyecto de Diagn\u00f3stico y Reconversi\u00f3n de C\u00e1maras Fr\u00edas, &hellip;<\/p>\n<p class=\"read-more\"> <a class=\"\" href=\"http:\/\/www.citmapri.gob.cu\/?page_id=74\"> <span class=\"screen-reader-text\">Proyectos<\/span> Read More \u00bb<\/a><\/p>\n","protected":false},"author":1,"featured_media":0,"parent":0,"menu_order":0,"comment_status":"closed","ping_status":"closed","template":"","meta":{"site-sidebar-layout":"no-sidebar","site-content-layout":"page-builder","ast-global-header-display":"","ast-main-header-display":"","ast-hfb-above-header-display":"","ast-hfb-below-header-display":"","ast-hfb-mobile-header-display":"","site-post-title":"disabled","ast-breadcrumbs-content":"","ast-featured-img":"disabled","footer-sml-layout":"","theme-transparent-header-meta":"","adv-header-id-meta":"","stick-header-meta":"","header-above-stick-meta":null,"header-main-stick-meta":"","header-below-stick-meta":null,"_glsr_average":0,"_glsr_ranking":0,"_glsr_reviews":0,"footnotes":""},"class_list":["post-74","page","type-page","status-publish","hentry"],"yoast_head":"<!-- This site is optimized with the Yoast SEO plugin v27.5 - https:\/\/yoast.com\/product\/yoast-seo-wordpress\/ -->\n<title>Proyectos - CITMA PINAR DEL R\u00cdO<\/title>\n<meta name=\"robots\" content=\"index, follow, max-snippet:-1, max-image-preview:large, max-video-preview:-1\" \/>\n<link rel=\"canonical\" href=\"http:\/\/www.citmapri.gob.cu\/?page_id=74\" \/>\n<meta property=\"og:locale\" content=\"es_ES\" \/>\n<meta property=\"og:type\" content=\"article\" \/>\n<meta property=\"og:title\" content=\"Proyectos - CITMA PINAR DEL R\u00cdO\" \/>\n<meta property=\"og:description\" content=\"Nuestros Proyectos Proyecto con enfoque nacional e internacional Reconversi\u00f3n de C\u00e1maras Fr\u00edas Resultados del Proyecto: Instaladas en la provincia 27 Unidades Condensadoras Mejoras en la calidad de los servicios que se brinda a la poblaci\u00f3n Eliminaci\u00f3n del fre\u00f3n 22 y sustituci\u00f3n por el gas ecol\u00f3gico 404 El Proyecto de Diagn\u00f3stico y Reconversi\u00f3n de C\u00e1maras Fr\u00edas, &hellip; Proyectos Read More \u00bb\" \/>\n<meta property=\"og:url\" content=\"http:\/\/www.citmapri.gob.cu\/?page_id=74\" \/>\n<meta property=\"og:site_name\" content=\"CITMA PINAR DEL R\u00cdO\" \/>\n<meta property=\"article:publisher\" content=\"https:\/\/www.facebook.com\/citmapr\" \/>\n<meta property=\"article:modified_time\" content=\"2020-06-12T15:40:57+00:00\" \/>\n<meta property=\"og:image\" content=\"http:\/\/www.citmapri.gob.cu\/wp-content\/uploads\/2018\/12\/Reconversion-de-camaras-frias.jpg\" \/>\n<meta name=\"twitter:card\" content=\"summary_large_image\" \/>\n<meta name=\"twitter:label1\" content=\"Tiempo de lectura\" \/>\n\t<meta name=\"twitter:data1\" content=\"3 minutos\" \/>\n<script type=\"application\/ld+json\" class=\"yoast-schema-graph\">{\"@context\":\"https:\\\/\\\/schema.org\",\"@graph\":[{\"@type\":\"WebPage\",\"@id\":\"http:\\\/\\\/www.citmapri.gob.cu\\\/?page_id=74\",\"url\":\"http:\\\/\\\/www.citmapri.gob.cu\\\/?page_id=74\",\"name\":\"Proyectos - CITMA PINAR DEL R\u00cdO\",\"isPartOf\":{\"@id\":\"http:\\\/\\\/www.citmapri.gob.cu\\\/#website\"},\"primaryImageOfPage\":{\"@id\":\"http:\\\/\\\/www.citmapri.gob.cu\\\/?page_id=74#primaryimage\"},\"image\":{\"@id\":\"http:\\\/\\\/www.citmapri.gob.cu\\\/?page_id=74#primaryimage\"},\"thumbnailUrl\":\"http:\\\/\\\/www.citmapri.gob.cu\\\/wp-content\\\/uploads\\\/2018\\\/12\\\/Reconversion-de-camaras-frias.jpg\",\"datePublished\":\"2017-07-12T05:54:02+00:00\",\"dateModified\":\"2020-06-12T15:40:57+00:00\",\"breadcrumb\":{\"@id\":\"http:\\\/\\\/www.citmapri.gob.cu\\\/?page_id=74#breadcrumb\"},\"inLanguage\":\"es\",\"potentialAction\":[{\"@type\":\"ReadAction\",\"target\":[\"http:\\\/\\\/www.citmapri.gob.cu\\\/?page_id=74\"]}]},{\"@type\":\"ImageObject\",\"inLanguage\":\"es\",\"@id\":\"http:\\\/\\\/www.citmapri.gob.cu\\\/?page_id=74#primaryimage\",\"url\":\"http:\\\/\\\/www.citmapri.gob.cu\\\/wp-content\\\/uploads\\\/2018\\\/12\\\/Reconversion-de-camaras-frias.jpg\",\"contentUrl\":\"http:\\\/\\\/www.citmapri.gob.cu\\\/wp-content\\\/uploads\\\/2018\\\/12\\\/Reconversion-de-camaras-frias.jpg\",\"width\":960,\"height\":515},{\"@type\":\"BreadcrumbList\",\"@id\":\"http:\\\/\\\/www.citmapri.gob.cu\\\/?page_id=74#breadcrumb\",\"itemListElement\":[{\"@type\":\"ListItem\",\"position\":1,\"name\":\"Portada\",\"item\":\"http:\\\/\\\/www.citmapri.gob.cu\\\/\"},{\"@type\":\"ListItem\",\"position\":2,\"name\":\"Proyectos\"}]},{\"@type\":\"WebSite\",\"@id\":\"http:\\\/\\\/www.citmapri.gob.cu\\\/#website\",\"url\":\"http:\\\/\\\/www.citmapri.gob.cu\\\/\",\"name\":\"CITMA PINAR DEL R\u00cdO\",\"description\":\"DELEGACI\u00d3N TERRITORIAL\",\"publisher\":{\"@id\":\"http:\\\/\\\/www.citmapri.gob.cu\\\/#organization\"},\"potentialAction\":[{\"@type\":\"SearchAction\",\"target\":{\"@type\":\"EntryPoint\",\"urlTemplate\":\"http:\\\/\\\/www.citmapri.gob.cu\\\/?s={search_term_string}\"},\"query-input\":{\"@type\":\"PropertyValueSpecification\",\"valueRequired\":true,\"valueName\":\"search_term_string\"}}],\"inLanguage\":\"es\"},{\"@type\":\"Organization\",\"@id\":\"http:\\\/\\\/www.citmapri.gob.cu\\\/#organization\",\"name\":\"CITMA PINAR DEL R\u00cdO\",\"url\":\"http:\\\/\\\/www.citmapri.gob.cu\\\/\",\"logo\":{\"@type\":\"ImageObject\",\"inLanguage\":\"es\",\"@id\":\"http:\\\/\\\/www.citmapri.gob.cu\\\/#\\\/schema\\\/logo\\\/image\\\/\",\"url\":\"http:\\\/\\\/www.citmapri.gob.cu\\\/wp-content\\\/uploads\\\/2019\\\/11\\\/citmapri-logo-cuba.png\",\"contentUrl\":\"http:\\\/\\\/www.citmapri.gob.cu\\\/wp-content\\\/uploads\\\/2019\\\/11\\\/citmapri-logo-cuba.png\",\"width\":233,\"height\":80,\"caption\":\"CITMA PINAR DEL R\u00cdO\"},\"image\":{\"@id\":\"http:\\\/\\\/www.citmapri.gob.cu\\\/#\\\/schema\\\/logo\\\/image\\\/\"},\"sameAs\":[\"https:\\\/\\\/www.facebook.com\\\/citmapr\"]}]}<\/script>\n<!-- \/ Yoast SEO plugin. -->","yoast_head_json":{"title":"Proyectos - CITMA PINAR DEL R\u00cdO","robots":{"index":"index","follow":"follow","max-snippet":"max-snippet:-1","max-image-preview":"max-image-preview:large","max-video-preview":"max-video-preview:-1"},"canonical":"http:\/\/www.citmapri.gob.cu\/?page_id=74","og_locale":"es_ES","og_type":"article","og_title":"Proyectos - CITMA PINAR DEL R\u00cdO","og_description":"Nuestros Proyectos Proyecto con enfoque nacional e internacional Reconversi\u00f3n de C\u00e1maras Fr\u00edas Resultados del Proyecto: Instaladas en la provincia 27 Unidades Condensadoras Mejoras en la calidad de los servicios que se brinda a la poblaci\u00f3n Eliminaci\u00f3n del fre\u00f3n 22 y sustituci\u00f3n por el gas ecol\u00f3gico 404 El Proyecto de Diagn\u00f3stico y Reconversi\u00f3n de C\u00e1maras Fr\u00edas, &hellip; Proyectos Read More \u00bb","og_url":"http:\/\/www.citmapri.gob.cu\/?page_id=74","og_site_name":"CITMA PINAR DEL R\u00cdO","article_publisher":"https:\/\/www.facebook.com\/citmapr","article_modified_time":"2020-06-12T15:40:57+00:00","og_image":[{"url":"http:\/\/www.citmapri.gob.cu\/wp-content\/uploads\/2018\/12\/Reconversion-de-camaras-frias.jpg","type":"","width":"","height":""}],"twitter_card":"summary_large_image","twitter_misc":{"Tiempo de lectura":"3 minutos"},"schema":{"@context":"https:\/\/schema.org","@graph":[{"@type":"WebPage","@id":"http:\/\/www.citmapri.gob.cu\/?page_id=74","url":"http:\/\/www.citmapri.gob.cu\/?page_id=74","name":"Proyectos - CITMA PINAR DEL R\u00cdO","isPartOf":{"@id":"http:\/\/www.citmapri.gob.cu\/#website"},"primaryImageOfPage":{"@id":"http:\/\/www.citmapri.gob.cu\/?page_id=74#primaryimage"},"image":{"@id":"http:\/\/www.citmapri.gob.cu\/?page_id=74#primaryimage"},"thumbnailUrl":"http:\/\/www.citmapri.gob.cu\/wp-content\/uploads\/2018\/12\/Reconversion-de-camaras-frias.jpg","datePublished":"2017-07-12T05:54:02+00:00","dateModified":"2020-06-12T15:40:57+00:00","breadcrumb":{"@id":"http:\/\/www.citmapri.gob.cu\/?page_id=74#breadcrumb"},"inLanguage":"es","potentialAction":[{"@type":"ReadAction","target":["http:\/\/www.citmapri.gob.cu\/?page_id=74"]}]},{"@type":"ImageObject","inLanguage":"es","@id":"http:\/\/www.citmapri.gob.cu\/?page_id=74#primaryimage","url":"http:\/\/www.citmapri.gob.cu\/wp-content\/uploads\/2018\/12\/Reconversion-de-camaras-frias.jpg","contentUrl":"http:\/\/www.citmapri.gob.cu\/wp-content\/uploads\/2018\/12\/Reconversion-de-camaras-frias.jpg","width":960,"height":515},{"@type":"BreadcrumbList","@id":"http:\/\/www.citmapri.gob.cu\/?page_id=74#breadcrumb","itemListElement":[{"@type":"ListItem","position":1,"name":"Portada","item":"http:\/\/www.citmapri.gob.cu\/"},{"@type":"ListItem","position":2,"name":"Proyectos"}]},{"@type":"WebSite","@id":"http:\/\/www.citmapri.gob.cu\/#website","url":"http:\/\/www.citmapri.gob.cu\/","name":"CITMA PINAR DEL R\u00cdO","description":"DELEGACI\u00d3N TERRITORIAL","publisher":{"@id":"http:\/\/www.citmapri.gob.cu\/#organization"},"potentialAction":[{"@type":"SearchAction","target":{"@type":"EntryPoint","urlTemplate":"http:\/\/www.citmapri.gob.cu\/?s={search_term_string}"},"query-input":{"@type":"PropertyValueSpecification","valueRequired":true,"valueName":"search_term_string"}}],"inLanguage":"es"},{"@type":"Organization","@id":"http:\/\/www.citmapri.gob.cu\/#organization","name":"CITMA PINAR DEL R\u00cdO","url":"http:\/\/www.citmapri.gob.cu\/","logo":{"@type":"ImageObject","inLanguage":"es","@id":"http:\/\/www.citmapri.gob.cu\/#\/schema\/logo\/image\/","url":"http:\/\/www.citmapri.gob.cu\/wp-content\/uploads\/2019\/11\/citmapri-logo-cuba.png","contentUrl":"http:\/\/www.citmapri.gob.cu\/wp-content\/uploads\/2019\/11\/citmapri-logo-cuba.png","width":233,"height":80,"caption":"CITMA PINAR DEL R\u00cdO"},"image":{"@id":"http:\/\/www.citmapri.gob.cu\/#\/schema\/logo\/image\/"},"sameAs":["https:\/\/www.facebook.com\/citmapr"]}]}},"_links":{"self":[{"href":"http:\/\/www.citmapri.gob.cu\/index.php?rest_route=\/wp\/v2\/pages\/74","targetHints":{"allow":["GET"]}}],"collection":[{"href":"http:\/\/www.citmapri.gob.cu\/index.php?rest_route=\/wp\/v2\/pages"}],"about":[{"href":"http:\/\/www.citmapri.gob.cu\/index.php?rest_route=\/wp\/v2\/types\/page"}],"author":[{"embeddable":true,"href":"http:\/\/www.citmapri.gob.cu\/index.php?rest_route=\/wp\/v2\/users\/1"}],"replies":[{"embeddable":true,"href":"http:\/\/www.citmapri.gob.cu\/index.php?rest_route=%2Fwp%2Fv2%2Fcomments&post=74"}],"version-history":[{"count":0,"href":"http:\/\/www.citmapri.gob.cu\/index.php?rest_route=\/wp\/v2\/pages\/74\/revisions"}],"wp:attachment":[{"href":"http:\/\/www.citmapri.gob.cu\/index.php?rest_route=%2Fwp%2Fv2%2Fmedia&parent=74"}],"curies":[{"name":"wp","href":"https:\/\/api.w.org\/{rel}","templated":true}]}}