{"id":71,"date":"2017-07-12T05:53:59","date_gmt":"2017-07-12T05:53:59","guid":{"rendered":"https:\/\/websitedemos.net\/astra-lite-demo-5\/?page_id=71"},"modified":"2020-06-09T13:21:42","modified_gmt":"2020-06-09T13:21:42","slug":"quienes-somos","status":"publish","type":"page","link":"http:\/\/www.citmapri.gob.cu\/?page_id=71","title":{"rendered":"\u00bfQui\u00e9nes somos?"},"content":{"rendered":"\t\t<div data-elementor-type=\"wp-post\" data-elementor-id=\"71\" class=\"elementor elementor-71\" data-elementor-post-type=\"page\">\n\t\t\t\t\t\t<section class=\"elementor-section elementor-top-section elementor-element elementor-element-3taujn5 elementor-section-boxed elementor-section-height-default elementor-section-height-default\" data-id=\"3taujn5\" data-element_type=\"section\" data-settings=\"{&quot;background_background&quot;:&quot;classic&quot;}\">\n\t\t\t\t\t\t\t<div class=\"elementor-background-overlay\"><\/div>\n\t\t\t\t\t\t\t<div class=\"elementor-container elementor-column-gap-default\">\n\t\t\t\t\t<div class=\"elementor-column elementor-col-100 elementor-top-column elementor-element elementor-element-vjksd7g\" data-id=\"vjksd7g\" data-element_type=\"column\" data-settings=\"{&quot;background_background&quot;:&quot;classic&quot;}\">\n\t\t\t<div class=\"elementor-widget-wrap elementor-element-populated\">\n\t\t\t\t\t\t<div class=\"elementor-element elementor-element-7vxmzev elementor-widget elementor-widget-spacer\" data-id=\"7vxmzev\" data-element_type=\"widget\" data-widget_type=\"spacer.default\">\n\t\t\t\t<div class=\"elementor-widget-container\">\n\t\t\t\t\t\t\t<div class=\"elementor-spacer\">\n\t\t\t<div class=\"elementor-spacer-inner\"><\/div>\n\t\t<\/div>\n\t\t\t\t\t\t<\/div>\n\t\t\t\t<\/div>\n\t\t\t\t<div class=\"elementor-element elementor-element-c7wr8i6 elementor-widget elementor-widget-heading\" data-id=\"c7wr8i6\" data-element_type=\"widget\" data-widget_type=\"heading.default\">\n\t\t\t\t<div class=\"elementor-widget-container\">\n\t\t\t\t\t<h1 class=\"elementor-heading-title elementor-size-default\">\u00bfQui\u00e9nes somos?<\/h1>\t\t\t\t<\/div>\n\t\t\t\t<\/div>\n\t\t\t\t<div class=\"elementor-element elementor-element-7u0mwv6 elementor-widget elementor-widget-spacer\" data-id=\"7u0mwv6\" data-element_type=\"widget\" data-widget_type=\"spacer.default\">\n\t\t\t\t<div class=\"elementor-widget-container\">\n\t\t\t\t\t\t\t<div class=\"elementor-spacer\">\n\t\t\t<div class=\"elementor-spacer-inner\"><\/div>\n\t\t<\/div>\n\t\t\t\t\t\t<\/div>\n\t\t\t\t<\/div>\n\t\t\t\t\t<\/div>\n\t\t<\/div>\n\t\t\t\t\t<\/div>\n\t\t<\/section>\n\t\t\t\t<section class=\"elementor-section elementor-top-section elementor-element elementor-element-fapomye elementor-section-content-bottom elementor-section-boxed elementor-section-height-default elementor-section-height-default\" data-id=\"fapomye\" data-element_type=\"section\">\n\t\t\t\t\t\t<div class=\"elementor-container elementor-column-gap-default\">\n\t\t\t\t\t<div class=\"elementor-column elementor-col-50 elementor-top-column elementor-element elementor-element-9u16jx9\" data-id=\"9u16jx9\" data-element_type=\"column\">\n\t\t\t<div class=\"elementor-widget-wrap elementor-element-populated\">\n\t\t\t\t\t\t<div class=\"elementor-element elementor-element-krsap84 elementor-widget elementor-widget-heading\" data-id=\"krsap84\" data-element_type=\"widget\" data-widget_type=\"heading.default\">\n\t\t\t\t<div class=\"elementor-widget-container\">\n\t\t\t\t\t<h2 class=\"elementor-heading-title elementor-size-default\">Delegaci\u00f3n Territorial de Pinar del R\u00edo<\/h2>\t\t\t\t<\/div>\n\t\t\t\t<\/div>\n\t\t\t\t<div class=\"elementor-element elementor-element-lgarfvt elementor-widget elementor-widget-text-editor\" data-id=\"lgarfvt\" data-element_type=\"widget\" data-widget_type=\"text-editor.default\">\n\t\t\t\t<div class=\"elementor-widget-container\">\n\t\t\t\t\t\t\t\t\t<p>\n<strong>Nombre<\/strong>: Delegaci\u00f3n Territorial del Ministerio de Ciencia, Tecnolog\u00eda y Medio Ambiente.<br><strong>Domicilio Legal<\/strong>: Calle Col\u00f3n No 106, Entre Maceo y Virtudes, Pinar del R\u00edo<\/p>\n<p><strong>Fecha de Creada:<\/strong> El 21 de abril de 1994 por el Decreto Ley 147, Art\u00edculo \u2013 11 se establece que de Academia de Ciencias de Cuba pasa a ser Ministerio de Ciencia Tecnolog\u00eda y Medio Ambiente (CITMA).<\/p>\t\t\t\t\t\t\t\t<\/div>\n\t\t\t\t<\/div>\n\t\t\t\t\t<\/div>\n\t\t<\/div>\n\t\t\t\t<div class=\"elementor-column elementor-col-50 elementor-top-column elementor-element elementor-element-jk2hlai\" data-id=\"jk2hlai\" data-element_type=\"column\">\n\t\t\t<div class=\"elementor-widget-wrap elementor-element-populated\">\n\t\t\t\t\t\t<div class=\"elementor-element elementor-element-b4oo6jw elementor-widget elementor-widget-image\" data-id=\"b4oo6jw\" data-element_type=\"widget\" data-widget_type=\"image.default\">\n\t\t\t\t<div class=\"elementor-widget-container\">\n\t\t\t\t\t\t\t\t\t\t\t\t\t\t\t<img fetchpriority=\"high\" decoding=\"async\" width=\"960\" height=\"515\" src=\"http:\/\/www.citmapri.gob.cu\/wp-content\/uploads\/2020\/01\/delegacion-territorial-Pinar-del-Rio.jpg\" class=\"attachment-full size-full wp-image-1143\" alt=\"\" srcset=\"http:\/\/www.citmapri.gob.cu\/wp-content\/uploads\/2020\/01\/delegacion-territorial-Pinar-del-Rio.jpg 960w, http:\/\/www.citmapri.gob.cu\/wp-content\/uploads\/2020\/01\/delegacion-territorial-Pinar-del-Rio-300x161.jpg 300w, http:\/\/www.citmapri.gob.cu\/wp-content\/uploads\/2020\/01\/delegacion-territorial-Pinar-del-Rio-768x412.jpg 768w\" sizes=\"(max-width: 960px) 100vw, 960px\" \/>\t\t\t\t\t\t\t\t\t\t\t\t\t\t\t<\/div>\n\t\t\t\t<\/div>\n\t\t\t\t\t<\/div>\n\t\t<\/div>\n\t\t\t\t\t<\/div>\n\t\t<\/section>\n\t\t\t\t<section class=\"elementor-section elementor-inner-section elementor-element elementor-element-gsqufme elementor-section-boxed elementor-section-height-default elementor-section-height-default\" data-id=\"gsqufme\" data-element_type=\"section\" data-settings=\"{&quot;background_background&quot;:&quot;classic&quot;}\">\n\t\t\t\t\t\t<div class=\"elementor-container elementor-column-gap-default\">\n\t\t\t\t\t<div class=\"elementor-column elementor-col-100 elementor-inner-column elementor-element elementor-element-iqckaiy\" data-id=\"iqckaiy\" data-element_type=\"column\">\n\t\t\t<div class=\"elementor-widget-wrap elementor-element-populated\">\n\t\t\t\t\t\t<div class=\"elementor-element elementor-element-997k3f2 elementor-widget elementor-widget-heading\" data-id=\"997k3f2\" data-element_type=\"widget\" data-widget_type=\"heading.default\">\n\t\t\t\t<div class=\"elementor-widget-container\">\n\t\t\t\t\t<h2 class=\"elementor-heading-title elementor-size-default\">Nuestra Historia<\/h2>\t\t\t\t<\/div>\n\t\t\t\t<\/div>\n\t\t\t\t<div class=\"elementor-element elementor-element-hakuxsk elementor-widget elementor-widget-text-editor\" data-id=\"hakuxsk\" data-element_type=\"widget\" data-widget_type=\"text-editor.default\">\n\t\t\t\t<div class=\"elementor-widget-container\">\n\t\t\t\t\t\t\t\t\t<p>La historia del inmueble de la Delegaci\u00f3n Territorial del Ministerio de Ciencia, Tecnolog\u00eda y Medio Ambiente en Pinar del R\u00edo se remonta a la d\u00e9cada del 50, \u00e9poca en que sirvi\u00f3 de vivienda a una familia. Al quedar desabitable, se instala en un primer momento la Direcci\u00f3n de la Seguridad del Estado, dirigida por Eliseo Reyes \u00a8Capit\u00e1n San Luis\u00a8 y posteriormente se ubica la Delegaci\u00f3n Provincial del Ministerio del Interior.<\/p><p>Desde el 13 de Diciembre de 1976, la edificaci\u00f3n comienza a funcionar como Academia de Ciencias, siendo Evelio Garc\u00eda Hern\u00e1ndez su primer Delegado Territorial. En un inicio estaba ubicada en la calle de Recreo de conjunto con el Observatorio Meteorol\u00f3gico.<\/p><p>Seguidamente pasa a Calle Maceo No.47 entre Recreo y V\u00e9lez Caviedes, hasta que en el a\u00f1o 1989 se traslada a la calle Col\u00f3n No.106 entre Maceo y Virtudes, municipio de Pinar del R\u00edo, donde actualmente ofrece sus servicios.<\/p><p>El 21 de abril de 1994 por el Decreto Ley 147, Art\u00edculo \u2013 11 se establece que de Academia de Ciencias de Cuba pasa a ser Ministerio de Ciencia Tecnolog\u00eda y Medio Ambiente (CITMA).<\/p><p>Posreriormente se crean las Unidades organizativas del Aparato Central: Unidad de Ciencia e Innovaci\u00f3n Tecnol\u00f3gica, Unidad de Medio Ambiente, Unidad de Organizaci\u00f3n y Gesti\u00f3n Integral y \u00d3rgano de Monta\u00f1a.<\/p><p>Pertenecen al Sistema CITMA en la provincia otras siete instituciones: el Centro de Investigaciones y Servicios Ambientales (ECOVIDA), el Archivo Hist\u00f3rico Provincial, la Oficina Territorial de Normalizaci\u00f3n (OTN), el Centro Meteorol\u00f3gico Provincial, el Centro de Informaci\u00f3n y Gesti\u00f3n Tecnol\u00f3gica (CIGET) y la Unidad Presupuestada de Aseguramiento y Log\u00edstica (UPAL).<\/p>\t\t\t\t\t\t\t\t<\/div>\n\t\t\t\t<\/div>\n\t\t\t\t\t<\/div>\n\t\t<\/div>\n\t\t\t\t\t<\/div>\n\t\t<\/section>\n\t\t\t\t<section class=\"elementor-section elementor-inner-section elementor-element elementor-element-ef45c9b elementor-section-boxed elementor-section-height-default elementor-section-height-default\" data-id=\"ef45c9b\" data-element_type=\"section\" data-settings=\"{&quot;background_background&quot;:&quot;classic&quot;}\">\n\t\t\t\t\t\t<div class=\"elementor-container elementor-column-gap-default\">\n\t\t\t\t\t<div class=\"elementor-column elementor-col-50 elementor-inner-column elementor-element elementor-element-e9f89e5\" data-id=\"e9f89e5\" data-element_type=\"column\">\n\t\t\t<div class=\"elementor-widget-wrap elementor-element-populated\">\n\t\t\t\t\t\t<div class=\"elementor-element elementor-element-549d6ca elementor-widget elementor-widget-heading\" data-id=\"549d6ca\" data-element_type=\"widget\" data-widget_type=\"heading.default\">\n\t\t\t\t<div class=\"elementor-widget-container\">\n\t\t\t\t\t<h2 class=\"elementor-heading-title elementor-size-default\">Misi\u00f3n<\/h2>\t\t\t\t<\/div>\n\t\t\t\t<\/div>\n\t\t\t\t<div class=\"elementor-element elementor-element-9b22056 elementor-widget elementor-widget-text-editor\" data-id=\"9b22056\" data-element_type=\"widget\" data-widget_type=\"text-editor.default\">\n\t\t\t\t<div class=\"elementor-widget-container\">\n\t\t\t\t\t\t\t\t\t<p>El Ministerio es el Organismo de la Administraci\u00f3n Central del Estado que tiene la misi\u00f3n de proponer y una vez aprobada, dirigir y controlar la pol\u00edtica del Estado y del Gobierno en las materias de ciencia, tecnolog\u00eda, innovaci\u00f3n, medio ambiente y otras que se determine para contribuir al desarrollo sostenible del pa\u00eds.<\/p>\t\t\t\t\t\t\t\t<\/div>\n\t\t\t\t<\/div>\n\t\t\t\t\t<\/div>\n\t\t<\/div>\n\t\t\t\t<div class=\"elementor-column elementor-col-50 elementor-inner-column elementor-element elementor-element-bfd8d20\" data-id=\"bfd8d20\" data-element_type=\"column\">\n\t\t\t<div class=\"elementor-widget-wrap elementor-element-populated\">\n\t\t\t\t\t\t<div class=\"elementor-element elementor-element-1d81a32 elementor-widget elementor-widget-heading\" data-id=\"1d81a32\" data-element_type=\"widget\" data-widget_type=\"heading.default\">\n\t\t\t\t<div class=\"elementor-widget-container\">\n\t\t\t\t\t<h2 class=\"elementor-heading-title elementor-size-default\">Visi\u00f3n<\/h2>\t\t\t\t<\/div>\n\t\t\t\t<\/div>\n\t\t\t\t<div class=\"elementor-element elementor-element-3330d31 elementor-widget elementor-widget-text-editor\" data-id=\"3330d31\" data-element_type=\"widget\" data-widget_type=\"text-editor.default\">\n\t\t\t\t<div class=\"elementor-widget-container\">\n\t\t\t\t\t\t\t\t\t<p>Somos una organizaci\u00f3n que contribuye con su liderazgo y su gesti\u00f3n integradora al exitoso cumplimiento de los programas priorizados de la provincia, la defensa y el desarrollo sostenible del territorio.<\/p>\t\t\t\t\t\t\t\t<\/div>\n\t\t\t\t<\/div>\n\t\t\t\t\t<\/div>\n\t\t<\/div>\n\t\t\t\t\t<\/div>\n\t\t<\/section>\n\t\t\t\t<section class=\"elementor-section elementor-inner-section elementor-element elementor-element-769cb7d elementor-section-boxed elementor-section-height-default elementor-section-height-default\" data-id=\"769cb7d\" data-element_type=\"section\" data-settings=\"{&quot;background_background&quot;:&quot;classic&quot;}\">\n\t\t\t\t\t\t<div class=\"elementor-container elementor-column-gap-default\">\n\t\t\t\t\t<div class=\"elementor-column elementor-col-100 elementor-inner-column elementor-element elementor-element-affd463\" data-id=\"affd463\" data-element_type=\"column\">\n\t\t\t<div class=\"elementor-widget-wrap elementor-element-populated\">\n\t\t\t\t\t\t<div class=\"elementor-element elementor-element-1905a38 elementor-widget elementor-widget-heading\" data-id=\"1905a38\" data-element_type=\"widget\" data-widget_type=\"heading.default\">\n\t\t\t\t<div class=\"elementor-widget-container\">\n\t\t\t\t\t<h2 class=\"elementor-heading-title elementor-size-default\">Funciones espec\u00edficas<\/h2>\t\t\t\t<\/div>\n\t\t\t\t<\/div>\n\t\t\t\t<div class=\"elementor-element elementor-element-963e264 elementor-widget elementor-widget-text-editor\" data-id=\"963e264\" data-element_type=\"widget\" data-widget_type=\"text-editor.default\">\n\t\t\t\t<div class=\"elementor-widget-container\">\n\t\t\t\t\t\t\t\t\t<p><strong>1.<\/strong> Representar al Ministerio ante las autoridades locales, organismos, asociaciones, organizaciones e instituciones del territorio a trav\u00e9s de su Delegado o quien \u00e9l designe.<br \/><strong>2.<\/strong> Controlar en lo que le compete el funcionamiento de las instituciones y dependencias del Sistema del Ministerio que radiquen en el territorio en estrecha coordinaci\u00f3n con sus direcciones territoriales.<br \/><strong>3.<\/strong> Dirigir y controlar el trabajo de los especialistas municipales.<br \/><strong>4.<\/strong> Establecer la estrategia y las pol\u00edticas cient\u00edficas y tecnol\u00f3gicas, en correspondencia con el desarrollo econ\u00f3mico y social del pa\u00eds, estableciendo los objetivos, prioridades, l\u00edneas y programas que correspondan, y dirigir y controlar su ejecuci\u00f3n.<br \/><strong>5.<\/strong> Dirigir y controlar el proceso de elaboraci\u00f3n, ejecuci\u00f3n y evaluaci\u00f3n de los programas de investigaci\u00f3n cient\u00edfica y de innovaci\u00f3n tecnol\u00f3gica.<br \/><strong>6.<\/strong> Promover y garantizar la participaci\u00f3n de la comunidad cient\u00edfica en la elaboraci\u00f3n y evaluaci\u00f3n de las estrategias y pol\u00edticas de ciencia y tecnolog\u00eda.<br \/><strong>8.<\/strong> Dirigir, propiciar y controlar, seg\u00fan el caso, el proceso de integraci\u00f3n de los factores cient\u00edficos, tecnol\u00f3gicos, productivos y otros, en la generaci\u00f3n y utilizaci\u00f3n de conocimientos cient\u00edfico-t\u00e9cnicos a trav\u00e9s de los polos cient\u00edficos, los frentes tem\u00e1ticos y otras formas de integraci\u00f3n que se establezcan relacionadas con actividades priorizadas. Gestionar la integraci\u00f3n de otros factores como las Brigadas T\u00e9cnicas Juveniles, la Asociaci\u00f3n Nacional de Innovadores y Racionalizadores y el Forum.<br \/><strong>13.<\/strong> Asegurar el cumplimiento e implementaci\u00f3n de la pol\u00edtica y los marcos normativos para el ordenamiento jur\u00eddico de la propiedad industrial en diversas disciplinas y ejecutarlos, en cuanto competa.<br \/><strong>14.<\/strong> Participar en la evaluaci\u00f3n de los aspectos tecnol\u00f3gicos de los programas econ\u00f3micos de las ramas priorizadas en el \u00e1mbito territorial.<br \/><strong>15.<\/strong> Dirigir y controlar la actividad de vigilancia y prospectivas tecnol\u00f3gicas en el \u00e1mbito territorial, y garantizar, dentro de ello, lo relativo a los aspectos estrat\u00e9gicos para el pa\u00eds y las tecnolog\u00edas emergentes en el \u00e1mbito mundial.<br \/><strong>16.<\/strong> Promover y establecer, en coordinaci\u00f3n con los organismos que correspondan, la pol\u00edtica ambiental y controlar su cumplimiento. Desarrollar y controlar las estrategias, planes y programas para la protecci\u00f3n del medio ambiente, el uso racional de los recursos naturales y los ecosistemas priorizados, con atenci\u00f3n especial al manejo integrado de las cuencas hidrogr\u00e1ficas, bah\u00edas y costas, zonas monta\u00f1osas y \u00e1reas protegidas, evaluando su impacto sobre la econom\u00eda y la sociedad.<br \/><strong>17.<\/strong> Establecer y controlar las pol\u00edticas dirigidas al desarrollo de producciones limpias, aprovechamiento econ\u00f3mico de los residuales, la promoci\u00f3n para el uso de energ\u00edas renovables y la introducci\u00f3n de sistemas de certificaciones y otras formas de reconocimiento ambiental.<br \/><strong>18.<\/strong> Controlar en los \u00f3rganos y organismos correspondientes, el cumplimiento de las regulaciones establecidas para la protecci\u00f3n y conservaci\u00f3n del medio ambiente y el uso racional de los recursos renovables.<br \/><strong>19.<\/strong> Establecer conciliaciones sobre las discrepancias entre los \u00f3rganos y otras entidades en relaci\u00f3n con la protecci\u00f3n del medio ambiente y el uso racional de los recursos naturales, adoptando las decisiones pertinentes o elevando al gobierno en la provincia las propuestas de medidas que correspondan en cada caso.<br \/><strong>20.<\/strong> Establecer y controlar, seg\u00fan proceda, la aplicaci\u00f3n de medidas regulatorias relativas a la conservaci\u00f3n y uso racional de los suelos, los recursos minerales, las aguas terrestres y mar\u00edtimas, los bosques, atm\u00f3sfera, la flora y fauna y a la prevenci\u00f3n de la contaminaci\u00f3n en general.<br \/><strong>21.<\/strong> Asegurar el control sobre el ordenamiento ambiental mediante la observancia de los requerimientos y las regulaciones ambientales en los planes de ordenamiento territorial, previo a su aprobaci\u00f3n.<br \/><strong>22.<\/strong> Desarrollar acciones para la promoci\u00f3n y control de la vigilancia meteorol\u00f3gica, del clima, de la composici\u00f3n qu\u00edmica y de contaminaci\u00f3n general de la atm\u00f3sfera. la vigilancia radiol\u00f3gica ambiental y el servicio sismol\u00f3gico, as\u00ed como los estudios de riesgo de peligrosidad s\u00edsmica, meteorol\u00f3gica y radiol\u00f3gica.<br \/><strong>23.<\/strong> Organizar y controlar las actividades relacionadas con las \u00e1reas protegidas que se ubican en la provincia.<br \/><strong>24.<\/strong> Organizar y controlar las estrategias y programas de educaci\u00f3n ambiental.<br \/><strong>25.<\/strong> Asegurar y controlar la pol\u00edtica de informaci\u00f3n cient\u00edfica, tecnol\u00f3gica y ambiental. Establecer las regulaciones para el funcionamiento de este sistema. Desarrollar y controlar los programas y proyectos de informaci\u00f3n en nuestras \u00e1reas de responsabilidad estatal.<br \/><strong>26.<\/strong> Establecer, propiciar, dirigir y controlar la pol\u00edtica en materia de comunicaci\u00f3n social relacionada con la ciencia, la tecnolog\u00eda y el medio ambiente.<br \/><strong>27.<\/strong> Dirigir y controlar la pol\u00edtica en materia de archivos y conservaci\u00f3n de la documentaci\u00f3n de valor permanente. Establecer las normas para el funcionamiento del sistema nacional de archivos.<br \/><strong>28.<\/strong> Dirigir y controlar, las estrategias y acciones de cooperaci\u00f3n internacional en materia de ciencia, tecnolog\u00eda, propiedad industrial y medio ambiente. Garantizar la participaci\u00f3n nacional en relaci\u00f3n con estos temas en organizaciones, organismos y tratados internacionales.<br \/><strong>29.<\/strong> Establecer y controlar la pol\u00edtica de ingreso, movilidad y desarrollo del potencial humano vinculado a la actividad cient\u00edfico-t\u00e9cnica, as\u00ed como proponer la pol\u00edtica de su reconocimiento en el \u00e1mbito de su competencia.<br \/><strong>30.<\/strong> Establecer y garantizar el cumplimiento de la estrategia y pol\u00edticas en materia de seguridad biol\u00f3gica, estableciendo las regulaciones y supervisando las medidas que aseguren su cumplimiento.<br \/><strong>31.<\/strong> Asegurar y controlar la aplicaci\u00f3n de las medidas que garanticen el cumplimiento de los compromisos internacionales, contra\u00eddos por el pa\u00eds y la provincia en materia de medio ambiente, seguridad biol\u00f3gica. y<br \/><strong>32.<\/strong> Controlar la aplicaci\u00f3n de la pol\u00edtica estatal en materia de normalizaci\u00f3n, metrolog\u00eda y control de la calidad.<\/p>\t\t\t\t\t\t\t\t<\/div>\n\t\t\t\t<\/div>\n\t\t\t\t\t<\/div>\n\t\t<\/div>\n\t\t\t\t\t<\/div>\n\t\t<\/section>\n\t\t\t\t<section class=\"elementor-section elementor-inner-section elementor-element elementor-element-b719643 elementor-section-content-middle elementor-section-boxed elementor-section-height-default elementor-section-height-default\" data-id=\"b719643\" data-element_type=\"section\" data-settings=\"{&quot;background_background&quot;:&quot;classic&quot;}\">\n\t\t\t\t\t\t\t<div class=\"elementor-background-overlay\"><\/div>\n\t\t\t\t\t\t\t<div class=\"elementor-container elementor-column-gap-default\">\n\t\t\t\t\t<div class=\"elementor-column elementor-col-100 elementor-inner-column elementor-element elementor-element-b053740\" data-id=\"b053740\" data-element_type=\"column\" data-settings=\"{&quot;background_background&quot;:&quot;classic&quot;}\">\n\t\t\t<div class=\"elementor-widget-wrap elementor-element-populated\">\n\t\t\t\t\t\t<div class=\"elementor-element elementor-element-c799f98 elementor-widget elementor-widget-spacer\" data-id=\"c799f98\" data-element_type=\"widget\" data-widget_type=\"spacer.default\">\n\t\t\t\t<div class=\"elementor-widget-container\">\n\t\t\t\t\t\t\t<div class=\"elementor-spacer\">\n\t\t\t<div class=\"elementor-spacer-inner\"><\/div>\n\t\t<\/div>\n\t\t\t\t\t\t<\/div>\n\t\t\t\t<\/div>\n\t\t\t\t<div class=\"elementor-element elementor-element-f284110 elementor-widget elementor-widget-heading\" data-id=\"f284110\" data-element_type=\"widget\" data-widget_type=\"heading.default\">\n\t\t\t\t<div class=\"elementor-widget-container\">\n\t\t\t\t\t<h3 class=\"elementor-heading-title elementor-size-default\">\u00bfDeseas conocer m\u00e1s sobre nosotros?<\/h3>\t\t\t\t<\/div>\n\t\t\t\t<\/div>\n\t\t\t\t<div class=\"elementor-element elementor-element-7a6f225 elementor-widget elementor-widget-spacer\" data-id=\"7a6f225\" data-element_type=\"widget\" data-widget_type=\"spacer.default\">\n\t\t\t\t<div class=\"elementor-widget-container\">\n\t\t\t\t\t\t\t<div class=\"elementor-spacer\">\n\t\t\t<div class=\"elementor-spacer-inner\"><\/div>\n\t\t<\/div>\n\t\t\t\t\t\t<\/div>\n\t\t\t\t<\/div>\n\t\t\t\t<div class=\"elementor-element elementor-element-4706e73 elementor-align-center elementor-widget elementor-widget-button\" data-id=\"4706e73\" data-element_type=\"widget\" data-widget_type=\"button.default\">\n\t\t\t\t<div class=\"elementor-widget-container\">\n\t\t\t\t\t\t\t\t\t<div class=\"elementor-button-wrapper\">\n\t\t\t\t\t<a class=\"elementor-button elementor-button-link elementor-size-sm\" href=\"http:\/\/www.citmapri.gob.cu\/?page_id=73\">\n\t\t\t\t\t\t<span class=\"elementor-button-content-wrapper\">\n\t\t\t\t\t\t\t\t\t<span class=\"elementor-button-text\">Cont\u00e1ctanos<\/span>\n\t\t\t\t\t<\/span>\n\t\t\t\t\t<\/a>\n\t\t\t\t<\/div>\n\t\t\t\t\t\t\t\t<\/div>\n\t\t\t\t<\/div>\n\t\t\t\t<div class=\"elementor-element elementor-element-555cc6d elementor-widget elementor-widget-spacer\" data-id=\"555cc6d\" data-element_type=\"widget\" data-widget_type=\"spacer.default\">\n\t\t\t\t<div class=\"elementor-widget-container\">\n\t\t\t\t\t\t\t<div class=\"elementor-spacer\">\n\t\t\t<div class=\"elementor-spacer-inner\"><\/div>\n\t\t<\/div>\n\t\t\t\t\t\t<\/div>\n\t\t\t\t<\/div>\n\t\t\t\t\t<\/div>\n\t\t<\/div>\n\t\t\t\t\t<\/div>\n\t\t<\/section>\n\t\t\t\t<\/div>\n\t\t","protected":false},"excerpt":{"rendered":"<p>\u00bfQui\u00e9nes somos? Delegaci\u00f3n Territorial de Pinar del R\u00edo Nombre: Delegaci\u00f3n Territorial del Ministerio de Ciencia, Tecnolog\u00eda y Medio Ambiente.Domicilio Legal: Calle Col\u00f3n No 106, Entre Maceo y Virtudes, Pinar del R\u00edo Fecha de Creada: El 21 de abril de 1994 por el Decreto Ley 147, Art\u00edculo \u2013 11 se establece que de Academia de Ciencias &hellip;<\/p>\n<p class=\"read-more\"> <a class=\"\" href=\"http:\/\/www.citmapri.gob.cu\/?page_id=71\"> <span class=\"screen-reader-text\">\u00bfQui\u00e9nes somos?<\/span> Read More \u00bb<\/a><\/p>\n","protected":false},"author":1,"featured_media":0,"parent":0,"menu_order":0,"comment_status":"closed","ping_status":"closed","template":"","meta":{"site-sidebar-layout":"no-sidebar","site-content-layout":"page-builder","ast-global-header-display":"","ast-main-header-display":"","ast-hfb-above-header-display":"","ast-hfb-below-header-display":"","ast-hfb-mobile-header-display":"","site-post-title":"disabled","ast-breadcrumbs-content":"","ast-featured-img":"disabled","footer-sml-layout":"","theme-transparent-header-meta":"","adv-header-id-meta":"","stick-header-meta":"","header-above-stick-meta":null,"header-main-stick-meta":"","header-below-stick-meta":null,"_glsr_average":0,"_glsr_ranking":0,"_glsr_reviews":0,"footnotes":""},"class_list":["post-71","page","type-page","status-publish","hentry"],"yoast_head":"<!-- This site is optimized with the Yoast SEO plugin v27.5 - https:\/\/yoast.com\/product\/yoast-seo-wordpress\/ -->\n<title>\u00bfQui\u00e9nes somos? - CITMA PINAR DEL R\u00cdO<\/title>\n<meta name=\"robots\" content=\"index, follow, max-snippet:-1, max-image-preview:large, max-video-preview:-1\" \/>\n<link rel=\"canonical\" href=\"http:\/\/www.citmapri.gob.cu\/?page_id=71\" \/>\n<meta property=\"og:locale\" content=\"es_ES\" \/>\n<meta property=\"og:type\" content=\"article\" \/>\n<meta property=\"og:title\" content=\"\u00bfQui\u00e9nes somos? - CITMA PINAR DEL R\u00cdO\" \/>\n<meta property=\"og:description\" content=\"\u00bfQui\u00e9nes somos? Delegaci\u00f3n Territorial de Pinar del R\u00edo Nombre: Delegaci\u00f3n Territorial del Ministerio de Ciencia, Tecnolog\u00eda y Medio Ambiente.Domicilio Legal: Calle Col\u00f3n No 106, Entre Maceo y Virtudes, Pinar del R\u00edo Fecha de Creada: El 21 de abril de 1994 por el Decreto Ley 147, Art\u00edculo \u2013 11 se establece que de Academia de Ciencias &hellip; \u00bfQui\u00e9nes somos? Read More \u00bb\" \/>\n<meta property=\"og:url\" content=\"http:\/\/www.citmapri.gob.cu\/?page_id=71\" \/>\n<meta property=\"og:site_name\" content=\"CITMA PINAR DEL R\u00cdO\" \/>\n<meta property=\"article:publisher\" content=\"https:\/\/www.facebook.com\/citmapr\" \/>\n<meta property=\"article:modified_time\" content=\"2020-06-09T13:21:42+00:00\" \/>\n<meta property=\"og:image\" content=\"http:\/\/www.citmapri.gob.cu\/wp-content\/uploads\/2020\/01\/delegacion-territorial-Pinar-del-Rio.jpg\" \/>\n<meta name=\"twitter:card\" content=\"summary_large_image\" \/>\n<meta name=\"twitter:label1\" content=\"Tiempo de lectura\" \/>\n\t<meta name=\"twitter:data1\" content=\"7 minutos\" \/>\n<script type=\"application\/ld+json\" class=\"yoast-schema-graph\">{\"@context\":\"https:\\\/\\\/schema.org\",\"@graph\":[{\"@type\":\"WebPage\",\"@id\":\"http:\\\/\\\/www.citmapri.gob.cu\\\/?page_id=71\",\"url\":\"http:\\\/\\\/www.citmapri.gob.cu\\\/?page_id=71\",\"name\":\"\u00bfQui\u00e9nes somos? - CITMA PINAR DEL R\u00cdO\",\"isPartOf\":{\"@id\":\"http:\\\/\\\/www.citmapri.gob.cu\\\/#website\"},\"primaryImageOfPage\":{\"@id\":\"http:\\\/\\\/www.citmapri.gob.cu\\\/?page_id=71#primaryimage\"},\"image\":{\"@id\":\"http:\\\/\\\/www.citmapri.gob.cu\\\/?page_id=71#primaryimage\"},\"thumbnailUrl\":\"http:\\\/\\\/www.citmapri.gob.cu\\\/wp-content\\\/uploads\\\/2020\\\/01\\\/delegacion-territorial-Pinar-del-Rio.jpg\",\"datePublished\":\"2017-07-12T05:53:59+00:00\",\"dateModified\":\"2020-06-09T13:21:42+00:00\",\"breadcrumb\":{\"@id\":\"http:\\\/\\\/www.citmapri.gob.cu\\\/?page_id=71#breadcrumb\"},\"inLanguage\":\"es\",\"potentialAction\":[{\"@type\":\"ReadAction\",\"target\":[\"http:\\\/\\\/www.citmapri.gob.cu\\\/?page_id=71\"]}]},{\"@type\":\"ImageObject\",\"inLanguage\":\"es\",\"@id\":\"http:\\\/\\\/www.citmapri.gob.cu\\\/?page_id=71#primaryimage\",\"url\":\"http:\\\/\\\/www.citmapri.gob.cu\\\/wp-content\\\/uploads\\\/2020\\\/01\\\/delegacion-territorial-Pinar-del-Rio.jpg\",\"contentUrl\":\"http:\\\/\\\/www.citmapri.gob.cu\\\/wp-content\\\/uploads\\\/2020\\\/01\\\/delegacion-territorial-Pinar-del-Rio.jpg\",\"width\":960,\"height\":515},{\"@type\":\"BreadcrumbList\",\"@id\":\"http:\\\/\\\/www.citmapri.gob.cu\\\/?page_id=71#breadcrumb\",\"itemListElement\":[{\"@type\":\"ListItem\",\"position\":1,\"name\":\"Portada\",\"item\":\"http:\\\/\\\/www.citmapri.gob.cu\\\/\"},{\"@type\":\"ListItem\",\"position\":2,\"name\":\"\u00bfQui\u00e9nes somos?\"}]},{\"@type\":\"WebSite\",\"@id\":\"http:\\\/\\\/www.citmapri.gob.cu\\\/#website\",\"url\":\"http:\\\/\\\/www.citmapri.gob.cu\\\/\",\"name\":\"CITMA PINAR DEL R\u00cdO\",\"description\":\"DELEGACI\u00d3N TERRITORIAL\",\"publisher\":{\"@id\":\"http:\\\/\\\/www.citmapri.gob.cu\\\/#organization\"},\"potentialAction\":[{\"@type\":\"SearchAction\",\"target\":{\"@type\":\"EntryPoint\",\"urlTemplate\":\"http:\\\/\\\/www.citmapri.gob.cu\\\/?s={search_term_string}\"},\"query-input\":{\"@type\":\"PropertyValueSpecification\",\"valueRequired\":true,\"valueName\":\"search_term_string\"}}],\"inLanguage\":\"es\"},{\"@type\":\"Organization\",\"@id\":\"http:\\\/\\\/www.citmapri.gob.cu\\\/#organization\",\"name\":\"CITMA PINAR DEL R\u00cdO\",\"url\":\"http:\\\/\\\/www.citmapri.gob.cu\\\/\",\"logo\":{\"@type\":\"ImageObject\",\"inLanguage\":\"es\",\"@id\":\"http:\\\/\\\/www.citmapri.gob.cu\\\/#\\\/schema\\\/logo\\\/image\\\/\",\"url\":\"http:\\\/\\\/www.citmapri.gob.cu\\\/wp-content\\\/uploads\\\/2019\\\/11\\\/citmapri-logo-cuba.png\",\"contentUrl\":\"http:\\\/\\\/www.citmapri.gob.cu\\\/wp-content\\\/uploads\\\/2019\\\/11\\\/citmapri-logo-cuba.png\",\"width\":233,\"height\":80,\"caption\":\"CITMA PINAR DEL R\u00cdO\"},\"image\":{\"@id\":\"http:\\\/\\\/www.citmapri.gob.cu\\\/#\\\/schema\\\/logo\\\/image\\\/\"},\"sameAs\":[\"https:\\\/\\\/www.facebook.com\\\/citmapr\"]}]}<\/script>\n<!-- \/ Yoast SEO plugin. -->","yoast_head_json":{"title":"\u00bfQui\u00e9nes somos? - CITMA PINAR DEL R\u00cdO","robots":{"index":"index","follow":"follow","max-snippet":"max-snippet:-1","max-image-preview":"max-image-preview:large","max-video-preview":"max-video-preview:-1"},"canonical":"http:\/\/www.citmapri.gob.cu\/?page_id=71","og_locale":"es_ES","og_type":"article","og_title":"\u00bfQui\u00e9nes somos? - CITMA PINAR DEL R\u00cdO","og_description":"\u00bfQui\u00e9nes somos? Delegaci\u00f3n Territorial de Pinar del R\u00edo Nombre: Delegaci\u00f3n Territorial del Ministerio de Ciencia, Tecnolog\u00eda y Medio Ambiente.Domicilio Legal: Calle Col\u00f3n No 106, Entre Maceo y Virtudes, Pinar del R\u00edo Fecha de Creada: El 21 de abril de 1994 por el Decreto Ley 147, Art\u00edculo \u2013 11 se establece que de Academia de Ciencias &hellip; \u00bfQui\u00e9nes somos? Read More \u00bb","og_url":"http:\/\/www.citmapri.gob.cu\/?page_id=71","og_site_name":"CITMA PINAR DEL R\u00cdO","article_publisher":"https:\/\/www.facebook.com\/citmapr","article_modified_time":"2020-06-09T13:21:42+00:00","og_image":[{"url":"http:\/\/www.citmapri.gob.cu\/wp-content\/uploads\/2020\/01\/delegacion-territorial-Pinar-del-Rio.jpg","type":"","width":"","height":""}],"twitter_card":"summary_large_image","twitter_misc":{"Tiempo de lectura":"7 minutos"},"schema":{"@context":"https:\/\/schema.org","@graph":[{"@type":"WebPage","@id":"http:\/\/www.citmapri.gob.cu\/?page_id=71","url":"http:\/\/www.citmapri.gob.cu\/?page_id=71","name":"\u00bfQui\u00e9nes somos? - CITMA PINAR DEL R\u00cdO","isPartOf":{"@id":"http:\/\/www.citmapri.gob.cu\/#website"},"primaryImageOfPage":{"@id":"http:\/\/www.citmapri.gob.cu\/?page_id=71#primaryimage"},"image":{"@id":"http:\/\/www.citmapri.gob.cu\/?page_id=71#primaryimage"},"thumbnailUrl":"http:\/\/www.citmapri.gob.cu\/wp-content\/uploads\/2020\/01\/delegacion-territorial-Pinar-del-Rio.jpg","datePublished":"2017-07-12T05:53:59+00:00","dateModified":"2020-06-09T13:21:42+00:00","breadcrumb":{"@id":"http:\/\/www.citmapri.gob.cu\/?page_id=71#breadcrumb"},"inLanguage":"es","potentialAction":[{"@type":"ReadAction","target":["http:\/\/www.citmapri.gob.cu\/?page_id=71"]}]},{"@type":"ImageObject","inLanguage":"es","@id":"http:\/\/www.citmapri.gob.cu\/?page_id=71#primaryimage","url":"http:\/\/www.citmapri.gob.cu\/wp-content\/uploads\/2020\/01\/delegacion-territorial-Pinar-del-Rio.jpg","contentUrl":"http:\/\/www.citmapri.gob.cu\/wp-content\/uploads\/2020\/01\/delegacion-territorial-Pinar-del-Rio.jpg","width":960,"height":515},{"@type":"BreadcrumbList","@id":"http:\/\/www.citmapri.gob.cu\/?page_id=71#breadcrumb","itemListElement":[{"@type":"ListItem","position":1,"name":"Portada","item":"http:\/\/www.citmapri.gob.cu\/"},{"@type":"ListItem","position":2,"name":"\u00bfQui\u00e9nes somos?"}]},{"@type":"WebSite","@id":"http:\/\/www.citmapri.gob.cu\/#website","url":"http:\/\/www.citmapri.gob.cu\/","name":"CITMA PINAR DEL R\u00cdO","description":"DELEGACI\u00d3N TERRITORIAL","publisher":{"@id":"http:\/\/www.citmapri.gob.cu\/#organization"},"potentialAction":[{"@type":"SearchAction","target":{"@type":"EntryPoint","urlTemplate":"http:\/\/www.citmapri.gob.cu\/?s={search_term_string}"},"query-input":{"@type":"PropertyValueSpecification","valueRequired":true,"valueName":"search_term_string"}}],"inLanguage":"es"},{"@type":"Organization","@id":"http:\/\/www.citmapri.gob.cu\/#organization","name":"CITMA PINAR DEL R\u00cdO","url":"http:\/\/www.citmapri.gob.cu\/","logo":{"@type":"ImageObject","inLanguage":"es","@id":"http:\/\/www.citmapri.gob.cu\/#\/schema\/logo\/image\/","url":"http:\/\/www.citmapri.gob.cu\/wp-content\/uploads\/2019\/11\/citmapri-logo-cuba.png","contentUrl":"http:\/\/www.citmapri.gob.cu\/wp-content\/uploads\/2019\/11\/citmapri-logo-cuba.png","width":233,"height":80,"caption":"CITMA PINAR DEL R\u00cdO"},"image":{"@id":"http:\/\/www.citmapri.gob.cu\/#\/schema\/logo\/image\/"},"sameAs":["https:\/\/www.facebook.com\/citmapr"]}]}},"_links":{"self":[{"href":"http:\/\/www.citmapri.gob.cu\/index.php?rest_route=\/wp\/v2\/pages\/71","targetHints":{"allow":["GET"]}}],"collection":[{"href":"http:\/\/www.citmapri.gob.cu\/index.php?rest_route=\/wp\/v2\/pages"}],"about":[{"href":"http:\/\/www.citmapri.gob.cu\/index.php?rest_route=\/wp\/v2\/types\/page"}],"author":[{"embeddable":true,"href":"http:\/\/www.citmapri.gob.cu\/index.php?rest_route=\/wp\/v2\/users\/1"}],"replies":[{"embeddable":true,"href":"http:\/\/www.citmapri.gob.cu\/index.php?rest_route=%2Fwp%2Fv2%2Fcomments&post=71"}],"version-history":[{"count":0,"href":"http:\/\/www.citmapri.gob.cu\/index.php?rest_route=\/wp\/v2\/pages\/71\/revisions"}],"wp:attachment":[{"href":"http:\/\/www.citmapri.gob.cu\/index.php?rest_route=%2Fwp%2Fv2%2Fmedia&parent=71"}],"curies":[{"name":"wp","href":"https:\/\/api.w.org\/{rel}","templated":true}]}}