{"id":1879,"date":"2020-09-18T13:37:05","date_gmt":"2020-09-18T13:37:05","guid":{"rendered":"http:\/\/www.citmapri.gob.cu\/?page_id=1879"},"modified":"2020-09-18T13:55:15","modified_gmt":"2020-09-18T13:55:15","slug":"centro-meteorologico-provincial-cmp","status":"publish","type":"page","link":"http:\/\/www.citmapri.gob.cu\/?page_id=1879","title":{"rendered":"Centro Meteorol\u00f3gico Provincial (CMP)"},"content":{"rendered":"\t\t<div data-elementor-type=\"wp-page\" data-elementor-id=\"1879\" class=\"elementor elementor-1879\" data-elementor-post-type=\"page\">\n\t\t\t\t\t\t<section class=\"elementor-section elementor-top-section elementor-element elementor-element-a9533fa elementor-section-boxed elementor-section-height-default elementor-section-height-default\" data-id=\"a9533fa\" data-element_type=\"section\" data-settings=\"{&quot;background_background&quot;:&quot;classic&quot;}\">\n\t\t\t\t\t\t\t<div class=\"elementor-background-overlay\"><\/div>\n\t\t\t\t\t\t\t<div class=\"elementor-container elementor-column-gap-default\">\n\t\t\t\t\t<div class=\"elementor-column elementor-col-100 elementor-top-column elementor-element elementor-element-9261929\" data-id=\"9261929\" data-element_type=\"column\" data-settings=\"{&quot;background_background&quot;:&quot;classic&quot;}\">\n\t\t\t<div class=\"elementor-widget-wrap elementor-element-populated\">\n\t\t\t\t\t\t<div class=\"elementor-element elementor-element-1388f05 elementor-widget elementor-widget-spacer\" data-id=\"1388f05\" data-element_type=\"widget\" data-widget_type=\"spacer.default\">\n\t\t\t\t<div class=\"elementor-widget-container\">\n\t\t\t\t\t\t\t<div class=\"elementor-spacer\">\n\t\t\t<div class=\"elementor-spacer-inner\"><\/div>\n\t\t<\/div>\n\t\t\t\t\t\t<\/div>\n\t\t\t\t<\/div>\n\t\t\t\t<div class=\"elementor-element elementor-element-3198196 elementor-widget elementor-widget-heading\" data-id=\"3198196\" data-element_type=\"widget\" data-widget_type=\"heading.default\">\n\t\t\t\t<div class=\"elementor-widget-container\">\n\t\t\t\t\t<h1 class=\"elementor-heading-title elementor-size-default\">Centro Meteorol\u00f3gico Provincial (CMP)<\/h1>\t\t\t\t<\/div>\n\t\t\t\t<\/div>\n\t\t\t\t<div class=\"elementor-element elementor-element-db9fcdf elementor-widget elementor-widget-spacer\" data-id=\"db9fcdf\" data-element_type=\"widget\" data-widget_type=\"spacer.default\">\n\t\t\t\t<div class=\"elementor-widget-container\">\n\t\t\t\t\t\t\t<div class=\"elementor-spacer\">\n\t\t\t<div class=\"elementor-spacer-inner\"><\/div>\n\t\t<\/div>\n\t\t\t\t\t\t<\/div>\n\t\t\t\t<\/div>\n\t\t\t\t\t<\/div>\n\t\t<\/div>\n\t\t\t\t\t<\/div>\n\t\t<\/section>\n\t\t\t\t<section class=\"elementor-section elementor-top-section elementor-element elementor-element-fbddf2d elementor-section-content-bottom elementor-section-boxed elementor-section-height-default elementor-section-height-default\" data-id=\"fbddf2d\" data-element_type=\"section\">\n\t\t\t\t\t\t<div class=\"elementor-container elementor-column-gap-default\">\n\t\t\t\t\t<div class=\"elementor-column elementor-col-50 elementor-top-column elementor-element elementor-element-6716529\" data-id=\"6716529\" data-element_type=\"column\">\n\t\t\t<div class=\"elementor-widget-wrap elementor-element-populated\">\n\t\t\t\t\t\t<div class=\"elementor-element elementor-element-5dd7478 elementor-widget elementor-widget-heading\" data-id=\"5dd7478\" data-element_type=\"widget\" data-widget_type=\"heading.default\">\n\t\t\t\t<div class=\"elementor-widget-container\">\n\t\t\t\t\t<h2 class=\"elementor-heading-title elementor-size-default\">Datos de la Entidad<\/h2>\t\t\t\t<\/div>\n\t\t\t\t<\/div>\n\t\t\t\t<div class=\"elementor-element elementor-element-868b017 elementor-widget elementor-widget-text-editor\" data-id=\"868b017\" data-element_type=\"widget\" data-widget_type=\"text-editor.default\">\n\t\t\t\t<div class=\"elementor-widget-container\">\n\t\t\t\t\t\t\t\t\t<p><strong>Nombre<\/strong>: Centro Meteorol\u00f3gico Provincial (CMP)<br><strong>Domicilio Legal<\/strong>:&nbsp;<span style=\"font-size: 16px;\">Col\u00f3n 106 % Maceo y Virtudes<\/span>, Pinar del R\u00edo&nbsp;<\/p><p><strong style=\"font-size: 16px;\">Fecha de Creada:<\/strong><span style=\"font-size: 16px;\">&nbsp;<\/span><span style=\"font-size: 12pt; font-family: Arial, sans-serif; text-align: justify;\">a\u00f1o 1999<\/span><span style=\"font-size: 12pt; font-family: Arial, sans-serif; text-align: justify;\">&nbsp; <\/span><span style=\"font-size: 12pt; font-family: Arial, sans-serif; text-align: justify;\">respaldado por la Resoluci\u00f3n 106\/99 dictada por la Ministra del CITMA.&nbsp;<\/span><\/p>\n<p class=\"MsoNormal\" style=\"text-align: justify;\">\n<\/p>\t\t\t\t\t\t\t\t<\/div>\n\t\t\t\t<\/div>\n\t\t\t\t\t<\/div>\n\t\t<\/div>\n\t\t\t\t<div class=\"elementor-column elementor-col-50 elementor-top-column elementor-element elementor-element-82c5f6b\" data-id=\"82c5f6b\" data-element_type=\"column\">\n\t\t\t<div class=\"elementor-widget-wrap elementor-element-populated\">\n\t\t\t\t\t\t<div class=\"elementor-element elementor-element-6de82cd elementor-widget elementor-widget-image\" data-id=\"6de82cd\" data-element_type=\"widget\" data-widget_type=\"image.default\">\n\t\t\t\t<div class=\"elementor-widget-container\">\n\t\t\t\t\t\t\t\t\t\t\t\t\t\t\t<img fetchpriority=\"high\" decoding=\"async\" width=\"1280\" height=\"960\" src=\"http:\/\/www.citmapri.gob.cu\/wp-content\/uploads\/2020\/06\/Gerald.jpg\" class=\"attachment-full size-full wp-image-1531\" alt=\"\" srcset=\"http:\/\/www.citmapri.gob.cu\/wp-content\/uploads\/2020\/06\/Gerald.jpg 1280w, http:\/\/www.citmapri.gob.cu\/wp-content\/uploads\/2020\/06\/Gerald-300x225.jpg 300w, http:\/\/www.citmapri.gob.cu\/wp-content\/uploads\/2020\/06\/Gerald-1024x768.jpg 1024w, http:\/\/www.citmapri.gob.cu\/wp-content\/uploads\/2020\/06\/Gerald-768x576.jpg 768w\" sizes=\"(max-width: 1280px) 100vw, 1280px\" \/>\t\t\t\t\t\t\t\t\t\t\t\t\t\t\t<\/div>\n\t\t\t\t<\/div>\n\t\t\t\t<div class=\"elementor-element elementor-element-afbe909 elementor-widget elementor-widget-heading\" data-id=\"afbe909\" data-element_type=\"widget\" data-widget_type=\"heading.default\">\n\t\t\t\t<div class=\"elementor-widget-container\">\n\t\t\t\t\t<h2 class=\"elementor-heading-title elementor-size-default\"><u><span lang=\"ES-TRAD\" style=\"font-size:12.0pt;\nfont-family:&quot;Arial&quot;,&quot;sans-serif&quot;;mso-fareast-font-family:&quot;Times New Roman&quot;;\nmso-ansi-language:ES-TRAD;mso-fareast-language:ES;mso-bidi-language:AR-SA\">MSc.\nGerald Miguel Malag\u00f3n Men\u00e9ndez.<\/span><\/u><br><span style=\"font-size: 20px; font-style: normal; font-weight: 500;\">Director<\/span><\/h2>\t\t\t\t<\/div>\n\t\t\t\t<\/div>\n\t\t\t\t\t<\/div>\n\t\t<\/div>\n\t\t\t\t\t<\/div>\n\t\t<\/section>\n\t\t\t\t<section class=\"elementor-section elementor-top-section elementor-element elementor-element-b44bf9f elementor-section-boxed elementor-section-height-default elementor-section-height-default\" data-id=\"b44bf9f\" data-element_type=\"section\" data-settings=\"{&quot;background_background&quot;:&quot;classic&quot;}\">\n\t\t\t\t\t\t<div class=\"elementor-container elementor-column-gap-default\">\n\t\t\t\t\t<div class=\"elementor-column elementor-col-100 elementor-top-column elementor-element elementor-element-6b72349\" data-id=\"6b72349\" data-element_type=\"column\">\n\t\t\t<div class=\"elementor-widget-wrap elementor-element-populated\">\n\t\t\t\t\t\t<section class=\"elementor-section elementor-inner-section elementor-element elementor-element-4ba607e elementor-section-boxed elementor-section-height-default elementor-section-height-default\" data-id=\"4ba607e\" data-element_type=\"section\" data-settings=\"{&quot;background_background&quot;:&quot;classic&quot;}\">\n\t\t\t\t\t\t<div class=\"elementor-container elementor-column-gap-default\">\n\t\t\t\t\t<div class=\"elementor-column elementor-col-100 elementor-inner-column elementor-element elementor-element-c00fd0b\" data-id=\"c00fd0b\" data-element_type=\"column\">\n\t\t\t<div class=\"elementor-widget-wrap elementor-element-populated\">\n\t\t\t\t\t\t<div class=\"elementor-element elementor-element-a928b04 elementor-widget elementor-widget-heading\" data-id=\"a928b04\" data-element_type=\"widget\" data-widget_type=\"heading.default\">\n\t\t\t\t<div class=\"elementor-widget-container\">\n\t\t\t\t\t<h2 class=\"elementor-heading-title elementor-size-default\">S\u00edntesis<\/h2>\t\t\t\t<\/div>\n\t\t\t\t<\/div>\n\t\t\t\t<div class=\"elementor-element elementor-element-01bb34d elementor-widget elementor-widget-text-editor\" data-id=\"01bb34d\" data-element_type=\"widget\" data-widget_type=\"text-editor.default\">\n\t\t\t\t<div class=\"elementor-widget-container\">\n\t\t\t\t\t\t\t\t\t<p style=\"text-align: justify;\"><span lang=\"ES-TRAD\" style=\"font-size: 12.0pt; font-family: 'Arial','sans-serif';\">El Centro<br \/>Meteorol\u00f3gico Provincial de Pinar del R\u00edo (CMP), es el organismo rector de la\u00a0actividad meteorol\u00f3gica provincial que mediante la aplicaci\u00f3n de una\u00a0 reconocida\u00a0<br \/>producci\u00f3n cient\u00edfica y oferta de\u00a0servicios cient\u00edfico t\u00e9cnicos, logra impactos positivos en la econom\u00eda,\u00a0la sociedad y el medio ambiente en el territorio.<\/span><\/p><p style=\"margin-left: 7.1pt; text-align: justify; text-indent: -7.1pt;\"><span style=\"font-family: Arial, sans-serif; font-size: 12pt;\">El mismo realiza pron\u00f3sticos certeros y eficientes del estado del tiempo a partir de la automatizaci\u00f3n del sistema, la aplicaci\u00f3n de resultados cient\u00edficos, adelantos de la ciencia y la t\u00e9cnica y con la participaci\u00f3n de<\/span><span style=\"font-family: Arial, sans-serif; font-size: 12pt;\">\u00a0 <\/span><span style=\"font-family: Arial, sans-serif; font-size: 12pt;\">recursos humanos con un alto nivel de calificaci\u00f3n y experiencia dando respuesta a la demanda de informaci\u00f3n meteorol\u00f3gica para la soluci\u00f3n de los principales problemas econ\u00f3micos, ambientales y sociales de la provincia.<\/span><\/p>\t\t\t\t\t\t\t\t<\/div>\n\t\t\t\t<\/div>\n\t\t\t\t\t<\/div>\n\t\t<\/div>\n\t\t\t\t\t<\/div>\n\t\t<\/section>\n\t\t\t\t\t<\/div>\n\t\t<\/div>\n\t\t\t\t\t<\/div>\n\t\t<\/section>\n\t\t\t\t<\/div>\n\t\t","protected":false},"excerpt":{"rendered":"<p>Centro Meteorol\u00f3gico Provincial (CMP) Datos de la Entidad Nombre: Centro Meteorol\u00f3gico Provincial (CMP)Domicilio Legal:&nbsp;Col\u00f3n 106 % Maceo y Virtudes, Pinar del R\u00edo&nbsp; Fecha de Creada:&nbsp;a\u00f1o 1999&nbsp; respaldado por la Resoluci\u00f3n 106\/99 dictada por la Ministra del CITMA.&nbsp; MSc. Gerald Miguel Malag\u00f3n Men\u00e9ndez.Director S\u00edntesis El CentroMeteorol\u00f3gico Provincial de Pinar del R\u00edo (CMP), es el organismo rector &hellip;<\/p>\n<p class=\"read-more\"> <a class=\"\" href=\"http:\/\/www.citmapri.gob.cu\/?page_id=1879\"> <span class=\"screen-reader-text\">Centro Meteorol\u00f3gico Provincial (CMP)<\/span> Read More \u00bb<\/a><\/p>\n","protected":false},"author":1,"featured_media":0,"parent":0,"menu_order":0,"comment_status":"closed","ping_status":"closed","template":"","meta":{"site-sidebar-layout":"no-sidebar","site-content-layout":"page-builder","ast-global-header-display":"","ast-main-header-display":"","ast-hfb-above-header-display":"","ast-hfb-below-header-display":"","ast-hfb-mobile-header-display":"","site-post-title":"disabled","ast-breadcrumbs-content":"","ast-featured-img":"disabled","footer-sml-layout":"","theme-transparent-header-meta":"default","adv-header-id-meta":"","stick-header-meta":"default","header-above-stick-meta":null,"header-main-stick-meta":"","header-below-stick-meta":null,"_glsr_average":0,"_glsr_ranking":0,"_glsr_reviews":0,"footnotes":""},"class_list":["post-1879","page","type-page","status-publish","hentry"],"yoast_head":"<!-- This site is optimized with the Yoast SEO plugin v27.5 - https:\/\/yoast.com\/product\/yoast-seo-wordpress\/ -->\n<title>Centro Meteorol\u00f3gico Provincial (CMP) - CITMA PINAR DEL R\u00cdO<\/title>\n<meta name=\"robots\" content=\"index, follow, max-snippet:-1, max-image-preview:large, max-video-preview:-1\" \/>\n<link rel=\"canonical\" href=\"http:\/\/www.citmapri.gob.cu\/?page_id=1879\" \/>\n<meta property=\"og:locale\" content=\"es_ES\" \/>\n<meta property=\"og:type\" content=\"article\" \/>\n<meta property=\"og:title\" content=\"Centro Meteorol\u00f3gico Provincial (CMP) - CITMA PINAR DEL R\u00cdO\" \/>\n<meta property=\"og:description\" content=\"Centro Meteorol\u00f3gico Provincial (CMP) Datos de la Entidad Nombre: Centro Meteorol\u00f3gico Provincial (CMP)Domicilio Legal:&nbsp;Col\u00f3n 106 % Maceo y Virtudes, Pinar del R\u00edo&nbsp; Fecha de Creada:&nbsp;a\u00f1o 1999&nbsp; respaldado por la Resoluci\u00f3n 106\/99 dictada por la Ministra del CITMA.&nbsp; MSc. Gerald Miguel Malag\u00f3n Men\u00e9ndez.Director S\u00edntesis El CentroMeteorol\u00f3gico Provincial de Pinar del R\u00edo (CMP), es el organismo rector &hellip; Centro Meteorol\u00f3gico Provincial (CMP) Read More \u00bb\" \/>\n<meta property=\"og:url\" content=\"http:\/\/www.citmapri.gob.cu\/?page_id=1879\" \/>\n<meta property=\"og:site_name\" content=\"CITMA PINAR DEL R\u00cdO\" \/>\n<meta property=\"article:publisher\" content=\"https:\/\/www.facebook.com\/citmapr\" \/>\n<meta property=\"article:modified_time\" content=\"2020-09-18T13:55:15+00:00\" \/>\n<meta property=\"og:image\" content=\"http:\/\/www.citmapri.gob.cu\/wp-content\/uploads\/2020\/06\/Gerald.jpg\" \/>\n<meta name=\"twitter:card\" content=\"summary_large_image\" \/>\n<meta name=\"twitter:label1\" content=\"Tiempo de lectura\" \/>\n\t<meta name=\"twitter:data1\" content=\"1 minuto\" \/>\n<script type=\"application\/ld+json\" class=\"yoast-schema-graph\">{\"@context\":\"https:\\\/\\\/schema.org\",\"@graph\":[{\"@type\":\"WebPage\",\"@id\":\"http:\\\/\\\/www.citmapri.gob.cu\\\/?page_id=1879\",\"url\":\"http:\\\/\\\/www.citmapri.gob.cu\\\/?page_id=1879\",\"name\":\"Centro Meteorol\u00f3gico Provincial (CMP) - CITMA PINAR DEL R\u00cdO\",\"isPartOf\":{\"@id\":\"http:\\\/\\\/www.citmapri.gob.cu\\\/#website\"},\"primaryImageOfPage\":{\"@id\":\"http:\\\/\\\/www.citmapri.gob.cu\\\/?page_id=1879#primaryimage\"},\"image\":{\"@id\":\"http:\\\/\\\/www.citmapri.gob.cu\\\/?page_id=1879#primaryimage\"},\"thumbnailUrl\":\"http:\\\/\\\/www.citmapri.gob.cu\\\/wp-content\\\/uploads\\\/2020\\\/06\\\/Gerald.jpg\",\"datePublished\":\"2020-09-18T13:37:05+00:00\",\"dateModified\":\"2020-09-18T13:55:15+00:00\",\"breadcrumb\":{\"@id\":\"http:\\\/\\\/www.citmapri.gob.cu\\\/?page_id=1879#breadcrumb\"},\"inLanguage\":\"es\",\"potentialAction\":[{\"@type\":\"ReadAction\",\"target\":[\"http:\\\/\\\/www.citmapri.gob.cu\\\/?page_id=1879\"]}]},{\"@type\":\"ImageObject\",\"inLanguage\":\"es\",\"@id\":\"http:\\\/\\\/www.citmapri.gob.cu\\\/?page_id=1879#primaryimage\",\"url\":\"http:\\\/\\\/www.citmapri.gob.cu\\\/wp-content\\\/uploads\\\/2020\\\/06\\\/Gerald.jpg\",\"contentUrl\":\"http:\\\/\\\/www.citmapri.gob.cu\\\/wp-content\\\/uploads\\\/2020\\\/06\\\/Gerald.jpg\",\"width\":1280,\"height\":960},{\"@type\":\"BreadcrumbList\",\"@id\":\"http:\\\/\\\/www.citmapri.gob.cu\\\/?page_id=1879#breadcrumb\",\"itemListElement\":[{\"@type\":\"ListItem\",\"position\":1,\"name\":\"Portada\",\"item\":\"http:\\\/\\\/www.citmapri.gob.cu\\\/\"},{\"@type\":\"ListItem\",\"position\":2,\"name\":\"Centro Meteorol\u00f3gico Provincial (CMP)\"}]},{\"@type\":\"WebSite\",\"@id\":\"http:\\\/\\\/www.citmapri.gob.cu\\\/#website\",\"url\":\"http:\\\/\\\/www.citmapri.gob.cu\\\/\",\"name\":\"CITMA PINAR DEL R\u00cdO\",\"description\":\"DELEGACI\u00d3N TERRITORIAL\",\"publisher\":{\"@id\":\"http:\\\/\\\/www.citmapri.gob.cu\\\/#organization\"},\"potentialAction\":[{\"@type\":\"SearchAction\",\"target\":{\"@type\":\"EntryPoint\",\"urlTemplate\":\"http:\\\/\\\/www.citmapri.gob.cu\\\/?s={search_term_string}\"},\"query-input\":{\"@type\":\"PropertyValueSpecification\",\"valueRequired\":true,\"valueName\":\"search_term_string\"}}],\"inLanguage\":\"es\"},{\"@type\":\"Organization\",\"@id\":\"http:\\\/\\\/www.citmapri.gob.cu\\\/#organization\",\"name\":\"CITMA PINAR DEL R\u00cdO\",\"url\":\"http:\\\/\\\/www.citmapri.gob.cu\\\/\",\"logo\":{\"@type\":\"ImageObject\",\"inLanguage\":\"es\",\"@id\":\"http:\\\/\\\/www.citmapri.gob.cu\\\/#\\\/schema\\\/logo\\\/image\\\/\",\"url\":\"http:\\\/\\\/www.citmapri.gob.cu\\\/wp-content\\\/uploads\\\/2019\\\/11\\\/citmapri-logo-cuba.png\",\"contentUrl\":\"http:\\\/\\\/www.citmapri.gob.cu\\\/wp-content\\\/uploads\\\/2019\\\/11\\\/citmapri-logo-cuba.png\",\"width\":233,\"height\":80,\"caption\":\"CITMA PINAR DEL R\u00cdO\"},\"image\":{\"@id\":\"http:\\\/\\\/www.citmapri.gob.cu\\\/#\\\/schema\\\/logo\\\/image\\\/\"},\"sameAs\":[\"https:\\\/\\\/www.facebook.com\\\/citmapr\"]}]}<\/script>\n<!-- \/ Yoast SEO plugin. -->","yoast_head_json":{"title":"Centro Meteorol\u00f3gico Provincial (CMP) - CITMA PINAR DEL R\u00cdO","robots":{"index":"index","follow":"follow","max-snippet":"max-snippet:-1","max-image-preview":"max-image-preview:large","max-video-preview":"max-video-preview:-1"},"canonical":"http:\/\/www.citmapri.gob.cu\/?page_id=1879","og_locale":"es_ES","og_type":"article","og_title":"Centro Meteorol\u00f3gico Provincial (CMP) - CITMA PINAR DEL R\u00cdO","og_description":"Centro Meteorol\u00f3gico Provincial (CMP) Datos de la Entidad Nombre: Centro Meteorol\u00f3gico Provincial (CMP)Domicilio Legal:&nbsp;Col\u00f3n 106 % Maceo y Virtudes, Pinar del R\u00edo&nbsp; Fecha de Creada:&nbsp;a\u00f1o 1999&nbsp; respaldado por la Resoluci\u00f3n 106\/99 dictada por la Ministra del CITMA.&nbsp; MSc. Gerald Miguel Malag\u00f3n Men\u00e9ndez.Director S\u00edntesis El CentroMeteorol\u00f3gico Provincial de Pinar del R\u00edo (CMP), es el organismo rector &hellip; Centro Meteorol\u00f3gico Provincial (CMP) Read More \u00bb","og_url":"http:\/\/www.citmapri.gob.cu\/?page_id=1879","og_site_name":"CITMA PINAR DEL R\u00cdO","article_publisher":"https:\/\/www.facebook.com\/citmapr","article_modified_time":"2020-09-18T13:55:15+00:00","og_image":[{"url":"http:\/\/www.citmapri.gob.cu\/wp-content\/uploads\/2020\/06\/Gerald.jpg","type":"","width":"","height":""}],"twitter_card":"summary_large_image","twitter_misc":{"Tiempo de lectura":"1 minuto"},"schema":{"@context":"https:\/\/schema.org","@graph":[{"@type":"WebPage","@id":"http:\/\/www.citmapri.gob.cu\/?page_id=1879","url":"http:\/\/www.citmapri.gob.cu\/?page_id=1879","name":"Centro Meteorol\u00f3gico Provincial (CMP) - CITMA PINAR DEL R\u00cdO","isPartOf":{"@id":"http:\/\/www.citmapri.gob.cu\/#website"},"primaryImageOfPage":{"@id":"http:\/\/www.citmapri.gob.cu\/?page_id=1879#primaryimage"},"image":{"@id":"http:\/\/www.citmapri.gob.cu\/?page_id=1879#primaryimage"},"thumbnailUrl":"http:\/\/www.citmapri.gob.cu\/wp-content\/uploads\/2020\/06\/Gerald.jpg","datePublished":"2020-09-18T13:37:05+00:00","dateModified":"2020-09-18T13:55:15+00:00","breadcrumb":{"@id":"http:\/\/www.citmapri.gob.cu\/?page_id=1879#breadcrumb"},"inLanguage":"es","potentialAction":[{"@type":"ReadAction","target":["http:\/\/www.citmapri.gob.cu\/?page_id=1879"]}]},{"@type":"ImageObject","inLanguage":"es","@id":"http:\/\/www.citmapri.gob.cu\/?page_id=1879#primaryimage","url":"http:\/\/www.citmapri.gob.cu\/wp-content\/uploads\/2020\/06\/Gerald.jpg","contentUrl":"http:\/\/www.citmapri.gob.cu\/wp-content\/uploads\/2020\/06\/Gerald.jpg","width":1280,"height":960},{"@type":"BreadcrumbList","@id":"http:\/\/www.citmapri.gob.cu\/?page_id=1879#breadcrumb","itemListElement":[{"@type":"ListItem","position":1,"name":"Portada","item":"http:\/\/www.citmapri.gob.cu\/"},{"@type":"ListItem","position":2,"name":"Centro Meteorol\u00f3gico Provincial (CMP)"}]},{"@type":"WebSite","@id":"http:\/\/www.citmapri.gob.cu\/#website","url":"http:\/\/www.citmapri.gob.cu\/","name":"CITMA PINAR DEL R\u00cdO","description":"DELEGACI\u00d3N TERRITORIAL","publisher":{"@id":"http:\/\/www.citmapri.gob.cu\/#organization"},"potentialAction":[{"@type":"SearchAction","target":{"@type":"EntryPoint","urlTemplate":"http:\/\/www.citmapri.gob.cu\/?s={search_term_string}"},"query-input":{"@type":"PropertyValueSpecification","valueRequired":true,"valueName":"search_term_string"}}],"inLanguage":"es"},{"@type":"Organization","@id":"http:\/\/www.citmapri.gob.cu\/#organization","name":"CITMA PINAR DEL R\u00cdO","url":"http:\/\/www.citmapri.gob.cu\/","logo":{"@type":"ImageObject","inLanguage":"es","@id":"http:\/\/www.citmapri.gob.cu\/#\/schema\/logo\/image\/","url":"http:\/\/www.citmapri.gob.cu\/wp-content\/uploads\/2019\/11\/citmapri-logo-cuba.png","contentUrl":"http:\/\/www.citmapri.gob.cu\/wp-content\/uploads\/2019\/11\/citmapri-logo-cuba.png","width":233,"height":80,"caption":"CITMA PINAR DEL R\u00cdO"},"image":{"@id":"http:\/\/www.citmapri.gob.cu\/#\/schema\/logo\/image\/"},"sameAs":["https:\/\/www.facebook.com\/citmapr"]}]}},"_links":{"self":[{"href":"http:\/\/www.citmapri.gob.cu\/index.php?rest_route=\/wp\/v2\/pages\/1879","targetHints":{"allow":["GET"]}}],"collection":[{"href":"http:\/\/www.citmapri.gob.cu\/index.php?rest_route=\/wp\/v2\/pages"}],"about":[{"href":"http:\/\/www.citmapri.gob.cu\/index.php?rest_route=\/wp\/v2\/types\/page"}],"author":[{"embeddable":true,"href":"http:\/\/www.citmapri.gob.cu\/index.php?rest_route=\/wp\/v2\/users\/1"}],"replies":[{"embeddable":true,"href":"http:\/\/www.citmapri.gob.cu\/index.php?rest_route=%2Fwp%2Fv2%2Fcomments&post=1879"}],"version-history":[{"count":0,"href":"http:\/\/www.citmapri.gob.cu\/index.php?rest_route=\/wp\/v2\/pages\/1879\/revisions"}],"wp:attachment":[{"href":"http:\/\/www.citmapri.gob.cu\/index.php?rest_route=%2Fwp%2Fv2%2Fmedia&parent=1879"}],"curies":[{"name":"wp","href":"https:\/\/api.w.org\/{rel}","templated":true}]}}