{"id":1506,"date":"2020-06-03T18:02:04","date_gmt":"2020-06-03T18:02:04","guid":{"rendered":"http:\/\/www.citmapri.gob.cu\/?page_id=1506"},"modified":"2020-06-03T19:00:43","modified_gmt":"2020-06-03T19:00:43","slug":"oficina-territorial-de-normalizacion-otn","status":"publish","type":"page","link":"http:\/\/www.citmapri.gob.cu\/?page_id=1506","title":{"rendered":"Oficina Territorial de Normalizaci\u00f3n (OTN)"},"content":{"rendered":"\t\t<div data-elementor-type=\"wp-page\" data-elementor-id=\"1506\" class=\"elementor elementor-1506\" data-elementor-post-type=\"page\">\n\t\t\t\t\t\t<section class=\"elementor-section elementor-top-section elementor-element elementor-element-a9533fa elementor-section-boxed elementor-section-height-default elementor-section-height-default\" data-id=\"a9533fa\" data-element_type=\"section\" data-settings=\"{&quot;background_background&quot;:&quot;classic&quot;}\">\n\t\t\t\t\t\t\t<div class=\"elementor-background-overlay\"><\/div>\n\t\t\t\t\t\t\t<div class=\"elementor-container elementor-column-gap-default\">\n\t\t\t\t\t<div class=\"elementor-column elementor-col-100 elementor-top-column elementor-element elementor-element-9261929\" data-id=\"9261929\" data-element_type=\"column\" data-settings=\"{&quot;background_background&quot;:&quot;classic&quot;}\">\n\t\t\t<div class=\"elementor-widget-wrap elementor-element-populated\">\n\t\t\t\t\t\t<div class=\"elementor-element elementor-element-1388f05 elementor-widget elementor-widget-spacer\" data-id=\"1388f05\" data-element_type=\"widget\" data-widget_type=\"spacer.default\">\n\t\t\t\t<div class=\"elementor-widget-container\">\n\t\t\t\t\t\t\t<div class=\"elementor-spacer\">\n\t\t\t<div class=\"elementor-spacer-inner\"><\/div>\n\t\t<\/div>\n\t\t\t\t\t\t<\/div>\n\t\t\t\t<\/div>\n\t\t\t\t<div class=\"elementor-element elementor-element-3198196 elementor-widget elementor-widget-heading\" data-id=\"3198196\" data-element_type=\"widget\" data-widget_type=\"heading.default\">\n\t\t\t\t<div class=\"elementor-widget-container\">\n\t\t\t\t\t<h1 class=\"elementor-heading-title elementor-size-default\">Oficina Territorial de Normalizaci\u00f3n (OTN)<\/h1>\t\t\t\t<\/div>\n\t\t\t\t<\/div>\n\t\t\t\t<div class=\"elementor-element elementor-element-db9fcdf elementor-widget elementor-widget-spacer\" data-id=\"db9fcdf\" data-element_type=\"widget\" data-widget_type=\"spacer.default\">\n\t\t\t\t<div class=\"elementor-widget-container\">\n\t\t\t\t\t\t\t<div class=\"elementor-spacer\">\n\t\t\t<div class=\"elementor-spacer-inner\"><\/div>\n\t\t<\/div>\n\t\t\t\t\t\t<\/div>\n\t\t\t\t<\/div>\n\t\t\t\t\t<\/div>\n\t\t<\/div>\n\t\t\t\t\t<\/div>\n\t\t<\/section>\n\t\t\t\t<section class=\"elementor-section elementor-top-section elementor-element elementor-element-fbddf2d elementor-section-content-bottom elementor-section-boxed elementor-section-height-default elementor-section-height-default\" data-id=\"fbddf2d\" data-element_type=\"section\">\n\t\t\t\t\t\t<div class=\"elementor-container elementor-column-gap-default\">\n\t\t\t\t\t<div class=\"elementor-column elementor-col-50 elementor-top-column elementor-element elementor-element-6716529\" data-id=\"6716529\" data-element_type=\"column\">\n\t\t\t<div class=\"elementor-widget-wrap elementor-element-populated\">\n\t\t\t\t\t\t<div class=\"elementor-element elementor-element-5dd7478 elementor-widget elementor-widget-heading\" data-id=\"5dd7478\" data-element_type=\"widget\" data-widget_type=\"heading.default\">\n\t\t\t\t<div class=\"elementor-widget-container\">\n\t\t\t\t\t<h2 class=\"elementor-heading-title elementor-size-default\">Datos de la Entidad<\/h2>\t\t\t\t<\/div>\n\t\t\t\t<\/div>\n\t\t\t\t<div class=\"elementor-element elementor-element-868b017 elementor-widget elementor-widget-text-editor\" data-id=\"868b017\" data-element_type=\"widget\" data-widget_type=\"text-editor.default\">\n\t\t\t\t<div class=\"elementor-widget-container\">\n\t\t\t\t\t\t\t\t\t<p><strong>Nombre<\/strong>: Oficina Territorial de Normalizaci\u00f3n (OTN)<br \/><strong>Domicilio Legal<\/strong>: Ave. Comandante Pinares No. 12 e\/. C\u00e9spedes y Mart\u00ed. 20 100 Pinar del R\u00edo<\/p><p>\u00a0<\/p>\t\t\t\t\t\t\t\t<\/div>\n\t\t\t\t<\/div>\n\t\t\t\t\t<\/div>\n\t\t<\/div>\n\t\t\t\t<div class=\"elementor-column elementor-col-50 elementor-top-column elementor-element elementor-element-82c5f6b\" data-id=\"82c5f6b\" data-element_type=\"column\">\n\t\t\t<div class=\"elementor-widget-wrap elementor-element-populated\">\n\t\t\t\t\t\t<div class=\"elementor-element elementor-element-6de82cd elementor-widget elementor-widget-image\" data-id=\"6de82cd\" data-element_type=\"widget\" data-widget_type=\"image.default\">\n\t\t\t\t<div class=\"elementor-widget-container\">\n\t\t\t\t\t\t\t\t\t\t\t\t\t\t\t<img fetchpriority=\"high\" decoding=\"async\" width=\"1154\" height=\"1183\" src=\"http:\/\/www.citmapri.gob.cu\/wp-content\/uploads\/2020\/06\/Pedro-ONT.jpg\" class=\"attachment-full size-full wp-image-1534\" alt=\"\" srcset=\"http:\/\/www.citmapri.gob.cu\/wp-content\/uploads\/2020\/06\/Pedro-ONT.jpg 1154w, http:\/\/www.citmapri.gob.cu\/wp-content\/uploads\/2020\/06\/Pedro-ONT-293x300.jpg 293w, http:\/\/www.citmapri.gob.cu\/wp-content\/uploads\/2020\/06\/Pedro-ONT-999x1024.jpg 999w, http:\/\/www.citmapri.gob.cu\/wp-content\/uploads\/2020\/06\/Pedro-ONT-768x787.jpg 768w\" sizes=\"(max-width: 1154px) 100vw, 1154px\" \/>\t\t\t\t\t\t\t\t\t\t\t\t\t\t\t<\/div>\n\t\t\t\t<\/div>\n\t\t\t\t<div class=\"elementor-element elementor-element-afbe909 elementor-widget elementor-widget-heading\" data-id=\"afbe909\" data-element_type=\"widget\" data-widget_type=\"heading.default\">\n\t\t\t\t<div class=\"elementor-widget-container\">\n\t\t\t\t\t<h2 class=\"elementor-heading-title elementor-size-default\">Pedro Serrano Urra\n<br>Director<\/h2>\t\t\t\t<\/div>\n\t\t\t\t<\/div>\n\t\t\t\t\t<\/div>\n\t\t<\/div>\n\t\t\t\t\t<\/div>\n\t\t<\/section>\n\t\t\t\t<section class=\"elementor-section elementor-top-section elementor-element elementor-element-b44bf9f elementor-section-boxed elementor-section-height-default elementor-section-height-default\" data-id=\"b44bf9f\" data-element_type=\"section\" data-settings=\"{&quot;background_background&quot;:&quot;classic&quot;}\">\n\t\t\t\t\t\t<div class=\"elementor-container elementor-column-gap-default\">\n\t\t\t\t\t<div class=\"elementor-column elementor-col-100 elementor-top-column elementor-element elementor-element-6b72349\" data-id=\"6b72349\" data-element_type=\"column\">\n\t\t\t<div class=\"elementor-widget-wrap elementor-element-populated\">\n\t\t\t\t\t\t<section class=\"elementor-section elementor-inner-section elementor-element elementor-element-4ba607e elementor-section-boxed elementor-section-height-default elementor-section-height-default\" data-id=\"4ba607e\" data-element_type=\"section\" data-settings=\"{&quot;background_background&quot;:&quot;classic&quot;}\">\n\t\t\t\t\t\t<div class=\"elementor-container elementor-column-gap-default\">\n\t\t\t\t\t<div class=\"elementor-column elementor-col-100 elementor-inner-column elementor-element elementor-element-c00fd0b\" data-id=\"c00fd0b\" data-element_type=\"column\">\n\t\t\t<div class=\"elementor-widget-wrap elementor-element-populated\">\n\t\t\t\t\t\t<div class=\"elementor-element elementor-element-a928b04 elementor-widget elementor-widget-heading\" data-id=\"a928b04\" data-element_type=\"widget\" data-widget_type=\"heading.default\">\n\t\t\t\t<div class=\"elementor-widget-container\">\n\t\t\t\t\t<h2 class=\"elementor-heading-title elementor-size-default\">S\u00edntesis<\/h2>\t\t\t\t<\/div>\n\t\t\t\t<\/div>\n\t\t\t\t<div class=\"elementor-element elementor-element-01bb34d elementor-widget elementor-widget-text-editor\" data-id=\"01bb34d\" data-element_type=\"widget\" data-widget_type=\"text-editor.default\">\n\t\t\t\t<div class=\"elementor-widget-container\">\n\t\t\t\t\t\t\t\t\t<p>Somos el centro rector de la actividad de Normalizaci\u00f3n, Metrolog\u00eda y Calidad en la provincia de Pinar del R\u00edo. La Oficina Territorial de Normalizaci\u00f3n en Pinar del R\u00edo es la instituci\u00f3n creada para proponer, organizar y ejecutar, seg\u00fan corresponda, la aplicaci\u00f3n de la pol\u00edtica estatal en materia de normalizaci\u00f3n, metrolog\u00eda y calidad, la que es dirigida y controlada por la Oficina Nacional de Normalizaci\u00f3n la cual est\u00e1 adscrita al Ministerio de Ciencia, Tecnolog\u00eda y Medio Ambiente, y cuyo sistema lo integran la referida Oficina y sus dependen\u00accias en cada provincia del pa\u00eds incluyendo el Municipio Especial Isla de la Juventud. Organizamos, controlamos y ejecutamos evaluaciones de la conformidad sobre el cumplimiento de los requisitos establecidos en materia de normalizaci\u00f3n, metrolog\u00eda y calidad a trav\u00e9s de la inspecci\u00f3n estatal seg\u00fan los documentos normativos obligatorios relacionados con actividades del Comercio Internacional, la Protecci\u00f3n al Consumidor que incluye la higiene de los alimentos, la seguridad de los productos, los aspectos higi\u00e9nico sanitarios de los servicios de Salud, as\u00ed como la supervisi\u00f3n metrol\u00f3gica a dichas actividades y otras de inter\u00e9s estatal.<\/p>\t\t\t\t\t\t\t\t<\/div>\n\t\t\t\t<\/div>\n\t\t\t\t\t<\/div>\n\t\t<\/div>\n\t\t\t\t\t<\/div>\n\t\t<\/section>\n\t\t\t\t\t<\/div>\n\t\t<\/div>\n\t\t\t\t\t<\/div>\n\t\t<\/section>\n\t\t\t\t<\/div>\n\t\t","protected":false},"excerpt":{"rendered":"<p>Oficina Territorial de Normalizaci\u00f3n (OTN) Datos de la Entidad Nombre: Oficina Territorial de Normalizaci\u00f3n (OTN)Domicilio Legal: Ave. Comandante Pinares No. 12 e\/. C\u00e9spedes y Mart\u00ed. 20 100 Pinar del R\u00edo \u00a0 Pedro Serrano Urra Director S\u00edntesis Somos el centro rector de la actividad de Normalizaci\u00f3n, Metrolog\u00eda y Calidad en la provincia de Pinar del R\u00edo. &hellip;<\/p>\n<p class=\"read-more\"> <a class=\"\" href=\"http:\/\/www.citmapri.gob.cu\/?page_id=1506\"> <span class=\"screen-reader-text\">Oficina Territorial de Normalizaci\u00f3n (OTN)<\/span> Read More \u00bb<\/a><\/p>\n","protected":false},"author":1,"featured_media":0,"parent":0,"menu_order":0,"comment_status":"closed","ping_status":"closed","template":"","meta":{"site-sidebar-layout":"no-sidebar","site-content-layout":"page-builder","ast-global-header-display":"","ast-main-header-display":"","ast-hfb-above-header-display":"","ast-hfb-below-header-display":"","ast-hfb-mobile-header-display":"","site-post-title":"disabled","ast-breadcrumbs-content":"","ast-featured-img":"disabled","footer-sml-layout":"","theme-transparent-header-meta":"default","adv-header-id-meta":"","stick-header-meta":"default","header-above-stick-meta":null,"header-main-stick-meta":"","header-below-stick-meta":null,"_glsr_average":0,"_glsr_ranking":0,"_glsr_reviews":0,"footnotes":""},"class_list":["post-1506","page","type-page","status-publish","hentry"],"yoast_head":"<!-- This site is optimized with the Yoast SEO plugin v27.5 - https:\/\/yoast.com\/product\/yoast-seo-wordpress\/ -->\n<title>Oficina Territorial de Normalizaci\u00f3n (OTN) - CITMA PINAR DEL R\u00cdO<\/title>\n<meta name=\"robots\" content=\"index, follow, max-snippet:-1, max-image-preview:large, max-video-preview:-1\" \/>\n<link rel=\"canonical\" href=\"http:\/\/www.citmapri.gob.cu\/?page_id=1506\" \/>\n<meta property=\"og:locale\" content=\"es_ES\" \/>\n<meta property=\"og:type\" content=\"article\" \/>\n<meta property=\"og:title\" content=\"Oficina Territorial de Normalizaci\u00f3n (OTN) - CITMA PINAR DEL R\u00cdO\" \/>\n<meta property=\"og:description\" content=\"Oficina Territorial de Normalizaci\u00f3n (OTN) Datos de la Entidad Nombre: Oficina Territorial de Normalizaci\u00f3n (OTN)Domicilio Legal: Ave. Comandante Pinares No. 12 e\/. C\u00e9spedes y Mart\u00ed. 20 100 Pinar del R\u00edo \u00a0 Pedro Serrano Urra Director S\u00edntesis Somos el centro rector de la actividad de Normalizaci\u00f3n, Metrolog\u00eda y Calidad en la provincia de Pinar del R\u00edo. &hellip; Oficina Territorial de Normalizaci\u00f3n (OTN) Read More \u00bb\" \/>\n<meta property=\"og:url\" content=\"http:\/\/www.citmapri.gob.cu\/?page_id=1506\" \/>\n<meta property=\"og:site_name\" content=\"CITMA PINAR DEL R\u00cdO\" \/>\n<meta property=\"article:publisher\" content=\"https:\/\/www.facebook.com\/citmapr\" \/>\n<meta property=\"article:modified_time\" content=\"2020-06-03T19:00:43+00:00\" \/>\n<meta property=\"og:image\" content=\"http:\/\/www.citmapri.gob.cu\/wp-content\/uploads\/2020\/06\/Pedro-ONT.jpg\" \/>\n<meta name=\"twitter:card\" content=\"summary_large_image\" \/>\n<meta name=\"twitter:label1\" content=\"Tiempo de lectura\" \/>\n\t<meta name=\"twitter:data1\" content=\"1 minuto\" \/>\n<script type=\"application\/ld+json\" class=\"yoast-schema-graph\">{\"@context\":\"https:\\\/\\\/schema.org\",\"@graph\":[{\"@type\":\"WebPage\",\"@id\":\"http:\\\/\\\/www.citmapri.gob.cu\\\/?page_id=1506\",\"url\":\"http:\\\/\\\/www.citmapri.gob.cu\\\/?page_id=1506\",\"name\":\"Oficina Territorial de Normalizaci\u00f3n (OTN) - CITMA PINAR DEL R\u00cdO\",\"isPartOf\":{\"@id\":\"http:\\\/\\\/www.citmapri.gob.cu\\\/#website\"},\"primaryImageOfPage\":{\"@id\":\"http:\\\/\\\/www.citmapri.gob.cu\\\/?page_id=1506#primaryimage\"},\"image\":{\"@id\":\"http:\\\/\\\/www.citmapri.gob.cu\\\/?page_id=1506#primaryimage\"},\"thumbnailUrl\":\"http:\\\/\\\/www.citmapri.gob.cu\\\/wp-content\\\/uploads\\\/2020\\\/06\\\/Pedro-ONT.jpg\",\"datePublished\":\"2020-06-03T18:02:04+00:00\",\"dateModified\":\"2020-06-03T19:00:43+00:00\",\"breadcrumb\":{\"@id\":\"http:\\\/\\\/www.citmapri.gob.cu\\\/?page_id=1506#breadcrumb\"},\"inLanguage\":\"es\",\"potentialAction\":[{\"@type\":\"ReadAction\",\"target\":[\"http:\\\/\\\/www.citmapri.gob.cu\\\/?page_id=1506\"]}]},{\"@type\":\"ImageObject\",\"inLanguage\":\"es\",\"@id\":\"http:\\\/\\\/www.citmapri.gob.cu\\\/?page_id=1506#primaryimage\",\"url\":\"http:\\\/\\\/www.citmapri.gob.cu\\\/wp-content\\\/uploads\\\/2020\\\/06\\\/Pedro-ONT.jpg\",\"contentUrl\":\"http:\\\/\\\/www.citmapri.gob.cu\\\/wp-content\\\/uploads\\\/2020\\\/06\\\/Pedro-ONT.jpg\",\"width\":1154,\"height\":1183},{\"@type\":\"BreadcrumbList\",\"@id\":\"http:\\\/\\\/www.citmapri.gob.cu\\\/?page_id=1506#breadcrumb\",\"itemListElement\":[{\"@type\":\"ListItem\",\"position\":1,\"name\":\"Portada\",\"item\":\"http:\\\/\\\/www.citmapri.gob.cu\\\/\"},{\"@type\":\"ListItem\",\"position\":2,\"name\":\"Oficina Territorial de Normalizaci\u00f3n (OTN)\"}]},{\"@type\":\"WebSite\",\"@id\":\"http:\\\/\\\/www.citmapri.gob.cu\\\/#website\",\"url\":\"http:\\\/\\\/www.citmapri.gob.cu\\\/\",\"name\":\"CITMA PINAR DEL R\u00cdO\",\"description\":\"DELEGACI\u00d3N TERRITORIAL\",\"publisher\":{\"@id\":\"http:\\\/\\\/www.citmapri.gob.cu\\\/#organization\"},\"potentialAction\":[{\"@type\":\"SearchAction\",\"target\":{\"@type\":\"EntryPoint\",\"urlTemplate\":\"http:\\\/\\\/www.citmapri.gob.cu\\\/?s={search_term_string}\"},\"query-input\":{\"@type\":\"PropertyValueSpecification\",\"valueRequired\":true,\"valueName\":\"search_term_string\"}}],\"inLanguage\":\"es\"},{\"@type\":\"Organization\",\"@id\":\"http:\\\/\\\/www.citmapri.gob.cu\\\/#organization\",\"name\":\"CITMA PINAR DEL R\u00cdO\",\"url\":\"http:\\\/\\\/www.citmapri.gob.cu\\\/\",\"logo\":{\"@type\":\"ImageObject\",\"inLanguage\":\"es\",\"@id\":\"http:\\\/\\\/www.citmapri.gob.cu\\\/#\\\/schema\\\/logo\\\/image\\\/\",\"url\":\"http:\\\/\\\/www.citmapri.gob.cu\\\/wp-content\\\/uploads\\\/2019\\\/11\\\/citmapri-logo-cuba.png\",\"contentUrl\":\"http:\\\/\\\/www.citmapri.gob.cu\\\/wp-content\\\/uploads\\\/2019\\\/11\\\/citmapri-logo-cuba.png\",\"width\":233,\"height\":80,\"caption\":\"CITMA PINAR DEL R\u00cdO\"},\"image\":{\"@id\":\"http:\\\/\\\/www.citmapri.gob.cu\\\/#\\\/schema\\\/logo\\\/image\\\/\"},\"sameAs\":[\"https:\\\/\\\/www.facebook.com\\\/citmapr\"]}]}<\/script>\n<!-- \/ Yoast SEO plugin. -->","yoast_head_json":{"title":"Oficina Territorial de Normalizaci\u00f3n (OTN) - CITMA PINAR DEL R\u00cdO","robots":{"index":"index","follow":"follow","max-snippet":"max-snippet:-1","max-image-preview":"max-image-preview:large","max-video-preview":"max-video-preview:-1"},"canonical":"http:\/\/www.citmapri.gob.cu\/?page_id=1506","og_locale":"es_ES","og_type":"article","og_title":"Oficina Territorial de Normalizaci\u00f3n (OTN) - CITMA PINAR DEL R\u00cdO","og_description":"Oficina Territorial de Normalizaci\u00f3n (OTN) Datos de la Entidad Nombre: Oficina Territorial de Normalizaci\u00f3n (OTN)Domicilio Legal: Ave. Comandante Pinares No. 12 e\/. C\u00e9spedes y Mart\u00ed. 20 100 Pinar del R\u00edo \u00a0 Pedro Serrano Urra Director S\u00edntesis Somos el centro rector de la actividad de Normalizaci\u00f3n, Metrolog\u00eda y Calidad en la provincia de Pinar del R\u00edo. &hellip; Oficina Territorial de Normalizaci\u00f3n (OTN) Read More \u00bb","og_url":"http:\/\/www.citmapri.gob.cu\/?page_id=1506","og_site_name":"CITMA PINAR DEL R\u00cdO","article_publisher":"https:\/\/www.facebook.com\/citmapr","article_modified_time":"2020-06-03T19:00:43+00:00","og_image":[{"url":"http:\/\/www.citmapri.gob.cu\/wp-content\/uploads\/2020\/06\/Pedro-ONT.jpg","type":"","width":"","height":""}],"twitter_card":"summary_large_image","twitter_misc":{"Tiempo de lectura":"1 minuto"},"schema":{"@context":"https:\/\/schema.org","@graph":[{"@type":"WebPage","@id":"http:\/\/www.citmapri.gob.cu\/?page_id=1506","url":"http:\/\/www.citmapri.gob.cu\/?page_id=1506","name":"Oficina Territorial de Normalizaci\u00f3n (OTN) - CITMA PINAR DEL R\u00cdO","isPartOf":{"@id":"http:\/\/www.citmapri.gob.cu\/#website"},"primaryImageOfPage":{"@id":"http:\/\/www.citmapri.gob.cu\/?page_id=1506#primaryimage"},"image":{"@id":"http:\/\/www.citmapri.gob.cu\/?page_id=1506#primaryimage"},"thumbnailUrl":"http:\/\/www.citmapri.gob.cu\/wp-content\/uploads\/2020\/06\/Pedro-ONT.jpg","datePublished":"2020-06-03T18:02:04+00:00","dateModified":"2020-06-03T19:00:43+00:00","breadcrumb":{"@id":"http:\/\/www.citmapri.gob.cu\/?page_id=1506#breadcrumb"},"inLanguage":"es","potentialAction":[{"@type":"ReadAction","target":["http:\/\/www.citmapri.gob.cu\/?page_id=1506"]}]},{"@type":"ImageObject","inLanguage":"es","@id":"http:\/\/www.citmapri.gob.cu\/?page_id=1506#primaryimage","url":"http:\/\/www.citmapri.gob.cu\/wp-content\/uploads\/2020\/06\/Pedro-ONT.jpg","contentUrl":"http:\/\/www.citmapri.gob.cu\/wp-content\/uploads\/2020\/06\/Pedro-ONT.jpg","width":1154,"height":1183},{"@type":"BreadcrumbList","@id":"http:\/\/www.citmapri.gob.cu\/?page_id=1506#breadcrumb","itemListElement":[{"@type":"ListItem","position":1,"name":"Portada","item":"http:\/\/www.citmapri.gob.cu\/"},{"@type":"ListItem","position":2,"name":"Oficina Territorial de Normalizaci\u00f3n (OTN)"}]},{"@type":"WebSite","@id":"http:\/\/www.citmapri.gob.cu\/#website","url":"http:\/\/www.citmapri.gob.cu\/","name":"CITMA PINAR DEL R\u00cdO","description":"DELEGACI\u00d3N TERRITORIAL","publisher":{"@id":"http:\/\/www.citmapri.gob.cu\/#organization"},"potentialAction":[{"@type":"SearchAction","target":{"@type":"EntryPoint","urlTemplate":"http:\/\/www.citmapri.gob.cu\/?s={search_term_string}"},"query-input":{"@type":"PropertyValueSpecification","valueRequired":true,"valueName":"search_term_string"}}],"inLanguage":"es"},{"@type":"Organization","@id":"http:\/\/www.citmapri.gob.cu\/#organization","name":"CITMA PINAR DEL R\u00cdO","url":"http:\/\/www.citmapri.gob.cu\/","logo":{"@type":"ImageObject","inLanguage":"es","@id":"http:\/\/www.citmapri.gob.cu\/#\/schema\/logo\/image\/","url":"http:\/\/www.citmapri.gob.cu\/wp-content\/uploads\/2019\/11\/citmapri-logo-cuba.png","contentUrl":"http:\/\/www.citmapri.gob.cu\/wp-content\/uploads\/2019\/11\/citmapri-logo-cuba.png","width":233,"height":80,"caption":"CITMA PINAR DEL R\u00cdO"},"image":{"@id":"http:\/\/www.citmapri.gob.cu\/#\/schema\/logo\/image\/"},"sameAs":["https:\/\/www.facebook.com\/citmapr"]}]}},"_links":{"self":[{"href":"http:\/\/www.citmapri.gob.cu\/index.php?rest_route=\/wp\/v2\/pages\/1506","targetHints":{"allow":["GET"]}}],"collection":[{"href":"http:\/\/www.citmapri.gob.cu\/index.php?rest_route=\/wp\/v2\/pages"}],"about":[{"href":"http:\/\/www.citmapri.gob.cu\/index.php?rest_route=\/wp\/v2\/types\/page"}],"author":[{"embeddable":true,"href":"http:\/\/www.citmapri.gob.cu\/index.php?rest_route=\/wp\/v2\/users\/1"}],"replies":[{"embeddable":true,"href":"http:\/\/www.citmapri.gob.cu\/index.php?rest_route=%2Fwp%2Fv2%2Fcomments&post=1506"}],"version-history":[{"count":0,"href":"http:\/\/www.citmapri.gob.cu\/index.php?rest_route=\/wp\/v2\/pages\/1506\/revisions"}],"wp:attachment":[{"href":"http:\/\/www.citmapri.gob.cu\/index.php?rest_route=%2Fwp%2Fv2%2Fmedia&parent=1506"}],"curies":[{"name":"wp","href":"https:\/\/api.w.org\/{rel}","templated":true}]}}