{"id":1484,"date":"2020-06-02T20:56:34","date_gmt":"2020-06-02T20:56:34","guid":{"rendered":"http:\/\/www.citmapri.gob.cu\/?page_id=1484"},"modified":"2020-06-04T20:01:30","modified_gmt":"2020-06-04T20:01:30","slug":"archivo-historico-provincial-ahp","status":"publish","type":"page","link":"http:\/\/www.citmapri.gob.cu\/?page_id=1484","title":{"rendered":"Archivo Hist\u00f3rico Provincial (AHP)"},"content":{"rendered":"\t\t<div data-elementor-type=\"wp-page\" data-elementor-id=\"1484\" class=\"elementor elementor-1484\" data-elementor-post-type=\"page\">\n\t\t\t\t\t\t<section class=\"elementor-section elementor-top-section elementor-element elementor-element-a9533fa elementor-section-boxed elementor-section-height-default elementor-section-height-default\" data-id=\"a9533fa\" data-element_type=\"section\" data-settings=\"{&quot;background_background&quot;:&quot;classic&quot;}\">\n\t\t\t\t\t\t\t<div class=\"elementor-background-overlay\"><\/div>\n\t\t\t\t\t\t\t<div class=\"elementor-container elementor-column-gap-default\">\n\t\t\t\t\t<div class=\"elementor-column elementor-col-100 elementor-top-column elementor-element elementor-element-9261929\" data-id=\"9261929\" data-element_type=\"column\" data-settings=\"{&quot;background_background&quot;:&quot;classic&quot;}\">\n\t\t\t<div class=\"elementor-widget-wrap elementor-element-populated\">\n\t\t\t\t\t\t<div class=\"elementor-element elementor-element-1388f05 elementor-widget elementor-widget-spacer\" data-id=\"1388f05\" data-element_type=\"widget\" data-widget_type=\"spacer.default\">\n\t\t\t\t<div class=\"elementor-widget-container\">\n\t\t\t\t\t\t\t<div class=\"elementor-spacer\">\n\t\t\t<div class=\"elementor-spacer-inner\"><\/div>\n\t\t<\/div>\n\t\t\t\t\t\t<\/div>\n\t\t\t\t<\/div>\n\t\t\t\t<div class=\"elementor-element elementor-element-3198196 elementor-widget elementor-widget-heading\" data-id=\"3198196\" data-element_type=\"widget\" data-widget_type=\"heading.default\">\n\t\t\t\t<div class=\"elementor-widget-container\">\n\t\t\t\t\t<h1 class=\"elementor-heading-title elementor-size-default\">Archivo Hist\u00f3rico Provincial (AHP)<\/h1>\t\t\t\t<\/div>\n\t\t\t\t<\/div>\n\t\t\t\t<div class=\"elementor-element elementor-element-db9fcdf elementor-widget elementor-widget-spacer\" data-id=\"db9fcdf\" data-element_type=\"widget\" data-widget_type=\"spacer.default\">\n\t\t\t\t<div class=\"elementor-widget-container\">\n\t\t\t\t\t\t\t<div class=\"elementor-spacer\">\n\t\t\t<div class=\"elementor-spacer-inner\"><\/div>\n\t\t<\/div>\n\t\t\t\t\t\t<\/div>\n\t\t\t\t<\/div>\n\t\t\t\t\t<\/div>\n\t\t<\/div>\n\t\t\t\t\t<\/div>\n\t\t<\/section>\n\t\t\t\t<section class=\"elementor-section elementor-top-section elementor-element elementor-element-fbddf2d elementor-section-content-bottom elementor-section-boxed elementor-section-height-default elementor-section-height-default\" data-id=\"fbddf2d\" data-element_type=\"section\">\n\t\t\t\t\t\t<div class=\"elementor-container elementor-column-gap-default\">\n\t\t\t\t\t<div class=\"elementor-column elementor-col-50 elementor-top-column elementor-element elementor-element-6716529\" data-id=\"6716529\" data-element_type=\"column\">\n\t\t\t<div class=\"elementor-widget-wrap elementor-element-populated\">\n\t\t\t\t\t\t<div class=\"elementor-element elementor-element-5dd7478 elementor-widget elementor-widget-heading\" data-id=\"5dd7478\" data-element_type=\"widget\" data-widget_type=\"heading.default\">\n\t\t\t\t<div class=\"elementor-widget-container\">\n\t\t\t\t\t<h2 class=\"elementor-heading-title elementor-size-default\">Datos de la Entidad<\/h2>\t\t\t\t<\/div>\n\t\t\t\t<\/div>\n\t\t\t\t<div class=\"elementor-element elementor-element-868b017 elementor-widget elementor-widget-text-editor\" data-id=\"868b017\" data-element_type=\"widget\" data-widget_type=\"text-editor.default\">\n\t\t\t\t<div class=\"elementor-widget-container\">\n\t\t\t\t\t\t\t\t\t<p><strong>Nombre<\/strong>: Archivo Hiat\u00f3rico Provincial (AHP)<br><strong>Domicilio Legal<\/strong>:&nbsp;<span style=\"font-size: 16px;\">Calle Mart\u00ed N\u00ba 152, esquina a <\/span><a href=\"https:\/\/www.ecured.cu\/Ram%C3%B3n_Gonz%C3%A1lez_Coro\" title=\"Ram\u00f3n Gonz\u00e1lez Coro\" style=\"font-size: 16px; background-color: rgb(255, 255, 255);\">Ram\u00f3n Gonz\u00e1lez Coro<\/a>, Pinar del R\u00edo&nbsp;<\/p>\n<p><span lang=\"ES\"><o:p><\/o:p><\/span><\/p>\n<p><strong>Fecha de Creada:<\/strong><span style=\"font-size: 16px;\">&nbsp;<\/span><span style=\"font-size: 16px; font-style: normal; font-weight: 300;\">Primero de Diciembre de&nbsp;<\/span><a href=\"https:\/\/www.ecured.cu\/1983\" title=\"1983\" style=\"font-size: 16px; font-style: normal; font-weight: 300; background-color: rgb(255, 255, 255);\">1983<\/a><span style=\"font-size: 16px; font-style: normal; font-weight: 300;\">&nbsp;dando cumplimiento a la ley 714 de&nbsp;<\/span><a href=\"https:\/\/www.ecured.cu\/1960\" title=\"1960\" style=\"font-size: 16px; font-style: normal; font-weight: 300; background-color: rgb(255, 255, 255);\">1960<\/a><\/p>\n<p><span lang=\"ES\"><o:p><\/o:p><\/span><\/p>\t\t\t\t\t\t\t\t<\/div>\n\t\t\t\t<\/div>\n\t\t\t\t\t<\/div>\n\t\t<\/div>\n\t\t\t\t<div class=\"elementor-column elementor-col-50 elementor-top-column elementor-element elementor-element-82c5f6b\" data-id=\"82c5f6b\" data-element_type=\"column\">\n\t\t\t<div class=\"elementor-widget-wrap elementor-element-populated\">\n\t\t\t\t\t\t<div class=\"elementor-element elementor-element-6de82cd elementor-widget elementor-widget-image\" data-id=\"6de82cd\" data-element_type=\"widget\" data-widget_type=\"image.default\">\n\t\t\t\t<div class=\"elementor-widget-container\">\n\t\t\t\t\t\t\t\t\t\t\t\t\t\t\t<img fetchpriority=\"high\" decoding=\"async\" width=\"568\" height=\"552\" src=\"http:\/\/www.citmapri.gob.cu\/wp-content\/uploads\/2020\/06\/Anabel-2.jpg\" class=\"attachment-full size-full wp-image-1530\" alt=\"\" srcset=\"http:\/\/www.citmapri.gob.cu\/wp-content\/uploads\/2020\/06\/Anabel-2.jpg 568w, http:\/\/www.citmapri.gob.cu\/wp-content\/uploads\/2020\/06\/Anabel-2-300x292.jpg 300w\" sizes=\"(max-width: 568px) 100vw, 568px\" \/>\t\t\t\t\t\t\t\t\t\t\t\t\t\t\t<\/div>\n\t\t\t\t<\/div>\n\t\t\t\t<div class=\"elementor-element elementor-element-afbe909 elementor-widget elementor-widget-heading\" data-id=\"afbe909\" data-element_type=\"widget\" data-widget_type=\"heading.default\">\n\t\t\t\t<div class=\"elementor-widget-container\">\n\t\t\t\t\t<h2 class=\"elementor-heading-title elementor-size-default\">Anabel Cheda Ravelo\n<br>Directora<\/h2>\t\t\t\t<\/div>\n\t\t\t\t<\/div>\n\t\t\t\t\t<\/div>\n\t\t<\/div>\n\t\t\t\t\t<\/div>\n\t\t<\/section>\n\t\t\t\t<section class=\"elementor-section elementor-top-section elementor-element elementor-element-b44bf9f elementor-section-boxed elementor-section-height-default elementor-section-height-default\" data-id=\"b44bf9f\" data-element_type=\"section\" data-settings=\"{&quot;background_background&quot;:&quot;classic&quot;}\">\n\t\t\t\t\t\t<div class=\"elementor-container elementor-column-gap-default\">\n\t\t\t\t\t<div class=\"elementor-column elementor-col-100 elementor-top-column elementor-element elementor-element-6b72349\" data-id=\"6b72349\" data-element_type=\"column\">\n\t\t\t<div class=\"elementor-widget-wrap elementor-element-populated\">\n\t\t\t\t\t\t<section class=\"elementor-section elementor-inner-section elementor-element elementor-element-4ba607e elementor-section-boxed elementor-section-height-default elementor-section-height-default\" data-id=\"4ba607e\" data-element_type=\"section\" data-settings=\"{&quot;background_background&quot;:&quot;classic&quot;}\">\n\t\t\t\t\t\t<div class=\"elementor-container elementor-column-gap-default\">\n\t\t\t\t\t<div class=\"elementor-column elementor-col-100 elementor-inner-column elementor-element elementor-element-c00fd0b\" data-id=\"c00fd0b\" data-element_type=\"column\">\n\t\t\t<div class=\"elementor-widget-wrap elementor-element-populated\">\n\t\t\t\t\t\t<div class=\"elementor-element elementor-element-a928b04 elementor-widget elementor-widget-heading\" data-id=\"a928b04\" data-element_type=\"widget\" data-widget_type=\"heading.default\">\n\t\t\t\t<div class=\"elementor-widget-container\">\n\t\t\t\t\t<h2 class=\"elementor-heading-title elementor-size-default\">S\u00edntesis<\/h2>\t\t\t\t<\/div>\n\t\t\t\t<\/div>\n\t\t\t\t<div class=\"elementor-element elementor-element-01bb34d elementor-widget elementor-widget-text-editor\" data-id=\"01bb34d\" data-element_type=\"widget\" data-widget_type=\"text-editor.default\">\n\t\t\t\t<div class=\"elementor-widget-container\">\n\t\t\t\t\t\t\t\t\t<p><strong>Archivo Hist\u00f3rico Provincial de Pinar del R\u00edo<\/strong>. Como Instituci\u00f3n desempe\u00f1a el encargo social de atesorar, organizar, custodiar, conservar y difundir los documentos que forman parte de la historia de la regi\u00f3n pinare\u00f1a. Posee documentos que datan desde <a href=\"https:\/\/www.ecured.cu\/1775\">1775<\/a> hasta la actualidad y dentro de ellos se destacan el testamento original de <a href=\"https:\/\/www.ecured.cu\/Isabel_Rubio\">Isabel Rubio<\/a>, el expediente de bachiller de <a href=\"https:\/\/www.ecured.cu\/Julio_Antonio_Mella\">Julio Antonio Mella<\/a>, causas judiciales de <a href=\"https:\/\/www.ecured.cu\/Fidel_Castro_R%C3%BAz\">Fidel Castro R\u00faz<\/a>, <a href=\"https:\/\/www.ecured.cu\/Rafael_Ferro_Mac%C3%ADas\">Rafael Ferro Mac\u00edas<\/a>, entre otros m\u00e1rtires pinare\u00f1os.<\/p><p>\u00a0Los Archivos constituyen la memoria de la actuaci\u00f3n de la Administraci\u00f3n y el testimonio de los derechos y obligaciones de los ciudadanos y de la propia administraci\u00f3n. Son adem\u00e1s un factor imprescindible de continuidad frente al car\u00e1cter cambiante y variable de las estructuras gubernamentales y de los funcionarios de cuya actividad son reflejos, son los garantes de la adecuada conservaci\u00f3n del patrimonio documental.<\/p><p>En la Gaceta Oficial del d\u00eda 26 de enero de 1960, se promulg\u00f3 la ley # 714, de ese a\u00f1o, relacionada con las funciones, desempe\u00f1o y caracter\u00edsticas generales del Archivo Nacional de <a href=\"https:\/\/www.ecured.cu\/Cuba\">Cuba<\/a>. A partir de entonces de manera gradual, aparece en el pa\u00eds la Red de Archivos Provinciales y Municipales que asumen en cada territorio iguales responsabilidades.<\/p>\t\t\t\t\t\t\t\t<\/div>\n\t\t\t\t<\/div>\n\t\t\t\t\t<\/div>\n\t\t<\/div>\n\t\t\t\t\t<\/div>\n\t\t<\/section>\n\t\t\t\t\t<\/div>\n\t\t<\/div>\n\t\t\t\t\t<\/div>\n\t\t<\/section>\n\t\t\t\t<\/div>\n\t\t","protected":false},"excerpt":{"rendered":"<p>Archivo Hist\u00f3rico Provincial (AHP) Datos de la Entidad Nombre: Archivo Hiat\u00f3rico Provincial (AHP)Domicilio Legal:&nbsp;Calle Mart\u00ed N\u00ba 152, esquina a Ram\u00f3n Gonz\u00e1lez Coro, Pinar del R\u00edo&nbsp; Fecha de Creada:&nbsp;Primero de Diciembre de&nbsp;1983&nbsp;dando cumplimiento a la ley 714 de&nbsp;1960 Anabel Cheda Ravelo Directora S\u00edntesis Archivo Hist\u00f3rico Provincial de Pinar del R\u00edo. Como Instituci\u00f3n desempe\u00f1a el encargo social &hellip;<\/p>\n<p class=\"read-more\"> <a class=\"\" href=\"http:\/\/www.citmapri.gob.cu\/?page_id=1484\"> <span class=\"screen-reader-text\">Archivo Hist\u00f3rico Provincial (AHP)<\/span> Read More \u00bb<\/a><\/p>\n","protected":false},"author":1,"featured_media":0,"parent":0,"menu_order":0,"comment_status":"closed","ping_status":"closed","template":"","meta":{"site-sidebar-layout":"no-sidebar","site-content-layout":"page-builder","ast-global-header-display":"","ast-main-header-display":"","ast-hfb-above-header-display":"","ast-hfb-below-header-display":"","ast-hfb-mobile-header-display":"","site-post-title":"disabled","ast-breadcrumbs-content":"","ast-featured-img":"disabled","footer-sml-layout":"","theme-transparent-header-meta":"default","adv-header-id-meta":"","stick-header-meta":"default","header-above-stick-meta":null,"header-main-stick-meta":"","header-below-stick-meta":null,"_glsr_average":0,"_glsr_ranking":0,"_glsr_reviews":0,"footnotes":""},"class_list":["post-1484","page","type-page","status-publish","hentry"],"yoast_head":"<!-- This site is optimized with the Yoast SEO plugin v27.5 - https:\/\/yoast.com\/product\/yoast-seo-wordpress\/ -->\n<title>Archivo Hist\u00f3rico Provincial (AHP) - CITMA PINAR DEL R\u00cdO<\/title>\n<meta name=\"robots\" content=\"index, follow, max-snippet:-1, max-image-preview:large, max-video-preview:-1\" \/>\n<link rel=\"canonical\" href=\"http:\/\/www.citmapri.gob.cu\/?page_id=1484\" \/>\n<meta property=\"og:locale\" content=\"es_ES\" \/>\n<meta property=\"og:type\" content=\"article\" \/>\n<meta property=\"og:title\" content=\"Archivo Hist\u00f3rico Provincial (AHP) - CITMA PINAR DEL R\u00cdO\" \/>\n<meta property=\"og:description\" content=\"Archivo Hist\u00f3rico Provincial (AHP) Datos de la Entidad Nombre: Archivo Hiat\u00f3rico Provincial (AHP)Domicilio Legal:&nbsp;Calle Mart\u00ed N\u00ba 152, esquina a Ram\u00f3n Gonz\u00e1lez Coro, Pinar del R\u00edo&nbsp; Fecha de Creada:&nbsp;Primero de Diciembre de&nbsp;1983&nbsp;dando cumplimiento a la ley 714 de&nbsp;1960 Anabel Cheda Ravelo Directora S\u00edntesis Archivo Hist\u00f3rico Provincial de Pinar del R\u00edo. Como Instituci\u00f3n desempe\u00f1a el encargo social &hellip; Archivo Hist\u00f3rico Provincial (AHP) Read More \u00bb\" \/>\n<meta property=\"og:url\" content=\"http:\/\/www.citmapri.gob.cu\/?page_id=1484\" \/>\n<meta property=\"og:site_name\" content=\"CITMA PINAR DEL R\u00cdO\" \/>\n<meta property=\"article:publisher\" content=\"https:\/\/www.facebook.com\/citmapr\" \/>\n<meta property=\"article:modified_time\" content=\"2020-06-04T20:01:30+00:00\" \/>\n<meta property=\"og:image\" content=\"http:\/\/www.citmapri.gob.cu\/wp-content\/uploads\/2020\/06\/Anabel-2.jpg\" \/>\n<meta name=\"twitter:card\" content=\"summary_large_image\" \/>\n<meta name=\"twitter:label1\" content=\"Tiempo de lectura\" \/>\n\t<meta name=\"twitter:data1\" content=\"1 minuto\" \/>\n<script type=\"application\/ld+json\" class=\"yoast-schema-graph\">{\"@context\":\"https:\\\/\\\/schema.org\",\"@graph\":[{\"@type\":\"WebPage\",\"@id\":\"http:\\\/\\\/www.citmapri.gob.cu\\\/?page_id=1484\",\"url\":\"http:\\\/\\\/www.citmapri.gob.cu\\\/?page_id=1484\",\"name\":\"Archivo Hist\u00f3rico Provincial (AHP) - CITMA PINAR DEL R\u00cdO\",\"isPartOf\":{\"@id\":\"http:\\\/\\\/www.citmapri.gob.cu\\\/#website\"},\"primaryImageOfPage\":{\"@id\":\"http:\\\/\\\/www.citmapri.gob.cu\\\/?page_id=1484#primaryimage\"},\"image\":{\"@id\":\"http:\\\/\\\/www.citmapri.gob.cu\\\/?page_id=1484#primaryimage\"},\"thumbnailUrl\":\"http:\\\/\\\/www.citmapri.gob.cu\\\/wp-content\\\/uploads\\\/2020\\\/06\\\/Anabel-2.jpg\",\"datePublished\":\"2020-06-02T20:56:34+00:00\",\"dateModified\":\"2020-06-04T20:01:30+00:00\",\"breadcrumb\":{\"@id\":\"http:\\\/\\\/www.citmapri.gob.cu\\\/?page_id=1484#breadcrumb\"},\"inLanguage\":\"es\",\"potentialAction\":[{\"@type\":\"ReadAction\",\"target\":[\"http:\\\/\\\/www.citmapri.gob.cu\\\/?page_id=1484\"]}]},{\"@type\":\"ImageObject\",\"inLanguage\":\"es\",\"@id\":\"http:\\\/\\\/www.citmapri.gob.cu\\\/?page_id=1484#primaryimage\",\"url\":\"http:\\\/\\\/www.citmapri.gob.cu\\\/wp-content\\\/uploads\\\/2020\\\/06\\\/Anabel-2.jpg\",\"contentUrl\":\"http:\\\/\\\/www.citmapri.gob.cu\\\/wp-content\\\/uploads\\\/2020\\\/06\\\/Anabel-2.jpg\",\"width\":568,\"height\":552},{\"@type\":\"BreadcrumbList\",\"@id\":\"http:\\\/\\\/www.citmapri.gob.cu\\\/?page_id=1484#breadcrumb\",\"itemListElement\":[{\"@type\":\"ListItem\",\"position\":1,\"name\":\"Portada\",\"item\":\"http:\\\/\\\/www.citmapri.gob.cu\\\/\"},{\"@type\":\"ListItem\",\"position\":2,\"name\":\"Archivo Hist\u00f3rico Provincial (AHP)\"}]},{\"@type\":\"WebSite\",\"@id\":\"http:\\\/\\\/www.citmapri.gob.cu\\\/#website\",\"url\":\"http:\\\/\\\/www.citmapri.gob.cu\\\/\",\"name\":\"CITMA PINAR DEL R\u00cdO\",\"description\":\"DELEGACI\u00d3N TERRITORIAL\",\"publisher\":{\"@id\":\"http:\\\/\\\/www.citmapri.gob.cu\\\/#organization\"},\"potentialAction\":[{\"@type\":\"SearchAction\",\"target\":{\"@type\":\"EntryPoint\",\"urlTemplate\":\"http:\\\/\\\/www.citmapri.gob.cu\\\/?s={search_term_string}\"},\"query-input\":{\"@type\":\"PropertyValueSpecification\",\"valueRequired\":true,\"valueName\":\"search_term_string\"}}],\"inLanguage\":\"es\"},{\"@type\":\"Organization\",\"@id\":\"http:\\\/\\\/www.citmapri.gob.cu\\\/#organization\",\"name\":\"CITMA PINAR DEL R\u00cdO\",\"url\":\"http:\\\/\\\/www.citmapri.gob.cu\\\/\",\"logo\":{\"@type\":\"ImageObject\",\"inLanguage\":\"es\",\"@id\":\"http:\\\/\\\/www.citmapri.gob.cu\\\/#\\\/schema\\\/logo\\\/image\\\/\",\"url\":\"http:\\\/\\\/www.citmapri.gob.cu\\\/wp-content\\\/uploads\\\/2019\\\/11\\\/citmapri-logo-cuba.png\",\"contentUrl\":\"http:\\\/\\\/www.citmapri.gob.cu\\\/wp-content\\\/uploads\\\/2019\\\/11\\\/citmapri-logo-cuba.png\",\"width\":233,\"height\":80,\"caption\":\"CITMA PINAR DEL R\u00cdO\"},\"image\":{\"@id\":\"http:\\\/\\\/www.citmapri.gob.cu\\\/#\\\/schema\\\/logo\\\/image\\\/\"},\"sameAs\":[\"https:\\\/\\\/www.facebook.com\\\/citmapr\"]}]}<\/script>\n<!-- \/ Yoast SEO plugin. -->","yoast_head_json":{"title":"Archivo Hist\u00f3rico Provincial (AHP) - CITMA PINAR DEL R\u00cdO","robots":{"index":"index","follow":"follow","max-snippet":"max-snippet:-1","max-image-preview":"max-image-preview:large","max-video-preview":"max-video-preview:-1"},"canonical":"http:\/\/www.citmapri.gob.cu\/?page_id=1484","og_locale":"es_ES","og_type":"article","og_title":"Archivo Hist\u00f3rico Provincial (AHP) - CITMA PINAR DEL R\u00cdO","og_description":"Archivo Hist\u00f3rico Provincial (AHP) Datos de la Entidad Nombre: Archivo Hiat\u00f3rico Provincial (AHP)Domicilio Legal:&nbsp;Calle Mart\u00ed N\u00ba 152, esquina a Ram\u00f3n Gonz\u00e1lez Coro, Pinar del R\u00edo&nbsp; Fecha de Creada:&nbsp;Primero de Diciembre de&nbsp;1983&nbsp;dando cumplimiento a la ley 714 de&nbsp;1960 Anabel Cheda Ravelo Directora S\u00edntesis Archivo Hist\u00f3rico Provincial de Pinar del R\u00edo. Como Instituci\u00f3n desempe\u00f1a el encargo social &hellip; Archivo Hist\u00f3rico Provincial (AHP) Read More \u00bb","og_url":"http:\/\/www.citmapri.gob.cu\/?page_id=1484","og_site_name":"CITMA PINAR DEL R\u00cdO","article_publisher":"https:\/\/www.facebook.com\/citmapr","article_modified_time":"2020-06-04T20:01:30+00:00","og_image":[{"url":"http:\/\/www.citmapri.gob.cu\/wp-content\/uploads\/2020\/06\/Anabel-2.jpg","type":"","width":"","height":""}],"twitter_card":"summary_large_image","twitter_misc":{"Tiempo de lectura":"1 minuto"},"schema":{"@context":"https:\/\/schema.org","@graph":[{"@type":"WebPage","@id":"http:\/\/www.citmapri.gob.cu\/?page_id=1484","url":"http:\/\/www.citmapri.gob.cu\/?page_id=1484","name":"Archivo Hist\u00f3rico Provincial (AHP) - CITMA PINAR DEL R\u00cdO","isPartOf":{"@id":"http:\/\/www.citmapri.gob.cu\/#website"},"primaryImageOfPage":{"@id":"http:\/\/www.citmapri.gob.cu\/?page_id=1484#primaryimage"},"image":{"@id":"http:\/\/www.citmapri.gob.cu\/?page_id=1484#primaryimage"},"thumbnailUrl":"http:\/\/www.citmapri.gob.cu\/wp-content\/uploads\/2020\/06\/Anabel-2.jpg","datePublished":"2020-06-02T20:56:34+00:00","dateModified":"2020-06-04T20:01:30+00:00","breadcrumb":{"@id":"http:\/\/www.citmapri.gob.cu\/?page_id=1484#breadcrumb"},"inLanguage":"es","potentialAction":[{"@type":"ReadAction","target":["http:\/\/www.citmapri.gob.cu\/?page_id=1484"]}]},{"@type":"ImageObject","inLanguage":"es","@id":"http:\/\/www.citmapri.gob.cu\/?page_id=1484#primaryimage","url":"http:\/\/www.citmapri.gob.cu\/wp-content\/uploads\/2020\/06\/Anabel-2.jpg","contentUrl":"http:\/\/www.citmapri.gob.cu\/wp-content\/uploads\/2020\/06\/Anabel-2.jpg","width":568,"height":552},{"@type":"BreadcrumbList","@id":"http:\/\/www.citmapri.gob.cu\/?page_id=1484#breadcrumb","itemListElement":[{"@type":"ListItem","position":1,"name":"Portada","item":"http:\/\/www.citmapri.gob.cu\/"},{"@type":"ListItem","position":2,"name":"Archivo Hist\u00f3rico Provincial (AHP)"}]},{"@type":"WebSite","@id":"http:\/\/www.citmapri.gob.cu\/#website","url":"http:\/\/www.citmapri.gob.cu\/","name":"CITMA PINAR DEL R\u00cdO","description":"DELEGACI\u00d3N TERRITORIAL","publisher":{"@id":"http:\/\/www.citmapri.gob.cu\/#organization"},"potentialAction":[{"@type":"SearchAction","target":{"@type":"EntryPoint","urlTemplate":"http:\/\/www.citmapri.gob.cu\/?s={search_term_string}"},"query-input":{"@type":"PropertyValueSpecification","valueRequired":true,"valueName":"search_term_string"}}],"inLanguage":"es"},{"@type":"Organization","@id":"http:\/\/www.citmapri.gob.cu\/#organization","name":"CITMA PINAR DEL R\u00cdO","url":"http:\/\/www.citmapri.gob.cu\/","logo":{"@type":"ImageObject","inLanguage":"es","@id":"http:\/\/www.citmapri.gob.cu\/#\/schema\/logo\/image\/","url":"http:\/\/www.citmapri.gob.cu\/wp-content\/uploads\/2019\/11\/citmapri-logo-cuba.png","contentUrl":"http:\/\/www.citmapri.gob.cu\/wp-content\/uploads\/2019\/11\/citmapri-logo-cuba.png","width":233,"height":80,"caption":"CITMA PINAR DEL R\u00cdO"},"image":{"@id":"http:\/\/www.citmapri.gob.cu\/#\/schema\/logo\/image\/"},"sameAs":["https:\/\/www.facebook.com\/citmapr"]}]}},"_links":{"self":[{"href":"http:\/\/www.citmapri.gob.cu\/index.php?rest_route=\/wp\/v2\/pages\/1484","targetHints":{"allow":["GET"]}}],"collection":[{"href":"http:\/\/www.citmapri.gob.cu\/index.php?rest_route=\/wp\/v2\/pages"}],"about":[{"href":"http:\/\/www.citmapri.gob.cu\/index.php?rest_route=\/wp\/v2\/types\/page"}],"author":[{"embeddable":true,"href":"http:\/\/www.citmapri.gob.cu\/index.php?rest_route=\/wp\/v2\/users\/1"}],"replies":[{"embeddable":true,"href":"http:\/\/www.citmapri.gob.cu\/index.php?rest_route=%2Fwp%2Fv2%2Fcomments&post=1484"}],"version-history":[{"count":0,"href":"http:\/\/www.citmapri.gob.cu\/index.php?rest_route=\/wp\/v2\/pages\/1484\/revisions"}],"wp:attachment":[{"href":"http:\/\/www.citmapri.gob.cu\/index.php?rest_route=%2Fwp%2Fv2%2Fmedia&parent=1484"}],"curies":[{"name":"wp","href":"https:\/\/api.w.org\/{rel}","templated":true}]}}