{"id":1474,"date":"2020-06-02T20:43:29","date_gmt":"2020-06-02T20:43:29","guid":{"rendered":"http:\/\/www.citmapri.gob.cu\/?page_id=1474"},"modified":"2023-01-21T14:55:15","modified_gmt":"2023-01-21T19:55:15","slug":"centro-de-investigaciones-y-servicios-ambientales-ecovida-2","status":"publish","type":"page","link":"http:\/\/www.citmapri.gob.cu\/?page_id=1474","title":{"rendered":"Centro de Investigaciones y Servicios Ambientales (ECOVIDA)"},"content":{"rendered":"\t\t<div data-elementor-type=\"wp-page\" data-elementor-id=\"1474\" class=\"elementor elementor-1474\" data-elementor-post-type=\"page\">\n\t\t\t\t\t\t<section class=\"elementor-section elementor-top-section elementor-element elementor-element-a9533fa elementor-section-boxed elementor-section-height-default elementor-section-height-default\" data-id=\"a9533fa\" data-element_type=\"section\" data-settings=\"{&quot;background_background&quot;:&quot;classic&quot;}\">\n\t\t\t\t\t\t\t<div class=\"elementor-background-overlay\"><\/div>\n\t\t\t\t\t\t\t<div class=\"elementor-container elementor-column-gap-default\">\n\t\t\t\t\t<div class=\"elementor-column elementor-col-100 elementor-top-column elementor-element elementor-element-9261929\" data-id=\"9261929\" data-element_type=\"column\" data-settings=\"{&quot;background_background&quot;:&quot;classic&quot;}\">\n\t\t\t<div class=\"elementor-widget-wrap elementor-element-populated\">\n\t\t\t\t\t\t<div class=\"elementor-element elementor-element-1388f05 elementor-widget elementor-widget-spacer\" data-id=\"1388f05\" data-element_type=\"widget\" data-widget_type=\"spacer.default\">\n\t\t\t\t<div class=\"elementor-widget-container\">\n\t\t\t\t\t\t\t<div class=\"elementor-spacer\">\n\t\t\t<div class=\"elementor-spacer-inner\"><\/div>\n\t\t<\/div>\n\t\t\t\t\t\t<\/div>\n\t\t\t\t<\/div>\n\t\t\t\t<div class=\"elementor-element elementor-element-3198196 elementor-widget elementor-widget-heading\" data-id=\"3198196\" data-element_type=\"widget\" data-widget_type=\"heading.default\">\n\t\t\t\t<div class=\"elementor-widget-container\">\n\t\t\t\t\t<h1 class=\"elementor-heading-title elementor-size-default\">Centro de Investigaciones y Servicios Ambientales (ECOVIDA)<\/h1>\t\t\t\t<\/div>\n\t\t\t\t<\/div>\n\t\t\t\t<div class=\"elementor-element elementor-element-db9fcdf elementor-widget elementor-widget-spacer\" data-id=\"db9fcdf\" data-element_type=\"widget\" data-widget_type=\"spacer.default\">\n\t\t\t\t<div class=\"elementor-widget-container\">\n\t\t\t\t\t\t\t<div class=\"elementor-spacer\">\n\t\t\t<div class=\"elementor-spacer-inner\"><\/div>\n\t\t<\/div>\n\t\t\t\t\t\t<\/div>\n\t\t\t\t<\/div>\n\t\t\t\t\t<\/div>\n\t\t<\/div>\n\t\t\t\t\t<\/div>\n\t\t<\/section>\n\t\t\t\t<section class=\"elementor-section elementor-top-section elementor-element elementor-element-fbddf2d elementor-section-content-bottom elementor-section-boxed elementor-section-height-default elementor-section-height-default\" data-id=\"fbddf2d\" data-element_type=\"section\">\n\t\t\t\t\t\t<div class=\"elementor-container elementor-column-gap-default\">\n\t\t\t\t\t<div class=\"elementor-column elementor-col-50 elementor-top-column elementor-element elementor-element-6716529\" data-id=\"6716529\" data-element_type=\"column\">\n\t\t\t<div class=\"elementor-widget-wrap elementor-element-populated\">\n\t\t\t\t\t\t<div class=\"elementor-element elementor-element-5dd7478 elementor-widget elementor-widget-heading\" data-id=\"5dd7478\" data-element_type=\"widget\" data-widget_type=\"heading.default\">\n\t\t\t\t<div class=\"elementor-widget-container\">\n\t\t\t\t\t<h2 class=\"elementor-heading-title elementor-size-default\">Datos de ECOVIDA<\/h2>\t\t\t\t<\/div>\n\t\t\t\t<\/div>\n\t\t\t\t<div class=\"elementor-element elementor-element-868b017 elementor-widget elementor-widget-text-editor\" data-id=\"868b017\" data-element_type=\"widget\" data-widget_type=\"text-editor.default\">\n\t\t\t\t<div class=\"elementor-widget-container\">\n\t\t\t\t\t\t\t\t\t<p><strong>Nombre<\/strong>:\u00a0<a href=\"http:\/\/www.ecovida.cu\"><span style=\"color: #222222; font-family: Verdana, Geneva, sans-serif; font-size: 15px; font-style: normal; font-weight: 400;\">Centro de Investigaciones y Servicios Ambientales<\/span><\/a><br \/><strong>Domicilio Legal<\/strong>:\u00a0<span style=\"color: #222222; font-family: Verdana, Geneva, sans-serif; font-size: 15px; font-style: normal; font-weight: 400;\">Km 2,5 de la carretera Luis Lazo<\/span>, Pinar del R\u00edo<\/p><p><strong>Fecha de Creada:<\/strong>\u00a0<span style=\"color: #222222; font-family: Verdana, Geneva, sans-serif; font-size: 15px; font-style: normal; font-weight: 400;\">15 de diciembre de 1999<\/span><span style=\"font-style: normal; color: #222222; font-family: Verdana, Geneva, sans-serif; font-size: 15px; font-weight: 400;\">\u00a0mediante la Resoluci\u00f3n 105\/99 emitida por la Dra. Rosa Elena Sime\u00f3n Negr\u00edn, Ministra del\u00a0<\/span><span style=\"font-size: 16px;\">\u00a0Ministerio de Ciencia Tecnolog\u00eda y Medio Ambiente (CITMA).<\/span><\/p>\t\t\t\t\t\t\t\t<\/div>\n\t\t\t\t<\/div>\n\t\t\t\t\t<\/div>\n\t\t<\/div>\n\t\t\t\t<div class=\"elementor-column elementor-col-50 elementor-top-column elementor-element elementor-element-82c5f6b\" data-id=\"82c5f6b\" data-element_type=\"column\">\n\t\t\t<div class=\"elementor-widget-wrap elementor-element-populated\">\n\t\t\t\t\t\t<div class=\"elementor-element elementor-element-6de82cd elementor-widget elementor-widget-image\" data-id=\"6de82cd\" data-element_type=\"widget\" data-widget_type=\"image.default\">\n\t\t\t\t<div class=\"elementor-widget-container\">\n\t\t\t\t\t\t\t\t\t\t\t\t\t\t\t<img fetchpriority=\"high\" decoding=\"async\" width=\"300\" height=\"350\" src=\"http:\/\/www.citmapri.gob.cu\/wp-content\/uploads\/2020\/03\/Silueta-de-hombre.jpg\" class=\"attachment-full size-full wp-image-1356\" alt=\"\" srcset=\"http:\/\/www.citmapri.gob.cu\/wp-content\/uploads\/2020\/03\/Silueta-de-hombre.jpg 300w, http:\/\/www.citmapri.gob.cu\/wp-content\/uploads\/2020\/03\/Silueta-de-hombre-257x300.jpg 257w\" sizes=\"(max-width: 300px) 100vw, 300px\" \/>\t\t\t\t\t\t\t\t\t\t\t\t\t\t\t<\/div>\n\t\t\t\t<\/div>\n\t\t\t\t<div class=\"elementor-element elementor-element-afbe909 elementor-widget elementor-widget-heading\" data-id=\"afbe909\" data-element_type=\"widget\" data-widget_type=\"heading.default\">\n\t\t\t\t<div class=\"elementor-widget-container\">\n\t\t\t\t\t<h2 class=\"elementor-heading-title elementor-size-default\">Yoel Mart\u00ednez Maquiera<br>Director<\/h2>\t\t\t\t<\/div>\n\t\t\t\t<\/div>\n\t\t\t\t\t<\/div>\n\t\t<\/div>\n\t\t\t\t\t<\/div>\n\t\t<\/section>\n\t\t\t\t<section class=\"elementor-section elementor-top-section elementor-element elementor-element-b44bf9f elementor-section-boxed elementor-section-height-default elementor-section-height-default\" data-id=\"b44bf9f\" data-element_type=\"section\" data-settings=\"{&quot;background_background&quot;:&quot;classic&quot;}\">\n\t\t\t\t\t\t<div class=\"elementor-container elementor-column-gap-default\">\n\t\t\t\t\t<div class=\"elementor-column elementor-col-100 elementor-top-column elementor-element elementor-element-6b72349\" data-id=\"6b72349\" data-element_type=\"column\">\n\t\t\t<div class=\"elementor-widget-wrap elementor-element-populated\">\n\t\t\t\t\t\t<section class=\"elementor-section elementor-inner-section elementor-element elementor-element-4ba607e elementor-section-boxed elementor-section-height-default elementor-section-height-default\" data-id=\"4ba607e\" data-element_type=\"section\" data-settings=\"{&quot;background_background&quot;:&quot;classic&quot;}\">\n\t\t\t\t\t\t<div class=\"elementor-container elementor-column-gap-default\">\n\t\t\t\t\t<div class=\"elementor-column elementor-col-100 elementor-inner-column elementor-element elementor-element-c00fd0b\" data-id=\"c00fd0b\" data-element_type=\"column\">\n\t\t\t<div class=\"elementor-widget-wrap elementor-element-populated\">\n\t\t\t\t\t\t<div class=\"elementor-element elementor-element-a928b04 elementor-widget elementor-widget-heading\" data-id=\"a928b04\" data-element_type=\"widget\" data-widget_type=\"heading.default\">\n\t\t\t\t<div class=\"elementor-widget-container\">\n\t\t\t\t\t<h2 class=\"elementor-heading-title elementor-size-default\">S\u00edntesis<\/h2>\t\t\t\t<\/div>\n\t\t\t\t<\/div>\n\t\t\t\t<div class=\"elementor-element elementor-element-01bb34d elementor-widget elementor-widget-text-editor\" data-id=\"01bb34d\" data-element_type=\"widget\" data-widget_type=\"text-editor.default\">\n\t\t\t\t<div class=\"elementor-widget-container\">\n\t\t\t\t\t\t\t\t\t<p>En el a\u00f1o 1998 bajo la idea del Doctor Jos\u00e9 Antonio D\u00edaz Duque, Delegado del CITMA en Pinar del Rio, se propone al Ministerio de Ciencia Tecnolog\u00eda y Medio Ambiente la creaci\u00f3n de un Centro de Investigaciones y Servicios Ambientales, a partir de la uni\u00f3n de algunos especialistas que trabajaban en la Unidad de Medio Ambiente del territorio.<\/p>\n<p>La idea de&nbsp;<strong>ECOVIDA<\/strong>&nbsp;fue propuesta por el propio D\u00edaz Duque, representando algo as\u00ed como \u201cecolog\u00eda de la vida\u201d o \u201cvida ecol\u00f3gica\u201d.<\/p>\n<h3 style=\"font-family: Roboto, sans-serif; color: #111111; margin-top: 27px; margin-bottom: 17px; font-size: 22px; line-height: 30px; font-style: normal; text-transform: none; background-color: #ffffff;\">Bajo la jurisdicci\u00f3n de&nbsp;<strong>ECOVIDA<\/strong>&nbsp;se encuentran las siguientes \u00e1reas:<\/h3>\n<ol style=\"margin-bottom: 26px; color: #222222; font-family: Verdana, Geneva, sans-serif; font-size: 15px; font-style: normal; font-weight: 400; background-color: #ffffff;\">\n<li style=\"line-height: 1.74; margin-left: 21px; font-size: 15px;\">Museo de Historia Natural \u201cTranquilino Sandalio de Noda\u201d (municipio y provincia Pinar del R\u00edo).<\/li>\n<li style=\"line-height: 1.74; margin-left: 21px; font-size: 15px;\">Jard\u00edn Bot\u00e1nico de Pinar del R\u00edo (municipio y provincia Pinar del R\u00edo).<\/li>\n<li style=\"line-height: 1.74; margin-left: 21px; font-size: 15px;\">Estaci\u00f3n Ecol\u00f3gica Sierra del Rosario (municipio Candelaria, provincia Artemisa).<\/li>\n<li style=\"line-height: 1.74; margin-left: 21px; font-size: 15px;\">Nacional Guanahacabibes (municipio Sandino, provincia Pinar del R\u00edo).<\/li>\n<li style=\"line-height: 1.74; margin-left: 21px; font-size: 15px;\">Parque Nacional Vi\u00f1ales (municipio Vi\u00f1ales, provincia Pinar del R\u00edo).<\/li>\n<li style=\"line-height: 1.74; margin-left: 21px; font-size: 15px;\">Estaci\u00f3n de Monitoreo y An\u00e1lisis Ambiental de Sandino (municipio Sandino, provincia Pinar del R\u00edo).<\/li><li style=\"line-height: 1.74; margin-left: 21px; font-size: 15px;\">\u00d3rgano de Monta\u00f1a<\/li>\n<\/ol>\n<h3 style=\"font-family: Roboto, sans-serif; color: #111111; margin-top: 27px; margin-bottom: 17px; font-size: 22px; line-height: 30px; font-style: normal; text-transform: none; background-color: #ffffff;\">Objeto Social<\/h3>\n<p style=\"font-family: Verdana, Geneva, sans-serif; font-size: 15px; line-height: 1.74; margin-bottom: 26px; color: #222222; font-style: normal; font-weight: 400; background-color: #ffffff;\">El Centro de Investigaciones y Servicios Ambientales&nbsp;<strong>ECOVIDA<\/strong>&nbsp;constituye una Unidad Presupuestada con tratamiento diferenciado creada para:<\/p>\n<ul style=\"margin-bottom: 26px; color: #222222; font-family: Verdana, Geneva, sans-serif; font-size: 15px; font-style: normal; font-weight: 400; background-color: #ffffff;\">\n<li style=\"line-height: 1.74; margin-left: 21px; font-size: 15px;\">Brindar servicios cient\u00edfico-t\u00e9cnicos ambientales que demanden la gesti\u00f3n del desarrollo sostenible del territorio, as\u00ed como de gu\u00edas para la orientaci\u00f3n especializada con fines cient\u00edficos y recreativos dentro de las \u00e1reas que atiende el centro.<\/li>\n<li style=\"line-height: 1.74; margin-left: 21px; font-size: 15px;\">Ejecutar proyectos del sistema nacional de ciencia e innovaci\u00f3n tecnol\u00f3gica, as\u00ed como aquellos que se deriven de la colaboraci\u00f3n internacional en tem\u00e1ticas ambientales.<\/li>\n<\/ul>\t\t\t\t\t\t\t\t<\/div>\n\t\t\t\t<\/div>\n\t\t\t\t\t<\/div>\n\t\t<\/div>\n\t\t\t\t\t<\/div>\n\t\t<\/section>\n\t\t\t\t\t<\/div>\n\t\t<\/div>\n\t\t\t\t\t<\/div>\n\t\t<\/section>\n\t\t\t\t<section class=\"elementor-section elementor-top-section elementor-element elementor-element-349e324 elementor-section-boxed elementor-section-height-default elementor-section-height-default\" data-id=\"349e324\" data-element_type=\"section\" data-settings=\"{&quot;background_background&quot;:&quot;classic&quot;}\">\n\t\t\t\t\t\t<div class=\"elementor-container elementor-column-gap-default\">\n\t\t\t\t\t<div class=\"elementor-column elementor-col-100 elementor-top-column elementor-element elementor-element-defc2cd\" data-id=\"defc2cd\" data-element_type=\"column\">\n\t\t\t<div class=\"elementor-widget-wrap\">\n\t\t\t\t\t\t\t<\/div>\n\t\t<\/div>\n\t\t\t\t\t<\/div>\n\t\t<\/section>\n\t\t\t\t<\/div>\n\t\t","protected":false},"excerpt":{"rendered":"<p>Centro de Investigaciones y Servicios Ambientales (ECOVIDA) Datos de ECOVIDA Nombre:\u00a0Centro de Investigaciones y Servicios AmbientalesDomicilio Legal:\u00a0Km 2,5 de la carretera Luis Lazo, Pinar del R\u00edo Fecha de Creada:\u00a015 de diciembre de 1999\u00a0mediante la Resoluci\u00f3n 105\/99 emitida por la Dra. Rosa Elena Sime\u00f3n Negr\u00edn, Ministra del\u00a0\u00a0Ministerio de Ciencia Tecnolog\u00eda y Medio Ambiente (CITMA). Yoel Mart\u00ednez &hellip;<\/p>\n<p class=\"read-more\"> <a class=\"\" href=\"http:\/\/www.citmapri.gob.cu\/?page_id=1474\"> <span class=\"screen-reader-text\">Centro de Investigaciones y Servicios Ambientales (ECOVIDA)<\/span> Read More \u00bb<\/a><\/p>\n","protected":false},"author":1,"featured_media":0,"parent":0,"menu_order":0,"comment_status":"closed","ping_status":"closed","template":"","meta":{"site-sidebar-layout":"no-sidebar","site-content-layout":"page-builder","ast-global-header-display":"","ast-main-header-display":"","ast-hfb-above-header-display":"","ast-hfb-below-header-display":"","ast-hfb-mobile-header-display":"","site-post-title":"disabled","ast-breadcrumbs-content":"","ast-featured-img":"disabled","footer-sml-layout":"","theme-transparent-header-meta":"default","adv-header-id-meta":"","stick-header-meta":"default","header-above-stick-meta":null,"header-main-stick-meta":"","header-below-stick-meta":null,"_glsr_average":0,"_glsr_ranking":0,"_glsr_reviews":0,"footnotes":""},"class_list":["post-1474","page","type-page","status-publish","hentry"],"yoast_head":"<!-- This site is optimized with the Yoast SEO plugin v27.5 - https:\/\/yoast.com\/product\/yoast-seo-wordpress\/ -->\n<title>Centro de Investigaciones y Servicios Ambientales (ECOVIDA) - CITMA PINAR DEL R\u00cdO<\/title>\n<meta name=\"robots\" content=\"index, follow, max-snippet:-1, max-image-preview:large, max-video-preview:-1\" \/>\n<link rel=\"canonical\" href=\"http:\/\/www.citmapri.gob.cu\/?page_id=1474\" \/>\n<meta property=\"og:locale\" content=\"es_ES\" \/>\n<meta property=\"og:type\" content=\"article\" \/>\n<meta property=\"og:title\" content=\"Centro de Investigaciones y Servicios Ambientales (ECOVIDA) - CITMA PINAR DEL R\u00cdO\" \/>\n<meta property=\"og:description\" content=\"Centro de Investigaciones y Servicios Ambientales (ECOVIDA) Datos de ECOVIDA Nombre:\u00a0Centro de Investigaciones y Servicios AmbientalesDomicilio Legal:\u00a0Km 2,5 de la carretera Luis Lazo, Pinar del R\u00edo Fecha de Creada:\u00a015 de diciembre de 1999\u00a0mediante la Resoluci\u00f3n 105\/99 emitida por la Dra. Rosa Elena Sime\u00f3n Negr\u00edn, Ministra del\u00a0\u00a0Ministerio de Ciencia Tecnolog\u00eda y Medio Ambiente (CITMA). Yoel Mart\u00ednez &hellip; Centro de Investigaciones y Servicios Ambientales (ECOVIDA) Read More \u00bb\" \/>\n<meta property=\"og:url\" content=\"http:\/\/www.citmapri.gob.cu\/?page_id=1474\" \/>\n<meta property=\"og:site_name\" content=\"CITMA PINAR DEL R\u00cdO\" \/>\n<meta property=\"article:publisher\" content=\"https:\/\/www.facebook.com\/citmapr\" \/>\n<meta property=\"article:modified_time\" content=\"2023-01-21T19:55:15+00:00\" \/>\n<meta property=\"og:image\" content=\"http:\/\/www.citmapri.gob.cu\/wp-content\/uploads\/2020\/03\/Silueta-de-hombre.jpg\" \/>\n<meta name=\"twitter:card\" content=\"summary_large_image\" \/>\n<meta name=\"twitter:label1\" content=\"Tiempo de lectura\" \/>\n\t<meta name=\"twitter:data1\" content=\"2 minutos\" \/>\n<script type=\"application\/ld+json\" class=\"yoast-schema-graph\">{\"@context\":\"https:\\\/\\\/schema.org\",\"@graph\":[{\"@type\":\"WebPage\",\"@id\":\"http:\\\/\\\/www.citmapri.gob.cu\\\/?page_id=1474\",\"url\":\"http:\\\/\\\/www.citmapri.gob.cu\\\/?page_id=1474\",\"name\":\"Centro de Investigaciones y Servicios Ambientales (ECOVIDA) - CITMA PINAR DEL R\u00cdO\",\"isPartOf\":{\"@id\":\"http:\\\/\\\/www.citmapri.gob.cu\\\/#website\"},\"primaryImageOfPage\":{\"@id\":\"http:\\\/\\\/www.citmapri.gob.cu\\\/?page_id=1474#primaryimage\"},\"image\":{\"@id\":\"http:\\\/\\\/www.citmapri.gob.cu\\\/?page_id=1474#primaryimage\"},\"thumbnailUrl\":\"http:\\\/\\\/www.citmapri.gob.cu\\\/wp-content\\\/uploads\\\/2020\\\/03\\\/Silueta-de-hombre.jpg\",\"datePublished\":\"2020-06-02T20:43:29+00:00\",\"dateModified\":\"2023-01-21T19:55:15+00:00\",\"breadcrumb\":{\"@id\":\"http:\\\/\\\/www.citmapri.gob.cu\\\/?page_id=1474#breadcrumb\"},\"inLanguage\":\"es\",\"potentialAction\":[{\"@type\":\"ReadAction\",\"target\":[\"http:\\\/\\\/www.citmapri.gob.cu\\\/?page_id=1474\"]}]},{\"@type\":\"ImageObject\",\"inLanguage\":\"es\",\"@id\":\"http:\\\/\\\/www.citmapri.gob.cu\\\/?page_id=1474#primaryimage\",\"url\":\"http:\\\/\\\/www.citmapri.gob.cu\\\/wp-content\\\/uploads\\\/2020\\\/03\\\/Silueta-de-hombre.jpg\",\"contentUrl\":\"http:\\\/\\\/www.citmapri.gob.cu\\\/wp-content\\\/uploads\\\/2020\\\/03\\\/Silueta-de-hombre.jpg\",\"width\":300,\"height\":350},{\"@type\":\"BreadcrumbList\",\"@id\":\"http:\\\/\\\/www.citmapri.gob.cu\\\/?page_id=1474#breadcrumb\",\"itemListElement\":[{\"@type\":\"ListItem\",\"position\":1,\"name\":\"Portada\",\"item\":\"http:\\\/\\\/www.citmapri.gob.cu\\\/\"},{\"@type\":\"ListItem\",\"position\":2,\"name\":\"Centro de Investigaciones y Servicios Ambientales (ECOVIDA)\"}]},{\"@type\":\"WebSite\",\"@id\":\"http:\\\/\\\/www.citmapri.gob.cu\\\/#website\",\"url\":\"http:\\\/\\\/www.citmapri.gob.cu\\\/\",\"name\":\"CITMA PINAR DEL R\u00cdO\",\"description\":\"DELEGACI\u00d3N TERRITORIAL\",\"publisher\":{\"@id\":\"http:\\\/\\\/www.citmapri.gob.cu\\\/#organization\"},\"potentialAction\":[{\"@type\":\"SearchAction\",\"target\":{\"@type\":\"EntryPoint\",\"urlTemplate\":\"http:\\\/\\\/www.citmapri.gob.cu\\\/?s={search_term_string}\"},\"query-input\":{\"@type\":\"PropertyValueSpecification\",\"valueRequired\":true,\"valueName\":\"search_term_string\"}}],\"inLanguage\":\"es\"},{\"@type\":\"Organization\",\"@id\":\"http:\\\/\\\/www.citmapri.gob.cu\\\/#organization\",\"name\":\"CITMA PINAR DEL R\u00cdO\",\"url\":\"http:\\\/\\\/www.citmapri.gob.cu\\\/\",\"logo\":{\"@type\":\"ImageObject\",\"inLanguage\":\"es\",\"@id\":\"http:\\\/\\\/www.citmapri.gob.cu\\\/#\\\/schema\\\/logo\\\/image\\\/\",\"url\":\"http:\\\/\\\/www.citmapri.gob.cu\\\/wp-content\\\/uploads\\\/2019\\\/11\\\/citmapri-logo-cuba.png\",\"contentUrl\":\"http:\\\/\\\/www.citmapri.gob.cu\\\/wp-content\\\/uploads\\\/2019\\\/11\\\/citmapri-logo-cuba.png\",\"width\":233,\"height\":80,\"caption\":\"CITMA PINAR DEL R\u00cdO\"},\"image\":{\"@id\":\"http:\\\/\\\/www.citmapri.gob.cu\\\/#\\\/schema\\\/logo\\\/image\\\/\"},\"sameAs\":[\"https:\\\/\\\/www.facebook.com\\\/citmapr\"]}]}<\/script>\n<!-- \/ Yoast SEO plugin. -->","yoast_head_json":{"title":"Centro de Investigaciones y Servicios Ambientales (ECOVIDA) - CITMA PINAR DEL R\u00cdO","robots":{"index":"index","follow":"follow","max-snippet":"max-snippet:-1","max-image-preview":"max-image-preview:large","max-video-preview":"max-video-preview:-1"},"canonical":"http:\/\/www.citmapri.gob.cu\/?page_id=1474","og_locale":"es_ES","og_type":"article","og_title":"Centro de Investigaciones y Servicios Ambientales (ECOVIDA) - CITMA PINAR DEL R\u00cdO","og_description":"Centro de Investigaciones y Servicios Ambientales (ECOVIDA) Datos de ECOVIDA Nombre:\u00a0Centro de Investigaciones y Servicios AmbientalesDomicilio Legal:\u00a0Km 2,5 de la carretera Luis Lazo, Pinar del R\u00edo Fecha de Creada:\u00a015 de diciembre de 1999\u00a0mediante la Resoluci\u00f3n 105\/99 emitida por la Dra. Rosa Elena Sime\u00f3n Negr\u00edn, Ministra del\u00a0\u00a0Ministerio de Ciencia Tecnolog\u00eda y Medio Ambiente (CITMA). Yoel Mart\u00ednez &hellip; Centro de Investigaciones y Servicios Ambientales (ECOVIDA) Read More \u00bb","og_url":"http:\/\/www.citmapri.gob.cu\/?page_id=1474","og_site_name":"CITMA PINAR DEL R\u00cdO","article_publisher":"https:\/\/www.facebook.com\/citmapr","article_modified_time":"2023-01-21T19:55:15+00:00","og_image":[{"url":"http:\/\/www.citmapri.gob.cu\/wp-content\/uploads\/2020\/03\/Silueta-de-hombre.jpg","type":"","width":"","height":""}],"twitter_card":"summary_large_image","twitter_misc":{"Tiempo de lectura":"2 minutos"},"schema":{"@context":"https:\/\/schema.org","@graph":[{"@type":"WebPage","@id":"http:\/\/www.citmapri.gob.cu\/?page_id=1474","url":"http:\/\/www.citmapri.gob.cu\/?page_id=1474","name":"Centro de Investigaciones y Servicios Ambientales (ECOVIDA) - CITMA PINAR DEL R\u00cdO","isPartOf":{"@id":"http:\/\/www.citmapri.gob.cu\/#website"},"primaryImageOfPage":{"@id":"http:\/\/www.citmapri.gob.cu\/?page_id=1474#primaryimage"},"image":{"@id":"http:\/\/www.citmapri.gob.cu\/?page_id=1474#primaryimage"},"thumbnailUrl":"http:\/\/www.citmapri.gob.cu\/wp-content\/uploads\/2020\/03\/Silueta-de-hombre.jpg","datePublished":"2020-06-02T20:43:29+00:00","dateModified":"2023-01-21T19:55:15+00:00","breadcrumb":{"@id":"http:\/\/www.citmapri.gob.cu\/?page_id=1474#breadcrumb"},"inLanguage":"es","potentialAction":[{"@type":"ReadAction","target":["http:\/\/www.citmapri.gob.cu\/?page_id=1474"]}]},{"@type":"ImageObject","inLanguage":"es","@id":"http:\/\/www.citmapri.gob.cu\/?page_id=1474#primaryimage","url":"http:\/\/www.citmapri.gob.cu\/wp-content\/uploads\/2020\/03\/Silueta-de-hombre.jpg","contentUrl":"http:\/\/www.citmapri.gob.cu\/wp-content\/uploads\/2020\/03\/Silueta-de-hombre.jpg","width":300,"height":350},{"@type":"BreadcrumbList","@id":"http:\/\/www.citmapri.gob.cu\/?page_id=1474#breadcrumb","itemListElement":[{"@type":"ListItem","position":1,"name":"Portada","item":"http:\/\/www.citmapri.gob.cu\/"},{"@type":"ListItem","position":2,"name":"Centro de Investigaciones y Servicios Ambientales (ECOVIDA)"}]},{"@type":"WebSite","@id":"http:\/\/www.citmapri.gob.cu\/#website","url":"http:\/\/www.citmapri.gob.cu\/","name":"CITMA PINAR DEL R\u00cdO","description":"DELEGACI\u00d3N TERRITORIAL","publisher":{"@id":"http:\/\/www.citmapri.gob.cu\/#organization"},"potentialAction":[{"@type":"SearchAction","target":{"@type":"EntryPoint","urlTemplate":"http:\/\/www.citmapri.gob.cu\/?s={search_term_string}"},"query-input":{"@type":"PropertyValueSpecification","valueRequired":true,"valueName":"search_term_string"}}],"inLanguage":"es"},{"@type":"Organization","@id":"http:\/\/www.citmapri.gob.cu\/#organization","name":"CITMA PINAR DEL R\u00cdO","url":"http:\/\/www.citmapri.gob.cu\/","logo":{"@type":"ImageObject","inLanguage":"es","@id":"http:\/\/www.citmapri.gob.cu\/#\/schema\/logo\/image\/","url":"http:\/\/www.citmapri.gob.cu\/wp-content\/uploads\/2019\/11\/citmapri-logo-cuba.png","contentUrl":"http:\/\/www.citmapri.gob.cu\/wp-content\/uploads\/2019\/11\/citmapri-logo-cuba.png","width":233,"height":80,"caption":"CITMA PINAR DEL R\u00cdO"},"image":{"@id":"http:\/\/www.citmapri.gob.cu\/#\/schema\/logo\/image\/"},"sameAs":["https:\/\/www.facebook.com\/citmapr"]}]}},"_links":{"self":[{"href":"http:\/\/www.citmapri.gob.cu\/index.php?rest_route=\/wp\/v2\/pages\/1474","targetHints":{"allow":["GET"]}}],"collection":[{"href":"http:\/\/www.citmapri.gob.cu\/index.php?rest_route=\/wp\/v2\/pages"}],"about":[{"href":"http:\/\/www.citmapri.gob.cu\/index.php?rest_route=\/wp\/v2\/types\/page"}],"author":[{"embeddable":true,"href":"http:\/\/www.citmapri.gob.cu\/index.php?rest_route=\/wp\/v2\/users\/1"}],"replies":[{"embeddable":true,"href":"http:\/\/www.citmapri.gob.cu\/index.php?rest_route=%2Fwp%2Fv2%2Fcomments&post=1474"}],"version-history":[{"count":0,"href":"http:\/\/www.citmapri.gob.cu\/index.php?rest_route=\/wp\/v2\/pages\/1474\/revisions"}],"wp:attachment":[{"href":"http:\/\/www.citmapri.gob.cu\/index.php?rest_route=%2Fwp%2Fv2%2Fmedia&parent=1474"}],"curies":[{"name":"wp","href":"https:\/\/api.w.org\/{rel}","templated":true}]}}