{"id":1414,"date":"2020-06-02T18:14:52","date_gmt":"2020-06-02T18:14:52","guid":{"rendered":"http:\/\/www.citmapri.gob.cu\/?page_id=1414"},"modified":"2020-06-12T13:34:51","modified_gmt":"2020-06-12T13:34:51","slug":"galeria","status":"publish","type":"page","link":"http:\/\/www.citmapri.gob.cu\/?page_id=1414","title":{"rendered":"Galer\u00eda"},"content":{"rendered":"\t\t<div data-elementor-type=\"wp-page\" data-elementor-id=\"1414\" class=\"elementor elementor-1414\" data-elementor-post-type=\"page\">\n\t\t\t\t\t\t<section class=\"elementor-section elementor-top-section elementor-element elementor-element-1a01bcf elementor-section-boxed elementor-section-height-default elementor-section-height-default\" data-id=\"1a01bcf\" data-element_type=\"section\" data-settings=\"{&quot;background_background&quot;:&quot;classic&quot;}\">\n\t\t\t\t\t\t\t<div class=\"elementor-background-overlay\"><\/div>\n\t\t\t\t\t\t\t<div class=\"elementor-container elementor-column-gap-default\">\n\t\t\t\t\t<div class=\"elementor-column elementor-col-100 elementor-top-column elementor-element elementor-element-fe7f889\" data-id=\"fe7f889\" data-element_type=\"column\" data-settings=\"{&quot;background_background&quot;:&quot;classic&quot;}\">\n\t\t\t<div class=\"elementor-widget-wrap elementor-element-populated\">\n\t\t\t\t\t\t<div class=\"elementor-element elementor-element-9e7404f elementor-widget elementor-widget-spacer\" data-id=\"9e7404f\" data-element_type=\"widget\" data-widget_type=\"spacer.default\">\n\t\t\t\t<div class=\"elementor-widget-container\">\n\t\t\t\t\t\t\t<div class=\"elementor-spacer\">\n\t\t\t<div class=\"elementor-spacer-inner\"><\/div>\n\t\t<\/div>\n\t\t\t\t\t\t<\/div>\n\t\t\t\t<\/div>\n\t\t\t\t<div class=\"elementor-element elementor-element-f179db2 elementor-widget elementor-widget-heading\" data-id=\"f179db2\" data-element_type=\"widget\" data-widget_type=\"heading.default\">\n\t\t\t\t<div class=\"elementor-widget-container\">\n\t\t\t\t\t<h1 class=\"elementor-heading-title elementor-size-default\">Galer\u00eda<\/h1>\t\t\t\t<\/div>\n\t\t\t\t<\/div>\n\t\t\t\t<div class=\"elementor-element elementor-element-9b4cede elementor-widget elementor-widget-spacer\" data-id=\"9b4cede\" data-element_type=\"widget\" data-widget_type=\"spacer.default\">\n\t\t\t\t<div class=\"elementor-widget-container\">\n\t\t\t\t\t\t\t<div class=\"elementor-spacer\">\n\t\t\t<div class=\"elementor-spacer-inner\"><\/div>\n\t\t<\/div>\n\t\t\t\t\t\t<\/div>\n\t\t\t\t<\/div>\n\t\t\t\t\t<\/div>\n\t\t<\/div>\n\t\t\t\t\t<\/div>\n\t\t<\/section>\n\t\t\t\t<section class=\"elementor-section elementor-top-section elementor-element elementor-element-f98cc12 elementor-section-boxed elementor-section-height-default elementor-section-height-default\" data-id=\"f98cc12\" data-element_type=\"section\">\n\t\t\t\t\t\t<div class=\"elementor-container elementor-column-gap-default\">\n\t\t\t\t\t<div class=\"elementor-column elementor-col-100 elementor-top-column elementor-element elementor-element-2138268\" data-id=\"2138268\" data-element_type=\"column\">\n\t\t\t<div class=\"elementor-widget-wrap elementor-element-populated\">\n\t\t\t\t\t\t<div class=\"elementor-element elementor-element-6de5456 elementor-widget__width-auto elementor-widget elementor-widget-image-gallery\" data-id=\"6de5456\" data-element_type=\"widget\" data-widget_type=\"image-gallery.default\">\n\t\t\t\t<div class=\"elementor-widget-container\">\n\t\t\t\t\t\t\t<div class=\"elementor-image-gallery\">\n\t\t\t<div id='gallery-1' class='gallery galleryid-1414 gallery-columns-4 gallery-size-medium'><figure class='gallery-item'>\n\t\t\t<div class='gallery-icon landscape'>\n\t\t\t\t<a data-elementor-open-lightbox=\"yes\" data-elementor-lightbox-slideshow=\"6de5456\" data-elementor-lightbox-title=\"Cayos San Felipe, Guanahacabibes\" data-e-action-hash=\"#elementor-action%3Aaction%3Dlightbox%26settings%3DeyJpZCI6MTYwMywidXJsIjoiaHR0cDpcL1wvd3d3LmNpdG1hcHJpLmdvYi5jdVwvd3AtY29udGVudFwvdXBsb2Fkc1wvMjAyMFwvMDZcL2NheW9zLWRlLXNhbi1mZWxpcGUuMzczNS03NXg2MC0wMDAwMDAuanBnIiwic2xpZGVzaG93IjoiNmRlNTQ1NiJ9\" href='http:\/\/www.citmapri.gob.cu\/wp-content\/uploads\/2020\/06\/cayos-de-san-felipe.3735-75x60-000000.jpg'><img fetchpriority=\"high\" decoding=\"async\" width=\"300\" height=\"225\" src=\"http:\/\/www.citmapri.gob.cu\/wp-content\/uploads\/2020\/06\/cayos-de-san-felipe.3735-75x60-000000-300x225.jpg\" class=\"attachment-medium size-medium\" alt=\"\" aria-describedby=\"gallery-1-1603\" srcset=\"http:\/\/www.citmapri.gob.cu\/wp-content\/uploads\/2020\/06\/cayos-de-san-felipe.3735-75x60-000000-300x225.jpg 300w, http:\/\/www.citmapri.gob.cu\/wp-content\/uploads\/2020\/06\/cayos-de-san-felipe.3735-75x60-000000.jpg 543w\" sizes=\"(max-width: 300px) 100vw, 300px\" \/><\/a>\n\t\t\t<\/div>\n\t\t\t\t<figcaption class='wp-caption-text gallery-caption' id='gallery-1-1603'>\n\t\t\t\tCayos San Felipe\nGuanahacabibes\n\t\t\t\t<\/figcaption><\/figure><figure class='gallery-item'>\n\t\t\t<div class='gallery-icon landscape'>\n\t\t\t\t<a data-elementor-open-lightbox=\"yes\" data-elementor-lightbox-slideshow=\"6de5456\" data-elementor-lightbox-title=\"Paisajes de Guanahacabibes. Martha R. Acosta\" data-e-action-hash=\"#elementor-action%3Aaction%3Dlightbox%26settings%3DeyJpZCI6MTYwMiwidXJsIjoiaHR0cDpcL1wvd3d3LmNpdG1hcHJpLmdvYi5jdVwvd3AtY29udGVudFwvdXBsb2Fkc1wvMjAyMFwvMDZcLzAxLVBhaXNhamVzLi1NYXJ0aGEtUi4tQWNvc3RhLmpwZyIsInNsaWRlc2hvdyI6IjZkZTU0NTYifQ%3D%3D\" href='http:\/\/www.citmapri.gob.cu\/wp-content\/uploads\/2020\/06\/01-Paisajes.-Martha-R.-Acosta.jpg'><img decoding=\"async\" width=\"300\" height=\"169\" src=\"http:\/\/www.citmapri.gob.cu\/wp-content\/uploads\/2020\/06\/01-Paisajes.-Martha-R.-Acosta-300x169.jpg\" class=\"attachment-medium size-medium\" alt=\"\" aria-describedby=\"gallery-1-1602\" srcset=\"http:\/\/www.citmapri.gob.cu\/wp-content\/uploads\/2020\/06\/01-Paisajes.-Martha-R.-Acosta-300x169.jpg 300w, http:\/\/www.citmapri.gob.cu\/wp-content\/uploads\/2020\/06\/01-Paisajes.-Martha-R.-Acosta.jpg 723w\" sizes=\"(max-width: 300px) 100vw, 300px\" \/><\/a>\n\t\t\t<\/div>\n\t\t\t\t<figcaption class='wp-caption-text gallery-caption' id='gallery-1-1602'>\n\t\t\t\tPaisajes de Guanahacabibes\nMartha R. Acosta\n\t\t\t\t<\/figcaption><\/figure><figure class='gallery-item'>\n\t\t\t<div class='gallery-icon landscape'>\n\t\t\t\t<a data-elementor-open-lightbox=\"yes\" data-elementor-lightbox-slideshow=\"6de5456\" data-elementor-lightbox-title=\"Pesca en Cuba, Guanahacabibes\" data-e-action-hash=\"#elementor-action%3Aaction%3Dlightbox%26settings%3DeyJpZCI6MTYwMSwidXJsIjoiaHR0cDpcL1wvd3d3LmNpdG1hcHJpLmdvYi5jdVwvd3AtY29udGVudFwvdXBsb2Fkc1wvMjAyMFwvMDZcL3Blc2NhLWVuLWN1YmEtSU1HXzMzNTYtY29waWEtMTAyNHg3NjgtMS5qcGciLCJzbGlkZXNob3ciOiI2ZGU1NDU2In0%3D\" href='http:\/\/www.citmapri.gob.cu\/wp-content\/uploads\/2020\/06\/pesca-en-cuba-IMG_3356-copia-1024x768-1.jpg'><img decoding=\"async\" width=\"300\" height=\"225\" src=\"http:\/\/www.citmapri.gob.cu\/wp-content\/uploads\/2020\/06\/pesca-en-cuba-IMG_3356-copia-1024x768-1-300x225.jpg\" class=\"attachment-medium size-medium\" alt=\"\" aria-describedby=\"gallery-1-1601\" srcset=\"http:\/\/www.citmapri.gob.cu\/wp-content\/uploads\/2020\/06\/pesca-en-cuba-IMG_3356-copia-1024x768-1-300x225.jpg 300w, http:\/\/www.citmapri.gob.cu\/wp-content\/uploads\/2020\/06\/pesca-en-cuba-IMG_3356-copia-1024x768-1.jpg 543w\" sizes=\"(max-width: 300px) 100vw, 300px\" \/><\/a>\n\t\t\t<\/div>\n\t\t\t\t<figcaption class='wp-caption-text gallery-caption' id='gallery-1-1601'>\n\t\t\t\tPesca en Cuba, Guanahacabibes\n\t\t\t\t<\/figcaption><\/figure><figure class='gallery-item'>\n\t\t\t<div class='gallery-icon landscape'>\n\t\t\t\t<a data-elementor-open-lightbox=\"yes\" data-elementor-lightbox-slideshow=\"6de5456\" data-elementor-lightbox-title=\"San Felipe, Guanahacabibes\" data-e-action-hash=\"#elementor-action%3Aaction%3Dlightbox%26settings%3DeyJpZCI6MTYwMCwidXJsIjoiaHR0cDpcL1wvd3d3LmNpdG1hcHJpLmdvYi5jdVwvd3AtY29udGVudFwvdXBsb2Fkc1wvMjAyMFwvMDZcL1Nhbi1GZWxpcGUuanBnIiwic2xpZGVzaG93IjoiNmRlNTQ1NiJ9\" href='http:\/\/www.citmapri.gob.cu\/wp-content\/uploads\/2020\/06\/San-Felipe.jpg'><img loading=\"lazy\" decoding=\"async\" width=\"300\" height=\"161\" src=\"http:\/\/www.citmapri.gob.cu\/wp-content\/uploads\/2020\/06\/San-Felipe-300x161.jpg\" class=\"attachment-medium size-medium\" alt=\"\" aria-describedby=\"gallery-1-1600\" srcset=\"http:\/\/www.citmapri.gob.cu\/wp-content\/uploads\/2020\/06\/San-Felipe-300x161.jpg 300w, http:\/\/www.citmapri.gob.cu\/wp-content\/uploads\/2020\/06\/San-Felipe.jpg 760w\" sizes=\"(max-width: 300px) 100vw, 300px\" \/><\/a>\n\t\t\t<\/div>\n\t\t\t\t<figcaption class='wp-caption-text gallery-caption' id='gallery-1-1600'>\n\t\t\t\tSan Felipe, Guanahacabibes\n\t\t\t\t<\/figcaption><\/figure><figure class='gallery-item'>\n\t\t\t<div class='gallery-icon landscape'>\n\t\t\t\t<a data-elementor-open-lightbox=\"yes\" data-elementor-lightbox-slideshow=\"6de5456\" data-elementor-lightbox-title=\"Paisaje Guanahacabibes\" data-e-action-hash=\"#elementor-action%3Aaction%3Dlightbox%26settings%3DeyJpZCI6MTU3NywidXJsIjoiaHR0cDpcL1wvd3d3LmNpdG1hcHJpLmdvYi5jdVwvd3AtY29udGVudFwvdXBsb2Fkc1wvMjAyMFwvMDZcL3BhaXNhamUuanBnIiwic2xpZGVzaG93IjoiNmRlNTQ1NiJ9\" href='http:\/\/www.citmapri.gob.cu\/wp-content\/uploads\/2020\/06\/paisaje.jpg'><img loading=\"lazy\" decoding=\"async\" width=\"300\" height=\"161\" src=\"http:\/\/www.citmapri.gob.cu\/wp-content\/uploads\/2020\/06\/paisaje-300x161.jpg\" class=\"attachment-medium size-medium\" alt=\"\" aria-describedby=\"gallery-1-1577\" srcset=\"http:\/\/www.citmapri.gob.cu\/wp-content\/uploads\/2020\/06\/paisaje-300x161.jpg 300w, http:\/\/www.citmapri.gob.cu\/wp-content\/uploads\/2020\/06\/paisaje.jpg 760w\" sizes=\"(max-width: 300px) 100vw, 300px\" \/><\/a>\n\t\t\t<\/div>\n\t\t\t\t<figcaption class='wp-caption-text gallery-caption' id='gallery-1-1577'>\n\t\t\t\tPaisaje Guanahacabibes\n\t\t\t\t<\/figcaption><\/figure><figure class='gallery-item'>\n\t\t\t<div class='gallery-icon landscape'>\n\t\t\t\t<a data-elementor-open-lightbox=\"yes\" data-elementor-lightbox-slideshow=\"6de5456\" data-elementor-lightbox-title=\"Paisaje de Rosendo Martinez\" data-e-action-hash=\"#elementor-action%3Aaction%3Dlightbox%26settings%3DeyJpZCI6MTU3NSwidXJsIjoiaHR0cDpcL1wvd3d3LmNpdG1hcHJpLmdvYi5jdVwvd3AtY29udGVudFwvdXBsb2Fkc1wvMjAyMFwvMDZcL3BhaXNhamUtZGUtUm9zZW5kby1NYXJ0aW5lei5qcGciLCJzbGlkZXNob3ciOiI2ZGU1NDU2In0%3D\" href='http:\/\/www.citmapri.gob.cu\/wp-content\/uploads\/2020\/06\/paisaje-de-Rosendo-Martinez.jpg'><img loading=\"lazy\" decoding=\"async\" width=\"300\" height=\"161\" src=\"http:\/\/www.citmapri.gob.cu\/wp-content\/uploads\/2020\/06\/paisaje-de-Rosendo-Martinez-300x161.jpg\" class=\"attachment-medium size-medium\" alt=\"\" aria-describedby=\"gallery-1-1575\" srcset=\"http:\/\/www.citmapri.gob.cu\/wp-content\/uploads\/2020\/06\/paisaje-de-Rosendo-Martinez-300x161.jpg 300w, http:\/\/www.citmapri.gob.cu\/wp-content\/uploads\/2020\/06\/paisaje-de-Rosendo-Martinez.jpg 760w\" sizes=\"(max-width: 300px) 100vw, 300px\" \/><\/a>\n\t\t\t<\/div>\n\t\t\t\t<figcaption class='wp-caption-text gallery-caption' id='gallery-1-1575'>\n\t\t\t\tLa poza de Juan Claro, Rosendo Mart\u00ednez\n\t\t\t\t<\/figcaption><\/figure><figure class='gallery-item'>\n\t\t\t<div class='gallery-icon landscape'>\n\t\t\t\t<a data-elementor-open-lightbox=\"yes\" data-elementor-lightbox-slideshow=\"6de5456\" data-elementor-lightbox-title=\"Paisaje Marinos, de Reinaldo Estrada\" data-e-action-hash=\"#elementor-action%3Aaction%3Dlightbox%26settings%3DeyJpZCI6MTU3NCwidXJsIjoiaHR0cDpcL1wvd3d3LmNpdG1hcHJpLmdvYi5jdVwvd3AtY29udGVudFwvdXBsb2Fkc1wvMjAyMFwvMDZcLzAyLXBhaXNhamUtZGUtUmVpbmFsZG8tRXN0cmFkYS5qcGciLCJzbGlkZXNob3ciOiI2ZGU1NDU2In0%3D\" href='http:\/\/www.citmapri.gob.cu\/wp-content\/uploads\/2020\/06\/02-paisaje-de-Reinaldo-Estrada.jpg'><img loading=\"lazy\" decoding=\"async\" width=\"300\" height=\"161\" src=\"http:\/\/www.citmapri.gob.cu\/wp-content\/uploads\/2020\/06\/02-paisaje-de-Reinaldo-Estrada-300x161.jpg\" class=\"attachment-medium size-medium\" alt=\"\" aria-describedby=\"gallery-1-1574\" srcset=\"http:\/\/www.citmapri.gob.cu\/wp-content\/uploads\/2020\/06\/02-paisaje-de-Reinaldo-Estrada-300x161.jpg 300w, http:\/\/www.citmapri.gob.cu\/wp-content\/uploads\/2020\/06\/02-paisaje-de-Reinaldo-Estrada.jpg 760w\" sizes=\"(max-width: 300px) 100vw, 300px\" \/><\/a>\n\t\t\t<\/div>\n\t\t\t\t<figcaption class='wp-caption-text gallery-caption' id='gallery-1-1574'>\n\t\t\t\tPaisaje Marinos, de Reinaldo Estrada\n\t\t\t\t<\/figcaption><\/figure><figure class='gallery-item'>\n\t\t\t<div class='gallery-icon landscape'>\n\t\t\t\t<a data-elementor-open-lightbox=\"yes\" data-elementor-lightbox-slideshow=\"6de5456\" data-elementor-lightbox-title=\"Paisaje Marinos, de Reinaldo Estrada\" data-e-action-hash=\"#elementor-action%3Aaction%3Dlightbox%26settings%3DeyJpZCI6MTU2OSwidXJsIjoiaHR0cDpcL1wvd3d3LmNpdG1hcHJpLmdvYi5jdVwvd3AtY29udGVudFwvdXBsb2Fkc1wvMjAyMFwvMDZcLzAzLXBhaXNhamUtZGUtUmVpbmFsZG8tRXN0cmFkYS5qcGciLCJzbGlkZXNob3ciOiI2ZGU1NDU2In0%3D\" href='http:\/\/www.citmapri.gob.cu\/wp-content\/uploads\/2020\/06\/03-paisaje-de-Reinaldo-Estrada.jpg'><img loading=\"lazy\" decoding=\"async\" width=\"300\" height=\"161\" src=\"http:\/\/www.citmapri.gob.cu\/wp-content\/uploads\/2020\/06\/03-paisaje-de-Reinaldo-Estrada-300x161.jpg\" class=\"attachment-medium size-medium\" alt=\"\" aria-describedby=\"gallery-1-1569\" srcset=\"http:\/\/www.citmapri.gob.cu\/wp-content\/uploads\/2020\/06\/03-paisaje-de-Reinaldo-Estrada-300x161.jpg 300w, http:\/\/www.citmapri.gob.cu\/wp-content\/uploads\/2020\/06\/03-paisaje-de-Reinaldo-Estrada.jpg 760w\" sizes=\"(max-width: 300px) 100vw, 300px\" \/><\/a>\n\t\t\t<\/div>\n\t\t\t\t<figcaption class='wp-caption-text gallery-caption' id='gallery-1-1569'>\n\t\t\t\tPaisaje Marinos, de Reinaldo Estrada\n\t\t\t\t<\/figcaption><\/figure><figure class='gallery-item'>\n\t\t\t<div class='gallery-icon landscape'>\n\t\t\t\t<a data-elementor-open-lightbox=\"yes\" data-elementor-lightbox-slideshow=\"6de5456\" data-elementor-lightbox-title=\"peces\" data-e-action-hash=\"#elementor-action%3Aaction%3Dlightbox%26settings%3DeyJpZCI6MTU2OCwidXJsIjoiaHR0cDpcL1wvd3d3LmNpdG1hcHJpLmdvYi5jdVwvd3AtY29udGVudFwvdXBsb2Fkc1wvMjAyMFwvMDZcL3BlY2VzLmpwZyIsInNsaWRlc2hvdyI6IjZkZTU0NTYifQ%3D%3D\" href='http:\/\/www.citmapri.gob.cu\/wp-content\/uploads\/2020\/06\/peces.jpg'><img loading=\"lazy\" decoding=\"async\" width=\"300\" height=\"161\" src=\"http:\/\/www.citmapri.gob.cu\/wp-content\/uploads\/2020\/06\/peces-300x161.jpg\" class=\"attachment-medium size-medium\" alt=\"\" aria-describedby=\"gallery-1-1568\" srcset=\"http:\/\/www.citmapri.gob.cu\/wp-content\/uploads\/2020\/06\/peces-300x161.jpg 300w, http:\/\/www.citmapri.gob.cu\/wp-content\/uploads\/2020\/06\/peces.jpg 760w\" sizes=\"(max-width: 300px) 100vw, 300px\" \/><\/a>\n\t\t\t<\/div>\n\t\t\t\t<figcaption class='wp-caption-text gallery-caption' id='gallery-1-1568'>\n\t\t\t\tFondos Marinos, Guanahacabibes\n\t\t\t\t<\/figcaption><\/figure><figure class='gallery-item'>\n\t\t\t<div class='gallery-icon landscape'>\n\t\t\t\t<a data-elementor-open-lightbox=\"yes\" data-elementor-lightbox-slideshow=\"6de5456\" data-elementor-lightbox-title=\"Tortuga Caguama\" data-e-action-hash=\"#elementor-action%3Aaction%3Dlightbox%26settings%3DeyJpZCI6MTU2NywidXJsIjoiaHR0cDpcL1wvd3d3LmNpdG1hcHJpLmdvYi5jdVwvd3AtY29udGVudFwvdXBsb2Fkc1wvMjAyMFwvMDZcL3RvcnR1Z2EtY2FndWFtYS5qcGciLCJzbGlkZXNob3ciOiI2ZGU1NDU2In0%3D\" href='http:\/\/www.citmapri.gob.cu\/wp-content\/uploads\/2020\/06\/tortuga-caguama.jpg'><img loading=\"lazy\" decoding=\"async\" width=\"300\" height=\"161\" src=\"http:\/\/www.citmapri.gob.cu\/wp-content\/uploads\/2020\/06\/tortuga-caguama-300x161.jpg\" class=\"attachment-medium size-medium\" alt=\"\" aria-describedby=\"gallery-1-1567\" srcset=\"http:\/\/www.citmapri.gob.cu\/wp-content\/uploads\/2020\/06\/tortuga-caguama-300x161.jpg 300w, http:\/\/www.citmapri.gob.cu\/wp-content\/uploads\/2020\/06\/tortuga-caguama.jpg 760w\" sizes=\"(max-width: 300px) 100vw, 300px\" \/><\/a>\n\t\t\t<\/div>\n\t\t\t\t<figcaption class='wp-caption-text gallery-caption' id='gallery-1-1567'>\n\t\t\t\tTortuga Caguama, Guanahacabibes\n\t\t\t\t<\/figcaption><\/figure><figure class='gallery-item'>\n\t\t\t<div class='gallery-icon landscape'>\n\t\t\t\t<a data-elementor-open-lightbox=\"yes\" data-elementor-lightbox-slideshow=\"6de5456\" data-elementor-lightbox-title=\"tortugas\" data-e-action-hash=\"#elementor-action%3Aaction%3Dlightbox%26settings%3DeyJpZCI6MTU2NiwidXJsIjoiaHR0cDpcL1wvd3d3LmNpdG1hcHJpLmdvYi5jdVwvd3AtY29udGVudFwvdXBsb2Fkc1wvMjAyMFwvMDZcL3RvcnR1Z2FzLmpwZyIsInNsaWRlc2hvdyI6IjZkZTU0NTYifQ%3D%3D\" href='http:\/\/www.citmapri.gob.cu\/wp-content\/uploads\/2020\/06\/tortugas.jpg'><img loading=\"lazy\" decoding=\"async\" width=\"300\" height=\"161\" src=\"http:\/\/www.citmapri.gob.cu\/wp-content\/uploads\/2020\/06\/tortugas-300x161.jpg\" class=\"attachment-medium size-medium\" alt=\"\" aria-describedby=\"gallery-1-1566\" srcset=\"http:\/\/www.citmapri.gob.cu\/wp-content\/uploads\/2020\/06\/tortugas-300x161.jpg 300w, http:\/\/www.citmapri.gob.cu\/wp-content\/uploads\/2020\/06\/tortugas.jpg 760w\" sizes=\"(max-width: 300px) 100vw, 300px\" \/><\/a>\n\t\t\t<\/div>\n\t\t\t\t<figcaption class='wp-caption-text gallery-caption' id='gallery-1-1566'>\n\t\t\t\tTortugas, Guanahacabibes\n\t\t\t\t<\/figcaption><\/figure><figure class='gallery-item'>\n\t\t\t<div class='gallery-icon landscape'>\n\t\t\t\t<a data-elementor-open-lightbox=\"yes\" data-elementor-lightbox-slideshow=\"6de5456\" data-elementor-lightbox-title=\"Paisaje Costero de Rolando Fdez de Arcila\" data-e-action-hash=\"#elementor-action%3Aaction%3Dlightbox%26settings%3DeyJpZCI6MTU1OSwidXJsIjoiaHR0cDpcL1wvd3d3LmNpdG1hcHJpLmdvYi5jdVwvd3AtY29udGVudFwvdXBsb2Fkc1wvMjAyMFwvMDZcLzAyLXBhaXNhamUtZGUtUm9sYW5kby1GZGV6LWRlLUFyY2lsYS5qcGciLCJzbGlkZXNob3ciOiI2ZGU1NDU2In0%3D\" href='http:\/\/www.citmapri.gob.cu\/wp-content\/uploads\/2020\/06\/02-paisaje-de-Rolando-Fdez-de-Arcila.jpg'><img loading=\"lazy\" decoding=\"async\" width=\"300\" height=\"161\" src=\"http:\/\/www.citmapri.gob.cu\/wp-content\/uploads\/2020\/06\/02-paisaje-de-Rolando-Fdez-de-Arcila-300x161.jpg\" class=\"attachment-medium size-medium\" alt=\"\" aria-describedby=\"gallery-1-1559\" srcset=\"http:\/\/www.citmapri.gob.cu\/wp-content\/uploads\/2020\/06\/02-paisaje-de-Rolando-Fdez-de-Arcila-300x161.jpg 300w, http:\/\/www.citmapri.gob.cu\/wp-content\/uploads\/2020\/06\/02-paisaje-de-Rolando-Fdez-de-Arcila.jpg 760w\" sizes=\"(max-width: 300px) 100vw, 300px\" \/><\/a>\n\t\t\t<\/div>\n\t\t\t\t<figcaption class='wp-caption-text gallery-caption' id='gallery-1-1559'>\n\t\t\t\tGuahanacabibes,Paisaje Costero de Rolando Fdez de Arcila\n\t\t\t\t<\/figcaption><\/figure><figure class='gallery-item'>\n\t\t\t<div class='gallery-icon landscape'>\n\t\t\t\t<a data-elementor-open-lightbox=\"yes\" data-elementor-lightbox-slideshow=\"6de5456\" data-elementor-lightbox-title=\"Cocodrilos\" data-e-action-hash=\"#elementor-action%3Aaction%3Dlightbox%26settings%3DeyJpZCI6MTU1NiwidXJsIjoiaHR0cDpcL1wvd3d3LmNpdG1hcHJpLmdvYi5jdVwvd3AtY29udGVudFwvdXBsb2Fkc1wvMjAyMFwvMDZcL2NvY29kcmlsb3MuanBnIiwic2xpZGVzaG93IjoiNmRlNTQ1NiJ9\" href='http:\/\/www.citmapri.gob.cu\/wp-content\/uploads\/2020\/06\/cocodrilos.jpg'><img loading=\"lazy\" decoding=\"async\" width=\"300\" height=\"161\" src=\"http:\/\/www.citmapri.gob.cu\/wp-content\/uploads\/2020\/06\/cocodrilos-300x161.jpg\" class=\"attachment-medium size-medium\" alt=\"\" aria-describedby=\"gallery-1-1556\" srcset=\"http:\/\/www.citmapri.gob.cu\/wp-content\/uploads\/2020\/06\/cocodrilos-300x161.jpg 300w, http:\/\/www.citmapri.gob.cu\/wp-content\/uploads\/2020\/06\/cocodrilos.jpg 760w\" sizes=\"(max-width: 300px) 100vw, 300px\" \/><\/a>\n\t\t\t<\/div>\n\t\t\t\t<figcaption class='wp-caption-text gallery-caption' id='gallery-1-1556'>\n\t\t\t\tCocodrilitos, Guanahacabibes\n\t\t\t\t<\/figcaption><\/figure><figure class='gallery-item'>\n\t\t\t<div class='gallery-icon landscape'>\n\t\t\t\t<a data-elementor-open-lightbox=\"yes\" data-elementor-lightbox-slideshow=\"6de5456\" data-elementor-lightbox-title=\"Nacimiento Cayo San Felipe\" data-e-action-hash=\"#elementor-action%3Aaction%3Dlightbox%26settings%3DeyJpZCI6MTU1MiwidXJsIjoiaHR0cDpcL1wvd3d3LmNpdG1hcHJpLmdvYi5jdVwvd3AtY29udGVudFwvdXBsb2Fkc1wvMjAyMFwvMDZcL05hY2ltaWVudG8tQ2F5by1TYW4tRmVsaXBlLmpwZyIsInNsaWRlc2hvdyI6IjZkZTU0NTYifQ%3D%3D\" href='http:\/\/www.citmapri.gob.cu\/wp-content\/uploads\/2020\/06\/Nacimiento-Cayo-San-Felipe.jpg'><img loading=\"lazy\" decoding=\"async\" width=\"300\" height=\"161\" src=\"http:\/\/www.citmapri.gob.cu\/wp-content\/uploads\/2020\/06\/Nacimiento-Cayo-San-Felipe-300x161.jpg\" class=\"attachment-medium size-medium\" alt=\"\" aria-describedby=\"gallery-1-1552\" srcset=\"http:\/\/www.citmapri.gob.cu\/wp-content\/uploads\/2020\/06\/Nacimiento-Cayo-San-Felipe-300x161.jpg 300w, http:\/\/www.citmapri.gob.cu\/wp-content\/uploads\/2020\/06\/Nacimiento-Cayo-San-Felipe.jpg 760w\" sizes=\"(max-width: 300px) 100vw, 300px\" \/><\/a>\n\t\t\t<\/div>\n\t\t\t\t<figcaption class='wp-caption-text gallery-caption' id='gallery-1-1552'>\n\t\t\t\tNacimientode tortugas Cayos de San Felipe, Yanet Forneiro\n\t\t\t\t<\/figcaption><\/figure><figure class='gallery-item'>\n\t\t\t<div class='gallery-icon landscape'>\n\t\t\t\t<a data-elementor-open-lightbox=\"yes\" data-elementor-lightbox-slideshow=\"6de5456\" data-elementor-lightbox-title=\"Carpintero, Guanahacabibes\" data-e-action-hash=\"#elementor-action%3Aaction%3Dlightbox%26settings%3DeyJpZCI6MTU1MSwidXJsIjoiaHR0cDpcL1wvd3d3LmNpdG1hcHJpLmdvYi5jdVwvd3AtY29udGVudFwvdXBsb2Fkc1wvMjAyMFwvMDZcL2NhcnBpbnRlcm8uanBnIiwic2xpZGVzaG93IjoiNmRlNTQ1NiJ9\" href='http:\/\/www.citmapri.gob.cu\/wp-content\/uploads\/2020\/06\/carpintero.jpg'><img loading=\"lazy\" decoding=\"async\" width=\"300\" height=\"161\" src=\"http:\/\/www.citmapri.gob.cu\/wp-content\/uploads\/2020\/06\/carpintero-300x161.jpg\" class=\"attachment-medium size-medium\" alt=\"\" aria-describedby=\"gallery-1-1551\" srcset=\"http:\/\/www.citmapri.gob.cu\/wp-content\/uploads\/2020\/06\/carpintero-300x161.jpg 300w, http:\/\/www.citmapri.gob.cu\/wp-content\/uploads\/2020\/06\/carpintero.jpg 760w\" sizes=\"(max-width: 300px) 100vw, 300px\" \/><\/a>\n\t\t\t<\/div>\n\t\t\t\t<figcaption class='wp-caption-text gallery-caption' id='gallery-1-1551'>\n\t\t\t\tCarpintero, Guanahacabibes\n\t\t\t\t<\/figcaption><\/figure><figure class='gallery-item'>\n\t\t\t<div class='gallery-icon landscape'>\n\t\t\t\t<a data-elementor-open-lightbox=\"yes\" data-elementor-lightbox-slideshow=\"6de5456\" data-elementor-lightbox-title=\"Nacimiento de Tortugas\" data-e-action-hash=\"#elementor-action%3Aaction%3Dlightbox%26settings%3DeyJpZCI6MTU1MCwidXJsIjoiaHR0cDpcL1wvd3d3LmNpdG1hcHJpLmdvYi5jdVwvd3AtY29udGVudFwvdXBsb2Fkc1wvMjAyMFwvMDZcL25hY2ltaWVudG8uanBnIiwic2xpZGVzaG93IjoiNmRlNTQ1NiJ9\" href='http:\/\/www.citmapri.gob.cu\/wp-content\/uploads\/2020\/06\/nacimiento.jpg'><img loading=\"lazy\" decoding=\"async\" width=\"300\" height=\"161\" src=\"http:\/\/www.citmapri.gob.cu\/wp-content\/uploads\/2020\/06\/nacimiento-300x161.jpg\" class=\"attachment-medium size-medium\" alt=\"\" aria-describedby=\"gallery-1-1550\" srcset=\"http:\/\/www.citmapri.gob.cu\/wp-content\/uploads\/2020\/06\/nacimiento-300x161.jpg 300w, http:\/\/www.citmapri.gob.cu\/wp-content\/uploads\/2020\/06\/nacimiento.jpg 760w\" sizes=\"(max-width: 300px) 100vw, 300px\" \/><\/a>\n\t\t\t<\/div>\n\t\t\t\t<figcaption class='wp-caption-text gallery-caption' id='gallery-1-1550'>\n\t\t\t\tNacimiento de Tortugas Cayos de San Felipe, Yanet Forneiro\n\t\t\t\t<\/figcaption><\/figure><figure class='gallery-item'>\n\t\t\t<div class='gallery-icon landscape'>\n\t\t\t\t<a data-elementor-open-lightbox=\"yes\" data-elementor-lightbox-slideshow=\"6de5456\" data-elementor-lightbox-title=\"Paisaje Costero de Guanahacabibes, Rosendo Martinez\" data-e-action-hash=\"#elementor-action%3Aaction%3Dlightbox%26settings%3DeyJpZCI6MTU0NSwidXJsIjoiaHR0cDpcL1wvd3d3LmNpdG1hcHJpLmdvYi5jdVwvd3AtY29udGVudFwvdXBsb2Fkc1wvMjAyMFwvMDZcLzAxLXBhaXNhamUtZGUtUm9zZW5kby1NYXJ0aW5lei5qcGciLCJzbGlkZXNob3ciOiI2ZGU1NDU2In0%3D\" href='http:\/\/www.citmapri.gob.cu\/wp-content\/uploads\/2020\/06\/01-paisaje-de-Rosendo-Martinez.jpg'><img loading=\"lazy\" decoding=\"async\" width=\"300\" height=\"161\" src=\"http:\/\/www.citmapri.gob.cu\/wp-content\/uploads\/2020\/06\/01-paisaje-de-Rosendo-Martinez-300x161.jpg\" class=\"attachment-medium size-medium\" alt=\"\" aria-describedby=\"gallery-1-1545\" srcset=\"http:\/\/www.citmapri.gob.cu\/wp-content\/uploads\/2020\/06\/01-paisaje-de-Rosendo-Martinez-300x161.jpg 300w, http:\/\/www.citmapri.gob.cu\/wp-content\/uploads\/2020\/06\/01-paisaje-de-Rosendo-Martinez.jpg 760w\" sizes=\"(max-width: 300px) 100vw, 300px\" \/><\/a>\n\t\t\t<\/div>\n\t\t\t\t<figcaption class='wp-caption-text gallery-caption' id='gallery-1-1545'>\n\t\t\t\tPaisaje Costero de Guanahacabibes, Rosendo Martinez\n\t\t\t\t<\/figcaption><\/figure><figure class='gallery-item'>\n\t\t\t<div class='gallery-icon landscape'>\n\t\t\t\t<a data-elementor-open-lightbox=\"yes\" data-elementor-lightbox-slideshow=\"6de5456\" data-elementor-lightbox-title=\"Paisaje de Ariam Jimenez\" data-e-action-hash=\"#elementor-action%3Aaction%3Dlightbox%26settings%3DeyJpZCI6MTUzOSwidXJsIjoiaHR0cDpcL1wvd3d3LmNpdG1hcHJpLmdvYi5jdVwvd3AtY29udGVudFwvdXBsb2Fkc1wvMjAyMFwvMDZcL3BhaXNhamUtZGUtQXJpYW0tSmltZW5lei0xLmpwZyIsInNsaWRlc2hvdyI6IjZkZTU0NTYifQ%3D%3D\" href='http:\/\/www.citmapri.gob.cu\/wp-content\/uploads\/2020\/06\/paisaje-de-Ariam-Jimenez-1.jpg'><img loading=\"lazy\" decoding=\"async\" width=\"300\" height=\"161\" src=\"http:\/\/www.citmapri.gob.cu\/wp-content\/uploads\/2020\/06\/paisaje-de-Ariam-Jimenez-1-300x161.jpg\" class=\"attachment-medium size-medium\" alt=\"\" aria-describedby=\"gallery-1-1539\" srcset=\"http:\/\/www.citmapri.gob.cu\/wp-content\/uploads\/2020\/06\/paisaje-de-Ariam-Jimenez-1-300x161.jpg 300w, http:\/\/www.citmapri.gob.cu\/wp-content\/uploads\/2020\/06\/paisaje-de-Ariam-Jimenez-1.jpg 760w\" sizes=\"(max-width: 300px) 100vw, 300px\" \/><\/a>\n\t\t\t<\/div>\n\t\t\t\t<figcaption class='wp-caption-text gallery-caption' id='gallery-1-1539'>\n\t\t\t\tPaisajes de Mil Cumbres. Ariam Jimenez \n\t\t\t\t<\/figcaption><\/figure><figure class='gallery-item'>\n\t\t\t<div class='gallery-icon landscape'>\n\t\t\t\t<a data-elementor-open-lightbox=\"yes\" data-elementor-lightbox-slideshow=\"6de5456\" data-elementor-lightbox-title=\"Paisaje Rio San Marcos de Rolando Fdez de Arcila\" data-e-action-hash=\"#elementor-action%3Aaction%3Dlightbox%26settings%3DeyJpZCI6MTUzNywidXJsIjoiaHR0cDpcL1wvd3d3LmNpdG1hcHJpLmdvYi5jdVwvd3AtY29udGVudFwvdXBsb2Fkc1wvMjAyMFwvMDZcL3BhaXNhamUtUmlvLVNhbi1NYXJjb3MtZGUtUm9sYW5kby1GZGV6LWRlLUFyY2lsYS0xLmpwZyIsInNsaWRlc2hvdyI6IjZkZTU0NTYifQ%3D%3D\" href='http:\/\/www.citmapri.gob.cu\/wp-content\/uploads\/2020\/06\/paisaje-Rio-San-Marcos-de-Rolando-Fdez-de-Arcila-1.jpg'><img loading=\"lazy\" decoding=\"async\" width=\"300\" height=\"161\" src=\"http:\/\/www.citmapri.gob.cu\/wp-content\/uploads\/2020\/06\/paisaje-Rio-San-Marcos-de-Rolando-Fdez-de-Arcila-1-300x161.jpg\" class=\"attachment-medium size-medium\" alt=\"\" aria-describedby=\"gallery-1-1537\" srcset=\"http:\/\/www.citmapri.gob.cu\/wp-content\/uploads\/2020\/06\/paisaje-Rio-San-Marcos-de-Rolando-Fdez-de-Arcila-1-300x161.jpg 300w, http:\/\/www.citmapri.gob.cu\/wp-content\/uploads\/2020\/06\/paisaje-Rio-San-Marcos-de-Rolando-Fdez-de-Arcila-1.jpg 760w\" sizes=\"(max-width: 300px) 100vw, 300px\" \/><\/a>\n\t\t\t<\/div>\n\t\t\t\t<figcaption class='wp-caption-text gallery-caption' id='gallery-1-1537'>\n\t\t\t\tPaisaje Rio San Marcos de Rolando Fdez de Arcila\n\t\t\t\t<\/figcaption><\/figure><figure class='gallery-item'>\n\t\t\t<div class='gallery-icon landscape'>\n\t\t\t\t<a data-elementor-open-lightbox=\"yes\" data-elementor-lightbox-slideshow=\"6de5456\" data-elementor-lightbox-title=\"Fauna en Mil Cumbre, de Aniet Venereo\" data-e-action-hash=\"#elementor-action%3Aaction%3Dlightbox%26settings%3DeyJpZCI6MTUyOSwidXJsIjoiaHR0cDpcL1wvd3d3LmNpdG1hcHJpLmdvYi5jdVwvd3AtY29udGVudFwvdXBsb2Fkc1wvMjAyMFwvMDZcL2ZhdW5hLWRlLUFuaWV0LVZlbmVyZW8tMS5qcGciLCJzbGlkZXNob3ciOiI2ZGU1NDU2In0%3D\" href='http:\/\/www.citmapri.gob.cu\/wp-content\/uploads\/2020\/06\/fauna-de-Aniet-Venereo-1.jpg'><img loading=\"lazy\" decoding=\"async\" width=\"300\" height=\"161\" src=\"http:\/\/www.citmapri.gob.cu\/wp-content\/uploads\/2020\/06\/fauna-de-Aniet-Venereo-1-300x161.jpg\" class=\"attachment-medium size-medium\" alt=\"\" aria-describedby=\"gallery-1-1529\" srcset=\"http:\/\/www.citmapri.gob.cu\/wp-content\/uploads\/2020\/06\/fauna-de-Aniet-Venereo-1-300x161.jpg 300w, http:\/\/www.citmapri.gob.cu\/wp-content\/uploads\/2020\/06\/fauna-de-Aniet-Venereo-1.jpg 760w\" sizes=\"(max-width: 300px) 100vw, 300px\" \/><\/a>\n\t\t\t<\/div>\n\t\t\t\t<figcaption class='wp-caption-text gallery-caption' id='gallery-1-1529'>\n\t\t\t\tFauna en Mil Cumbre, de Aniet Venereo\n\t\t\t\t<\/figcaption><\/figure><figure class='gallery-item'>\n\t\t\t<div class='gallery-icon landscape'>\n\t\t\t\t<a data-elementor-open-lightbox=\"yes\" data-elementor-lightbox-slideshow=\"6de5456\" data-elementor-lightbox-title=\"Carta Cuba, Mil Cumbres\" data-e-action-hash=\"#elementor-action%3Aaction%3Dlightbox%26settings%3DeyJpZCI6MTUyMiwidXJsIjoiaHR0cDpcL1wvd3d3LmNpdG1hcHJpLmdvYi5jdVwvd3AtY29udGVudFwvdXBsb2Fkc1wvMjAyMFwvMDZcL2NhcnRhLWN1YmEuanBnIiwic2xpZGVzaG93IjoiNmRlNTQ1NiJ9\" href='http:\/\/www.citmapri.gob.cu\/wp-content\/uploads\/2020\/06\/carta-cuba.jpg'><img loading=\"lazy\" decoding=\"async\" width=\"300\" height=\"161\" src=\"http:\/\/www.citmapri.gob.cu\/wp-content\/uploads\/2020\/06\/carta-cuba-300x161.jpg\" class=\"attachment-medium size-medium\" alt=\"\" aria-describedby=\"gallery-1-1522\" srcset=\"http:\/\/www.citmapri.gob.cu\/wp-content\/uploads\/2020\/06\/carta-cuba-300x161.jpg 300w, http:\/\/www.citmapri.gob.cu\/wp-content\/uploads\/2020\/06\/carta-cuba.jpg 760w\" sizes=\"(max-width: 300px) 100vw, 300px\" \/><\/a>\n\t\t\t<\/div>\n\t\t\t\t<figcaption class='wp-caption-text gallery-caption' id='gallery-1-1522'>\n\t\t\t\tCarta Cuba, Mil Cumbres\n\t\t\t\t<\/figcaption><\/figure><figure class='gallery-item'>\n\t\t\t<div class='gallery-icon landscape'>\n\t\t\t\t<a data-elementor-open-lightbox=\"yes\" data-elementor-lightbox-slideshow=\"6de5456\" data-elementor-lightbox-title=\"Cotorra, Mil Cumbres\" data-e-action-hash=\"#elementor-action%3Aaction%3Dlightbox%26settings%3DeyJpZCI6MTUyMSwidXJsIjoiaHR0cDpcL1wvd3d3LmNpdG1hcHJpLmdvYi5jdVwvd3AtY29udGVudFwvdXBsb2Fkc1wvMjAyMFwvMDZcL2NvdG9ycmEuanBnIiwic2xpZGVzaG93IjoiNmRlNTQ1NiJ9\" href='http:\/\/www.citmapri.gob.cu\/wp-content\/uploads\/2020\/06\/cotorra.jpg'><img loading=\"lazy\" decoding=\"async\" width=\"300\" height=\"161\" src=\"http:\/\/www.citmapri.gob.cu\/wp-content\/uploads\/2020\/06\/cotorra-300x161.jpg\" class=\"attachment-medium size-medium\" alt=\"\" aria-describedby=\"gallery-1-1521\" srcset=\"http:\/\/www.citmapri.gob.cu\/wp-content\/uploads\/2020\/06\/cotorra-300x161.jpg 300w, http:\/\/www.citmapri.gob.cu\/wp-content\/uploads\/2020\/06\/cotorra.jpg 760w\" sizes=\"(max-width: 300px) 100vw, 300px\" \/><\/a>\n\t\t\t<\/div>\n\t\t\t\t<figcaption class='wp-caption-text gallery-caption' id='gallery-1-1521'>\n\t\t\t\tCotorra, Mil Cumbres\n\t\t\t\t<\/figcaption><\/figure><figure class='gallery-item'>\n\t\t\t<div class='gallery-icon landscape'>\n\t\t\t\t<a data-elementor-open-lightbox=\"yes\" data-elementor-lightbox-slideshow=\"6de5456\" data-elementor-lightbox-title=\"Salto, Mil Cumbres\" data-e-action-hash=\"#elementor-action%3Aaction%3Dlightbox%26settings%3DeyJpZCI6MTUyOCwidXJsIjoiaHR0cDpcL1wvd3d3LmNpdG1hcHJpLmdvYi5jdVwvd3AtY29udGVudFwvdXBsb2Fkc1wvMjAyMFwvMDZcL1NhbHRvLmpwZyIsInNsaWRlc2hvdyI6IjZkZTU0NTYifQ%3D%3D\" href='http:\/\/www.citmapri.gob.cu\/wp-content\/uploads\/2020\/06\/Salto.jpg'><img loading=\"lazy\" decoding=\"async\" width=\"300\" height=\"161\" src=\"http:\/\/www.citmapri.gob.cu\/wp-content\/uploads\/2020\/06\/Salto-300x161.jpg\" class=\"attachment-medium size-medium\" alt=\"\" aria-describedby=\"gallery-1-1528\" srcset=\"http:\/\/www.citmapri.gob.cu\/wp-content\/uploads\/2020\/06\/Salto-300x161.jpg 300w, http:\/\/www.citmapri.gob.cu\/wp-content\/uploads\/2020\/06\/Salto.jpg 760w\" sizes=\"(max-width: 300px) 100vw, 300px\" \/><\/a>\n\t\t\t<\/div>\n\t\t\t\t<figcaption class='wp-caption-text gallery-caption' id='gallery-1-1528'>\n\t\t\t\tSalto, Mil Cumbres\n\t\t\t\t<\/figcaption><\/figure><figure class='gallery-item'>\n\t\t\t<div class='gallery-icon landscape'>\n\t\t\t\t<a data-elementor-open-lightbox=\"yes\" data-elementor-lightbox-slideshow=\"6de5456\" data-elementor-lightbox-title=\"Valle de Vi\u00f1ales, Jorge L Corveael Valle\" data-e-action-hash=\"#elementor-action%3Aaction%3Dlightbox%26settings%3DeyJpZCI6MTUwNywidXJsIjoiaHR0cDpcL1wvd3d3LmNpdG1hcHJpLmdvYi5jdVwvd3AtY29udGVudFwvdXBsb2Fkc1wvMjAyMFwvMDZcLzAyLUpvcmdlLUwtQ29ydmVhZWwtVmFsbGUuanBnIiwic2xpZGVzaG93IjoiNmRlNTQ1NiJ9\" href='http:\/\/www.citmapri.gob.cu\/wp-content\/uploads\/2020\/06\/02-Jorge-L-Corveael-Valle.jpg'><img loading=\"lazy\" decoding=\"async\" width=\"300\" height=\"161\" src=\"http:\/\/www.citmapri.gob.cu\/wp-content\/uploads\/2020\/06\/02-Jorge-L-Corveael-Valle-300x161.jpg\" class=\"attachment-medium size-medium\" alt=\"\" aria-describedby=\"gallery-1-1507\" srcset=\"http:\/\/www.citmapri.gob.cu\/wp-content\/uploads\/2020\/06\/02-Jorge-L-Corveael-Valle-300x161.jpg 300w, http:\/\/www.citmapri.gob.cu\/wp-content\/uploads\/2020\/06\/02-Jorge-L-Corveael-Valle.jpg 760w\" sizes=\"(max-width: 300px) 100vw, 300px\" \/><\/a>\n\t\t\t<\/div>\n\t\t\t\t<figcaption class='wp-caption-text gallery-caption' id='gallery-1-1507'>\n\t\t\t\tValle de Vi\u00f1ales, Jorge L Corveael Valle\n\t\t\t\t<\/figcaption><\/figure>\n\t\t<\/div>\n\t\t<\/div>\n\t\t\t\t\t\t<\/div>\n\t\t\t\t<\/div>\n\t\t\t\t\t<\/div>\n\t\t<\/div>\n\t\t\t\t\t<\/div>\n\t\t<\/section>\n\t\t\t\t<\/div>\n\t\t","protected":false},"excerpt":{"rendered":"<p>Galer\u00eda Cayos San Felipe Guanahacabibes Paisajes de Guanahacabibes Martha R. Acosta Pesca en Cuba, Guanahacabibes San Felipe, Guanahacabibes Paisaje Guanahacabibes La poza de Juan Claro, Rosendo Mart\u00ednez Paisaje Marinos, de Reinaldo Estrada Paisaje Marinos, de Reinaldo Estrada Fondos Marinos, Guanahacabibes Tortuga Caguama, Guanahacabibes Tortugas, Guanahacabibes Guahanacabibes,Paisaje Costero de Rolando Fdez de Arcila Cocodrilitos, Guanahacabibes Nacimientode &hellip;<\/p>\n<p class=\"read-more\"> <a class=\"\" href=\"http:\/\/www.citmapri.gob.cu\/?page_id=1414\"> <span class=\"screen-reader-text\">Galer\u00eda<\/span> Read More \u00bb<\/a><\/p>\n","protected":false},"author":1,"featured_media":0,"parent":0,"menu_order":0,"comment_status":"closed","ping_status":"closed","template":"","meta":{"site-sidebar-layout":"no-sidebar","site-content-layout":"page-builder","ast-global-header-display":"","ast-main-header-display":"","ast-hfb-above-header-display":"","ast-hfb-below-header-display":"","ast-hfb-mobile-header-display":"","site-post-title":"disabled","ast-breadcrumbs-content":"","ast-featured-img":"disabled","footer-sml-layout":"","theme-transparent-header-meta":"default","adv-header-id-meta":"","stick-header-meta":"default","header-above-stick-meta":"","header-main-stick-meta":"","header-below-stick-meta":"","_glsr_average":0,"_glsr_ranking":0,"_glsr_reviews":0,"footnotes":""},"class_list":["post-1414","page","type-page","status-publish","hentry"],"yoast_head":"<!-- This site is optimized with the Yoast SEO plugin v27.5 - https:\/\/yoast.com\/product\/yoast-seo-wordpress\/ -->\n<title>Galer\u00eda - CITMA PINAR DEL R\u00cdO<\/title>\n<meta name=\"robots\" content=\"index, follow, max-snippet:-1, max-image-preview:large, max-video-preview:-1\" \/>\n<link rel=\"canonical\" href=\"http:\/\/www.citmapri.gob.cu\/?page_id=1414\" \/>\n<meta property=\"og:locale\" content=\"es_ES\" \/>\n<meta property=\"og:type\" content=\"article\" \/>\n<meta property=\"og:title\" content=\"Galer\u00eda - CITMA PINAR DEL R\u00cdO\" \/>\n<meta property=\"og:description\" content=\"Galer\u00eda Cayos San Felipe Guanahacabibes Paisajes de Guanahacabibes Martha R. Acosta Pesca en Cuba, Guanahacabibes San Felipe, Guanahacabibes Paisaje Guanahacabibes La poza de Juan Claro, Rosendo Mart\u00ednez Paisaje Marinos, de Reinaldo Estrada Paisaje Marinos, de Reinaldo Estrada Fondos Marinos, Guanahacabibes Tortuga Caguama, Guanahacabibes Tortugas, Guanahacabibes Guahanacabibes,Paisaje Costero de Rolando Fdez de Arcila Cocodrilitos, Guanahacabibes Nacimientode &hellip; Galer\u00eda Read More \u00bb\" \/>\n<meta property=\"og:url\" content=\"http:\/\/www.citmapri.gob.cu\/?page_id=1414\" \/>\n<meta property=\"og:site_name\" content=\"CITMA PINAR DEL R\u00cdO\" \/>\n<meta property=\"article:publisher\" content=\"https:\/\/www.facebook.com\/citmapr\" \/>\n<meta property=\"article:modified_time\" content=\"2020-06-12T13:34:51+00:00\" \/>\n<meta property=\"og:image\" content=\"http:\/\/www.citmapri.gob.cu\/wp-content\/uploads\/2020\/06\/cayos-de-san-felipe.3735-75x60-000000-300x225.jpg\" \/>\n<meta name=\"twitter:card\" content=\"summary_large_image\" \/>\n<meta name=\"twitter:label1\" content=\"Tiempo de lectura\" \/>\n\t<meta name=\"twitter:data1\" content=\"1 minuto\" \/>\n<script type=\"application\/ld+json\" class=\"yoast-schema-graph\">{\"@context\":\"https:\\\/\\\/schema.org\",\"@graph\":[{\"@type\":\"WebPage\",\"@id\":\"http:\\\/\\\/www.citmapri.gob.cu\\\/?page_id=1414\",\"url\":\"http:\\\/\\\/www.citmapri.gob.cu\\\/?page_id=1414\",\"name\":\"Galer\u00eda - CITMA PINAR DEL R\u00cdO\",\"isPartOf\":{\"@id\":\"http:\\\/\\\/www.citmapri.gob.cu\\\/#website\"},\"primaryImageOfPage\":{\"@id\":\"http:\\\/\\\/www.citmapri.gob.cu\\\/?page_id=1414#primaryimage\"},\"image\":{\"@id\":\"http:\\\/\\\/www.citmapri.gob.cu\\\/?page_id=1414#primaryimage\"},\"thumbnailUrl\":\"http:\\\/\\\/www.citmapri.gob.cu\\\/wp-content\\\/uploads\\\/2020\\\/06\\\/cayos-de-san-felipe.3735-75x60-000000-300x225.jpg\",\"datePublished\":\"2020-06-02T18:14:52+00:00\",\"dateModified\":\"2020-06-12T13:34:51+00:00\",\"breadcrumb\":{\"@id\":\"http:\\\/\\\/www.citmapri.gob.cu\\\/?page_id=1414#breadcrumb\"},\"inLanguage\":\"es\",\"potentialAction\":[{\"@type\":\"ReadAction\",\"target\":[\"http:\\\/\\\/www.citmapri.gob.cu\\\/?page_id=1414\"]}]},{\"@type\":\"ImageObject\",\"inLanguage\":\"es\",\"@id\":\"http:\\\/\\\/www.citmapri.gob.cu\\\/?page_id=1414#primaryimage\",\"url\":\"http:\\\/\\\/www.citmapri.gob.cu\\\/wp-content\\\/uploads\\\/2020\\\/06\\\/cayos-de-san-felipe.3735-75x60-000000.jpg\",\"contentUrl\":\"http:\\\/\\\/www.citmapri.gob.cu\\\/wp-content\\\/uploads\\\/2020\\\/06\\\/cayos-de-san-felipe.3735-75x60-000000.jpg\",\"width\":543,\"height\":407,\"caption\":\"Cayos San Felipe Guanahacabibes\"},{\"@type\":\"BreadcrumbList\",\"@id\":\"http:\\\/\\\/www.citmapri.gob.cu\\\/?page_id=1414#breadcrumb\",\"itemListElement\":[{\"@type\":\"ListItem\",\"position\":1,\"name\":\"Portada\",\"item\":\"http:\\\/\\\/www.citmapri.gob.cu\\\/\"},{\"@type\":\"ListItem\",\"position\":2,\"name\":\"Galer\u00eda\"}]},{\"@type\":\"WebSite\",\"@id\":\"http:\\\/\\\/www.citmapri.gob.cu\\\/#website\",\"url\":\"http:\\\/\\\/www.citmapri.gob.cu\\\/\",\"name\":\"CITMA PINAR DEL R\u00cdO\",\"description\":\"DELEGACI\u00d3N TERRITORIAL\",\"publisher\":{\"@id\":\"http:\\\/\\\/www.citmapri.gob.cu\\\/#organization\"},\"potentialAction\":[{\"@type\":\"SearchAction\",\"target\":{\"@type\":\"EntryPoint\",\"urlTemplate\":\"http:\\\/\\\/www.citmapri.gob.cu\\\/?s={search_term_string}\"},\"query-input\":{\"@type\":\"PropertyValueSpecification\",\"valueRequired\":true,\"valueName\":\"search_term_string\"}}],\"inLanguage\":\"es\"},{\"@type\":\"Organization\",\"@id\":\"http:\\\/\\\/www.citmapri.gob.cu\\\/#organization\",\"name\":\"CITMA PINAR DEL R\u00cdO\",\"url\":\"http:\\\/\\\/www.citmapri.gob.cu\\\/\",\"logo\":{\"@type\":\"ImageObject\",\"inLanguage\":\"es\",\"@id\":\"http:\\\/\\\/www.citmapri.gob.cu\\\/#\\\/schema\\\/logo\\\/image\\\/\",\"url\":\"http:\\\/\\\/www.citmapri.gob.cu\\\/wp-content\\\/uploads\\\/2019\\\/11\\\/citmapri-logo-cuba.png\",\"contentUrl\":\"http:\\\/\\\/www.citmapri.gob.cu\\\/wp-content\\\/uploads\\\/2019\\\/11\\\/citmapri-logo-cuba.png\",\"width\":233,\"height\":80,\"caption\":\"CITMA PINAR DEL R\u00cdO\"},\"image\":{\"@id\":\"http:\\\/\\\/www.citmapri.gob.cu\\\/#\\\/schema\\\/logo\\\/image\\\/\"},\"sameAs\":[\"https:\\\/\\\/www.facebook.com\\\/citmapr\"]}]}<\/script>\n<!-- \/ Yoast SEO plugin. -->","yoast_head_json":{"title":"Galer\u00eda - CITMA PINAR DEL R\u00cdO","robots":{"index":"index","follow":"follow","max-snippet":"max-snippet:-1","max-image-preview":"max-image-preview:large","max-video-preview":"max-video-preview:-1"},"canonical":"http:\/\/www.citmapri.gob.cu\/?page_id=1414","og_locale":"es_ES","og_type":"article","og_title":"Galer\u00eda - CITMA PINAR DEL R\u00cdO","og_description":"Galer\u00eda Cayos San Felipe Guanahacabibes Paisajes de Guanahacabibes Martha R. Acosta Pesca en Cuba, Guanahacabibes San Felipe, Guanahacabibes Paisaje Guanahacabibes La poza de Juan Claro, Rosendo Mart\u00ednez Paisaje Marinos, de Reinaldo Estrada Paisaje Marinos, de Reinaldo Estrada Fondos Marinos, Guanahacabibes Tortuga Caguama, Guanahacabibes Tortugas, Guanahacabibes Guahanacabibes,Paisaje Costero de Rolando Fdez de Arcila Cocodrilitos, Guanahacabibes Nacimientode &hellip; Galer\u00eda Read More \u00bb","og_url":"http:\/\/www.citmapri.gob.cu\/?page_id=1414","og_site_name":"CITMA PINAR DEL R\u00cdO","article_publisher":"https:\/\/www.facebook.com\/citmapr","article_modified_time":"2020-06-12T13:34:51+00:00","og_image":[{"url":"http:\/\/www.citmapri.gob.cu\/wp-content\/uploads\/2020\/06\/cayos-de-san-felipe.3735-75x60-000000-300x225.jpg","type":"","width":"","height":""}],"twitter_card":"summary_large_image","twitter_misc":{"Tiempo de lectura":"1 minuto"},"schema":{"@context":"https:\/\/schema.org","@graph":[{"@type":"WebPage","@id":"http:\/\/www.citmapri.gob.cu\/?page_id=1414","url":"http:\/\/www.citmapri.gob.cu\/?page_id=1414","name":"Galer\u00eda - CITMA PINAR DEL R\u00cdO","isPartOf":{"@id":"http:\/\/www.citmapri.gob.cu\/#website"},"primaryImageOfPage":{"@id":"http:\/\/www.citmapri.gob.cu\/?page_id=1414#primaryimage"},"image":{"@id":"http:\/\/www.citmapri.gob.cu\/?page_id=1414#primaryimage"},"thumbnailUrl":"http:\/\/www.citmapri.gob.cu\/wp-content\/uploads\/2020\/06\/cayos-de-san-felipe.3735-75x60-000000-300x225.jpg","datePublished":"2020-06-02T18:14:52+00:00","dateModified":"2020-06-12T13:34:51+00:00","breadcrumb":{"@id":"http:\/\/www.citmapri.gob.cu\/?page_id=1414#breadcrumb"},"inLanguage":"es","potentialAction":[{"@type":"ReadAction","target":["http:\/\/www.citmapri.gob.cu\/?page_id=1414"]}]},{"@type":"ImageObject","inLanguage":"es","@id":"http:\/\/www.citmapri.gob.cu\/?page_id=1414#primaryimage","url":"http:\/\/www.citmapri.gob.cu\/wp-content\/uploads\/2020\/06\/cayos-de-san-felipe.3735-75x60-000000.jpg","contentUrl":"http:\/\/www.citmapri.gob.cu\/wp-content\/uploads\/2020\/06\/cayos-de-san-felipe.3735-75x60-000000.jpg","width":543,"height":407,"caption":"Cayos San Felipe Guanahacabibes"},{"@type":"BreadcrumbList","@id":"http:\/\/www.citmapri.gob.cu\/?page_id=1414#breadcrumb","itemListElement":[{"@type":"ListItem","position":1,"name":"Portada","item":"http:\/\/www.citmapri.gob.cu\/"},{"@type":"ListItem","position":2,"name":"Galer\u00eda"}]},{"@type":"WebSite","@id":"http:\/\/www.citmapri.gob.cu\/#website","url":"http:\/\/www.citmapri.gob.cu\/","name":"CITMA PINAR DEL R\u00cdO","description":"DELEGACI\u00d3N TERRITORIAL","publisher":{"@id":"http:\/\/www.citmapri.gob.cu\/#organization"},"potentialAction":[{"@type":"SearchAction","target":{"@type":"EntryPoint","urlTemplate":"http:\/\/www.citmapri.gob.cu\/?s={search_term_string}"},"query-input":{"@type":"PropertyValueSpecification","valueRequired":true,"valueName":"search_term_string"}}],"inLanguage":"es"},{"@type":"Organization","@id":"http:\/\/www.citmapri.gob.cu\/#organization","name":"CITMA PINAR DEL R\u00cdO","url":"http:\/\/www.citmapri.gob.cu\/","logo":{"@type":"ImageObject","inLanguage":"es","@id":"http:\/\/www.citmapri.gob.cu\/#\/schema\/logo\/image\/","url":"http:\/\/www.citmapri.gob.cu\/wp-content\/uploads\/2019\/11\/citmapri-logo-cuba.png","contentUrl":"http:\/\/www.citmapri.gob.cu\/wp-content\/uploads\/2019\/11\/citmapri-logo-cuba.png","width":233,"height":80,"caption":"CITMA PINAR DEL R\u00cdO"},"image":{"@id":"http:\/\/www.citmapri.gob.cu\/#\/schema\/logo\/image\/"},"sameAs":["https:\/\/www.facebook.com\/citmapr"]}]}},"_links":{"self":[{"href":"http:\/\/www.citmapri.gob.cu\/index.php?rest_route=\/wp\/v2\/pages\/1414","targetHints":{"allow":["GET"]}}],"collection":[{"href":"http:\/\/www.citmapri.gob.cu\/index.php?rest_route=\/wp\/v2\/pages"}],"about":[{"href":"http:\/\/www.citmapri.gob.cu\/index.php?rest_route=\/wp\/v2\/types\/page"}],"author":[{"embeddable":true,"href":"http:\/\/www.citmapri.gob.cu\/index.php?rest_route=\/wp\/v2\/users\/1"}],"replies":[{"embeddable":true,"href":"http:\/\/www.citmapri.gob.cu\/index.php?rest_route=%2Fwp%2Fv2%2Fcomments&post=1414"}],"version-history":[{"count":0,"href":"http:\/\/www.citmapri.gob.cu\/index.php?rest_route=\/wp\/v2\/pages\/1414\/revisions"}],"wp:attachment":[{"href":"http:\/\/www.citmapri.gob.cu\/index.php?rest_route=%2Fwp%2Fv2%2Fmedia&parent=1414"}],"curies":[{"name":"wp","href":"https:\/\/api.w.org\/{rel}","templated":true}]}}