{"id":138,"date":"2018-12-26T13:12:55","date_gmt":"2018-12-26T13:12:55","guid":{"rendered":"https:\/\/websitedemos.net\/coach-02\/?page_id=138"},"modified":"2020-06-02T19:19:44","modified_gmt":"2020-06-02T19:19:44","slug":"noticias","status":"publish","type":"page","link":"http:\/\/www.citmapri.gob.cu\/?page_id=138","title":{"rendered":"Noticias"},"content":{"rendered":"\t\t<div data-elementor-type=\"wp-page\" data-elementor-id=\"138\" class=\"elementor elementor-138\" data-elementor-post-type=\"page\">\n\t\t\t\t\t\t<section class=\"elementor-section elementor-top-section elementor-element elementor-element-f6fe1c6 elementor-section-boxed elementor-section-height-default elementor-section-height-default\" data-id=\"f6fe1c6\" data-element_type=\"section\" data-settings=\"{&quot;background_background&quot;:&quot;classic&quot;}\">\n\t\t\t\t\t\t\t<div class=\"elementor-background-overlay\"><\/div>\n\t\t\t\t\t\t\t<div class=\"elementor-container elementor-column-gap-default\">\n\t\t\t\t\t<div class=\"elementor-column elementor-col-100 elementor-top-column elementor-element elementor-element-b2ceacc\" data-id=\"b2ceacc\" data-element_type=\"column\" data-settings=\"{&quot;background_background&quot;:&quot;classic&quot;}\">\n\t\t\t<div class=\"elementor-widget-wrap elementor-element-populated\">\n\t\t\t\t\t\t<div class=\"elementor-element elementor-element-7169526 elementor-widget elementor-widget-spacer\" data-id=\"7169526\" data-element_type=\"widget\" data-widget_type=\"spacer.default\">\n\t\t\t\t<div class=\"elementor-widget-container\">\n\t\t\t\t\t\t\t<div class=\"elementor-spacer\">\n\t\t\t<div class=\"elementor-spacer-inner\"><\/div>\n\t\t<\/div>\n\t\t\t\t\t\t<\/div>\n\t\t\t\t<\/div>\n\t\t\t\t<div class=\"elementor-element elementor-element-e0f56a4 elementor-widget elementor-widget-heading\" data-id=\"e0f56a4\" data-element_type=\"widget\" data-widget_type=\"heading.default\">\n\t\t\t\t<div class=\"elementor-widget-container\">\n\t\t\t\t\t<h1 class=\"elementor-heading-title elementor-size-default\">Blog del CITMA en Pinar del R\u00edo<\/h1>\t\t\t\t<\/div>\n\t\t\t\t<\/div>\n\t\t\t\t<div class=\"elementor-element elementor-element-f0cfdec elementor-widget elementor-widget-spacer\" data-id=\"f0cfdec\" data-element_type=\"widget\" data-widget_type=\"spacer.default\">\n\t\t\t\t<div class=\"elementor-widget-container\">\n\t\t\t\t\t\t\t<div class=\"elementor-spacer\">\n\t\t\t<div class=\"elementor-spacer-inner\"><\/div>\n\t\t<\/div>\n\t\t\t\t\t\t<\/div>\n\t\t\t\t<\/div>\n\t\t\t\t\t<\/div>\n\t\t<\/div>\n\t\t\t\t\t<\/div>\n\t\t<\/section>\n\t\t\t\t<section class=\"elementor-section elementor-top-section elementor-element elementor-element-678664a elementor-section-boxed elementor-section-height-default elementor-section-height-default\" data-id=\"678664a\" data-element_type=\"section\">\n\t\t\t\t\t\t<div class=\"elementor-container elementor-column-gap-default\">\n\t\t\t\t\t<div class=\"elementor-column elementor-col-100 elementor-top-column elementor-element elementor-element-fabf000\" data-id=\"fabf000\" data-element_type=\"column\">\n\t\t\t<div class=\"elementor-widget-wrap elementor-element-populated\">\n\t\t\t\t\t\t<div class=\"elementor-element elementor-element-c8ac10a elementor-widget elementor-widget-uael-posts\" data-id=\"c8ac10a\" data-element_type=\"widget\" data-settings=\"{&quot;card_slides_to_show&quot;:3,&quot;card_slides_to_show_tablet&quot;:2,&quot;card_slides_to_show_mobile&quot;:1,&quot;card_show_filters&quot;:&quot;no&quot;}\" data-widget_type=\"uael-posts.card\">\n\t\t\t\t<div class=\"elementor-widget-container\">\n\t\t\t\t\t\t\t<div class=\"uael-post__header\">\n\t\t\t\t\t<\/div>\n\t\t<div class=\"uael-post__body\">\n\t\t\t\n\t\t\n\t\t<div class=\"uael-post-grid uael-posts\" data-query-type=\"custom\" data-structure=\"normal\" data-layout=\"\" data-page=\"138\" data-skin=\"card\" data-filter-default=\"\" data-offset-top=\"30\" >\n\n\t\t\t\t\t\t\t<div class=\"uael-post-grid__inner uael-post__columns-3 uael-post__columns-tablet-2 uael-post__columns-mobile-1\">\n\t\t\t\n<div class=\"uael-post-wrapper   medio-ambiente \">\n\t<div class=\"uael-post__bg-wrap\">\n\n\t\t\t\t\n\t\t<div class=\"uael-post__inner-wrap \">\n\n\t\t\t\t<div class=\"uael-post__thumbnail\">\n\t\t\t\n\t\t\t<a href=\"http:\/\/www.citmapri.gob.cu\/?p=3139\" target=\"_self\" title=\"Jornada por el D\u00eda de la Ciencia Cubana\"><img fetchpriority=\"high\" decoding=\"async\" width=\"300\" height=\"168\" src=\"http:\/\/www.citmapri.gob.cu\/wp-content\/uploads\/2024\/01\/331c5505-2185-4b4a-a2d2-b5fce1bb1de3-300x168.jpg\" class=\"attachment-medium size-medium wp-image-3146\" alt=\"\" srcset=\"http:\/\/www.citmapri.gob.cu\/wp-content\/uploads\/2024\/01\/331c5505-2185-4b4a-a2d2-b5fce1bb1de3-300x168.jpg 300w, http:\/\/www.citmapri.gob.cu\/wp-content\/uploads\/2024\/01\/331c5505-2185-4b4a-a2d2-b5fce1bb1de3.jpg 720w\" sizes=\"(max-width: 300px) 100vw, 300px\" \/><\/a>\n\t\t\t\t\t<\/div>\n\t\t\n\t\t\t\n\t\t\t<div class=\"uael-post__content-wrap\">\n\n\t\t\t\t\t<h2 class=\"uael-post__title\">\n\n\t\t\n\t\t\t\t\t\t<a href=\"http:\/\/www.citmapri.gob.cu\/?p=3139\" target=\"_self\">\n\t\t\t\tJornada por el D\u00eda de la Ciencia Cubana\t\t\t<\/a>\n\n\t\t\t\t<\/h2>\n\t\t\t\t\t<div class=\"uael-post__meta-data\">\n\t\t\t\t\t<span class=\"uael-post__date\">\n\t\t\t\t\t\t\t\t\t\t\t\t\t<i aria-hidden=\"true\" class=\"fa fa-calendar\"><\/i>\t\t\t\t\t\t\t\t\t\n\t\t\tenero 18, 2024\t\t<\/span>\n\t\t\t\t<span class=\"uael-post__comments\">\n\t\t\t\t\t\t\t\t\t\t\t\t<i aria-hidden=\"true\" class=\"fa fa-comments\"><\/i>\t\t\t\t\t\t\t\t\t\tNo hay comentarios\t\t<\/span>\n\t\t\t\t<\/div>\n\t\t<div class=\"uael-post__separator\"><\/div>\n\t\t<div class=\"uael-post__excerpt\">\n\t\t\tTuvo lugar hoy en #PinardelR\u00edo, el Acto por el d\u00eda de la #CienciaCubana. Con la participaci\u00f3n de autoridades del Gobierno, del PCC , CTC, la ...\t\t<\/div>\n\n\t\t\t\t\t<\/div>\n\t\t\t\n\t\t<\/div>\n\t\t\n\t<\/div>\n\n<\/div>\n\n<div class=\"uael-post-wrapper   medio-ambiente \">\n\t<div class=\"uael-post__bg-wrap\">\n\n\t\t\t\t\n\t\t<div class=\"uael-post__inner-wrap \">\n\n\t\t\t\t<div class=\"uael-post__thumbnail\">\n\t\t\t\n\t\t\t<a href=\"http:\/\/www.citmapri.gob.cu\/?p=3130\" target=\"_self\" title=\"D\u00eda de la Ciencia Cubana\"><img decoding=\"async\" width=\"300\" height=\"225\" src=\"http:\/\/www.citmapri.gob.cu\/wp-content\/uploads\/2024\/01\/972b48d4-bf28-4c97-9ba1-f31214cf4765-300x225.jpg\" class=\"attachment-medium size-medium wp-image-3131\" alt=\"\" srcset=\"http:\/\/www.citmapri.gob.cu\/wp-content\/uploads\/2024\/01\/972b48d4-bf28-4c97-9ba1-f31214cf4765-300x225.jpg 300w, http:\/\/www.citmapri.gob.cu\/wp-content\/uploads\/2024\/01\/972b48d4-bf28-4c97-9ba1-f31214cf4765-1024x768.jpg 1024w, http:\/\/www.citmapri.gob.cu\/wp-content\/uploads\/2024\/01\/972b48d4-bf28-4c97-9ba1-f31214cf4765-768x576.jpg 768w, http:\/\/www.citmapri.gob.cu\/wp-content\/uploads\/2024\/01\/972b48d4-bf28-4c97-9ba1-f31214cf4765.jpg 1040w\" sizes=\"(max-width: 300px) 100vw, 300px\" \/><\/a>\n\t\t\t\t\t<\/div>\n\t\t\n\t\t\t\n\t\t\t<div class=\"uael-post__content-wrap\">\n\n\t\t\t\t\t<h2 class=\"uael-post__title\">\n\n\t\t\n\t\t\t\t\t\t<a href=\"http:\/\/www.citmapri.gob.cu\/?p=3130\" target=\"_self\">\n\t\t\t\tD\u00eda de la Ciencia Cubana\t\t\t<\/a>\n\n\t\t\t\t<\/h2>\n\t\t\t\t\t<div class=\"uael-post__meta-data\">\n\t\t\t\t\t<span class=\"uael-post__date\">\n\t\t\t\t\t\t\t\t\t\t\t\t\t<i aria-hidden=\"true\" class=\"fa fa-calendar\"><\/i>\t\t\t\t\t\t\t\t\t\n\t\t\tenero 10, 2024\t\t<\/span>\n\t\t\t\t<span class=\"uael-post__comments\">\n\t\t\t\t\t\t\t\t\t\t\t\t<i aria-hidden=\"true\" class=\"fa fa-comments\"><\/i>\t\t\t\t\t\t\t\t\t\tNo hay comentarios\t\t<\/span>\n\t\t\t\t<\/div>\n\t\t<div class=\"uael-post__separator\"><\/div>\n\t\t<div class=\"uael-post__excerpt\">\n\t\t\tPr\u00f3ximamente se celebra el D\u00eda de la Ciencia Cubana, como parte de las actividades enmarcadas en la Jornada se desarrolla en la ma\u00f1ana de hoy ...\t\t<\/div>\n\n\t\t\t\t\t<\/div>\n\t\t\t\n\t\t<\/div>\n\t\t\n\t<\/div>\n\n<\/div>\n\n<div class=\"uael-post-wrapper   medio-ambiente \">\n\t<div class=\"uael-post__bg-wrap\">\n\n\t\t\t\t\n\t\t<div class=\"uael-post__inner-wrap \">\n\n\t\t\t\t<div class=\"uael-post__thumbnail\">\n\t\t\t\n\t\t\t<a href=\"http:\/\/www.citmapri.gob.cu\/?p=3124\" target=\"_self\" title=\"Programa Cambio de Matriz Energ\u00e9tica\"><img decoding=\"async\" width=\"225\" height=\"300\" src=\"http:\/\/www.citmapri.gob.cu\/wp-content\/uploads\/2023\/12\/1a9ea929-d761-4a85-a02b-8cb0b7377e2e-225x300.jpg\" class=\"attachment-medium size-medium wp-image-3126\" alt=\"\" srcset=\"http:\/\/www.citmapri.gob.cu\/wp-content\/uploads\/2023\/12\/1a9ea929-d761-4a85-a02b-8cb0b7377e2e-225x300.jpg 225w, http:\/\/www.citmapri.gob.cu\/wp-content\/uploads\/2023\/12\/1a9ea929-d761-4a85-a02b-8cb0b7377e2e.jpg 431w\" sizes=\"(max-width: 225px) 100vw, 225px\" \/><\/a>\n\t\t\t\t\t<\/div>\n\t\t\n\t\t\t\n\t\t\t<div class=\"uael-post__content-wrap\">\n\n\t\t\t\t\t<h2 class=\"uael-post__title\">\n\n\t\t\n\t\t\t\t\t\t<a href=\"http:\/\/www.citmapri.gob.cu\/?p=3124\" target=\"_self\">\n\t\t\t\tPrograma Cambio de Matriz Energ\u00e9tica\t\t\t<\/a>\n\n\t\t\t\t<\/h2>\n\t\t\t\t\t<div class=\"uael-post__meta-data\">\n\t\t\t\t\t<span class=\"uael-post__date\">\n\t\t\t\t\t\t\t\t\t\t\t\t\t<i aria-hidden=\"true\" class=\"fa fa-calendar\"><\/i>\t\t\t\t\t\t\t\t\t\n\t\t\tdiciembre 21, 2023\t\t<\/span>\n\t\t\t\t<span class=\"uael-post__comments\">\n\t\t\t\t\t\t\t\t\t\t\t\t<i aria-hidden=\"true\" class=\"fa fa-comments\"><\/i>\t\t\t\t\t\t\t\t\t\tNo hay comentarios\t\t<\/span>\n\t\t\t\t<\/div>\n\t\t<div class=\"uael-post__separator\"><\/div>\n\t\t<div class=\"uael-post__excerpt\">\n\t\t\tC\u00f3mo parte de las acciones qu\u00e9 se implementan por el Programa de Cambi\u00f3 de Matriz Energ\u00e9tica del INRH en el municipio de Guane seg\u00fan informaci\u00f3n ...\t\t<\/div>\n\n\t\t\t\t\t<\/div>\n\t\t\t\n\t\t<\/div>\n\t\t\n\t<\/div>\n\n<\/div>\n\n<div class=\"uael-post-wrapper   medio-ambiente \">\n\t<div class=\"uael-post__bg-wrap\">\n\n\t\t\t\t\n\t\t<div class=\"uael-post__inner-wrap \">\n\n\t\t\t\t<div class=\"uael-post__thumbnail\">\n\t\t\t\n\t\t\t<a href=\"http:\/\/www.citmapri.gob.cu\/?p=3115\" target=\"_self\" title=\"Jornada D\u00eda Internacional de las Monta\u00f1as\"><img loading=\"lazy\" decoding=\"async\" width=\"300\" height=\"175\" src=\"http:\/\/www.citmapri.gob.cu\/wp-content\/uploads\/2023\/12\/1e7890cc-676d-4e8e-a4c3-80f96e01bba6-300x175.jpg\" class=\"attachment-medium size-medium wp-image-3118\" alt=\"\" srcset=\"http:\/\/www.citmapri.gob.cu\/wp-content\/uploads\/2023\/12\/1e7890cc-676d-4e8e-a4c3-80f96e01bba6-300x175.jpg 300w, http:\/\/www.citmapri.gob.cu\/wp-content\/uploads\/2023\/12\/1e7890cc-676d-4e8e-a4c3-80f96e01bba6.jpg 696w\" sizes=\"(max-width: 300px) 100vw, 300px\" \/><\/a>\n\t\t\t\t\t<\/div>\n\t\t\n\t\t\t\n\t\t\t<div class=\"uael-post__content-wrap\">\n\n\t\t\t\t\t<h2 class=\"uael-post__title\">\n\n\t\t\n\t\t\t\t\t\t<a href=\"http:\/\/www.citmapri.gob.cu\/?p=3115\" target=\"_self\">\n\t\t\t\tJornada D\u00eda Internacional de las Monta\u00f1as\t\t\t<\/a>\n\n\t\t\t\t<\/h2>\n\t\t\t\t\t<div class=\"uael-post__meta-data\">\n\t\t\t\t\t<span class=\"uael-post__date\">\n\t\t\t\t\t\t\t\t\t\t\t\t\t<i aria-hidden=\"true\" class=\"fa fa-calendar\"><\/i>\t\t\t\t\t\t\t\t\t\n\t\t\tdiciembre 14, 2023\t\t<\/span>\n\t\t\t\t<span class=\"uael-post__comments\">\n\t\t\t\t\t\t\t\t\t\t\t\t<i aria-hidden=\"true\" class=\"fa fa-comments\"><\/i>\t\t\t\t\t\t\t\t\t\tNo hay comentarios\t\t<\/span>\n\t\t\t\t<\/div>\n\t\t<div class=\"uael-post__separator\"><\/div>\n\t\t<div class=\"uael-post__excerpt\">\n\t\t\tCada 11dediciembre se celebra el D\u00eda Internacional de las Monta\u00f1as. La fecha promueve la protecci\u00f3n de este ecosistema, que adem\u00e1s forma parte de los Objetivos ...\t\t<\/div>\n\n\t\t\t\t\t<\/div>\n\t\t\t\n\t\t<\/div>\n\t\t\n\t<\/div>\n\n<\/div>\n\n<div class=\"uael-post-wrapper   medio-ambiente \">\n\t<div class=\"uael-post__bg-wrap\">\n\n\t\t\t\t\n\t\t<div class=\"uael-post__inner-wrap \">\n\n\t\t\t\t<div class=\"uael-post__thumbnail\">\n\t\t\t\n\t\t\t<a href=\"http:\/\/www.citmapri.gob.cu\/?p=3110\" target=\"_self\" title=\"Centro de Investigaciones y Servicios Ambientales (ECOVIDA)\"><img loading=\"lazy\" decoding=\"async\" width=\"300\" height=\"225\" src=\"http:\/\/www.citmapri.gob.cu\/wp-content\/uploads\/2023\/12\/62bc642f-13ab-4baf-8450-620d1b4918c4-300x225.jpg\" class=\"attachment-medium size-medium wp-image-3111\" alt=\"\" srcset=\"http:\/\/www.citmapri.gob.cu\/wp-content\/uploads\/2023\/12\/62bc642f-13ab-4baf-8450-620d1b4918c4-300x225.jpg 300w, http:\/\/www.citmapri.gob.cu\/wp-content\/uploads\/2023\/12\/62bc642f-13ab-4baf-8450-620d1b4918c4.jpg 720w\" sizes=\"(max-width: 300px) 100vw, 300px\" \/><\/a>\n\t\t\t\t\t<\/div>\n\t\t\n\t\t\t\n\t\t\t<div class=\"uael-post__content-wrap\">\n\n\t\t\t\t\t<h2 class=\"uael-post__title\">\n\n\t\t\n\t\t\t\t\t\t<a href=\"http:\/\/www.citmapri.gob.cu\/?p=3110\" target=\"_self\">\n\t\t\t\tCentro de Investigaciones y Servicios Ambientales (ECOVIDA)\t\t\t<\/a>\n\n\t\t\t\t<\/h2>\n\t\t\t\t\t<div class=\"uael-post__meta-data\">\n\t\t\t\t\t<span class=\"uael-post__date\">\n\t\t\t\t\t\t\t\t\t\t\t\t\t<i aria-hidden=\"true\" class=\"fa fa-calendar\"><\/i>\t\t\t\t\t\t\t\t\t\n\t\t\tdiciembre 14, 2023\t\t<\/span>\n\t\t\t\t<span class=\"uael-post__comments\">\n\t\t\t\t\t\t\t\t\t\t\t\t<i aria-hidden=\"true\" class=\"fa fa-comments\"><\/i>\t\t\t\t\t\t\t\t\t\tNo hay comentarios\t\t<\/span>\n\t\t\t\t<\/div>\n\t\t<div class=\"uael-post__separator\"><\/div>\n\t\t<div class=\"uael-post__excerpt\">\n\t\t\tSe realiz\u00f3 la Asamblea de Balance del Centro de Investigaciones y Servicios Ambientales ECOVIDA en esta ocasi\u00f3n se expusieron los principales resultados de trabajo del ...\t\t<\/div>\n\n\t\t\t\t\t<\/div>\n\t\t\t\n\t\t<\/div>\n\t\t\n\t<\/div>\n\n<\/div>\n\n<div class=\"uael-post-wrapper   medio-ambiente \">\n\t<div class=\"uael-post__bg-wrap\">\n\n\t\t\t\t\n\t\t<div class=\"uael-post__inner-wrap \">\n\n\t\t\t\t<div class=\"uael-post__thumbnail\">\n\t\t\t\n\t\t\t<a href=\"http:\/\/www.citmapri.gob.cu\/?p=3103\" target=\"_self\" title=\"Balance Anual Archivo Hist\u00f3rico Provincial\"><img loading=\"lazy\" decoding=\"async\" width=\"300\" height=\"225\" src=\"http:\/\/www.citmapri.gob.cu\/wp-content\/uploads\/2023\/12\/75b6db55-be6c-43d9-bf20-5ae727ade175-300x225.jpg\" class=\"attachment-medium size-medium wp-image-3104\" alt=\"\" srcset=\"http:\/\/www.citmapri.gob.cu\/wp-content\/uploads\/2023\/12\/75b6db55-be6c-43d9-bf20-5ae727ade175-300x225.jpg 300w, http:\/\/www.citmapri.gob.cu\/wp-content\/uploads\/2023\/12\/75b6db55-be6c-43d9-bf20-5ae727ade175-1024x767.jpg 1024w, http:\/\/www.citmapri.gob.cu\/wp-content\/uploads\/2023\/12\/75b6db55-be6c-43d9-bf20-5ae727ade175-768x575.jpg 768w, http:\/\/www.citmapri.gob.cu\/wp-content\/uploads\/2023\/12\/75b6db55-be6c-43d9-bf20-5ae727ade175.jpg 1080w\" sizes=\"(max-width: 300px) 100vw, 300px\" \/><\/a>\n\t\t\t\t\t<\/div>\n\t\t\n\t\t\t\n\t\t\t<div class=\"uael-post__content-wrap\">\n\n\t\t\t\t\t<h2 class=\"uael-post__title\">\n\n\t\t\n\t\t\t\t\t\t<a href=\"http:\/\/www.citmapri.gob.cu\/?p=3103\" target=\"_self\">\n\t\t\t\tBalance Anual Archivo Hist\u00f3rico Provincial\t\t\t<\/a>\n\n\t\t\t\t<\/h2>\n\t\t\t\t\t<div class=\"uael-post__meta-data\">\n\t\t\t\t\t<span class=\"uael-post__date\">\n\t\t\t\t\t\t\t\t\t\t\t\t\t<i aria-hidden=\"true\" class=\"fa fa-calendar\"><\/i>\t\t\t\t\t\t\t\t\t\n\t\t\tdiciembre 14, 2023\t\t<\/span>\n\t\t\t\t<span class=\"uael-post__comments\">\n\t\t\t\t\t\t\t\t\t\t\t\t<i aria-hidden=\"true\" class=\"fa fa-comments\"><\/i>\t\t\t\t\t\t\t\t\t\tNo hay comentarios\t\t<\/span>\n\t\t\t\t<\/div>\n\t\t<div class=\"uael-post__separator\"><\/div>\n\t\t<div class=\"uael-post__excerpt\">\n\t\t\tEn el d\u00eda de hoy se celebra el Balance Anual del Archivo Hist\u00f3rico Provincial de Pinar del R\u00edo, mostrando los resultados alcanzados durante el a\u00f1o ...\t\t<\/div>\n\n\t\t\t\t\t<\/div>\n\t\t\t\n\t\t<\/div>\n\t\t\n\t<\/div>\n\n<\/div>\n\n<div class=\"uael-post-wrapper   medio-ambiente \">\n\t<div class=\"uael-post__bg-wrap\">\n\n\t\t\t\t\n\t\t<div class=\"uael-post__inner-wrap \">\n\n\t\t\t\t<div class=\"uael-post__thumbnail\">\n\t\t\t\n\t\t\t<a href=\"http:\/\/www.citmapri.gob.cu\/?p=3098\" target=\"_self\" title=\"Taller Anual Provincial Proyecto Mi Costa Pinar del R\u00edo\"><img loading=\"lazy\" decoding=\"async\" width=\"300\" height=\"225\" src=\"http:\/\/www.citmapri.gob.cu\/wp-content\/uploads\/2023\/12\/4c351705-4fdd-4549-9466-788cc57063a8-300x225.jpg\" class=\"attachment-medium size-medium wp-image-3099\" alt=\"\" srcset=\"http:\/\/www.citmapri.gob.cu\/wp-content\/uploads\/2023\/12\/4c351705-4fdd-4549-9466-788cc57063a8-300x225.jpg 300w, http:\/\/www.citmapri.gob.cu\/wp-content\/uploads\/2023\/12\/4c351705-4fdd-4549-9466-788cc57063a8-768x576.jpg 768w, http:\/\/www.citmapri.gob.cu\/wp-content\/uploads\/2023\/12\/4c351705-4fdd-4549-9466-788cc57063a8.jpg 1000w\" sizes=\"(max-width: 300px) 100vw, 300px\" \/><\/a>\n\t\t\t\t\t<\/div>\n\t\t\n\t\t\t\n\t\t\t<div class=\"uael-post__content-wrap\">\n\n\t\t\t\t\t<h2 class=\"uael-post__title\">\n\n\t\t\n\t\t\t\t\t\t<a href=\"http:\/\/www.citmapri.gob.cu\/?p=3098\" target=\"_self\">\n\t\t\t\tTaller Anual Provincial Proyecto Mi Costa Pinar del R\u00edo\t\t\t<\/a>\n\n\t\t\t\t<\/h2>\n\t\t\t\t\t<div class=\"uael-post__meta-data\">\n\t\t\t\t\t<span class=\"uael-post__date\">\n\t\t\t\t\t\t\t\t\t\t\t\t\t<i aria-hidden=\"true\" class=\"fa fa-calendar\"><\/i>\t\t\t\t\t\t\t\t\t\n\t\t\tdiciembre 14, 2023\t\t<\/span>\n\t\t\t\t<span class=\"uael-post__comments\">\n\t\t\t\t\t\t\t\t\t\t\t\t<i aria-hidden=\"true\" class=\"fa fa-comments\"><\/i>\t\t\t\t\t\t\t\t\t\tNo hay comentarios\t\t<\/span>\n\t\t\t\t<\/div>\n\t\t<div class=\"uael-post__separator\"><\/div>\n\t\t<div class=\"uael-post__excerpt\">\n\t\t\tSe re\u00fane en la Delegaci\u00f3n Territorial del CITMA en Pinar del R\u00edo, el equipo de trabajo del Proyecto \u00abMi Costa\u00bb con el objetivo de desarrollar ...\t\t<\/div>\n\n\t\t\t\t\t<\/div>\n\t\t\t\n\t\t<\/div>\n\t\t\n\t<\/div>\n\n<\/div>\n\n<div class=\"uael-post-wrapper   medio-ambiente \">\n\t<div class=\"uael-post__bg-wrap\">\n\n\t\t\t\t\n\t\t<div class=\"uael-post__inner-wrap \">\n\n\t\t\t\t<div class=\"uael-post__thumbnail\">\n\t\t\t\n\t\t\t<a href=\"http:\/\/www.citmapri.gob.cu\/?p=3063\" target=\"_self\" title=\"Acciones Preparatorias para la Ejecuci\u00f3n del Programa de Monitoreo y Protecci\u00f3n de Tortugas Marinas durante la temporada junio a septiembre de 2023.\"><img loading=\"lazy\" decoding=\"async\" width=\"300\" height=\"143\" src=\"http:\/\/www.citmapri.gob.cu\/wp-content\/uploads\/2023\/06\/4-300x143.jpg\" class=\"attachment-medium size-medium wp-image-3064\" alt=\"\" srcset=\"http:\/\/www.citmapri.gob.cu\/wp-content\/uploads\/2023\/06\/4-300x143.jpg 300w, http:\/\/www.citmapri.gob.cu\/wp-content\/uploads\/2023\/06\/4-1024x487.jpg 1024w, http:\/\/www.citmapri.gob.cu\/wp-content\/uploads\/2023\/06\/4-768x365.jpg 768w, http:\/\/www.citmapri.gob.cu\/wp-content\/uploads\/2023\/06\/4.jpg 1284w\" sizes=\"(max-width: 300px) 100vw, 300px\" \/><\/a>\n\t\t\t\t\t<\/div>\n\t\t\n\t\t\t\n\t\t\t<div class=\"uael-post__content-wrap\">\n\n\t\t\t\t\t<h2 class=\"uael-post__title\">\n\n\t\t\n\t\t\t\t\t\t<a href=\"http:\/\/www.citmapri.gob.cu\/?p=3063\" target=\"_self\">\n\t\t\t\tAcciones Preparatorias para la Ejecuci\u00f3n del Programa de Monitoreo y Protecci\u00f3n de Tortugas Marinas durante la temporada junio a septiembre de 2023.\t\t\t<\/a>\n\n\t\t\t\t<\/h2>\n\t\t\t\t\t<div class=\"uael-post__meta-data\">\n\t\t\t\t\t<span class=\"uael-post__date\">\n\t\t\t\t\t\t\t\t\t\t\t\t\t<i aria-hidden=\"true\" class=\"fa fa-calendar\"><\/i>\t\t\t\t\t\t\t\t\t\n\t\t\tjunio 14, 2023\t\t<\/span>\n\t\t\t\t<span class=\"uael-post__comments\">\n\t\t\t\t\t\t\t\t\t\t\t\t<i aria-hidden=\"true\" class=\"fa fa-comments\"><\/i>\t\t\t\t\t\t\t\t\t\tNo hay comentarios\t\t<\/span>\n\t\t\t\t<\/div>\n\t\t<div class=\"uael-post__separator\"><\/div>\n\t\t<div class=\"uael-post__excerpt\">\n\t\t\tEn el a\u00f1o 2023 se cumplen 25 a\u00f1os ininterrumpidos de ejecuci\u00f3n del programa de monitoreo y protecci\u00f3n de las tortugas marinas en Guanahacabibes. Este colosal ...\t\t<\/div>\n\n\t\t\t\t\t<\/div>\n\t\t\t\n\t\t<\/div>\n\t\t\n\t<\/div>\n\n<\/div>\n\n<div class=\"uael-post-wrapper   medio-ambiente \">\n\t<div class=\"uael-post__bg-wrap\">\n\n\t\t\t\t\n\t\t<div class=\"uael-post__inner-wrap \">\n\n\t\t\t\t<div class=\"uael-post__thumbnail\">\n\t\t\t\n\t\t\t<a href=\"http:\/\/www.citmapri.gob.cu\/?p=3049\" target=\"_self\" title=\"D\u00eda Mundial del Medio Ambiente\"><img loading=\"lazy\" decoding=\"async\" width=\"300\" height=\"225\" src=\"http:\/\/www.citmapri.gob.cu\/wp-content\/uploads\/2023\/06\/87d70bfc-4948-4e51-8513-3288ce498857-300x225.jpg\" class=\"attachment-medium size-medium wp-image-3050\" alt=\"\" srcset=\"http:\/\/www.citmapri.gob.cu\/wp-content\/uploads\/2023\/06\/87d70bfc-4948-4e51-8513-3288ce498857-300x225.jpg 300w, http:\/\/www.citmapri.gob.cu\/wp-content\/uploads\/2023\/06\/87d70bfc-4948-4e51-8513-3288ce498857-1024x768.jpg 1024w, http:\/\/www.citmapri.gob.cu\/wp-content\/uploads\/2023\/06\/87d70bfc-4948-4e51-8513-3288ce498857-768x576.jpg 768w, http:\/\/www.citmapri.gob.cu\/wp-content\/uploads\/2023\/06\/87d70bfc-4948-4e51-8513-3288ce498857.jpg 1040w\" sizes=\"(max-width: 300px) 100vw, 300px\" \/><\/a>\n\t\t\t\t\t<\/div>\n\t\t\n\t\t\t\n\t\t\t<div class=\"uael-post__content-wrap\">\n\n\t\t\t\t\t<h2 class=\"uael-post__title\">\n\n\t\t\n\t\t\t\t\t\t<a href=\"http:\/\/www.citmapri.gob.cu\/?p=3049\" target=\"_self\">\n\t\t\t\tD\u00eda Mundial del Medio Ambiente\t\t\t<\/a>\n\n\t\t\t\t<\/h2>\n\t\t\t\t\t<div class=\"uael-post__meta-data\">\n\t\t\t\t\t<span class=\"uael-post__date\">\n\t\t\t\t\t\t\t\t\t\t\t\t\t<i aria-hidden=\"true\" class=\"fa fa-calendar\"><\/i>\t\t\t\t\t\t\t\t\t\n\t\t\tjunio 8, 2023\t\t<\/span>\n\t\t\t\t<span class=\"uael-post__comments\">\n\t\t\t\t\t\t\t\t\t\t\t\t<i aria-hidden=\"true\" class=\"fa fa-comments\"><\/i>\t\t\t\t\t\t\t\t\t\tNo hay comentarios\t\t<\/span>\n\t\t\t\t<\/div>\n\t\t<div class=\"uael-post__separator\"><\/div>\n\t\t<div class=\"uael-post__excerpt\">\n\t\t\tTuvo lugar en la Sede del Partido Provincial de #PinardelR\u00edo el Acto Provincial por el #D\u00edaMundialDelMedioAmbiente, con la presencia de funcionarios y directivos del Gobierno ...\t\t<\/div>\n\n\t\t\t\t\t<\/div>\n\t\t\t\n\t\t<\/div>\n\t\t\n\t<\/div>\n\n<\/div>\n\t\t\t\t<\/div>\n\t\t\t\t\t\t\n\t\t<\/div>\n\n\t\t\t\t\t\t<\/div>\n\t\t<div class=\"uael-post__footer\">\n\t\t\t\t\t<\/div>\n\t\t\t\t\t\t<\/div>\n\t\t\t\t<\/div>\n\t\t\t\t\t<\/div>\n\t\t<\/div>\n\t\t\t\t\t<\/div>\n\t\t<\/section>\n\t\t\t\t<\/div>\n\t\t<div class=\"pdfprnt-buttons pdfprnt-buttons-post pdfprnt-bottom-right\"><a href=\"http:\/\/www.citmapri.gob.cu\/index.php?rest_route=%2Fwp%2Fv2%2Fpages%2F138&print=pdf\" class=\"pdfprnt-button pdfprnt-button-pdf\" target=\"_blank\" ><img decoding=\"async\" src=\"http:\/\/www.citmapri.gob.cu\/wp-content\/plugins\/pdf-print\/images\/pdf.png\" alt=\"image_pdf\" title=\"Ver PDF\" \/><span class=\"pdfprnt-button-title pdfprnt-button-pdf-title\">Descargar en PDF<\/span><\/a><a href=\"http:\/\/www.citmapri.gob.cu\/index.php?rest_route=%2Fwp%2Fv2%2Fpages%2F138&print=print\" class=\"pdfprnt-button pdfprnt-button-print\" target=\"_blank\" ><img decoding=\"async\" src=\"http:\/\/www.citmapri.gob.cu\/wp-content\/plugins\/pdf-print\/images\/print.png\" alt=\"image_print\" title=\"Imprimir contenido\" \/><span class=\"pdfprnt-button-title pdfprnt-button-print-title\">Imprimir<\/span><\/a><\/div>","protected":false},"excerpt":{"rendered":"<p>Blog del CITMA en Pinar del R\u00edo Alternatives to Wood in Construction enero 20, 2020 No hay comentarios Mauris ut orci dapibus, sollicitudin metus id, facilisis magna. Praesent pellentesque consequat nibh. Ut egestas velit quis ante tincidunt, eget luctus orci tincidunt. Cras massa &#8230; How to Decorate your Home with Stones enero 20, 2020 No &hellip;<\/p>\n<p class=\"read-more\"> <a class=\"\" href=\"http:\/\/www.citmapri.gob.cu\/?p=3049\"> <span class=\"screen-reader-text\">D\u00eda Mundial del Medio Ambiente<\/span> Read More \u00bb<\/a><\/p>\n","protected":false},"author":1,"featured_media":0,"parent":0,"menu_order":0,"comment_status":"closed","ping_status":"closed","template":"","meta":{"site-sidebar-layout":"no-sidebar","site-content-layout":"page-builder","ast-global-header-display":"","ast-main-header-display":"","ast-hfb-above-header-display":"","ast-hfb-below-header-display":"","ast-hfb-mobile-header-display":"","site-post-title":"disabled","ast-breadcrumbs-content":"","ast-featured-img":"disabled","footer-sml-layout":"","theme-transparent-header-meta":"disabled","adv-header-id-meta":"","stick-header-meta":"default","header-above-stick-meta":"","header-main-stick-meta":"","header-below-stick-meta":"","_glsr_average":0,"_glsr_ranking":0,"_glsr_reviews":0,"footnotes":""},"class_list":["post-138","page","type-page","status-publish","hentry"],"yoast_head":"<!-- This site is optimized with the Yoast SEO plugin v27.5 - https:\/\/yoast.com\/product\/yoast-seo-wordpress\/ -->\n<title>Noticias - CITMA PINAR DEL R\u00cdO<\/title>\n<meta name=\"robots\" content=\"index, follow, max-snippet:-1, max-image-preview:large, max-video-preview:-1\" \/>\n<link rel=\"canonical\" href=\"http:\/\/www.citmapri.gob.cu\/?page_id=138\" \/>\n<meta property=\"og:locale\" content=\"es_ES\" \/>\n<meta property=\"og:type\" content=\"article\" \/>\n<meta property=\"og:title\" content=\"Noticias - CITMA PINAR DEL R\u00cdO\" \/>\n<meta property=\"og:description\" content=\"Blog del CITMA en Pinar del R\u00edo Alternatives to Wood in Construction enero 20, 2020 No hay comentarios Mauris ut orci dapibus, sollicitudin metus id, facilisis magna. Praesent pellentesque consequat nibh. Ut egestas velit quis ante tincidunt, eget luctus orci tincidunt. Cras massa &#8230; How to Decorate your Home with Stones enero 20, 2020 No &hellip; D\u00eda Mundial del Medio Ambiente Read More \u00bb\" \/>\n<meta property=\"og:url\" content=\"http:\/\/www.citmapri.gob.cu\/?page_id=138\" \/>\n<meta property=\"og:site_name\" content=\"CITMA PINAR DEL R\u00cdO\" \/>\n<meta property=\"article:publisher\" content=\"https:\/\/www.facebook.com\/citmapr\" \/>\n<meta property=\"article:modified_time\" content=\"2020-06-02T19:19:44+00:00\" \/>\n<meta property=\"og:image\" content=\"http:\/\/www.citmapri.gob.cu\/wp-content\/uploads\/2018\/12\/blog04-300x161.jpg\" \/>\n<meta name=\"twitter:card\" content=\"summary_large_image\" \/>\n<meta name=\"twitter:label1\" content=\"Tiempo de lectura\" \/>\n\t<meta name=\"twitter:data1\" content=\"1 minuto\" \/>\n<script type=\"application\/ld+json\" class=\"yoast-schema-graph\">{\"@context\":\"https:\\\/\\\/schema.org\",\"@graph\":[{\"@type\":\"WebPage\",\"@id\":\"http:\\\/\\\/www.citmapri.gob.cu\\\/?page_id=138\",\"url\":\"http:\\\/\\\/www.citmapri.gob.cu\\\/?page_id=138\",\"name\":\"Noticias - CITMA PINAR DEL R\u00cdO\",\"isPartOf\":{\"@id\":\"http:\\\/\\\/www.citmapri.gob.cu\\\/#website\"},\"primaryImageOfPage\":{\"@id\":\"http:\\\/\\\/www.citmapri.gob.cu\\\/?page_id=138#primaryimage\"},\"image\":{\"@id\":\"http:\\\/\\\/www.citmapri.gob.cu\\\/?page_id=138#primaryimage\"},\"thumbnailUrl\":\"http:\\\/\\\/www.citmapri.gob.cu\\\/wp-content\\\/uploads\\\/2018\\\/12\\\/blog04-300x161.jpg\",\"datePublished\":\"2018-12-26T13:12:55+00:00\",\"dateModified\":\"2020-06-02T19:19:44+00:00\",\"breadcrumb\":{\"@id\":\"http:\\\/\\\/www.citmapri.gob.cu\\\/?page_id=138#breadcrumb\"},\"inLanguage\":\"es\",\"potentialAction\":[{\"@type\":\"ReadAction\",\"target\":[\"http:\\\/\\\/www.citmapri.gob.cu\\\/?page_id=138\"]}]},{\"@type\":\"ImageObject\",\"inLanguage\":\"es\",\"@id\":\"http:\\\/\\\/www.citmapri.gob.cu\\\/?page_id=138#primaryimage\",\"url\":\"http:\\\/\\\/www.citmapri.gob.cu\\\/wp-content\\\/uploads\\\/2018\\\/12\\\/blog04.jpg\",\"contentUrl\":\"http:\\\/\\\/www.citmapri.gob.cu\\\/wp-content\\\/uploads\\\/2018\\\/12\\\/blog04.jpg\",\"width\":840,\"height\":450},{\"@type\":\"BreadcrumbList\",\"@id\":\"http:\\\/\\\/www.citmapri.gob.cu\\\/?page_id=138#breadcrumb\",\"itemListElement\":[{\"@type\":\"ListItem\",\"position\":1,\"name\":\"Portada\",\"item\":\"http:\\\/\\\/www.citmapri.gob.cu\\\/\"},{\"@type\":\"ListItem\",\"position\":2,\"name\":\"Noticias\"}]},{\"@type\":\"WebSite\",\"@id\":\"http:\\\/\\\/www.citmapri.gob.cu\\\/#website\",\"url\":\"http:\\\/\\\/www.citmapri.gob.cu\\\/\",\"name\":\"CITMA PINAR DEL R\u00cdO\",\"description\":\"DELEGACI\u00d3N TERRITORIAL\",\"publisher\":{\"@id\":\"http:\\\/\\\/www.citmapri.gob.cu\\\/#organization\"},\"potentialAction\":[{\"@type\":\"SearchAction\",\"target\":{\"@type\":\"EntryPoint\",\"urlTemplate\":\"http:\\\/\\\/www.citmapri.gob.cu\\\/?s={search_term_string}\"},\"query-input\":{\"@type\":\"PropertyValueSpecification\",\"valueRequired\":true,\"valueName\":\"search_term_string\"}}],\"inLanguage\":\"es\"},{\"@type\":\"Organization\",\"@id\":\"http:\\\/\\\/www.citmapri.gob.cu\\\/#organization\",\"name\":\"CITMA PINAR DEL R\u00cdO\",\"url\":\"http:\\\/\\\/www.citmapri.gob.cu\\\/\",\"logo\":{\"@type\":\"ImageObject\",\"inLanguage\":\"es\",\"@id\":\"http:\\\/\\\/www.citmapri.gob.cu\\\/#\\\/schema\\\/logo\\\/image\\\/\",\"url\":\"http:\\\/\\\/www.citmapri.gob.cu\\\/wp-content\\\/uploads\\\/2019\\\/11\\\/citmapri-logo-cuba.png\",\"contentUrl\":\"http:\\\/\\\/www.citmapri.gob.cu\\\/wp-content\\\/uploads\\\/2019\\\/11\\\/citmapri-logo-cuba.png\",\"width\":233,\"height\":80,\"caption\":\"CITMA PINAR DEL R\u00cdO\"},\"image\":{\"@id\":\"http:\\\/\\\/www.citmapri.gob.cu\\\/#\\\/schema\\\/logo\\\/image\\\/\"},\"sameAs\":[\"https:\\\/\\\/www.facebook.com\\\/citmapr\"]}]}<\/script>\n<!-- \/ Yoast SEO plugin. -->","yoast_head_json":{"title":"Noticias - CITMA PINAR DEL R\u00cdO","robots":{"index":"index","follow":"follow","max-snippet":"max-snippet:-1","max-image-preview":"max-image-preview:large","max-video-preview":"max-video-preview:-1"},"canonical":"http:\/\/www.citmapri.gob.cu\/?page_id=138","og_locale":"es_ES","og_type":"article","og_title":"Noticias - CITMA PINAR DEL R\u00cdO","og_description":"Blog del CITMA en Pinar del R\u00edo Alternatives to Wood in Construction enero 20, 2020 No hay comentarios Mauris ut orci dapibus, sollicitudin metus id, facilisis magna. Praesent pellentesque consequat nibh. Ut egestas velit quis ante tincidunt, eget luctus orci tincidunt. Cras massa &#8230; How to Decorate your Home with Stones enero 20, 2020 No &hellip; D\u00eda Mundial del Medio Ambiente Read More \u00bb","og_url":"http:\/\/www.citmapri.gob.cu\/?page_id=138","og_site_name":"CITMA PINAR DEL R\u00cdO","article_publisher":"https:\/\/www.facebook.com\/citmapr","article_modified_time":"2020-06-02T19:19:44+00:00","og_image":[{"url":"http:\/\/www.citmapri.gob.cu\/wp-content\/uploads\/2018\/12\/blog04-300x161.jpg","type":"","width":"","height":""}],"twitter_card":"summary_large_image","twitter_misc":{"Tiempo de lectura":"1 minuto"},"schema":{"@context":"https:\/\/schema.org","@graph":[{"@type":"WebPage","@id":"http:\/\/www.citmapri.gob.cu\/?page_id=138","url":"http:\/\/www.citmapri.gob.cu\/?page_id=138","name":"Noticias - CITMA PINAR DEL R\u00cdO","isPartOf":{"@id":"http:\/\/www.citmapri.gob.cu\/#website"},"primaryImageOfPage":{"@id":"http:\/\/www.citmapri.gob.cu\/?page_id=138#primaryimage"},"image":{"@id":"http:\/\/www.citmapri.gob.cu\/?page_id=138#primaryimage"},"thumbnailUrl":"http:\/\/www.citmapri.gob.cu\/wp-content\/uploads\/2018\/12\/blog04-300x161.jpg","datePublished":"2018-12-26T13:12:55+00:00","dateModified":"2020-06-02T19:19:44+00:00","breadcrumb":{"@id":"http:\/\/www.citmapri.gob.cu\/?page_id=138#breadcrumb"},"inLanguage":"es","potentialAction":[{"@type":"ReadAction","target":["http:\/\/www.citmapri.gob.cu\/?page_id=138"]}]},{"@type":"ImageObject","inLanguage":"es","@id":"http:\/\/www.citmapri.gob.cu\/?page_id=138#primaryimage","url":"http:\/\/www.citmapri.gob.cu\/wp-content\/uploads\/2018\/12\/blog04.jpg","contentUrl":"http:\/\/www.citmapri.gob.cu\/wp-content\/uploads\/2018\/12\/blog04.jpg","width":840,"height":450},{"@type":"BreadcrumbList","@id":"http:\/\/www.citmapri.gob.cu\/?page_id=138#breadcrumb","itemListElement":[{"@type":"ListItem","position":1,"name":"Portada","item":"http:\/\/www.citmapri.gob.cu\/"},{"@type":"ListItem","position":2,"name":"Noticias"}]},{"@type":"WebSite","@id":"http:\/\/www.citmapri.gob.cu\/#website","url":"http:\/\/www.citmapri.gob.cu\/","name":"CITMA PINAR DEL R\u00cdO","description":"DELEGACI\u00d3N TERRITORIAL","publisher":{"@id":"http:\/\/www.citmapri.gob.cu\/#organization"},"potentialAction":[{"@type":"SearchAction","target":{"@type":"EntryPoint","urlTemplate":"http:\/\/www.citmapri.gob.cu\/?s={search_term_string}"},"query-input":{"@type":"PropertyValueSpecification","valueRequired":true,"valueName":"search_term_string"}}],"inLanguage":"es"},{"@type":"Organization","@id":"http:\/\/www.citmapri.gob.cu\/#organization","name":"CITMA PINAR DEL R\u00cdO","url":"http:\/\/www.citmapri.gob.cu\/","logo":{"@type":"ImageObject","inLanguage":"es","@id":"http:\/\/www.citmapri.gob.cu\/#\/schema\/logo\/image\/","url":"http:\/\/www.citmapri.gob.cu\/wp-content\/uploads\/2019\/11\/citmapri-logo-cuba.png","contentUrl":"http:\/\/www.citmapri.gob.cu\/wp-content\/uploads\/2019\/11\/citmapri-logo-cuba.png","width":233,"height":80,"caption":"CITMA PINAR DEL R\u00cdO"},"image":{"@id":"http:\/\/www.citmapri.gob.cu\/#\/schema\/logo\/image\/"},"sameAs":["https:\/\/www.facebook.com\/citmapr"]}]}},"_links":{"self":[{"href":"http:\/\/www.citmapri.gob.cu\/index.php?rest_route=\/wp\/v2\/pages\/138","targetHints":{"allow":["GET"]}}],"collection":[{"href":"http:\/\/www.citmapri.gob.cu\/index.php?rest_route=\/wp\/v2\/pages"}],"about":[{"href":"http:\/\/www.citmapri.gob.cu\/index.php?rest_route=\/wp\/v2\/types\/page"}],"author":[{"embeddable":true,"href":"http:\/\/www.citmapri.gob.cu\/index.php?rest_route=\/wp\/v2\/users\/1"}],"replies":[{"embeddable":true,"href":"http:\/\/www.citmapri.gob.cu\/index.php?rest_route=%2Fwp%2Fv2%2Fcomments&post=138"}],"version-history":[{"count":0,"href":"http:\/\/www.citmapri.gob.cu\/index.php?rest_route=\/wp\/v2\/pages\/138\/revisions"}],"wp:attachment":[{"href":"http:\/\/www.citmapri.gob.cu\/index.php?rest_route=%2Fwp%2Fv2%2Fmedia&parent=138"}],"curies":[{"name":"wp","href":"https:\/\/api.w.org\/{rel}","templated":true}]}}