{"id":1337,"date":"2020-03-15T22:51:40","date_gmt":"2020-03-15T22:51:40","guid":{"rendered":"http:\/\/www.citmapri.gob.cu\/?page_id=1337"},"modified":"2020-06-02T20:36:35","modified_gmt":"2020-06-02T20:36:35","slug":"especialistas-municipales","status":"publish","type":"page","link":"http:\/\/www.citmapri.gob.cu\/?page_id=1337","title":{"rendered":"Especialistas Municipales"},"content":{"rendered":"\t\t<div data-elementor-type=\"wp-page\" data-elementor-id=\"1337\" class=\"elementor elementor-1337\" data-elementor-post-type=\"page\">\n\t\t\t\t\t\t<section class=\"elementor-section elementor-top-section elementor-element elementor-element-426e6df elementor-section-boxed elementor-section-height-default elementor-section-height-default\" data-id=\"426e6df\" data-element_type=\"section\" data-settings=\"{&quot;background_background&quot;:&quot;classic&quot;}\">\n\t\t\t\t\t\t\t<div class=\"elementor-background-overlay\"><\/div>\n\t\t\t\t\t\t\t<div class=\"elementor-container elementor-column-gap-default\">\n\t\t\t\t\t<div class=\"elementor-column elementor-col-100 elementor-top-column elementor-element elementor-element-638ca46\" data-id=\"638ca46\" data-element_type=\"column\" data-settings=\"{&quot;background_background&quot;:&quot;classic&quot;}\">\n\t\t\t<div class=\"elementor-widget-wrap elementor-element-populated\">\n\t\t\t\t\t\t<div class=\"elementor-element elementor-element-0ec4865 elementor-widget elementor-widget-spacer\" data-id=\"0ec4865\" data-element_type=\"widget\" data-widget_type=\"spacer.default\">\n\t\t\t\t<div class=\"elementor-widget-container\">\n\t\t\t\t\t\t\t<div class=\"elementor-spacer\">\n\t\t\t<div class=\"elementor-spacer-inner\"><\/div>\n\t\t<\/div>\n\t\t\t\t\t\t<\/div>\n\t\t\t\t<\/div>\n\t\t\t\t<div class=\"elementor-element elementor-element-faaedb2 elementor-widget elementor-widget-heading\" data-id=\"faaedb2\" data-element_type=\"widget\" data-widget_type=\"heading.default\">\n\t\t\t\t<div class=\"elementor-widget-container\">\n\t\t\t\t\t<h1 class=\"elementor-heading-title elementor-size-default\">Especialistas Municipales<\/h1>\t\t\t\t<\/div>\n\t\t\t\t<\/div>\n\t\t\t\t<div class=\"elementor-element elementor-element-f495720 elementor-widget elementor-widget-spacer\" data-id=\"f495720\" data-element_type=\"widget\" data-widget_type=\"spacer.default\">\n\t\t\t\t<div class=\"elementor-widget-container\">\n\t\t\t\t\t\t\t<div class=\"elementor-spacer\">\n\t\t\t<div class=\"elementor-spacer-inner\"><\/div>\n\t\t<\/div>\n\t\t\t\t\t\t<\/div>\n\t\t\t\t<\/div>\n\t\t\t\t\t<\/div>\n\t\t<\/div>\n\t\t\t\t\t<\/div>\n\t\t<\/section>\n\t\t\t\t<section class=\"elementor-section elementor-top-section elementor-element elementor-element-1fe484f elementor-section-boxed elementor-section-height-default elementor-section-height-default\" data-id=\"1fe484f\" data-element_type=\"section\">\n\t\t\t\t\t\t<div class=\"elementor-container elementor-column-gap-default\">\n\t\t\t\t\t<div class=\"elementor-column elementor-col-100 elementor-top-column elementor-element elementor-element-faa167b\" data-id=\"faa167b\" data-element_type=\"column\">\n\t\t\t<div class=\"elementor-widget-wrap elementor-element-populated\">\n\t\t\t\t\t\t<div class=\"elementor-element elementor-element-393ec20 elementor-widget elementor-widget-text-editor\" data-id=\"393ec20\" data-element_type=\"widget\" data-widget_type=\"text-editor.default\">\n\t\t\t\t<div class=\"elementor-widget-container\">\n\t\t\t\t\t\t\t\t\t<p>La figura del Especialista Municipal o Especialista Integral Municipal (en lo adelante EIM) surge alrededor de los a\u00f1os 1988 y 2001 como respuesta a la necesidad de elevar la eficiencia y eficacia del accionar del Ministerio de Ciencia Tecnolog\u00eda y Medio Ambiente, o sea contribuir a viabilizar la implementaci\u00f3n y perfeccionamiento del Sistema de Ciencia e Innovaci\u00f3n Tecnol\u00f3gica en el municipio, logrando una adecuada integraci\u00f3n entre los principales actores del territorio. Promover acciones de promoci\u00f3n, direcci\u00f3n y control dirigidos a la protecci\u00f3n ambiental del territorio, teniendo como prop\u00f3sito fundamental la elevaci\u00f3n continua de la calidad de la vida de sus pobladores.<\/p>\n<p>Resulta f\u00e1cil comprender que para cumplir tales empe\u00f1os se precisa de conocimientos, disciplina, constancia, mucha perseverancia, pero sobre todo de la existencia de un sistema de trabajo que permita el necesario apoyo al EIM desde la Delegaci\u00f3n Territorial, constituye este el objetivo del presente trabajo para las condiciones de la provincia de Matanzas.<\/p>\n<p><strong>En sentido general realiza las siguientes funciones:<\/strong><\/p>\n<ol>\n<li>Realizan la gesti\u00f3n de la actividad cient\u00edfica, tecnol\u00f3gica y medioambiental a nivel municipal, para lo cual debe dominar de manera global y particular la problem\u00e1tica de su radio de acci\u00f3n, teniendo en cuenta para ello las caracter\u00edsticas propias y perspectivas de desarrollo integral de su municipio.<\/li>\n<li>Participan en la organizaci\u00f3n y realizaci\u00f3n de inspecciones, supervisiones y controles a las entidades del territorio dirigidas a conocer el grado de cumplimiento de los aspectos legales y t\u00e9cnicos vigentes relativos a sus funciones y accionar consecuentemente en aras de hacer cumplir lo establecido.<\/li>\n<li>Controlan la marcha de los procesos de investigaci\u00f3n cient\u00edfica que se llevan a cabo en su territorio.<\/li>\n<li>Elaboran la propuesta de las medidas a aplicar en situaciones de cat\u00e1strofes naturales, accidentes industriales u otros que pongan en peligro la seguridad de la comunidad, el equilibrio de la biodiversidad y la estabilidad econ\u00f3mica de la regi\u00f3n.<\/li>\n<li>Realizan diagn\u00f3sticos globales o espec\u00edficos con el objetivo de conocer concretamente la situaci\u00f3n que presenta la actividad del Organismo en el territorio, determinada entidad o esfera de atenci\u00f3n.\n<\/li>\n<li>Participan en la evaluaci\u00f3n del impacto de la ciencia, la tecnolog\u00eda y el medio ambiente en el mejoramiento de las condiciones de vida de la poblaci\u00f3n y la recuperaci\u00f3n econ\u00f3mica de la localidad.\n<\/li>\n<li>Realizan las coordinaciones y asesoramientos necesarios para lograr la integraci\u00f3n de trabajo entre el Forum de Ciencia y T\u00e9cnica, el movimiento de los Comit\u00e9s de Innovadores y Racionalizadores de la Asociaci\u00f3n Nacional de Innovadores Racionalizadores, las Brigadas T\u00e9cnicas Juveniles y otros elementos del Sistema de Ciencia e Innovaci\u00f3n Tecnol\u00f3gica.<\/li>\n<li>Conocen el universo de empresas y entidades con que cuenta la localidad en que se desempe\u00f1a, manteni\u00e9ndose actualizado del accionar de estos en cuanto a ciencia, tecnolog\u00eda y medio ambiente.<\/li>\n<li>Participan en la evaluaci\u00f3n de la factibilidad de la introducci\u00f3n en la pr\u00e1ctica social de los resultados cient\u00edficos t\u00e9cnicos que den respuesta a las prioridades del territorio y promueve la generalizaci\u00f3n de los mismos.<\/li>\n<li>Participan en el an\u00e1lisis de las propuestas de inversiones que se proyectan en el territorio, de acuerdo con la pol\u00edtica ambiental del organismo y garantiza el cumplimiento de todos sus preceptos durante la fase de ejecuci\u00f3n de las obras.<\/li>\n<li>Garantizan la aplicaci\u00f3n de todas las regulaciones de protecci\u00f3n del medio ambiente, conservaci\u00f3n de los recursos naturales y de seguridad nuclear y biol\u00f3gica de todas las organizaciones enclavadas en la municipalidad.<\/li><\/ol><ul>\n<\/ul>\n<p>El EIM ejecuta sus funciones e interact\u00faa con los especialistas de las Unidades de Ciencia y T\u00e9cnica y Medio Ambiente, intercambiando experiencias y criterios, directivas, etc., con el fin de establecer un mecanismo de retroalimentaci\u00f3n entre todos ellos y perfeccionar los m\u00e9todos colectivos de trabajo, es decir, el trabajo que desarrolla uno se complementa con el del otro y viceversa. No obstante, un solo funcionario recibe la generaci\u00f3n de trabajo de muchos.<\/p>\n<p>Lo anterior exige de los m\u00e9todos a utilizar por el EIM se basar\u00e1n, por tanto, en la influencia persuasiva, el car\u00e1cter participativo y una gran comunicaci\u00f3n con los actores que intervienen en su radio de acci\u00f3n, necesitando acumular conocimientos de ciencia e innovaci\u00f3n, de gerencia, de m\u00e9todos de regulaci\u00f3n estatal y administrativas acordes con las caracter\u00edsticas propias del territorio, as\u00ed como cultivar un gran prestigio en sus comunidades.<\/p>\n<p>Esta propuesta constituye solo un acercamiento a lo que debe ser la necesaria atenci\u00f3n a los Especialistas Integrales Municipales, dada la importancia que revisten, pues es precisamente en el municipio donde se materializan las pol\u00edticas del Citma. Por lo que queda abierta la puerta para asimilar sugerencias y opiniones.<\/p>\t\t\t\t\t\t\t\t<\/div>\n\t\t\t\t<\/div>\n\t\t\t\t\t<\/div>\n\t\t<\/div>\n\t\t\t\t\t<\/div>\n\t\t<\/section>\n\t\t\t\t<section class=\"elementor-section elementor-inner-section elementor-element elementor-element-e2d0e97 elementor-section-boxed elementor-section-height-default elementor-section-height-default\" data-id=\"e2d0e97\" data-element_type=\"section\">\n\t\t\t\t\t\t<div class=\"elementor-container elementor-column-gap-default\">\n\t\t\t\t\t<div class=\"elementor-column elementor-col-100 elementor-inner-column elementor-element elementor-element-63870d4\" data-id=\"63870d4\" data-element_type=\"column\">\n\t\t\t<div class=\"elementor-widget-wrap elementor-element-populated\">\n\t\t\t\t\t\t<div class=\"elementor-element elementor-element-3a961f7 elementor-widget elementor-widget-heading\" data-id=\"3a961f7\" data-element_type=\"widget\" data-widget_type=\"heading.default\">\n\t\t\t\t<div class=\"elementor-widget-container\">\n\t\t\t\t\t<h2 class=\"elementor-heading-title elementor-size-default\">Datos generales de los especialistas municipales<\/h2>\t\t\t\t<\/div>\n\t\t\t\t<\/div>\n\t\t\t\t\t<\/div>\n\t\t<\/div>\n\t\t\t\t\t<\/div>\n\t\t<\/section>\n\t\t\t\t<section class=\"elementor-section elementor-top-section elementor-element elementor-element-fdbec85 elementor-section-boxed elementor-section-height-default elementor-section-height-default\" data-id=\"fdbec85\" data-element_type=\"section\">\n\t\t\t\t\t\t<div class=\"elementor-container elementor-column-gap-default\">\n\t\t\t\t\t<div class=\"elementor-column elementor-col-33 elementor-top-column elementor-element elementor-element-613691f\" data-id=\"613691f\" data-element_type=\"column\">\n\t\t\t<div class=\"elementor-widget-wrap elementor-element-populated\">\n\t\t\t\t\t\t<div class=\"elementor-element elementor-element-7910d5c elementor-widget elementor-widget-image\" data-id=\"7910d5c\" data-element_type=\"widget\" data-widget_type=\"image.default\">\n\t\t\t\t<div class=\"elementor-widget-container\">\n\t\t\t\t\t\t\t\t\t\t\t\t\t\t\t<img fetchpriority=\"high\" decoding=\"async\" width=\"300\" height=\"350\" src=\"http:\/\/www.citmapri.gob.cu\/wp-content\/uploads\/2020\/03\/Barbara-Especialista-Municipal-de-Sandino.jpg\" class=\"attachment-full size-full wp-image-1344\" alt=\"\" srcset=\"http:\/\/www.citmapri.gob.cu\/wp-content\/uploads\/2020\/03\/Barbara-Especialista-Municipal-de-Sandino.jpg 300w, http:\/\/www.citmapri.gob.cu\/wp-content\/uploads\/2020\/03\/Barbara-Especialista-Municipal-de-Sandino-257x300.jpg 257w\" sizes=\"(max-width: 300px) 100vw, 300px\" \/>\t\t\t\t\t\t\t\t\t\t\t\t\t\t\t<\/div>\n\t\t\t\t<\/div>\n\t\t\t\t<section class=\"elementor-section elementor-inner-section elementor-element elementor-element-ad172d6 elementor-section-boxed elementor-section-height-default elementor-section-height-default\" data-id=\"ad172d6\" data-element_type=\"section\">\n\t\t\t\t\t\t<div class=\"elementor-container elementor-column-gap-default\">\n\t\t\t\t\t<div class=\"elementor-column elementor-col-100 elementor-inner-column elementor-element elementor-element-c9d5f23\" data-id=\"c9d5f23\" data-element_type=\"column\" data-settings=\"{&quot;background_background&quot;:&quot;classic&quot;}\">\n\t\t\t<div class=\"elementor-widget-wrap elementor-element-populated\">\n\t\t\t\t\t\t<div class=\"elementor-element elementor-element-6d89d61 elementor-widget elementor-widget-spacer\" data-id=\"6d89d61\" data-element_type=\"widget\" data-widget_type=\"spacer.default\">\n\t\t\t\t<div class=\"elementor-widget-container\">\n\t\t\t\t\t\t\t<div class=\"elementor-spacer\">\n\t\t\t<div class=\"elementor-spacer-inner\"><\/div>\n\t\t<\/div>\n\t\t\t\t\t\t<\/div>\n\t\t\t\t<\/div>\n\t\t\t\t<div class=\"elementor-element elementor-element-972d106 elementor-widget elementor-widget-heading\" data-id=\"972d106\" data-element_type=\"widget\" data-widget_type=\"heading.default\">\n\t\t\t\t<div class=\"elementor-widget-container\">\n\t\t\t\t\t<h4 class=\"elementor-heading-title elementor-size-default\">B\u00e1rbara Julia Bernal Machado<\/h4>\t\t\t\t<\/div>\n\t\t\t\t<\/div>\n\t\t\t\t<div class=\"elementor-element elementor-element-b419049 elementor-widget elementor-widget-heading\" data-id=\"b419049\" data-element_type=\"widget\" data-widget_type=\"heading.default\">\n\t\t\t\t<div class=\"elementor-widget-container\">\n\t\t\t\t\t<div class=\"elementor-heading-title elementor-size-default\">Municipio: Sandino<\/div>\t\t\t\t<\/div>\n\t\t\t\t<\/div>\n\t\t\t\t<div class=\"elementor-element elementor-element-ad0faf1 elementor-widget elementor-widget-heading\" data-id=\"ad0faf1\" data-element_type=\"widget\" data-widget_type=\"heading.default\">\n\t\t\t\t<div class=\"elementor-widget-container\">\n\t\t\t\t\t<div class=\"elementor-heading-title elementor-size-default\">Tel\u00e9fonos: 48 423245 - 48 423472 - 48 423513<\/div>\t\t\t\t<\/div>\n\t\t\t\t<\/div>\n\t\t\t\t\t<\/div>\n\t\t<\/div>\n\t\t\t\t\t<\/div>\n\t\t<\/section>\n\t\t\t\t\t<\/div>\n\t\t<\/div>\n\t\t\t\t<div class=\"elementor-column elementor-col-33 elementor-top-column elementor-element elementor-element-7278fd8\" data-id=\"7278fd8\" data-element_type=\"column\">\n\t\t\t<div class=\"elementor-widget-wrap elementor-element-populated\">\n\t\t\t\t\t\t<div class=\"elementor-element elementor-element-bdd6b76 elementor-widget elementor-widget-image\" data-id=\"bdd6b76\" data-element_type=\"widget\" data-widget_type=\"image.default\">\n\t\t\t\t<div class=\"elementor-widget-container\">\n\t\t\t\t\t\t\t\t\t\t\t\t\t\t\t<img decoding=\"async\" width=\"300\" height=\"350\" src=\"http:\/\/www.citmapri.gob.cu\/wp-content\/uploads\/2020\/03\/Dianelys-Asco-Especialista-Municipal-de-Mantua.jpg\" class=\"attachment-full size-full wp-image-1348\" alt=\"\" srcset=\"http:\/\/www.citmapri.gob.cu\/wp-content\/uploads\/2020\/03\/Dianelys-Asco-Especialista-Municipal-de-Mantua.jpg 300w, http:\/\/www.citmapri.gob.cu\/wp-content\/uploads\/2020\/03\/Dianelys-Asco-Especialista-Municipal-de-Mantua-257x300.jpg 257w\" sizes=\"(max-width: 300px) 100vw, 300px\" \/>\t\t\t\t\t\t\t\t\t\t\t\t\t\t\t<\/div>\n\t\t\t\t<\/div>\n\t\t\t\t<section class=\"elementor-section elementor-inner-section elementor-element elementor-element-6429635 elementor-section-boxed elementor-section-height-default elementor-section-height-default\" data-id=\"6429635\" data-element_type=\"section\">\n\t\t\t\t\t\t<div class=\"elementor-container elementor-column-gap-default\">\n\t\t\t\t\t<div class=\"elementor-column elementor-col-100 elementor-inner-column elementor-element elementor-element-5e82450\" data-id=\"5e82450\" data-element_type=\"column\" data-settings=\"{&quot;background_background&quot;:&quot;classic&quot;}\">\n\t\t\t<div class=\"elementor-widget-wrap elementor-element-populated\">\n\t\t\t\t\t\t<div class=\"elementor-element elementor-element-53c246d elementor-widget elementor-widget-spacer\" data-id=\"53c246d\" data-element_type=\"widget\" data-widget_type=\"spacer.default\">\n\t\t\t\t<div class=\"elementor-widget-container\">\n\t\t\t\t\t\t\t<div class=\"elementor-spacer\">\n\t\t\t<div class=\"elementor-spacer-inner\"><\/div>\n\t\t<\/div>\n\t\t\t\t\t\t<\/div>\n\t\t\t\t<\/div>\n\t\t\t\t<div class=\"elementor-element elementor-element-c767579 elementor-widget elementor-widget-heading\" data-id=\"c767579\" data-element_type=\"widget\" data-widget_type=\"heading.default\">\n\t\t\t\t<div class=\"elementor-widget-container\">\n\t\t\t\t\t<h4 class=\"elementor-heading-title elementor-size-default\">Dianelys Asco<\/h4>\t\t\t\t<\/div>\n\t\t\t\t<\/div>\n\t\t\t\t<div class=\"elementor-element elementor-element-58d1179 elementor-widget elementor-widget-heading\" data-id=\"58d1179\" data-element_type=\"widget\" data-widget_type=\"heading.default\">\n\t\t\t\t<div class=\"elementor-widget-container\">\n\t\t\t\t\t<div class=\"elementor-heading-title elementor-size-default\">Municipio: Mantua<\/div>\t\t\t\t<\/div>\n\t\t\t\t<\/div>\n\t\t\t\t<div class=\"elementor-element elementor-element-148bc31 elementor-widget elementor-widget-heading\" data-id=\"148bc31\" data-element_type=\"widget\" data-widget_type=\"heading.default\">\n\t\t\t\t<div class=\"elementor-widget-container\">\n\t\t\t\t\t<div class=\"elementor-heading-title elementor-size-default\">Tel\u00e9fono: 5429 3612<\/div>\t\t\t\t<\/div>\n\t\t\t\t<\/div>\n\t\t\t\t\t<\/div>\n\t\t<\/div>\n\t\t\t\t\t<\/div>\n\t\t<\/section>\n\t\t\t\t\t<\/div>\n\t\t<\/div>\n\t\t\t\t<div class=\"elementor-column elementor-col-33 elementor-top-column elementor-element elementor-element-9dc42e3\" data-id=\"9dc42e3\" data-element_type=\"column\">\n\t\t\t<div class=\"elementor-widget-wrap elementor-element-populated\">\n\t\t\t\t\t\t<div class=\"elementor-element elementor-element-dda18a0 elementor-widget elementor-widget-image\" data-id=\"dda18a0\" data-element_type=\"widget\" data-widget_type=\"image.default\">\n\t\t\t\t<div class=\"elementor-widget-container\">\n\t\t\t\t\t\t\t\t\t\t\t\t\t\t\t<img decoding=\"async\" width=\"300\" height=\"350\" src=\"http:\/\/www.citmapri.gob.cu\/wp-content\/uploads\/2020\/03\/Juan-Valdes-Fernandez-Especialista-Municipal-Minas-de-Matahambre.jpg\" class=\"attachment-full size-full wp-image-1352\" alt=\"\" srcset=\"http:\/\/www.citmapri.gob.cu\/wp-content\/uploads\/2020\/03\/Juan-Valdes-Fernandez-Especialista-Municipal-Minas-de-Matahambre.jpg 300w, http:\/\/www.citmapri.gob.cu\/wp-content\/uploads\/2020\/03\/Juan-Valdes-Fernandez-Especialista-Municipal-Minas-de-Matahambre-257x300.jpg 257w\" sizes=\"(max-width: 300px) 100vw, 300px\" \/>\t\t\t\t\t\t\t\t\t\t\t\t\t\t\t<\/div>\n\t\t\t\t<\/div>\n\t\t\t\t<section class=\"elementor-section elementor-inner-section elementor-element elementor-element-bfb883f elementor-section-boxed elementor-section-height-default elementor-section-height-default\" data-id=\"bfb883f\" data-element_type=\"section\">\n\t\t\t\t\t\t<div class=\"elementor-container elementor-column-gap-default\">\n\t\t\t\t\t<div class=\"elementor-column elementor-col-100 elementor-inner-column elementor-element elementor-element-3b78d6b\" data-id=\"3b78d6b\" data-element_type=\"column\" data-settings=\"{&quot;background_background&quot;:&quot;classic&quot;}\">\n\t\t\t<div class=\"elementor-widget-wrap elementor-element-populated\">\n\t\t\t\t\t\t<div class=\"elementor-element elementor-element-d95a6cb elementor-widget elementor-widget-spacer\" data-id=\"d95a6cb\" data-element_type=\"widget\" data-widget_type=\"spacer.default\">\n\t\t\t\t<div class=\"elementor-widget-container\">\n\t\t\t\t\t\t\t<div class=\"elementor-spacer\">\n\t\t\t<div class=\"elementor-spacer-inner\"><\/div>\n\t\t<\/div>\n\t\t\t\t\t\t<\/div>\n\t\t\t\t<\/div>\n\t\t\t\t<div class=\"elementor-element elementor-element-9d8658f elementor-widget elementor-widget-heading\" data-id=\"9d8658f\" data-element_type=\"widget\" data-widget_type=\"heading.default\">\n\t\t\t\t<div class=\"elementor-widget-container\">\n\t\t\t\t\t<h4 class=\"elementor-heading-title elementor-size-default\">Juan Vald\u00e9s Fern\u00e1ndez<\/h4>\t\t\t\t<\/div>\n\t\t\t\t<\/div>\n\t\t\t\t<div class=\"elementor-element elementor-element-4bc1f61 elementor-widget elementor-widget-heading\" data-id=\"4bc1f61\" data-element_type=\"widget\" data-widget_type=\"heading.default\">\n\t\t\t\t<div class=\"elementor-widget-container\">\n\t\t\t\t\t<div class=\"elementor-heading-title elementor-size-default\">Municipio: Minas de Matahambre<\/div>\t\t\t\t<\/div>\n\t\t\t\t<\/div>\n\t\t\t\t<div class=\"elementor-element elementor-element-b2cafcc elementor-widget elementor-widget-heading\" data-id=\"b2cafcc\" data-element_type=\"widget\" data-widget_type=\"heading.default\">\n\t\t\t\t<div class=\"elementor-widget-container\">\n\t\t\t\t\t<div class=\"elementor-heading-title elementor-size-default\">Tel\u00e9fono: 48 646587<\/div>\t\t\t\t<\/div>\n\t\t\t\t<\/div>\n\t\t\t\t\t<\/div>\n\t\t<\/div>\n\t\t\t\t\t<\/div>\n\t\t<\/section>\n\t\t\t\t\t<\/div>\n\t\t<\/div>\n\t\t\t\t\t<\/div>\n\t\t<\/section>\n\t\t\t\t<section class=\"elementor-section elementor-top-section elementor-element elementor-element-f46a8ec elementor-section-boxed elementor-section-height-default elementor-section-height-default\" data-id=\"f46a8ec\" data-element_type=\"section\">\n\t\t\t\t\t\t<div class=\"elementor-container elementor-column-gap-default\">\n\t\t\t\t\t<div class=\"elementor-column elementor-col-33 elementor-top-column elementor-element elementor-element-8b3bf25\" data-id=\"8b3bf25\" data-element_type=\"column\">\n\t\t\t<div class=\"elementor-widget-wrap elementor-element-populated\">\n\t\t\t\t\t\t<div class=\"elementor-element elementor-element-77f7881 elementor-widget elementor-widget-image\" data-id=\"77f7881\" data-element_type=\"widget\" data-widget_type=\"image.default\">\n\t\t\t\t<div class=\"elementor-widget-container\">\n\t\t\t\t\t\t\t\t\t\t\t\t\t\t\t<img loading=\"lazy\" decoding=\"async\" width=\"300\" height=\"350\" src=\"http:\/\/www.citmapri.gob.cu\/wp-content\/uploads\/2020\/03\/Madelys-Salgado-Varela-Especialista-La-Palma.jpg\" class=\"attachment-full size-full wp-image-1353\" alt=\"\" srcset=\"http:\/\/www.citmapri.gob.cu\/wp-content\/uploads\/2020\/03\/Madelys-Salgado-Varela-Especialista-La-Palma.jpg 300w, http:\/\/www.citmapri.gob.cu\/wp-content\/uploads\/2020\/03\/Madelys-Salgado-Varela-Especialista-La-Palma-257x300.jpg 257w\" sizes=\"(max-width: 300px) 100vw, 300px\" \/>\t\t\t\t\t\t\t\t\t\t\t\t\t\t\t<\/div>\n\t\t\t\t<\/div>\n\t\t\t\t<section class=\"elementor-section elementor-inner-section elementor-element elementor-element-0d2d19e elementor-section-boxed elementor-section-height-default elementor-section-height-default\" data-id=\"0d2d19e\" data-element_type=\"section\">\n\t\t\t\t\t\t<div class=\"elementor-container elementor-column-gap-default\">\n\t\t\t\t\t<div class=\"elementor-column elementor-col-100 elementor-inner-column elementor-element elementor-element-55dafe5\" data-id=\"55dafe5\" data-element_type=\"column\" data-settings=\"{&quot;background_background&quot;:&quot;classic&quot;}\">\n\t\t\t<div class=\"elementor-widget-wrap elementor-element-populated\">\n\t\t\t\t\t\t<div class=\"elementor-element elementor-element-b74a6fd elementor-widget elementor-widget-spacer\" data-id=\"b74a6fd\" data-element_type=\"widget\" data-widget_type=\"spacer.default\">\n\t\t\t\t<div class=\"elementor-widget-container\">\n\t\t\t\t\t\t\t<div class=\"elementor-spacer\">\n\t\t\t<div class=\"elementor-spacer-inner\"><\/div>\n\t\t<\/div>\n\t\t\t\t\t\t<\/div>\n\t\t\t\t<\/div>\n\t\t\t\t<div class=\"elementor-element elementor-element-917722e elementor-widget elementor-widget-heading\" data-id=\"917722e\" data-element_type=\"widget\" data-widget_type=\"heading.default\">\n\t\t\t\t<div class=\"elementor-widget-container\">\n\t\t\t\t\t<h4 class=\"elementor-heading-title elementor-size-default\">Madelys Salgado Varela<\/h4>\t\t\t\t<\/div>\n\t\t\t\t<\/div>\n\t\t\t\t<div class=\"elementor-element elementor-element-463c1cc elementor-widget elementor-widget-heading\" data-id=\"463c1cc\" data-element_type=\"widget\" data-widget_type=\"heading.default\">\n\t\t\t\t<div class=\"elementor-widget-container\">\n\t\t\t\t\t<div class=\"elementor-heading-title elementor-size-default\">Municipio: La Palma<\/div>\t\t\t\t<\/div>\n\t\t\t\t<\/div>\n\t\t\t\t<div class=\"elementor-element elementor-element-cf0ff23 elementor-widget elementor-widget-heading\" data-id=\"cf0ff23\" data-element_type=\"widget\" data-widget_type=\"heading.default\">\n\t\t\t\t<div class=\"elementor-widget-container\">\n\t\t\t\t\t<div class=\"elementor-heading-title elementor-size-default\">Tel\u00e9fono: 48 732868<\/div>\t\t\t\t<\/div>\n\t\t\t\t<\/div>\n\t\t\t\t\t<\/div>\n\t\t<\/div>\n\t\t\t\t\t<\/div>\n\t\t<\/section>\n\t\t\t\t\t<\/div>\n\t\t<\/div>\n\t\t\t\t<div class=\"elementor-column elementor-col-33 elementor-top-column elementor-element elementor-element-3edbb32\" data-id=\"3edbb32\" data-element_type=\"column\">\n\t\t\t<div class=\"elementor-widget-wrap elementor-element-populated\">\n\t\t\t\t\t\t<div class=\"elementor-element elementor-element-fea49d4 elementor-widget elementor-widget-image\" data-id=\"fea49d4\" data-element_type=\"widget\" data-widget_type=\"image.default\">\n\t\t\t\t<div class=\"elementor-widget-container\">\n\t\t\t\t\t\t\t\t\t\t\t\t\t\t\t<img loading=\"lazy\" decoding=\"async\" width=\"300\" height=\"350\" src=\"http:\/\/www.citmapri.gob.cu\/wp-content\/uploads\/2020\/03\/Silueta-de-Mujer.jpg\" class=\"attachment-full size-full wp-image-1354\" alt=\"\" srcset=\"http:\/\/www.citmapri.gob.cu\/wp-content\/uploads\/2020\/03\/Silueta-de-Mujer.jpg 300w, http:\/\/www.citmapri.gob.cu\/wp-content\/uploads\/2020\/03\/Silueta-de-Mujer-257x300.jpg 257w\" sizes=\"(max-width: 300px) 100vw, 300px\" \/>\t\t\t\t\t\t\t\t\t\t\t\t\t\t\t<\/div>\n\t\t\t\t<\/div>\n\t\t\t\t<section class=\"elementor-section elementor-inner-section elementor-element elementor-element-8c71529 elementor-section-boxed elementor-section-height-default elementor-section-height-default\" data-id=\"8c71529\" data-element_type=\"section\">\n\t\t\t\t\t\t<div class=\"elementor-container elementor-column-gap-default\">\n\t\t\t\t\t<div class=\"elementor-column elementor-col-100 elementor-inner-column elementor-element elementor-element-277402a\" data-id=\"277402a\" data-element_type=\"column\" data-settings=\"{&quot;background_background&quot;:&quot;classic&quot;}\">\n\t\t\t<div class=\"elementor-widget-wrap elementor-element-populated\">\n\t\t\t\t\t\t<div class=\"elementor-element elementor-element-3975832 elementor-widget elementor-widget-spacer\" data-id=\"3975832\" data-element_type=\"widget\" data-widget_type=\"spacer.default\">\n\t\t\t\t<div class=\"elementor-widget-container\">\n\t\t\t\t\t\t\t<div class=\"elementor-spacer\">\n\t\t\t<div class=\"elementor-spacer-inner\"><\/div>\n\t\t<\/div>\n\t\t\t\t\t\t<\/div>\n\t\t\t\t<\/div>\n\t\t\t\t<div class=\"elementor-element elementor-element-1cdcec0 elementor-widget elementor-widget-heading\" data-id=\"1cdcec0\" data-element_type=\"widget\" data-widget_type=\"heading.default\">\n\t\t\t\t<div class=\"elementor-widget-container\">\n\t\t\t\t\t<h4 class=\"elementor-heading-title elementor-size-default\">Dianelys \u00c1lvarez D\u00edaz<\/h4>\t\t\t\t<\/div>\n\t\t\t\t<\/div>\n\t\t\t\t<div class=\"elementor-element elementor-element-4aeb38d elementor-widget elementor-widget-heading\" data-id=\"4aeb38d\" data-element_type=\"widget\" data-widget_type=\"heading.default\">\n\t\t\t\t<div class=\"elementor-widget-container\">\n\t\t\t\t\t<div class=\"elementor-heading-title elementor-size-default\">Municipio: Los Palacios<\/div>\t\t\t\t<\/div>\n\t\t\t\t<\/div>\n\t\t\t\t<div class=\"elementor-element elementor-element-a9e54bf elementor-widget elementor-widget-heading\" data-id=\"a9e54bf\" data-element_type=\"widget\" data-widget_type=\"heading.default\">\n\t\t\t\t<div class=\"elementor-widget-container\">\n\t\t\t\t\t<div class=\"elementor-heading-title elementor-size-default\">Tel\u00e9fono: 5286 0645<\/div>\t\t\t\t<\/div>\n\t\t\t\t<\/div>\n\t\t\t\t\t<\/div>\n\t\t<\/div>\n\t\t\t\t\t<\/div>\n\t\t<\/section>\n\t\t\t\t\t<\/div>\n\t\t<\/div>\n\t\t\t\t<div class=\"elementor-column elementor-col-33 elementor-top-column elementor-element elementor-element-3e29f90\" data-id=\"3e29f90\" data-element_type=\"column\">\n\t\t\t<div class=\"elementor-widget-wrap elementor-element-populated\">\n\t\t\t\t\t\t<div class=\"elementor-element elementor-element-7e599ca elementor-widget elementor-widget-image\" data-id=\"7e599ca\" data-element_type=\"widget\" data-widget_type=\"image.default\">\n\t\t\t\t<div class=\"elementor-widget-container\">\n\t\t\t\t\t\t\t\t\t\t\t\t\t\t\t<img loading=\"lazy\" decoding=\"async\" width=\"300\" height=\"350\" src=\"http:\/\/www.citmapri.gob.cu\/wp-content\/uploads\/2020\/03\/Silueta-de-hombre.jpg\" class=\"attachment-full size-full wp-image-1356\" alt=\"\" srcset=\"http:\/\/www.citmapri.gob.cu\/wp-content\/uploads\/2020\/03\/Silueta-de-hombre.jpg 300w, http:\/\/www.citmapri.gob.cu\/wp-content\/uploads\/2020\/03\/Silueta-de-hombre-257x300.jpg 257w\" sizes=\"(max-width: 300px) 100vw, 300px\" \/>\t\t\t\t\t\t\t\t\t\t\t\t\t\t\t<\/div>\n\t\t\t\t<\/div>\n\t\t\t\t<section class=\"elementor-section elementor-inner-section elementor-element elementor-element-0fd0489 elementor-section-boxed elementor-section-height-default elementor-section-height-default\" data-id=\"0fd0489\" data-element_type=\"section\">\n\t\t\t\t\t\t<div class=\"elementor-container elementor-column-gap-default\">\n\t\t\t\t\t<div class=\"elementor-column elementor-col-100 elementor-inner-column elementor-element elementor-element-b2b45d8\" data-id=\"b2b45d8\" data-element_type=\"column\" data-settings=\"{&quot;background_background&quot;:&quot;classic&quot;}\">\n\t\t\t<div class=\"elementor-widget-wrap elementor-element-populated\">\n\t\t\t\t\t\t<div class=\"elementor-element elementor-element-65279db elementor-widget elementor-widget-spacer\" data-id=\"65279db\" data-element_type=\"widget\" data-widget_type=\"spacer.default\">\n\t\t\t\t<div class=\"elementor-widget-container\">\n\t\t\t\t\t\t\t<div class=\"elementor-spacer\">\n\t\t\t<div class=\"elementor-spacer-inner\"><\/div>\n\t\t<\/div>\n\t\t\t\t\t\t<\/div>\n\t\t\t\t<\/div>\n\t\t\t\t<div class=\"elementor-element elementor-element-9664068 elementor-widget elementor-widget-heading\" data-id=\"9664068\" data-element_type=\"widget\" data-widget_type=\"heading.default\">\n\t\t\t\t<div class=\"elementor-widget-container\">\n\t\t\t\t\t<h4 class=\"elementor-heading-title elementor-size-default\">Roberto G\u00e1lvez Vichot<\/h4>\t\t\t\t<\/div>\n\t\t\t\t<\/div>\n\t\t\t\t<div class=\"elementor-element elementor-element-89b534f elementor-widget elementor-widget-heading\" data-id=\"89b534f\" data-element_type=\"widget\" data-widget_type=\"heading.default\">\n\t\t\t\t<div class=\"elementor-widget-container\">\n\t\t\t\t\t<div class=\"elementor-heading-title elementor-size-default\">Municipio: Consolaci\u00f3n de Sur<\/div>\t\t\t\t<\/div>\n\t\t\t\t<\/div>\n\t\t\t\t<div class=\"elementor-element elementor-element-836a8f3 elementor-widget elementor-widget-heading\" data-id=\"836a8f3\" data-element_type=\"widget\" data-widget_type=\"heading.default\">\n\t\t\t\t<div class=\"elementor-widget-container\">\n\t\t\t\t\t<div class=\"elementor-heading-title elementor-size-default\">Tel\u00e9fonos: 48 497315 - 48 498665<\/div>\t\t\t\t<\/div>\n\t\t\t\t<\/div>\n\t\t\t\t\t<\/div>\n\t\t<\/div>\n\t\t\t\t\t<\/div>\n\t\t<\/section>\n\t\t\t\t\t<\/div>\n\t\t<\/div>\n\t\t\t\t\t<\/div>\n\t\t<\/section>\n\t\t\t\t<section class=\"elementor-section elementor-top-section elementor-element elementor-element-839703a elementor-section-boxed elementor-section-height-default elementor-section-height-default\" data-id=\"839703a\" data-element_type=\"section\">\n\t\t\t\t\t\t<div class=\"elementor-container elementor-column-gap-default\">\n\t\t\t\t\t<div class=\"elementor-column elementor-col-33 elementor-top-column elementor-element elementor-element-29da4c0\" data-id=\"29da4c0\" data-element_type=\"column\">\n\t\t\t<div class=\"elementor-widget-wrap elementor-element-populated\">\n\t\t\t\t\t\t<div class=\"elementor-element elementor-element-6111219 elementor-widget elementor-widget-image\" data-id=\"6111219\" data-element_type=\"widget\" data-widget_type=\"image.default\">\n\t\t\t\t<div class=\"elementor-widget-container\">\n\t\t\t\t\t\t\t\t\t\t\t\t\t\t\t<img loading=\"lazy\" decoding=\"async\" width=\"300\" height=\"350\" src=\"http:\/\/www.citmapri.gob.cu\/wp-content\/uploads\/2020\/03\/Silueta-de-Mujer.jpg\" class=\"attachment-full size-full wp-image-1354\" alt=\"\" srcset=\"http:\/\/www.citmapri.gob.cu\/wp-content\/uploads\/2020\/03\/Silueta-de-Mujer.jpg 300w, http:\/\/www.citmapri.gob.cu\/wp-content\/uploads\/2020\/03\/Silueta-de-Mujer-257x300.jpg 257w\" sizes=\"(max-width: 300px) 100vw, 300px\" \/>\t\t\t\t\t\t\t\t\t\t\t\t\t\t\t<\/div>\n\t\t\t\t<\/div>\n\t\t\t\t<section class=\"elementor-section elementor-inner-section elementor-element elementor-element-bd1611e elementor-section-boxed elementor-section-height-default elementor-section-height-default\" data-id=\"bd1611e\" data-element_type=\"section\">\n\t\t\t\t\t\t<div class=\"elementor-container elementor-column-gap-default\">\n\t\t\t\t\t<div class=\"elementor-column elementor-col-100 elementor-inner-column elementor-element elementor-element-59912b0\" data-id=\"59912b0\" data-element_type=\"column\" data-settings=\"{&quot;background_background&quot;:&quot;classic&quot;}\">\n\t\t\t<div class=\"elementor-widget-wrap elementor-element-populated\">\n\t\t\t\t\t\t<div class=\"elementor-element elementor-element-0dcbedd elementor-widget elementor-widget-spacer\" data-id=\"0dcbedd\" data-element_type=\"widget\" data-widget_type=\"spacer.default\">\n\t\t\t\t<div class=\"elementor-widget-container\">\n\t\t\t\t\t\t\t<div class=\"elementor-spacer\">\n\t\t\t<div class=\"elementor-spacer-inner\"><\/div>\n\t\t<\/div>\n\t\t\t\t\t\t<\/div>\n\t\t\t\t<\/div>\n\t\t\t\t<div class=\"elementor-element elementor-element-1a0a3c9 elementor-widget elementor-widget-heading\" data-id=\"1a0a3c9\" data-element_type=\"widget\" data-widget_type=\"heading.default\">\n\t\t\t\t<div class=\"elementor-widget-container\">\n\t\t\t\t\t<h4 class=\"elementor-heading-title elementor-size-default\">Nora Santalla Miranda<\/h4>\t\t\t\t<\/div>\n\t\t\t\t<\/div>\n\t\t\t\t<div class=\"elementor-element elementor-element-06a9822 elementor-widget elementor-widget-heading\" data-id=\"06a9822\" data-element_type=\"widget\" data-widget_type=\"heading.default\">\n\t\t\t\t<div class=\"elementor-widget-container\">\n\t\t\t\t\t<div class=\"elementor-heading-title elementor-size-default\">Municipio: Pinar del R\u00edo<\/div>\t\t\t\t<\/div>\n\t\t\t\t<\/div>\n\t\t\t\t<div class=\"elementor-element elementor-element-f92473c elementor-widget elementor-widget-heading\" data-id=\"f92473c\" data-element_type=\"widget\" data-widget_type=\"heading.default\">\n\t\t\t\t<div class=\"elementor-widget-container\">\n\t\t\t\t\t<div class=\"elementor-heading-title elementor-size-default\">Tel\u00e9fonos: 48 752919 - 48 778253 - 48 756550<\/div>\t\t\t\t<\/div>\n\t\t\t\t<\/div>\n\t\t\t\t\t<\/div>\n\t\t<\/div>\n\t\t\t\t\t<\/div>\n\t\t<\/section>\n\t\t\t\t\t<\/div>\n\t\t<\/div>\n\t\t\t\t<div class=\"elementor-column elementor-col-33 elementor-top-column elementor-element elementor-element-36741f9\" data-id=\"36741f9\" data-element_type=\"column\">\n\t\t\t<div class=\"elementor-widget-wrap elementor-element-populated\">\n\t\t\t\t\t\t<div class=\"elementor-element elementor-element-3781e5f elementor-widget elementor-widget-image\" data-id=\"3781e5f\" data-element_type=\"widget\" data-widget_type=\"image.default\">\n\t\t\t\t<div class=\"elementor-widget-container\">\n\t\t\t\t\t\t\t\t\t\t\t\t\t\t\t<img loading=\"lazy\" decoding=\"async\" width=\"300\" height=\"350\" src=\"http:\/\/www.citmapri.gob.cu\/wp-content\/uploads\/2020\/03\/Maylin-Sanchez-Rodriguez-Especialista-San-Luis.jpg\" class=\"attachment-full size-full wp-image-1358\" alt=\"\" srcset=\"http:\/\/www.citmapri.gob.cu\/wp-content\/uploads\/2020\/03\/Maylin-Sanchez-Rodriguez-Especialista-San-Luis.jpg 300w, http:\/\/www.citmapri.gob.cu\/wp-content\/uploads\/2020\/03\/Maylin-Sanchez-Rodriguez-Especialista-San-Luis-257x300.jpg 257w\" sizes=\"(max-width: 300px) 100vw, 300px\" \/>\t\t\t\t\t\t\t\t\t\t\t\t\t\t\t<\/div>\n\t\t\t\t<\/div>\n\t\t\t\t<section class=\"elementor-section elementor-inner-section elementor-element elementor-element-7ac25cf elementor-section-boxed elementor-section-height-default elementor-section-height-default\" data-id=\"7ac25cf\" data-element_type=\"section\">\n\t\t\t\t\t\t<div class=\"elementor-container elementor-column-gap-default\">\n\t\t\t\t\t<div class=\"elementor-column elementor-col-100 elementor-inner-column elementor-element elementor-element-7ff5726\" data-id=\"7ff5726\" data-element_type=\"column\" data-settings=\"{&quot;background_background&quot;:&quot;classic&quot;}\">\n\t\t\t<div class=\"elementor-widget-wrap elementor-element-populated\">\n\t\t\t\t\t\t<div class=\"elementor-element elementor-element-1a934c3 elementor-widget elementor-widget-spacer\" data-id=\"1a934c3\" data-element_type=\"widget\" data-widget_type=\"spacer.default\">\n\t\t\t\t<div class=\"elementor-widget-container\">\n\t\t\t\t\t\t\t<div class=\"elementor-spacer\">\n\t\t\t<div class=\"elementor-spacer-inner\"><\/div>\n\t\t<\/div>\n\t\t\t\t\t\t<\/div>\n\t\t\t\t<\/div>\n\t\t\t\t<div class=\"elementor-element elementor-element-788fec1 elementor-widget elementor-widget-heading\" data-id=\"788fec1\" data-element_type=\"widget\" data-widget_type=\"heading.default\">\n\t\t\t\t<div class=\"elementor-widget-container\">\n\t\t\t\t\t<h4 class=\"elementor-heading-title elementor-size-default\">Maylin S\u00e1nchez Rodr\u00edguez<\/h4>\t\t\t\t<\/div>\n\t\t\t\t<\/div>\n\t\t\t\t<div class=\"elementor-element elementor-element-9980a0d elementor-widget elementor-widget-heading\" data-id=\"9980a0d\" data-element_type=\"widget\" data-widget_type=\"heading.default\">\n\t\t\t\t<div class=\"elementor-widget-container\">\n\t\t\t\t\t<div class=\"elementor-heading-title elementor-size-default\">Municipio: San Luis<\/div>\t\t\t\t<\/div>\n\t\t\t\t<\/div>\n\t\t\t\t<div class=\"elementor-element elementor-element-628aa30 elementor-widget elementor-widget-heading\" data-id=\"628aa30\" data-element_type=\"widget\" data-widget_type=\"heading.default\">\n\t\t\t\t<div class=\"elementor-widget-container\">\n\t\t\t\t\t<div class=\"elementor-heading-title elementor-size-default\">Tel\u00e9fono: 5460 2710<\/div>\t\t\t\t<\/div>\n\t\t\t\t<\/div>\n\t\t\t\t\t<\/div>\n\t\t<\/div>\n\t\t\t\t\t<\/div>\n\t\t<\/section>\n\t\t\t\t\t<\/div>\n\t\t<\/div>\n\t\t\t\t<div class=\"elementor-column elementor-col-33 elementor-top-column elementor-element elementor-element-7883ad0\" data-id=\"7883ad0\" data-element_type=\"column\">\n\t\t\t<div class=\"elementor-widget-wrap elementor-element-populated\">\n\t\t\t\t\t\t<div class=\"elementor-element elementor-element-07443c3 elementor-widget elementor-widget-image\" data-id=\"07443c3\" data-element_type=\"widget\" data-widget_type=\"image.default\">\n\t\t\t\t<div class=\"elementor-widget-container\">\n\t\t\t\t\t\t\t\t\t\t\t\t\t\t\t<img loading=\"lazy\" decoding=\"async\" width=\"300\" height=\"350\" src=\"http:\/\/www.citmapri.gob.cu\/wp-content\/uploads\/2020\/03\/Silueta-de-Mujer.jpg\" class=\"attachment-full size-full wp-image-1354\" alt=\"\" srcset=\"http:\/\/www.citmapri.gob.cu\/wp-content\/uploads\/2020\/03\/Silueta-de-Mujer.jpg 300w, http:\/\/www.citmapri.gob.cu\/wp-content\/uploads\/2020\/03\/Silueta-de-Mujer-257x300.jpg 257w\" sizes=\"(max-width: 300px) 100vw, 300px\" \/>\t\t\t\t\t\t\t\t\t\t\t\t\t\t\t<\/div>\n\t\t\t\t<\/div>\n\t\t\t\t<section class=\"elementor-section elementor-inner-section elementor-element elementor-element-1337f2d elementor-section-boxed elementor-section-height-default elementor-section-height-default\" data-id=\"1337f2d\" data-element_type=\"section\">\n\t\t\t\t\t\t<div class=\"elementor-container elementor-column-gap-default\">\n\t\t\t\t\t<div class=\"elementor-column elementor-col-100 elementor-inner-column elementor-element elementor-element-0f4bae3\" data-id=\"0f4bae3\" data-element_type=\"column\" data-settings=\"{&quot;background_background&quot;:&quot;classic&quot;}\">\n\t\t\t<div class=\"elementor-widget-wrap elementor-element-populated\">\n\t\t\t\t\t\t<div class=\"elementor-element elementor-element-ac76256 elementor-widget elementor-widget-spacer\" data-id=\"ac76256\" data-element_type=\"widget\" data-widget_type=\"spacer.default\">\n\t\t\t\t<div class=\"elementor-widget-container\">\n\t\t\t\t\t\t\t<div class=\"elementor-spacer\">\n\t\t\t<div class=\"elementor-spacer-inner\"><\/div>\n\t\t<\/div>\n\t\t\t\t\t\t<\/div>\n\t\t\t\t<\/div>\n\t\t\t\t<div class=\"elementor-element elementor-element-5b43fbf elementor-widget elementor-widget-heading\" data-id=\"5b43fbf\" data-element_type=\"widget\" data-widget_type=\"heading.default\">\n\t\t\t\t<div class=\"elementor-widget-container\">\n\t\t\t\t\t<h4 class=\"elementor-heading-title elementor-size-default\">Belkis Cordero Echevarr\u00eda<\/h4>\t\t\t\t<\/div>\n\t\t\t\t<\/div>\n\t\t\t\t<div class=\"elementor-element elementor-element-0b9f4bf elementor-widget elementor-widget-heading\" data-id=\"0b9f4bf\" data-element_type=\"widget\" data-widget_type=\"heading.default\">\n\t\t\t\t<div class=\"elementor-widget-container\">\n\t\t\t\t\t<div class=\"elementor-heading-title elementor-size-default\">Municipio: San Juan<\/div>\t\t\t\t<\/div>\n\t\t\t\t<\/div>\n\t\t\t\t<div class=\"elementor-element elementor-element-86ece7a elementor-widget elementor-widget-heading\" data-id=\"86ece7a\" data-element_type=\"widget\" data-widget_type=\"heading.default\">\n\t\t\t\t<div class=\"elementor-widget-container\">\n\t\t\t\t\t<div class=\"elementor-heading-title elementor-size-default\">Tel\u00e9fonos: 48 987127 - 5667 8296<\/div>\t\t\t\t<\/div>\n\t\t\t\t<\/div>\n\t\t\t\t\t<\/div>\n\t\t<\/div>\n\t\t\t\t\t<\/div>\n\t\t<\/section>\n\t\t\t\t\t<\/div>\n\t\t<\/div>\n\t\t\t\t\t<\/div>\n\t\t<\/section>\n\t\t\t\t<section class=\"elementor-section elementor-top-section elementor-element elementor-element-272b569 elementor-section-boxed elementor-section-height-default elementor-section-height-default\" data-id=\"272b569\" data-element_type=\"section\">\n\t\t\t\t\t\t<div class=\"elementor-container elementor-column-gap-default\">\n\t\t\t\t\t<div class=\"elementor-column elementor-col-33 elementor-top-column elementor-element elementor-element-0626b22\" data-id=\"0626b22\" data-element_type=\"column\">\n\t\t\t<div class=\"elementor-widget-wrap elementor-element-populated\">\n\t\t\t\t\t\t<div class=\"elementor-element elementor-element-01f0850 elementor-widget elementor-widget-image\" data-id=\"01f0850\" data-element_type=\"widget\" data-widget_type=\"image.default\">\n\t\t\t\t<div class=\"elementor-widget-container\">\n\t\t\t\t\t\t\t\t\t\t\t\t\t\t\t<img loading=\"lazy\" decoding=\"async\" width=\"300\" height=\"350\" src=\"http:\/\/www.citmapri.gob.cu\/wp-content\/uploads\/2020\/03\/Silueta-de-hombre.jpg\" class=\"attachment-full size-full wp-image-1356\" alt=\"\" srcset=\"http:\/\/www.citmapri.gob.cu\/wp-content\/uploads\/2020\/03\/Silueta-de-hombre.jpg 300w, http:\/\/www.citmapri.gob.cu\/wp-content\/uploads\/2020\/03\/Silueta-de-hombre-257x300.jpg 257w\" sizes=\"(max-width: 300px) 100vw, 300px\" \/>\t\t\t\t\t\t\t\t\t\t\t\t\t\t\t<\/div>\n\t\t\t\t<\/div>\n\t\t\t\t<section class=\"elementor-section elementor-inner-section elementor-element elementor-element-87b821b elementor-section-boxed elementor-section-height-default elementor-section-height-default\" data-id=\"87b821b\" data-element_type=\"section\">\n\t\t\t\t\t\t<div class=\"elementor-container elementor-column-gap-default\">\n\t\t\t\t\t<div class=\"elementor-column elementor-col-100 elementor-inner-column elementor-element elementor-element-73ba575\" data-id=\"73ba575\" data-element_type=\"column\" data-settings=\"{&quot;background_background&quot;:&quot;classic&quot;}\">\n\t\t\t<div class=\"elementor-widget-wrap elementor-element-populated\">\n\t\t\t\t\t\t<div class=\"elementor-element elementor-element-749fa90 elementor-widget elementor-widget-spacer\" data-id=\"749fa90\" data-element_type=\"widget\" data-widget_type=\"spacer.default\">\n\t\t\t\t<div class=\"elementor-widget-container\">\n\t\t\t\t\t\t\t<div class=\"elementor-spacer\">\n\t\t\t<div class=\"elementor-spacer-inner\"><\/div>\n\t\t<\/div>\n\t\t\t\t\t\t<\/div>\n\t\t\t\t<\/div>\n\t\t\t\t<div class=\"elementor-element elementor-element-910b172 elementor-widget elementor-widget-heading\" data-id=\"910b172\" data-element_type=\"widget\" data-widget_type=\"heading.default\">\n\t\t\t\t<div class=\"elementor-widget-container\">\n\t\t\t\t\t<h4 class=\"elementor-heading-title elementor-size-default\">Yandy L\u00f3pez Cires<\/h4>\t\t\t\t<\/div>\n\t\t\t\t<\/div>\n\t\t\t\t<div class=\"elementor-element elementor-element-196911f elementor-widget elementor-widget-heading\" data-id=\"196911f\" data-element_type=\"widget\" data-widget_type=\"heading.default\">\n\t\t\t\t<div class=\"elementor-widget-container\">\n\t\t\t\t\t<div class=\"elementor-heading-title elementor-size-default\">Municipio: Vi\u00f1ales<\/div>\t\t\t\t<\/div>\n\t\t\t\t<\/div>\n\t\t\t\t<div class=\"elementor-element elementor-element-5b99efa elementor-widget elementor-widget-heading\" data-id=\"5b99efa\" data-element_type=\"widget\" data-widget_type=\"heading.default\">\n\t\t\t\t<div class=\"elementor-widget-container\">\n\t\t\t\t\t<div class=\"elementor-heading-title elementor-size-default\">Tel\u00e9fono: 48 793182<\/div>\t\t\t\t<\/div>\n\t\t\t\t<\/div>\n\t\t\t\t\t<\/div>\n\t\t<\/div>\n\t\t\t\t\t<\/div>\n\t\t<\/section>\n\t\t\t\t\t<\/div>\n\t\t<\/div>\n\t\t\t\t<div class=\"elementor-column elementor-col-33 elementor-top-column elementor-element elementor-element-f322369\" data-id=\"f322369\" data-element_type=\"column\">\n\t\t\t<div class=\"elementor-widget-wrap elementor-element-populated\">\n\t\t\t\t\t\t<div class=\"elementor-element elementor-element-aa0d755 elementor-widget elementor-widget-image\" data-id=\"aa0d755\" data-element_type=\"widget\" data-widget_type=\"image.default\">\n\t\t\t\t<div class=\"elementor-widget-container\">\n\t\t\t\t\t\t\t\t\t\t\t\t\t\t\t<img loading=\"lazy\" decoding=\"async\" width=\"300\" height=\"350\" src=\"http:\/\/www.citmapri.gob.cu\/wp-content\/uploads\/2020\/03\/Robin-Moreno-Rodriguez-Especialista-Guane.jpg\" class=\"attachment-full size-full wp-image-1360\" alt=\"\" srcset=\"http:\/\/www.citmapri.gob.cu\/wp-content\/uploads\/2020\/03\/Robin-Moreno-Rodriguez-Especialista-Guane.jpg 300w, http:\/\/www.citmapri.gob.cu\/wp-content\/uploads\/2020\/03\/Robin-Moreno-Rodriguez-Especialista-Guane-257x300.jpg 257w\" sizes=\"(max-width: 300px) 100vw, 300px\" \/>\t\t\t\t\t\t\t\t\t\t\t\t\t\t\t<\/div>\n\t\t\t\t<\/div>\n\t\t\t\t<section class=\"elementor-section elementor-inner-section elementor-element elementor-element-1c7b168 elementor-section-boxed elementor-section-height-default elementor-section-height-default\" data-id=\"1c7b168\" data-element_type=\"section\">\n\t\t\t\t\t\t<div class=\"elementor-container elementor-column-gap-default\">\n\t\t\t\t\t<div class=\"elementor-column elementor-col-100 elementor-inner-column elementor-element elementor-element-6c0dedb\" data-id=\"6c0dedb\" data-element_type=\"column\" data-settings=\"{&quot;background_background&quot;:&quot;classic&quot;}\">\n\t\t\t<div class=\"elementor-widget-wrap elementor-element-populated\">\n\t\t\t\t\t\t<div class=\"elementor-element elementor-element-b482d58 elementor-widget elementor-widget-spacer\" data-id=\"b482d58\" data-element_type=\"widget\" data-widget_type=\"spacer.default\">\n\t\t\t\t<div class=\"elementor-widget-container\">\n\t\t\t\t\t\t\t<div class=\"elementor-spacer\">\n\t\t\t<div class=\"elementor-spacer-inner\"><\/div>\n\t\t<\/div>\n\t\t\t\t\t\t<\/div>\n\t\t\t\t<\/div>\n\t\t\t\t<div class=\"elementor-element elementor-element-ba6cd8c elementor-widget elementor-widget-heading\" data-id=\"ba6cd8c\" data-element_type=\"widget\" data-widget_type=\"heading.default\">\n\t\t\t\t<div class=\"elementor-widget-container\">\n\t\t\t\t\t<h4 class=\"elementor-heading-title elementor-size-default\">Robin Moreno Rodr\u00edguez<\/h4>\t\t\t\t<\/div>\n\t\t\t\t<\/div>\n\t\t\t\t<div class=\"elementor-element elementor-element-3c880e6 elementor-widget elementor-widget-heading\" data-id=\"3c880e6\" data-element_type=\"widget\" data-widget_type=\"heading.default\">\n\t\t\t\t<div class=\"elementor-widget-container\">\n\t\t\t\t\t<div class=\"elementor-heading-title elementor-size-default\">Municipio: Guane<\/div>\t\t\t\t<\/div>\n\t\t\t\t<\/div>\n\t\t\t\t<div class=\"elementor-element elementor-element-7371abe elementor-widget elementor-widget-heading\" data-id=\"7371abe\" data-element_type=\"widget\" data-widget_type=\"heading.default\">\n\t\t\t\t<div class=\"elementor-widget-container\">\n\t\t\t\t\t<div class=\"elementor-heading-title elementor-size-default\">Tel\u00e9fonos: 48 497315 - 48 498665<\/div>\t\t\t\t<\/div>\n\t\t\t\t<\/div>\n\t\t\t\t\t<\/div>\n\t\t<\/div>\n\t\t\t\t\t<\/div>\n\t\t<\/section>\n\t\t\t\t\t<\/div>\n\t\t<\/div>\n\t\t\t\t<div class=\"elementor-column elementor-col-33 elementor-top-column elementor-element elementor-element-1ac9d6a\" data-id=\"1ac9d6a\" data-element_type=\"column\">\n\t\t\t<div class=\"elementor-widget-wrap\">\n\t\t\t\t\t\t\t<\/div>\n\t\t<\/div>\n\t\t\t\t\t<\/div>\n\t\t<\/section>\n\t\t\t\t<\/div>\n\t\t","protected":false},"excerpt":{"rendered":"<p>Especialistas Municipales La figura del Especialista Municipal o Especialista Integral Municipal (en lo adelante EIM) surge alrededor de los a\u00f1os 1988 y 2001 como respuesta a la necesidad de elevar la eficiencia y eficacia del accionar del Ministerio de Ciencia Tecnolog\u00eda y Medio Ambiente, o sea contribuir a viabilizar la implementaci\u00f3n y perfeccionamiento del Sistema &hellip;<\/p>\n<p class=\"read-more\"> <a class=\"\" href=\"http:\/\/www.citmapri.gob.cu\/?page_id=1337\"> <span class=\"screen-reader-text\">Especialistas Municipales<\/span> Read More \u00bb<\/a><\/p>\n","protected":false},"author":1,"featured_media":0,"parent":0,"menu_order":0,"comment_status":"closed","ping_status":"closed","template":"","meta":{"site-sidebar-layout":"no-sidebar","site-content-layout":"page-builder","ast-global-header-display":"","ast-main-header-display":"","ast-hfb-above-header-display":"","ast-hfb-below-header-display":"","ast-hfb-mobile-header-display":"","site-post-title":"disabled","ast-breadcrumbs-content":"","ast-featured-img":"disabled","footer-sml-layout":"","theme-transparent-header-meta":"default","adv-header-id-meta":"","stick-header-meta":"default","header-above-stick-meta":null,"header-main-stick-meta":"","header-below-stick-meta":null,"_glsr_average":0,"_glsr_ranking":0,"_glsr_reviews":0,"footnotes":""},"class_list":["post-1337","page","type-page","status-publish","hentry"],"yoast_head":"<!-- This site is optimized with the Yoast SEO plugin v27.5 - https:\/\/yoast.com\/product\/yoast-seo-wordpress\/ -->\n<title>Especialistas Municipales - CITMA PINAR DEL R\u00cdO<\/title>\n<meta name=\"robots\" content=\"index, follow, max-snippet:-1, max-image-preview:large, max-video-preview:-1\" \/>\n<link rel=\"canonical\" href=\"http:\/\/www.citmapri.gob.cu\/?page_id=1337\" \/>\n<meta property=\"og:locale\" content=\"es_ES\" \/>\n<meta property=\"og:type\" content=\"article\" \/>\n<meta property=\"og:title\" content=\"Especialistas Municipales - CITMA PINAR DEL R\u00cdO\" \/>\n<meta property=\"og:description\" content=\"Especialistas Municipales La figura del Especialista Municipal o Especialista Integral Municipal (en lo adelante EIM) surge alrededor de los a\u00f1os 1988 y 2001 como respuesta a la necesidad de elevar la eficiencia y eficacia del accionar del Ministerio de Ciencia Tecnolog\u00eda y Medio Ambiente, o sea contribuir a viabilizar la implementaci\u00f3n y perfeccionamiento del Sistema &hellip; Especialistas Municipales Read More \u00bb\" \/>\n<meta property=\"og:url\" content=\"http:\/\/www.citmapri.gob.cu\/?page_id=1337\" \/>\n<meta property=\"og:site_name\" content=\"CITMA PINAR DEL R\u00cdO\" \/>\n<meta property=\"article:publisher\" content=\"https:\/\/www.facebook.com\/citmapr\" \/>\n<meta property=\"article:modified_time\" content=\"2020-06-02T20:36:35+00:00\" \/>\n<meta property=\"og:image\" content=\"http:\/\/www.citmapri.gob.cu\/wp-content\/uploads\/2020\/03\/Barbara-Especialista-Municipal-de-Sandino.jpg\" \/>\n<meta name=\"twitter:card\" content=\"summary_large_image\" \/>\n<meta name=\"twitter:label1\" content=\"Tiempo de lectura\" \/>\n\t<meta name=\"twitter:data1\" content=\"5 minutos\" \/>\n<script type=\"application\/ld+json\" class=\"yoast-schema-graph\">{\"@context\":\"https:\\\/\\\/schema.org\",\"@graph\":[{\"@type\":\"WebPage\",\"@id\":\"http:\\\/\\\/www.citmapri.gob.cu\\\/?page_id=1337\",\"url\":\"http:\\\/\\\/www.citmapri.gob.cu\\\/?page_id=1337\",\"name\":\"Especialistas Municipales - CITMA PINAR DEL R\u00cdO\",\"isPartOf\":{\"@id\":\"http:\\\/\\\/www.citmapri.gob.cu\\\/#website\"},\"primaryImageOfPage\":{\"@id\":\"http:\\\/\\\/www.citmapri.gob.cu\\\/?page_id=1337#primaryimage\"},\"image\":{\"@id\":\"http:\\\/\\\/www.citmapri.gob.cu\\\/?page_id=1337#primaryimage\"},\"thumbnailUrl\":\"http:\\\/\\\/www.citmapri.gob.cu\\\/wp-content\\\/uploads\\\/2020\\\/03\\\/Barbara-Especialista-Municipal-de-Sandino.jpg\",\"datePublished\":\"2020-03-15T22:51:40+00:00\",\"dateModified\":\"2020-06-02T20:36:35+00:00\",\"breadcrumb\":{\"@id\":\"http:\\\/\\\/www.citmapri.gob.cu\\\/?page_id=1337#breadcrumb\"},\"inLanguage\":\"es\",\"potentialAction\":[{\"@type\":\"ReadAction\",\"target\":[\"http:\\\/\\\/www.citmapri.gob.cu\\\/?page_id=1337\"]}]},{\"@type\":\"ImageObject\",\"inLanguage\":\"es\",\"@id\":\"http:\\\/\\\/www.citmapri.gob.cu\\\/?page_id=1337#primaryimage\",\"url\":\"http:\\\/\\\/www.citmapri.gob.cu\\\/wp-content\\\/uploads\\\/2020\\\/03\\\/Barbara-Especialista-Municipal-de-Sandino.jpg\",\"contentUrl\":\"http:\\\/\\\/www.citmapri.gob.cu\\\/wp-content\\\/uploads\\\/2020\\\/03\\\/Barbara-Especialista-Municipal-de-Sandino.jpg\",\"width\":300,\"height\":350},{\"@type\":\"BreadcrumbList\",\"@id\":\"http:\\\/\\\/www.citmapri.gob.cu\\\/?page_id=1337#breadcrumb\",\"itemListElement\":[{\"@type\":\"ListItem\",\"position\":1,\"name\":\"Portada\",\"item\":\"http:\\\/\\\/www.citmapri.gob.cu\\\/\"},{\"@type\":\"ListItem\",\"position\":2,\"name\":\"Especialistas Municipales\"}]},{\"@type\":\"WebSite\",\"@id\":\"http:\\\/\\\/www.citmapri.gob.cu\\\/#website\",\"url\":\"http:\\\/\\\/www.citmapri.gob.cu\\\/\",\"name\":\"CITMA PINAR DEL R\u00cdO\",\"description\":\"DELEGACI\u00d3N TERRITORIAL\",\"publisher\":{\"@id\":\"http:\\\/\\\/www.citmapri.gob.cu\\\/#organization\"},\"potentialAction\":[{\"@type\":\"SearchAction\",\"target\":{\"@type\":\"EntryPoint\",\"urlTemplate\":\"http:\\\/\\\/www.citmapri.gob.cu\\\/?s={search_term_string}\"},\"query-input\":{\"@type\":\"PropertyValueSpecification\",\"valueRequired\":true,\"valueName\":\"search_term_string\"}}],\"inLanguage\":\"es\"},{\"@type\":\"Organization\",\"@id\":\"http:\\\/\\\/www.citmapri.gob.cu\\\/#organization\",\"name\":\"CITMA PINAR DEL R\u00cdO\",\"url\":\"http:\\\/\\\/www.citmapri.gob.cu\\\/\",\"logo\":{\"@type\":\"ImageObject\",\"inLanguage\":\"es\",\"@id\":\"http:\\\/\\\/www.citmapri.gob.cu\\\/#\\\/schema\\\/logo\\\/image\\\/\",\"url\":\"http:\\\/\\\/www.citmapri.gob.cu\\\/wp-content\\\/uploads\\\/2019\\\/11\\\/citmapri-logo-cuba.png\",\"contentUrl\":\"http:\\\/\\\/www.citmapri.gob.cu\\\/wp-content\\\/uploads\\\/2019\\\/11\\\/citmapri-logo-cuba.png\",\"width\":233,\"height\":80,\"caption\":\"CITMA PINAR DEL R\u00cdO\"},\"image\":{\"@id\":\"http:\\\/\\\/www.citmapri.gob.cu\\\/#\\\/schema\\\/logo\\\/image\\\/\"},\"sameAs\":[\"https:\\\/\\\/www.facebook.com\\\/citmapr\"]}]}<\/script>\n<!-- \/ Yoast SEO plugin. -->","yoast_head_json":{"title":"Especialistas Municipales - CITMA PINAR DEL R\u00cdO","robots":{"index":"index","follow":"follow","max-snippet":"max-snippet:-1","max-image-preview":"max-image-preview:large","max-video-preview":"max-video-preview:-1"},"canonical":"http:\/\/www.citmapri.gob.cu\/?page_id=1337","og_locale":"es_ES","og_type":"article","og_title":"Especialistas Municipales - CITMA PINAR DEL R\u00cdO","og_description":"Especialistas Municipales La figura del Especialista Municipal o Especialista Integral Municipal (en lo adelante EIM) surge alrededor de los a\u00f1os 1988 y 2001 como respuesta a la necesidad de elevar la eficiencia y eficacia del accionar del Ministerio de Ciencia Tecnolog\u00eda y Medio Ambiente, o sea contribuir a viabilizar la implementaci\u00f3n y perfeccionamiento del Sistema &hellip; Especialistas Municipales Read More \u00bb","og_url":"http:\/\/www.citmapri.gob.cu\/?page_id=1337","og_site_name":"CITMA PINAR DEL R\u00cdO","article_publisher":"https:\/\/www.facebook.com\/citmapr","article_modified_time":"2020-06-02T20:36:35+00:00","og_image":[{"url":"http:\/\/www.citmapri.gob.cu\/wp-content\/uploads\/2020\/03\/Barbara-Especialista-Municipal-de-Sandino.jpg","type":"","width":"","height":""}],"twitter_card":"summary_large_image","twitter_misc":{"Tiempo de lectura":"5 minutos"},"schema":{"@context":"https:\/\/schema.org","@graph":[{"@type":"WebPage","@id":"http:\/\/www.citmapri.gob.cu\/?page_id=1337","url":"http:\/\/www.citmapri.gob.cu\/?page_id=1337","name":"Especialistas Municipales - CITMA PINAR DEL R\u00cdO","isPartOf":{"@id":"http:\/\/www.citmapri.gob.cu\/#website"},"primaryImageOfPage":{"@id":"http:\/\/www.citmapri.gob.cu\/?page_id=1337#primaryimage"},"image":{"@id":"http:\/\/www.citmapri.gob.cu\/?page_id=1337#primaryimage"},"thumbnailUrl":"http:\/\/www.citmapri.gob.cu\/wp-content\/uploads\/2020\/03\/Barbara-Especialista-Municipal-de-Sandino.jpg","datePublished":"2020-03-15T22:51:40+00:00","dateModified":"2020-06-02T20:36:35+00:00","breadcrumb":{"@id":"http:\/\/www.citmapri.gob.cu\/?page_id=1337#breadcrumb"},"inLanguage":"es","potentialAction":[{"@type":"ReadAction","target":["http:\/\/www.citmapri.gob.cu\/?page_id=1337"]}]},{"@type":"ImageObject","inLanguage":"es","@id":"http:\/\/www.citmapri.gob.cu\/?page_id=1337#primaryimage","url":"http:\/\/www.citmapri.gob.cu\/wp-content\/uploads\/2020\/03\/Barbara-Especialista-Municipal-de-Sandino.jpg","contentUrl":"http:\/\/www.citmapri.gob.cu\/wp-content\/uploads\/2020\/03\/Barbara-Especialista-Municipal-de-Sandino.jpg","width":300,"height":350},{"@type":"BreadcrumbList","@id":"http:\/\/www.citmapri.gob.cu\/?page_id=1337#breadcrumb","itemListElement":[{"@type":"ListItem","position":1,"name":"Portada","item":"http:\/\/www.citmapri.gob.cu\/"},{"@type":"ListItem","position":2,"name":"Especialistas Municipales"}]},{"@type":"WebSite","@id":"http:\/\/www.citmapri.gob.cu\/#website","url":"http:\/\/www.citmapri.gob.cu\/","name":"CITMA PINAR DEL R\u00cdO","description":"DELEGACI\u00d3N TERRITORIAL","publisher":{"@id":"http:\/\/www.citmapri.gob.cu\/#organization"},"potentialAction":[{"@type":"SearchAction","target":{"@type":"EntryPoint","urlTemplate":"http:\/\/www.citmapri.gob.cu\/?s={search_term_string}"},"query-input":{"@type":"PropertyValueSpecification","valueRequired":true,"valueName":"search_term_string"}}],"inLanguage":"es"},{"@type":"Organization","@id":"http:\/\/www.citmapri.gob.cu\/#organization","name":"CITMA PINAR DEL R\u00cdO","url":"http:\/\/www.citmapri.gob.cu\/","logo":{"@type":"ImageObject","inLanguage":"es","@id":"http:\/\/www.citmapri.gob.cu\/#\/schema\/logo\/image\/","url":"http:\/\/www.citmapri.gob.cu\/wp-content\/uploads\/2019\/11\/citmapri-logo-cuba.png","contentUrl":"http:\/\/www.citmapri.gob.cu\/wp-content\/uploads\/2019\/11\/citmapri-logo-cuba.png","width":233,"height":80,"caption":"CITMA PINAR DEL R\u00cdO"},"image":{"@id":"http:\/\/www.citmapri.gob.cu\/#\/schema\/logo\/image\/"},"sameAs":["https:\/\/www.facebook.com\/citmapr"]}]}},"_links":{"self":[{"href":"http:\/\/www.citmapri.gob.cu\/index.php?rest_route=\/wp\/v2\/pages\/1337","targetHints":{"allow":["GET"]}}],"collection":[{"href":"http:\/\/www.citmapri.gob.cu\/index.php?rest_route=\/wp\/v2\/pages"}],"about":[{"href":"http:\/\/www.citmapri.gob.cu\/index.php?rest_route=\/wp\/v2\/types\/page"}],"author":[{"embeddable":true,"href":"http:\/\/www.citmapri.gob.cu\/index.php?rest_route=\/wp\/v2\/users\/1"}],"replies":[{"embeddable":true,"href":"http:\/\/www.citmapri.gob.cu\/index.php?rest_route=%2Fwp%2Fv2%2Fcomments&post=1337"}],"version-history":[{"count":0,"href":"http:\/\/www.citmapri.gob.cu\/index.php?rest_route=\/wp\/v2\/pages\/1337\/revisions"}],"wp:attachment":[{"href":"http:\/\/www.citmapri.gob.cu\/index.php?rest_route=%2Fwp%2Fv2%2Fmedia&parent=1337"}],"curies":[{"name":"wp","href":"https:\/\/api.w.org\/{rel}","templated":true}]}}