{"id":1233,"date":"2020-01-22T19:45:11","date_gmt":"2020-01-22T19:45:11","guid":{"rendered":"http:\/\/www.citmapri.gob.cu\/?page_id=1233"},"modified":"2020-06-02T18:27:13","modified_gmt":"2020-06-02T18:27:13","slug":"tarea-vida","status":"publish","type":"page","link":"http:\/\/www.citmapri.gob.cu\/?page_id=1233","title":{"rendered":"Tarea Vida"},"content":{"rendered":"\t\t<div data-elementor-type=\"wp-page\" data-elementor-id=\"1233\" class=\"elementor elementor-1233\" data-elementor-post-type=\"page\">\n\t\t\t\t\t\t<section class=\"elementor-section elementor-top-section elementor-element elementor-element-887da00 elementor-section-boxed elementor-section-height-default elementor-section-height-default\" data-id=\"887da00\" data-element_type=\"section\" data-settings=\"{&quot;background_background&quot;:&quot;classic&quot;}\">\n\t\t\t\t\t\t\t<div class=\"elementor-background-overlay\"><\/div>\n\t\t\t\t\t\t\t<div class=\"elementor-container elementor-column-gap-default\">\n\t\t\t\t\t<div class=\"elementor-column elementor-col-100 elementor-top-column elementor-element elementor-element-b2c9ffd\" data-id=\"b2c9ffd\" data-element_type=\"column\" data-settings=\"{&quot;background_background&quot;:&quot;classic&quot;}\">\n\t\t\t<div class=\"elementor-widget-wrap elementor-element-populated\">\n\t\t\t\t\t\t<div class=\"elementor-element elementor-element-b0a8171 elementor-widget elementor-widget-spacer\" data-id=\"b0a8171\" data-element_type=\"widget\" data-widget_type=\"spacer.default\">\n\t\t\t\t<div class=\"elementor-widget-container\">\n\t\t\t\t\t\t\t<div class=\"elementor-spacer\">\n\t\t\t<div class=\"elementor-spacer-inner\"><\/div>\n\t\t<\/div>\n\t\t\t\t\t\t<\/div>\n\t\t\t\t<\/div>\n\t\t\t\t<div class=\"elementor-element elementor-element-d0cc03a elementor-widget elementor-widget-heading\" data-id=\"d0cc03a\" data-element_type=\"widget\" data-widget_type=\"heading.default\">\n\t\t\t\t<div class=\"elementor-widget-container\">\n\t\t\t\t\t<h1 class=\"elementor-heading-title elementor-size-default\">Tarea Vida<\/h1>\t\t\t\t<\/div>\n\t\t\t\t<\/div>\n\t\t\t\t<div class=\"elementor-element elementor-element-0fbf76d elementor-widget elementor-widget-spacer\" data-id=\"0fbf76d\" data-element_type=\"widget\" data-widget_type=\"spacer.default\">\n\t\t\t\t<div class=\"elementor-widget-container\">\n\t\t\t\t\t\t\t<div class=\"elementor-spacer\">\n\t\t\t<div class=\"elementor-spacer-inner\"><\/div>\n\t\t<\/div>\n\t\t\t\t\t\t<\/div>\n\t\t\t\t<\/div>\n\t\t\t\t\t<\/div>\n\t\t<\/div>\n\t\t\t\t\t<\/div>\n\t\t<\/section>\n\t\t\t\t<section class=\"elementor-section elementor-top-section elementor-element elementor-element-ec2d2e6 elementor-section-boxed elementor-section-height-default elementor-section-height-default\" data-id=\"ec2d2e6\" data-element_type=\"section\">\n\t\t\t\t\t\t<div class=\"elementor-container elementor-column-gap-default\">\n\t\t\t\t\t<div class=\"elementor-column elementor-col-100 elementor-top-column elementor-element elementor-element-e06e818\" data-id=\"e06e818\" data-element_type=\"column\">\n\t\t\t<div class=\"elementor-widget-wrap elementor-element-populated\">\n\t\t\t\t\t\t<div class=\"elementor-element elementor-element-95f5813 elementor-widget elementor-widget-text-editor\" data-id=\"95f5813\" data-element_type=\"widget\" data-widget_type=\"text-editor.default\">\n\t\t\t\t<div class=\"elementor-widget-container\">\n\t\t\t\t\t\t\t\t\t<p><strong>Tarea Vida<\/strong>: Plan de Estado para el enfrentamiento al Cambio Clim\u00e1tico, aprobada por el Consejo de Ministros el 25 de abril de 2017, est\u00e1 inspirada en el pensamiento del l\u00edder hist\u00f3rico de la Revoluci\u00f3n Cubana Fidel Castro Ruz, cuando en la Cumbre de La Tierra en R\u00edo de Janeiro, el 12 de junio de 1992 expres\u00f3: \u201c\u2026Una importante especie biol\u00f3gica est\u00e1 en riesgo de desaparecer por la r\u00e1pida y progresiva liquidaci\u00f3n de sus condiciones naturales de vida: el hombre\u2026\u201d.<\/p>\t\t\t\t\t\t\t\t<\/div>\n\t\t\t\t<\/div>\n\t\t\t\t\t<\/div>\n\t\t<\/div>\n\t\t\t\t\t<\/div>\n\t\t<\/section>\n\t\t\t\t<section class=\"elementor-section elementor-top-section elementor-element elementor-element-01fa6c7 elementor-section-boxed elementor-section-height-default elementor-section-height-default\" data-id=\"01fa6c7\" data-element_type=\"section\">\n\t\t\t\t\t\t<div class=\"elementor-container elementor-column-gap-default\">\n\t\t\t\t\t<div class=\"elementor-column elementor-col-100 elementor-top-column elementor-element elementor-element-ae1adfa\" data-id=\"ae1adfa\" data-element_type=\"column\">\n\t\t\t<div class=\"elementor-widget-wrap elementor-element-populated\">\n\t\t\t\t\t\t<div class=\"elementor-element elementor-element-88d1004 uael-post__link-complete-yes uael-equal__height-yes elementor-widget elementor-widget-uael-posts\" data-id=\"88d1004\" data-element_type=\"widget\" data-settings=\"{&quot;classic_slides_to_show&quot;:3,&quot;classic_slides_to_show_tablet&quot;:2,&quot;classic_slides_to_show_mobile&quot;:1,&quot;classic_pagination_type&quot;:&quot;ajax&quot;,&quot;classic_show_filters&quot;:&quot;no&quot;}\" data-widget_type=\"uael-posts.classic\">\n\t\t\t\t<div class=\"elementor-widget-container\">\n\t\t\t\t\t\t\t<div class=\"uael-post__header\">\n\t\t\t\t\t<\/div>\n\t\t<div class=\"uael-post__body\">\n\t\t\t\n\t\t\n\t\t<div class=\"uael-blog-terms-position- uael-post-image-top uael-post-grid uael-posts\" data-query-type=\"custom\" data-structure=\"normal\" data-layout=\"\" data-page=\"1233\" data-skin=\"classic\" data-filter-default=\"\" data-offset-top=\"30\" >\n\n\t\t\t\t\t\t\t<div class=\"uael-post-grid__inner uael-post__columns-3 uael-post__columns-tablet-2 uael-post__columns-mobile-1\">\n\t\t\t\n<div class=\"uael-post-wrapper   tarea-vida \">\n\t<div class=\"uael-post__bg-wrap uael-bg-wrap-disabled \">\n\n\t\t\t\t\t<a href=\"http:\/\/www.citmapri.gob.cu\/?p=1617\" target=\"_self\" class=\"uael-post__complete-box-overlay\" aria-label=\"Caja de enlace completa\"><\/a>\n\t\t\t\t\n\t\t<div class=\"uael-post__inner-wrap uael-inner-wrap-disabled\">\n\n\t\t\t\t<div class=\"uael-post__thumbnail\">\n\t\t\t\n\t\t\t<a href=\"http:\/\/www.citmapri.gob.cu\/?p=1617\" target=\"_self\" title=\"Antecedentes\"><img fetchpriority=\"high\" decoding=\"async\" width=\"760\" height=\"407\" src=\"http:\/\/www.citmapri.gob.cu\/wp-content\/uploads\/2020\/06\/Tarea-Vida.jpg\" class=\"attachment-full size-full wp-image-1669\" alt=\"\" srcset=\"http:\/\/www.citmapri.gob.cu\/wp-content\/uploads\/2020\/06\/Tarea-Vida.jpg 760w, http:\/\/www.citmapri.gob.cu\/wp-content\/uploads\/2020\/06\/Tarea-Vida-300x161.jpg 300w\" sizes=\"(max-width: 760px) 100vw, 760px\" \/><\/a>\n\t\t\t\t\t<\/div>\n\t\t\n\t\t\t\n\t\t\t<div class=\"uael-post__content-wrap uael-content-wrap-disabled\">\n\t\t\t\t\t<h2 class=\"uael-post__title\">\n\n\t\t\n\t\t\t\t\t\t<a href=\"http:\/\/www.citmapri.gob.cu\/?p=1617\" target=\"_self\">\n\t\t\t\tAntecedentes\t\t\t<\/a>\n\n\t\t\t\t<\/h2>\n\t\t\n\t\t<div class=\"uael-post__excerpt\">\n\t\t\tEl Plan de Estado est\u00e1 conformado por 5 acciones estrat\u00e9gicas y 11 tareas. Constituye una propuesta integral, en la que se presenta una primera identi\ufb01caci\u00f3n ...\t\t<\/div>\n\n\t\t\t\t\t<\/div>\n\t\t\t\n\t\t<\/div>\n\t\t\n\t<\/div>\n\n<\/div>\n\t\t\t\t<\/div>\n\t\t\t\t\t\t\n\t\t<\/div>\n\n\t\t\t\t\t\t<\/div>\n\t\t<div class=\"uael-post__footer\">\n\t\t\t\t\t<\/div>\n\t\t\t\t\t\t<\/div>\n\t\t\t\t<\/div>\n\t\t\t\t\t<\/div>\n\t\t<\/div>\n\t\t\t\t\t<\/div>\n\t\t<\/section>\n\t\t\t\t<\/div>\n\t\t<div class=\"pdfprnt-buttons pdfprnt-buttons-post pdfprnt-bottom-right\"><a href=\"http:\/\/www.citmapri.gob.cu\/index.php?rest_route=%2Fwp%2Fv2%2Fpages%2F1233&print=pdf\" class=\"pdfprnt-button pdfprnt-button-pdf\" target=\"_blank\" ><img decoding=\"async\" src=\"http:\/\/www.citmapri.gob.cu\/wp-content\/plugins\/pdf-print\/images\/pdf.png\" alt=\"image_pdf\" title=\"Ver PDF\" \/><span class=\"pdfprnt-button-title pdfprnt-button-pdf-title\">Descargar en PDF<\/span><\/a><a href=\"http:\/\/www.citmapri.gob.cu\/index.php?rest_route=%2Fwp%2Fv2%2Fpages%2F1233&print=print\" class=\"pdfprnt-button pdfprnt-button-print\" target=\"_blank\" ><img decoding=\"async\" src=\"http:\/\/www.citmapri.gob.cu\/wp-content\/plugins\/pdf-print\/images\/print.png\" alt=\"image_print\" title=\"Imprimir contenido\" \/><span class=\"pdfprnt-button-title pdfprnt-button-print-title\">Imprimir<\/span><\/a><\/div>","protected":false},"excerpt":{"rendered":"<p>Tarea Vida Tarea Vida: Plan de Estado para el enfrentamiento al Cambio Clim\u00e1tico, aprobada por el Consejo de Ministros el 25 de abril de 2017, est\u00e1 inspirada en el pensamiento del l\u00edder hist\u00f3rico de la Revoluci\u00f3n Cubana Fidel Castro Ruz, cuando en la Cumbre de La Tierra en R\u00edo de Janeiro, el 12 de junio &hellip;<\/p>\n<p class=\"read-more\"> <a class=\"\" href=\"http:\/\/www.citmapri.gob.cu\/?p=1617\"> <span class=\"screen-reader-text\">Antecedentes<\/span> Read More \u00bb<\/a><\/p>\n","protected":false},"author":1,"featured_media":0,"parent":0,"menu_order":0,"comment_status":"closed","ping_status":"closed","template":"","meta":{"site-sidebar-layout":"no-sidebar","site-content-layout":"page-builder","ast-global-header-display":"","ast-main-header-display":"","ast-hfb-above-header-display":"","ast-hfb-below-header-display":"","ast-hfb-mobile-header-display":"","site-post-title":"disabled","ast-breadcrumbs-content":"","ast-featured-img":"disabled","footer-sml-layout":"","theme-transparent-header-meta":"default","adv-header-id-meta":"","stick-header-meta":"default","header-above-stick-meta":"","header-main-stick-meta":"","header-below-stick-meta":"","_glsr_average":0,"_glsr_ranking":0,"_glsr_reviews":0,"footnotes":""},"class_list":["post-1233","page","type-page","status-publish","hentry"],"yoast_head":"<!-- This site is optimized with the Yoast SEO plugin v27.5 - https:\/\/yoast.com\/product\/yoast-seo-wordpress\/ -->\n<title>Tarea Vida - CITMA PINAR DEL R\u00cdO<\/title>\n<meta name=\"robots\" content=\"index, follow, max-snippet:-1, max-image-preview:large, max-video-preview:-1\" \/>\n<link rel=\"canonical\" href=\"http:\/\/www.citmapri.gob.cu\/?page_id=1233\" \/>\n<meta property=\"og:locale\" content=\"es_ES\" \/>\n<meta property=\"og:type\" content=\"article\" \/>\n<meta property=\"og:title\" content=\"Tarea Vida - CITMA PINAR DEL R\u00cdO\" \/>\n<meta property=\"og:description\" content=\"Tarea Vida Tarea Vida: Plan de Estado para el enfrentamiento al Cambio Clim\u00e1tico, aprobada por el Consejo de Ministros el 25 de abril de 2017, est\u00e1 inspirada en el pensamiento del l\u00edder hist\u00f3rico de la Revoluci\u00f3n Cubana Fidel Castro Ruz, cuando en la Cumbre de La Tierra en R\u00edo de Janeiro, el 12 de junio &hellip; Antecedentes Read More \u00bb\" \/>\n<meta property=\"og:url\" content=\"http:\/\/www.citmapri.gob.cu\/?page_id=1233\" \/>\n<meta property=\"og:site_name\" content=\"CITMA PINAR DEL R\u00cdO\" \/>\n<meta property=\"article:publisher\" content=\"https:\/\/www.facebook.com\/citmapr\" \/>\n<meta property=\"article:modified_time\" content=\"2020-06-02T18:27:13+00:00\" \/>\n<meta name=\"twitter:card\" content=\"summary_large_image\" \/>\n<meta name=\"twitter:label1\" content=\"Tiempo de lectura\" \/>\n\t<meta name=\"twitter:data1\" content=\"1 minuto\" \/>\n<script type=\"application\/ld+json\" class=\"yoast-schema-graph\">{\"@context\":\"https:\\\/\\\/schema.org\",\"@graph\":[{\"@type\":\"WebPage\",\"@id\":\"http:\\\/\\\/www.citmapri.gob.cu\\\/?page_id=1233\",\"url\":\"http:\\\/\\\/www.citmapri.gob.cu\\\/?page_id=1233\",\"name\":\"Tarea Vida - CITMA PINAR DEL R\u00cdO\",\"isPartOf\":{\"@id\":\"http:\\\/\\\/www.citmapri.gob.cu\\\/#website\"},\"datePublished\":\"2020-01-22T19:45:11+00:00\",\"dateModified\":\"2020-06-02T18:27:13+00:00\",\"breadcrumb\":{\"@id\":\"http:\\\/\\\/www.citmapri.gob.cu\\\/?page_id=1233#breadcrumb\"},\"inLanguage\":\"es\",\"potentialAction\":[{\"@type\":\"ReadAction\",\"target\":[\"http:\\\/\\\/www.citmapri.gob.cu\\\/?page_id=1233\"]}]},{\"@type\":\"BreadcrumbList\",\"@id\":\"http:\\\/\\\/www.citmapri.gob.cu\\\/?page_id=1233#breadcrumb\",\"itemListElement\":[{\"@type\":\"ListItem\",\"position\":1,\"name\":\"Portada\",\"item\":\"http:\\\/\\\/www.citmapri.gob.cu\\\/\"},{\"@type\":\"ListItem\",\"position\":2,\"name\":\"Tarea Vida\"}]},{\"@type\":\"WebSite\",\"@id\":\"http:\\\/\\\/www.citmapri.gob.cu\\\/#website\",\"url\":\"http:\\\/\\\/www.citmapri.gob.cu\\\/\",\"name\":\"CITMA PINAR DEL R\u00cdO\",\"description\":\"DELEGACI\u00d3N TERRITORIAL\",\"publisher\":{\"@id\":\"http:\\\/\\\/www.citmapri.gob.cu\\\/#organization\"},\"potentialAction\":[{\"@type\":\"SearchAction\",\"target\":{\"@type\":\"EntryPoint\",\"urlTemplate\":\"http:\\\/\\\/www.citmapri.gob.cu\\\/?s={search_term_string}\"},\"query-input\":{\"@type\":\"PropertyValueSpecification\",\"valueRequired\":true,\"valueName\":\"search_term_string\"}}],\"inLanguage\":\"es\"},{\"@type\":\"Organization\",\"@id\":\"http:\\\/\\\/www.citmapri.gob.cu\\\/#organization\",\"name\":\"CITMA PINAR DEL R\u00cdO\",\"url\":\"http:\\\/\\\/www.citmapri.gob.cu\\\/\",\"logo\":{\"@type\":\"ImageObject\",\"inLanguage\":\"es\",\"@id\":\"http:\\\/\\\/www.citmapri.gob.cu\\\/#\\\/schema\\\/logo\\\/image\\\/\",\"url\":\"http:\\\/\\\/www.citmapri.gob.cu\\\/wp-content\\\/uploads\\\/2019\\\/11\\\/citmapri-logo-cuba.png\",\"contentUrl\":\"http:\\\/\\\/www.citmapri.gob.cu\\\/wp-content\\\/uploads\\\/2019\\\/11\\\/citmapri-logo-cuba.png\",\"width\":233,\"height\":80,\"caption\":\"CITMA PINAR DEL R\u00cdO\"},\"image\":{\"@id\":\"http:\\\/\\\/www.citmapri.gob.cu\\\/#\\\/schema\\\/logo\\\/image\\\/\"},\"sameAs\":[\"https:\\\/\\\/www.facebook.com\\\/citmapr\"]}]}<\/script>\n<!-- \/ Yoast SEO plugin. -->","yoast_head_json":{"title":"Tarea Vida - CITMA PINAR DEL R\u00cdO","robots":{"index":"index","follow":"follow","max-snippet":"max-snippet:-1","max-image-preview":"max-image-preview:large","max-video-preview":"max-video-preview:-1"},"canonical":"http:\/\/www.citmapri.gob.cu\/?page_id=1233","og_locale":"es_ES","og_type":"article","og_title":"Tarea Vida - CITMA PINAR DEL R\u00cdO","og_description":"Tarea Vida Tarea Vida: Plan de Estado para el enfrentamiento al Cambio Clim\u00e1tico, aprobada por el Consejo de Ministros el 25 de abril de 2017, est\u00e1 inspirada en el pensamiento del l\u00edder hist\u00f3rico de la Revoluci\u00f3n Cubana Fidel Castro Ruz, cuando en la Cumbre de La Tierra en R\u00edo de Janeiro, el 12 de junio &hellip; Antecedentes Read More \u00bb","og_url":"http:\/\/www.citmapri.gob.cu\/?page_id=1233","og_site_name":"CITMA PINAR DEL R\u00cdO","article_publisher":"https:\/\/www.facebook.com\/citmapr","article_modified_time":"2020-06-02T18:27:13+00:00","twitter_card":"summary_large_image","twitter_misc":{"Tiempo de lectura":"1 minuto"},"schema":{"@context":"https:\/\/schema.org","@graph":[{"@type":"WebPage","@id":"http:\/\/www.citmapri.gob.cu\/?page_id=1233","url":"http:\/\/www.citmapri.gob.cu\/?page_id=1233","name":"Tarea Vida - CITMA PINAR DEL R\u00cdO","isPartOf":{"@id":"http:\/\/www.citmapri.gob.cu\/#website"},"datePublished":"2020-01-22T19:45:11+00:00","dateModified":"2020-06-02T18:27:13+00:00","breadcrumb":{"@id":"http:\/\/www.citmapri.gob.cu\/?page_id=1233#breadcrumb"},"inLanguage":"es","potentialAction":[{"@type":"ReadAction","target":["http:\/\/www.citmapri.gob.cu\/?page_id=1233"]}]},{"@type":"BreadcrumbList","@id":"http:\/\/www.citmapri.gob.cu\/?page_id=1233#breadcrumb","itemListElement":[{"@type":"ListItem","position":1,"name":"Portada","item":"http:\/\/www.citmapri.gob.cu\/"},{"@type":"ListItem","position":2,"name":"Tarea Vida"}]},{"@type":"WebSite","@id":"http:\/\/www.citmapri.gob.cu\/#website","url":"http:\/\/www.citmapri.gob.cu\/","name":"CITMA PINAR DEL R\u00cdO","description":"DELEGACI\u00d3N TERRITORIAL","publisher":{"@id":"http:\/\/www.citmapri.gob.cu\/#organization"},"potentialAction":[{"@type":"SearchAction","target":{"@type":"EntryPoint","urlTemplate":"http:\/\/www.citmapri.gob.cu\/?s={search_term_string}"},"query-input":{"@type":"PropertyValueSpecification","valueRequired":true,"valueName":"search_term_string"}}],"inLanguage":"es"},{"@type":"Organization","@id":"http:\/\/www.citmapri.gob.cu\/#organization","name":"CITMA PINAR DEL R\u00cdO","url":"http:\/\/www.citmapri.gob.cu\/","logo":{"@type":"ImageObject","inLanguage":"es","@id":"http:\/\/www.citmapri.gob.cu\/#\/schema\/logo\/image\/","url":"http:\/\/www.citmapri.gob.cu\/wp-content\/uploads\/2019\/11\/citmapri-logo-cuba.png","contentUrl":"http:\/\/www.citmapri.gob.cu\/wp-content\/uploads\/2019\/11\/citmapri-logo-cuba.png","width":233,"height":80,"caption":"CITMA PINAR DEL R\u00cdO"},"image":{"@id":"http:\/\/www.citmapri.gob.cu\/#\/schema\/logo\/image\/"},"sameAs":["https:\/\/www.facebook.com\/citmapr"]}]}},"_links":{"self":[{"href":"http:\/\/www.citmapri.gob.cu\/index.php?rest_route=\/wp\/v2\/pages\/1233","targetHints":{"allow":["GET"]}}],"collection":[{"href":"http:\/\/www.citmapri.gob.cu\/index.php?rest_route=\/wp\/v2\/pages"}],"about":[{"href":"http:\/\/www.citmapri.gob.cu\/index.php?rest_route=\/wp\/v2\/types\/page"}],"author":[{"embeddable":true,"href":"http:\/\/www.citmapri.gob.cu\/index.php?rest_route=\/wp\/v2\/users\/1"}],"replies":[{"embeddable":true,"href":"http:\/\/www.citmapri.gob.cu\/index.php?rest_route=%2Fwp%2Fv2%2Fcomments&post=1233"}],"version-history":[{"count":0,"href":"http:\/\/www.citmapri.gob.cu\/index.php?rest_route=\/wp\/v2\/pages\/1233\/revisions"}],"wp:attachment":[{"href":"http:\/\/www.citmapri.gob.cu\/index.php?rest_route=%2Fwp%2Fv2%2Fmedia&parent=1233"}],"curies":[{"name":"wp","href":"https:\/\/api.w.org\/{rel}","templated":true}]}}